{"id":2117,"date":"2019-07-11T07:06:41","date_gmt":"2019-07-11T07:06:41","guid":{"rendered":"https:\/\/horgaszhely.hu\/hun\/?page_id=2117"},"modified":"2023-11-20T06:28:23","modified_gmt":"2023-11-20T06:28:23","slug":"adatkezelesi-szabalyzat","status":"publish","type":"page","link":"https:\/\/horgaszhely.hu\/hun\/adatkezelesi-szabalyzat\/","title":{"rendered":"Adatkezel\u00e9si szab\u00e1lyzat"},"content":{"rendered":"\n<p class=\"wp-block-paragraph\">A\nfelhaszn\u00e1l\u00e1si felt\u00e9telekkel \u00e9s a cookie-k (s\u00fctik) haszn\u00e1lat\u00e1r\u00f3l sz\u00f3l\u00f3\ndokumentummal &nbsp;egy\u00fctt az adatkezel\u00e9si szab\u00e1lyzat kifejti, hogyan gy\u0171jt\u00fcnk\n\u00e9s haszn\u00e1lunk fel szem\u00e9lyes adatokat a Horgaszhely.hu internetes oldalain, \u00e9s k\u00fcl\u00f6nb\u00f6z\u0151\nszolg\u00e1ltat\u00e1sainkon kereszt\u00fcl. &nbsp;<\/p>\n\n\n\n<p class=\"wp-block-paragraph\">A sz\u00e1munkra\n\u00e1tadott szem\u00e9lyes adataid biztons\u00e1gosan t\u00e1roljuk.<\/p>\n\n\n\n<p class=\"wp-block-paragraph\">Csak az itt\nle\u00edrt m\u00f3dokon osztjuk meg \u00e9s haszn\u00e1ljuk fel az \u00f6sszegy\u0171jt\u00f6tt adatokat.<\/p>\n\n\n\n<p class=\"wp-block-paragraph\">Amennyiben\nszeretn\u00e9d, a szem\u00e9lyes adataid t\u00f6rl\u00e9sre ker\u00fclnek.<\/p>\n\n\n\n<p class=\"wp-block-paragraph\">1. Milyen fajta adatokat dolgozunk fel?<\/p>\n\n\n\n<p class=\"wp-block-paragraph\">1.1. <strong>Felhaszn\u00e1l\u00f3ink\n\u00e1ltal biztos\u00edtott adatok.<\/strong> A Horgaszhely.hu-n\u00e1l feldolgozzuk a felhaszn\u00e1l\u00f3k\n\u00e1ltal rendelkez\u00e9s\u00fcnkre bocs\u00e1jtott adatokat. Els\u0151sorban a regisztr\u00e1ci\u00f3 alatt\nrendelkez\u00e9s\u00fcnkre bocs\u00e1jtott adataidr\u00f3l van sz\u00f3. Ide tartoznak az olyan\ninform\u00e1ci\u00f3k, mint a neved, c\u00edmed, e-mail \u00e9s nemed. Amennyiben szeretn\u00e9d, a lakhelyedet,\nfot\u00f3kat, \u00e9rdekl\u0151d\u00e9si k\u00f6r\u00f6det illetve egy\u00e9b inform\u00e1ci\u00f3kat is megosztasz vel\u00fcnk.<\/p>\n\n\n\n<p class=\"wp-block-paragraph\">1.2. <strong>Cookiek\n(s\u00fctik) \u00e1ltal begy\u0171jt\u00f6tt adatok. <\/strong>&nbsp;A kamp\u00e1nyok el\u0151ny\u00f6sebb c\u00e9lcsoportra\nszab\u00e1sa illetve a k\u00fcl\u00f6nb\u00f6z\u0151 term\u00e9kek \u00e9s szolg\u00e1ltat\u00e1sok jav\u00edt\u00e1sa v\u00e9gett, a\nHorgaszhely.hu felhaszn\u00e1lja a felhaszn\u00e1l\u00f3i v\u00e1s\u00e1rl\u00e1sair\u00f3l rendelkez\u00e9s\u00e9re \u00e1ll\u00f3\ninform\u00e1ci\u00f3t. &nbsp;A Horgaszhely.hu\nt\u00e1j\u00e9koztat\u00e1st fog kapni az internetes b\u00f6ng\u00e9sz\u00e9sedr\u0151l, a weboldalakr\u00f3l,\namelyeket megl\u00e1togatt\u00e1l, a term\u00e9kekr\u0151l, amelyeket megn\u00e9zt\u00e9l \u00e9s m\u00e1s\naktivit\u00e1saidr\u00f3l a weboldalon amennyiben aktiv\u00e1ltad a cookiek t\u00e1rol\u00e1s\u00e1t a\nb\u00f6ng\u00e9sz\u0151dben \u00e9s elfogadtad a felhaszn\u00e1l\u00e1sukat.<\/p>\n\n\n\n<p class=\"wp-block-paragraph\">1.3. <strong>Facebook\nadatok.<\/strong> Ha a Facebook fi\u00f3kodat haszn\u00e1lod regisztr\u00e1l\u00e1skor, hozz\u00e1f\u00e9r\u00e9st adsz a\nHorgaszhely.hu-nak a publikus profilodhoz, sz\u00fclet\u00e9si d\u00e1tumodhoz, a tart\u00f3zkod\u00e1si\nhelyedhez, a Facebookos bar\u00e1taid list\u00e1j\u00e1hoz illetve az e-mail c\u00edmedhez. A\nFacebookos profilod egy r\u00e9sze tartalmazza a nevedet, korodat, profilk\u00e9pedet,\nnemedet illetve egy\u00e9b publikus inform\u00e1ci\u00f3kat a be\u00e1ll\u00edt\u00e1said szerint.<\/p>\n\n\n\n<p class=\"wp-block-paragraph\">1.4. A <strong>Horgaszhely.hu\nezeken az inform\u00e1ci\u00f3kon k\u00edv\u00fcl semmilyen bizalmas szem\u00e9lyes inform\u00e1ci\u00f3t nem\ngy\u0171jt vagy dolgoz fel<\/strong> (p\u00e9ld\u00e1ul adatokat az eg\u00e9szs\u00e9gi \u00e1llapotodr\u00f3l, vall\u00e1sodr\u00f3l,\nhitedr\u0151l stb.).<\/p>\n\n\n\n<p class=\"wp-block-paragraph\">2. Mi az adatok feldolgoz\u00e1s\u00e1nak c\u00e9lja?<\/p>\n\n\n\n<p class=\"wp-block-paragraph\">2.1. <strong>A\nHorgaszhely.hu f\u0151leg e-mail c\u00edmeket haszn\u00e1l \u00fczleti kommunik\u00e1ci\u00f3ra a katal\u00f3gus\ntartalm\u00e1nak ismertet\u00e9se vagy k\u00fcl\u00f6nb\u00f6z\u0151 prom\u00f3ci\u00f3s c\u00e9lokb\u00f3l.<\/strong> &nbsp;Csak akkor\ndolgozzuk fel az adataidat, ha <strong>el\u0151z\u0151leg beleegyezt\u00e9l<\/strong>. A beleegyez\u00e9s\nteljes m\u00e9rt\u00e9kben \u00f6nk\u00e9ntes jelleg\u0171 \u00e9s az adataid feldolgoz\u00e1s\u00e1nak elfogad\u00e1sa\nn\u00e9lk\u00fcl is haszn\u00e1lhatod a weboldalunkat.&nbsp;A regisztr\u00e1ci\u00f3 alatt adhatsz\nenged\u00e9lyt a Horgaszhely.hu-nak a szem\u00e9lyes adataid feldolgoz\u00e1s\u00e1ra, amelyet\nk\u00e9s\u0151bb megv\u00e1ltoztathatsz\/ visszavonhatsz a felhaszn\u00e1l\u00f3i fi\u00f3kod be\u00e1ll\u00edt\u00e1sain\u00e1l.\nA regisztr\u00e1ci\u00f3 a Horgaszhely.hu weboldal\u00e1n csak 15 \u00e9ves kor felett\nenged\u00e9lyezett. A szem\u00e9lyes adataid feldolgoz\u00e1s\u00e1ra adott beleegyez\u00e9sedet\nb\u00e1rmikor visszavonhatod a felhaszn\u00e1l\u00f3i be\u00e1ll\u00edt\u00e1saidban vagy emailben keress\nminket a k\u00e9r\u00e9seddel. <\/p>\n\n\n\n<p class=\"wp-block-paragraph\">2.2 A<strong>\ncookie-k (s\u00fctik) seg\u00edts\u00e9g\u00e9vel fejleszthetj\u00fck \u00e9s c\u00e9lcsoportra szabhatjuk\nhirdet\u00e9seinket. A Horgszhely.hu cookiekat haszn\u00e1l a weboldalon, amelyek nyomon\nk\u00f6vetik a l\u00e1togat\u00f3kat, az \u00e1ltaluk megn\u00e9zett term\u00e9keket \u00e9s egy\u00e9b aktivit\u00e1sukat a\nweboldalon.<\/strong> Az innen nyert adatok feldolgoz\u00e1sa csak a k\u00e9rd\u00e9ses cookie-kra\nadott <strong>beleegyez\u00e9sed ut\u00e1n lehets\u00e9ges<\/strong>. A beleegyez\u00e9s teljes m\u00e9rt\u00e9kben\n\u00f6nk\u00e9ntes alap\u00fa. Ez alapj\u00e1n az inform\u00e1ci\u00f3 alapj\u00e1n a Horgaszhely.hu \u00e9rt\u00e9kes\nstatisztik\u00e1khoz, elemz\u00e9sekhez \u00e9s jelent\u00e9sekhez jut hozz\u00e1 a felhaszn\u00e1l\u00f3k\nviselked\u00e9s\u00e9vel kapcsolatban. Ennek k\u00f6sz\u00f6nhet\u0151en fejleszthetj\u00fck a hirdet\u00e9seinket\nvalamint nyomon k\u00f6vethetj\u00fck \u00e9s elemezhetj\u00fck a Horgaszhely.hu oldal haszn\u00e1lat\u00e1t,\nez\u00e1ltal jav\u00edthatjuk a honlap min\u0151s\u00e9g\u00e9t \u00e9s tartalm\u00e1t, annak \u00e9rdek\u00e9ben, hogy\nk\u00f6nnyebben megtal\u00e1ld azokat a dolgokat, amelyek t\u00e9nyleg \u00e9rdekelnek. T\u00f6bb\ninform\u00e1ci\u00f3t a cookie-k haszn\u00e1lat\u00e1val kapcsolatban megtal\u00e1lsz az err\u0151l sz\u00f3l\u00f3\ndokumentumban.<\/p>\n\n\n\n<p class=\"wp-block-paragraph\">3. A beleegyez\u00e9s visszavon\u00e1sa \u00e9s a kereskedelmi c\u00e9l\u00fa\n\u00fczenetekr\u0151l val\u00f3 leiratkoz\u00e1s<\/p>\n\n\n\n<p class=\"wp-block-paragraph\">A &nbsp;Horgaszhely.hu felhaszn\u00e1l\u00f3i b\u00e1rmikor\nleiratkozhatnak a kereskedelmi c\u00e9l\u00fa \u00fczenetekr\u0151l a k\u00f6vetkez\u0151 m\u00f3dokon:<\/p>\n\n\n\n<ul class=\"wp-block-list\">\n<li>kattints az \u00fczenet\n     l\u00e1bjegyzet\u00e9ben tal\u00e1lhat\u00f3 linkre vagy<\/li>\n\n\n\n<li>k\u00e9rd szem\u00e9lyes adataid\n     feldolgoz\u00e1s\u00e1nak le\u00e1ll\u00edt\u00e1s\u00e1t a k\u00f6vetkez\u0151 e-mail c\u00edmen: info@horgaszhely.hu.hu vagy egy\u00e9b el\u00e9rhet\u0151s\u00e9geken,\n     amelyeket megtal\u00e1lsz ebben a dokumentumban<\/li>\n<\/ul>\n\n\n\n<p class=\"wp-block-paragraph\"><strong>Cookie-k.<\/strong>Ha azt szeretn\u00e9nk, hogy a k\u00e9sz\u00fcl\u00e9k\nletiltsa a cookie-k t\u00e1rol\u00e1s\u00e1t, megv\u00e1ltoztathatod a be\u00e1ll\u00edt\u00e1sokat a\nb\u00f6ng\u00e9sz\u0151dben. Ha letiltod a cookie-kat, &nbsp;a Horgaszhely.hu weboldal\u00e1nak egyes r\u00e9szei nem\nm\u0171k\u00f6dnek megfelel\u0151en. Tov\u00e1bbi inform\u00e1ci\u00f3t a hozz\u00e1j\u00e1rul\u00e1s visszavon\u00e1s\u00e1r\u00f3l \u00e9s\ncookie-k t\u00f6rl\u00e9s\u00e9r\u00f6l megtal\u00e1lsz a cookie-k haszn\u00e1lat\u00e1r\u00f3l sz\u00f3l\u00f3 dokumentumban.<\/p>\n\n\n\n<p class=\"wp-block-paragraph\">4. Ki f\u00e9rhet hozz\u00e1 a szem\u00e9lyes adatokhoz?<\/p>\n\n\n\n<p class=\"wp-block-paragraph\">4.1. A\nszem\u00e9lyes adatok a<strong> Horgaszhely.hu \u00e9s a Horgaszhely.hu alkalmazottjai <\/strong>\u00e1ltal\nker\u00fclnek feldolgoz\u00e1sra. Minden hozz\u00e1f\u00e9r\u00e9ssel rendelkez\u0151 szem\u00e9ly titoktart\u00e1si\nk\u00f6telezetts\u00e9ggel rendelkezik \u00e9s ez a k\u00f6telezetts\u00e9g a &nbsp;Horgaszhely.hu-val val\u00f3 egy\u00fcttm\u0171k\u00f6d\u00e9s\u00fck\nmegsz\u0171n\u00e9se ut\u00e1n is fent \u00e1ll. <\/p>\n\n\n\n<p class=\"wp-block-paragraph\">5. Meddig t\u00e1roljuk a feldolgozott adatokat?<\/p>\n\n\n\n<p class=\"wp-block-paragraph\">5.1. Csak a\nsz\u00fcks\u00e9ges ideig t\u00e1roljuk a szem\u00e9lyes adataidat, ameddig haszn\u00e1lod a &nbsp;Horgaszhely.hu szolg\u00e1ltat\u00e1sait \u00e9s\nbejelentkezel a profilodba, annak \u00e9rdek\u00e9ben, hogy jobban szem\u00e9lyre szabhassuk a\nszolg\u00e1ltat\u00e1sainkat sz\u00e1modra. Ha nincs okunk vagy jogi k\u00f6telezetts\u00e9g\u00fcnk arra,\nhogy tov\u00e1bbra is feldolgozzuk az adatokat, akkor t\u00f6r\u00f6lj\u00fck azokat, vagy anonim m\u00f3don\nt\u00e1roljuk \u0151ket.<\/p>\n\n\n\n<p class=\"wp-block-paragraph\">5.2.\nAmennyiben a felhaszn\u00e1l\u00f3 enged\u00e9lyt adott r\u00e1, a &nbsp;Horgaszhely.hu kereskedelmi \u00fczeneteket k\u00fcldhet\na felhaszn\u00e1l\u00f3knak a teljes id\u0151szakban az enged\u00e9ly id\u0151tartam\u00e1nak fent \u00e1ll\u00e1sa\nalatt. A &nbsp;Horgaszhely.hu a hozz\u00e1j\u00e1rul\u00e1s\nfenn\u00e1ll\u00e1sa alatt dolgozza fel a cookie-kal, marketing c\u00e9lokra \u00f6sszegy\u0171jt\u00f6tt\nadatokat, amikor cookie-k t\u00e1rol\u00e1sa enged\u00e9lyezett a b\u00f6ng\u00e9sz\u0151d be\u00e1ll\u00edt\u00e1saiban. A\nm\u00e1sik lehet\u0151s\u00e9g, hogy a &nbsp;Horgaszhely.hu\nfolyamatosan feldolgozza az adatokat, am\u00edg nincs ellenvet\u00e9s a felhaszn\u00e1l\u00f3\nr\u00e9sz\u00e9r\u0151l.<\/p>\n\n\n\n<p class=\"wp-block-paragraph\">5.3. Ezeken\naz eseteken k\u00edv\u00fcl a &nbsp;Horgaszhely.hu csak\nakkor dolgoz fel szem\u00e9lyes adatokat, ha egy\u00e9b r\u00e1nk vonatkoz\u00f3 t\u00f6rv\u00e9nyeknek kell\neleget tenn\u00fcnk. F\u00fcggetlen\u00fcl a szem\u00e9lyes adataid meg\u0151rz\u00e9s\u00e9nek hossz\u00e1t\u00f3l,\nb\u00e1rmikor k\u00e9rheted azok t\u00f6rl\u00e9s\u00e9t.<\/p>\n\n\n\n<p class=\"wp-block-paragraph\">6. Melyek a te jogaid?<\/p>\n\n\n\n<p class=\"wp-block-paragraph\">6.1. A\nszem\u00e9lyes adatok feldolgoz\u00e1s\u00e1t illet\u0151en, felveheted a kapcsolatot a\nHorgaszhely.hu-val \u00e9s k\u00e9rheted a:<\/p>\n\n\n\n<ul class=\"wp-block-list\">\n<li><strong>T\u00e1j\u00e9koztat\u00e1st a &nbsp;Horgaszhely.hu\n     \u00e1ltal feldolgozott szem\u00e9lyes adatok c\u00e9lj\u00e1t \u00e9s jelleg\u00e9t illet\u0151en, <\/strong>valamint t\u00e1j\u00e9koztat\u00e1st az\n     esetleges a Horgaszhely.hu-n k\u00edv\u00fcli felekr\u0151l, akik r\u00e9szt vesznek az\n     adataid feldolgoz\u00e1s\u00e1ban. Az \u00e1ltal\u00e1nos inform\u00e1ci\u00f3kat az adatfeldolgoz\u00e1sr\u00f3l\n     megtal\u00e1lod ebben a szab\u00e1lyzatban.<\/li>\n\n\n\n<li><strong>Hozz\u00e1f\u00e9r\u00e9st az adataidhoz, <\/strong>amelyeket megadt\u00e1l a &nbsp;Horgaszhely.hu-nak a regisztr\u00e1ci\u00f3 sor\u00e1n.\n     Ha \u00e9lsz ezzel a jogoddal, &nbsp;a\n     Horgaszhely.hu meger\u0151s\u00edti, hogy milyen konkr\u00e9t szem\u00e9lyes adatok\n     feldolgoz\u00e1sa &nbsp;van folyamatban, \u00e9s ak\u00e1r el\u00e9rhet\u0151v\u00e9 teszi ezeket az\n     adatokat sz\u00e1modra a feldolgoz\u00e1sukra vonatkoz\u00f3 inform\u00e1ci\u00f3val egy\u00fctt.<\/li>\n\n\n\n<li><strong>A szem\u00e9lyes adatok kijav\u00edt\u00e1s\u00e1t <\/strong>amennyiben azok hib\u00e1sak vagy\n     hi\u00e1nyosak. <\/li>\n\n\n\n<li><strong>Magyar\u00e1zatot \u00e9s megold\u00e1st a\n     hib\u00e1s \u00e1llapottal kapcsolatban<\/strong> (pl. blokkol\u00e1s, jav\u00edt\u00e1sok, kieg\u00e9sz\u00edt\u00e9s vagy a\n     szem\u00e9lyes adatok t\u00f6rl\u00e9se), ha \u00fagy gondolod, &nbsp;hogy &nbsp;a Horgaszhely.hu szem\u00e9lyes adatokat\n     dolgoz fel, amely \u00fctk\u00f6zik a mag\u00e1n\u00e9let v\u00e9delm\u00e9vel vagy a jogszab\u00e1llyal.<\/li>\n\n\n\n<li><strong>A szem\u00e9lyes adatok t\u00f6rl\u00e9s\u00e9t<\/strong> (azaz a t\u00e1rol\u00e1s\u00e1nak\n     megsz\u00fcntet\u00e9s\u00e9hez val\u00f3 jog), illetve a feldolgoz\u00e1suk korl\u00e1toz\u00e1s\u00e1t, amikor\n     m\u00e1r nincs sz\u00fcks\u00e9g a szem\u00e9lyes adatokra erre a c\u00e9lra, vagy ha &nbsp;a &nbsp;Horgaszhely.hu-nak nincs jogalapja a\n     szem\u00e9lyes adatok feldolgoz\u00e1s\u00e1ra, ide\u00e9rtve azokat az eseteket, amikor nem\n     \u00e9rtesz egyet a tov\u00e1bbi feldolgoz\u00e1ssal. Ebben az esetben a &nbsp;Horgaszhely.hu-n t\u00e1rolt adataid r\u00e9szben\n     vagy teljes eg\u00e9szben t\u00f6rl\u00e9sre ker\u00fclnek. <\/li>\n\n\n\n<li>Ha \u00fagy \u00e9rzed, nem megfelel\u0151en\n     kezelj\u00fck ez adataidat, panaszt tehetsz a fel\u00fcgyeleteti hat\u00f3s\u00e1gn\u00e1l.<\/li>\n<\/ul>\n\n\n\n<p class=\"wp-block-paragraph\">6.2.\nTov\u00e1bb\u00e1, a &nbsp;Horgaszhely.hu felhaszn\u00e1l\u00f3i\nb\u00e1rmikor <strong>ellent mondhatnak a szem\u00e9lyes adatok feldolgoz\u00e1s\u00e1ra <\/strong>a\nkereskedelmi \u00fczenetek \u00e9s a v\u00e1s\u00e1rl\u00e1si szok\u00e1sok \u00e9rt\u00e9kel\u00e9se eset\u00e9n, ez esetben a &nbsp;Horgaszhely.hu azonnal megsz\u00fcnteti a szem\u00e9lyes\nadatok feldolgoz\u00e1s\u00e1t ezekre a c\u00e9lokra.<\/p>\n\n\n\n<p class=\"wp-block-paragraph\">7. Biztons\u00e1g<\/p>\n\n\n\n<p class=\"wp-block-paragraph\">7.1. &nbsp;A Horgaszhely.hu elk\u00f6telezett a szem\u00e9lyes\nadatok v\u00e9delme mellett. A szem\u00e9lyes adatok felhaszn\u00e1l\u00e1sa csak az arra vonatkoz\u00f3\nt\u00f6rv\u00e9nyek \u00e9s rendeletek, bele\u00e9rtve az \u00e1ltal\u00e1nos rendelet a szem\u00e9lyes adatok\nv\u00e9delm\u00e9r\u0151l (GDPR), tiszteletben tart\u00e1s\u00e1val t\u00f6rt\u00e9nik. &nbsp;A Horgaszhely.hu nagy hangs\u00falyt fektet a\nbiztons\u00e1gi be\u00e1ll\u00edt\u00e1sokra a szem\u00e9lyes adatok feldolgoz\u00e1sa sor\u00e1n.<\/p>\n\n\n\n<p class=\"wp-block-paragraph\">7.2. Minden\nszem\u00e9lyes adatot elektronikus form\u00e1ban t\u00e1rolunk k\u00fcl\u00f6nb\u00f6z\u0151 adatb\u00e1zisokban \u00e9s\nrendszerekben, amelyekhez csak enged\u00e9llyel rendelkez\u0151 szem\u00e9lyek f\u00e9rhetnek\nhozz\u00e1, csakis az ebben a szab\u00e1lyzatban meghat\u00e1rozott c\u00e9lb\u00f3l \u00e9s csak a sz\u00fcks\u00e9ges\nm\u00e9rt\u00e9kben. A hozz\u00e1f\u00e9r\u00e9s a szem\u00e9lyes adatokhoz jelsz\u00f3val v\u00e9dett. &nbsp;A Horgaszhely.hu-n\u00e1l rendszeresen vizsg\u00e1ljuk a\nszem\u00e9lyes adatok v\u00e9delm\u00e9nek biztons\u00e1g\u00e1t \u00e9s a v\u00e9delem folyamatosan javul.<\/p>\n\n\n\n<ul class=\"wp-block-list\">\n<li>Kik vagyunk \u00e9s hogyan l\u00e9phetsz\nkapcsolatba vel\u00fcnk?<\/li>\n<\/ul>\n\n\n\n<p class=\"wp-block-paragraph\">A &nbsp;Horgaszhely.hu \u00fczemeltet\u0151je \u00e9s adatkezel\u0151je minden \u00f6sszegy\u0171jt\u00f6tt\nszem\u00e9lyes adatnak:<\/p>\n\n\n\n<ul class=\"wp-block-list\">\n<li>N\u00e9v:      Dobi Istv\u00e1n J\u00f3zsef E.V.<\/li>\n\n\n\n<li>Sz\u00e9khely      \u00e9s levelez\u00e9si c\u00edm: MAGYARORSZ\u00c1G,&nbsp;5100&nbsp;J\u00c1SZBER\u00c9NY&nbsp;F\u00c1C\u00c1N UTCA&nbsp;93.<\/li>\n\n\n\n<li>Ad\u00f3sz\u00e1m:      46697837-1-36<\/li>\n\n\n\n<li>Nyilv\u00e1ntart\u00e1si sz\u00e1m: 58408816<\/li>\n\n\n\n<li>Email\n     c\u00edm: info@horgaszhely.hu <\/li>\n<\/ul>\n\n\n\n<p class=\"wp-block-paragraph\">\u00c9szrev\u00e9tel\nvagy k\u00e9rd\u00e9s eset\u00e9n a szem\u00e9lyes adatok feldolgoz\u00e1s\u00e1val kapcsolatban vagy, ha a\njogaidat szeretn\u00e9d \u00e9rv\u00e9nyes\u00edteni, fordulj bizalommal a &nbsp;Horgaszhely.hu fel\u00e9 &nbsp;a info@horgaszhely.hu e-mail c\u00edmen kereszt\u00fcl. <\/p>\n\n\n\n<p class=\"wp-block-paragraph\">9. Hat\u00e1lyba l\u00e9p\u00e9s <\/p>\n\n\n\n<p class=\"wp-block-paragraph\">9.1. Ezek a\nszab\u00e1lyok 2019. j\u00falius 14-\u00e9n l\u00e9pnek hat\u00e1lyba. <\/p>\n","protected":false},"excerpt":{"rendered":"<p>A felhaszn\u00e1l\u00e1si felt\u00e9telekkel \u00e9s a cookie-k (s\u00fctik) haszn\u00e1lat\u00e1r\u00f3l sz\u00f3l\u00f3 dokumentummal &nbsp;egy\u00fctt az adatkezel\u00e9si szab\u00e1lyzat kifejti, hogyan gy\u0171jt\u00fcnk \u00e9s haszn\u00e1lunk fel szem\u00e9lyes adatokat a Horgaszhely.hu internetes oldalain, \u00e9s k\u00fcl\u00f6nb\u00f6z\u0151 szolg\u00e1ltat\u00e1sainkon kereszt\u00fcl. &nbsp; A sz\u00e1munkra \u00e1tadott szem\u00e9lyes adataid biztons\u00e1gosan t\u00e1roljuk. Csak az itt le\u00edrt m\u00f3dokon osztjuk meg \u00e9s haszn\u00e1ljuk fel az \u00f6sszegy\u0171jt\u00f6tt adatokat. Amennyiben szeretn\u00e9d, a szem\u00e9lyes [&hellip;]<\/p>\n","protected":false},"author":1,"featured_media":0,"parent":0,"menu_order":0,"comment_status":"closed","ping_status":"closed","template":"","meta":{"_acf_changed":false,"footnotes":""},"class_list":["post-2117","page","type-page","status-publish","hentry"],"acf":[],"_links":{"self":[{"href":"https:\/\/horgaszhely.hu\/hun\/wp-json\/wp\/v2\/pages\/2117","targetHints":{"allow":["GET"]}}],"collection":[{"href":"https:\/\/horgaszhely.hu\/hun\/wp-json\/wp\/v2\/pages"}],"about":[{"href":"https:\/\/horgaszhely.hu\/hun\/wp-json\/wp\/v2\/types\/page"}],"author":[{"embeddable":true,"href":"https:\/\/horgaszhely.hu\/hun\/wp-json\/wp\/v2\/users\/1"}],"replies":[{"embeddable":true,"href":"https:\/\/horgaszhely.hu\/hun\/wp-json\/wp\/v2\/comments?post=2117"}],"version-history":[{"count":0,"href":"https:\/\/horgaszhely.hu\/hun\/wp-json\/wp\/v2\/pages\/2117\/revisions"}],"wp:attachment":[{"href":"https:\/\/horgaszhely.hu\/hun\/wp-json\/wp\/v2\/media?parent=2117"}],"curies":[{"name":"wp","href":"https:\/\/api.w.org\/{rel}","templated":true}]}}