{"id":557,"date":"2016-09-30T14:34:20","date_gmt":"2016-09-30T14:34:20","guid":{"rendered":"https:\/\/horgaszhely.hu\/hun\/?page_id=557"},"modified":"2023-12-17T10:32:03","modified_gmt":"2023-12-17T10:32:03","slug":"pest-megyei-horgaszvizek","status":"publish","type":"page","link":"https:\/\/horgaszhely.hu\/hun\/pest-megyei-horgaszvizek\/","title":{"rendered":"Pest megyei horg\u00e1szvizek"},"content":{"rendered":"\n<h2 class=\"wp-block-heading has-text-align-center\">Kiemelt horg\u00e1szvizek<\/h2>\n\n\n\n<div class=\"wp-block-columns alignwide is-layout-flex wp-container-core-columns-is-layout-8f761849 wp-block-columns-is-layout-flex\">\n<div class=\"wp-block-column is-layout-flow wp-block-column-is-layout-flow\">\n<figure class=\"wp-block-image\"><a href=\"http:\/\/horgaszhely.hu\/pestmegye\/vackisujfalu\/vackis.htm\" target=\"_blank\" rel=\"noreferrer noopener\"><img loading=\"lazy\" decoding=\"async\" width=\"380\" height=\"103\" src=\"https:\/\/horgaszhely.hu\/teszt\/wp-content\/uploads\/2016\/09\/vackisujfalu.jpg\" alt=\"v\u00e1ckis\u00fajfalu\" class=\"wp-image-558\" srcset=\"https:\/\/horgaszhely.hu\/hun\/wp-content\/uploads\/2016\/09\/vackisujfalu.jpg 380w, https:\/\/horgaszhely.hu\/hun\/wp-content\/uploads\/2016\/09\/vackisujfalu-64x17.jpg 64w, https:\/\/horgaszhely.hu\/hun\/wp-content\/uploads\/2016\/09\/vackisujfalu-300x81.jpg 300w\" sizes=\"auto, (max-width: 380px) 100vw, 380px\" \/><\/a><\/figure>\n<\/div>\n\n\n\n<div class=\"wp-block-column is-layout-flow wp-block-column-is-layout-flow\">\n<figure class=\"wp-block-image\"><a href=\"http:\/\/www.uri-to.hu\/\" target=\"_blank\" rel=\"noreferrer noopener\"><img loading=\"lazy\" decoding=\"async\" width=\"380\" height=\"103\" src=\"https:\/\/horgaszhely.hu\/teszt\/wp-content\/uploads\/2016\/09\/uri-horgaszto.jpg\" alt=\"\u00fari horg\u00e1szt\u00f3\" class=\"wp-image-559\" srcset=\"https:\/\/horgaszhely.hu\/hun\/wp-content\/uploads\/2016\/09\/uri-horgaszto.jpg 380w, https:\/\/horgaszhely.hu\/hun\/wp-content\/uploads\/2016\/09\/uri-horgaszto-64x17.jpg 64w, https:\/\/horgaszhely.hu\/hun\/wp-content\/uploads\/2016\/09\/uri-horgaszto-300x81.jpg 300w\" sizes=\"auto, (max-width: 380px) 100vw, 380px\" \/><\/a><\/figure>\n<\/div>\n\n\n\n<div class=\"wp-block-column is-layout-flow wp-block-column-is-layout-flow\">\n<figure class=\"wp-block-image\"><a href=\"http:\/\/fundyto.gportal.hu\/\" target=\"_blank\" rel=\"noreferrer noopener\"><img loading=\"lazy\" decoding=\"async\" width=\"380\" height=\"103\" src=\"https:\/\/horgaszhely.hu\/teszt\/wp-content\/uploads\/2016\/09\/fundy-to.jpg\" alt=\"fundy t\u00f3\" class=\"wp-image-561\" srcset=\"https:\/\/horgaszhely.hu\/hun\/wp-content\/uploads\/2016\/09\/fundy-to.jpg 380w, https:\/\/horgaszhely.hu\/hun\/wp-content\/uploads\/2016\/09\/fundy-to-64x17.jpg 64w, https:\/\/horgaszhely.hu\/hun\/wp-content\/uploads\/2016\/09\/fundy-to-300x81.jpg 300w\" sizes=\"auto, (max-width: 380px) 100vw, 380px\" \/><\/a><\/figure>\n<\/div>\n<\/div>\n\n\n\n<div class=\"wp-block-columns alignwide is-layout-flex wp-container-core-columns-is-layout-8f761849 wp-block-columns-is-layout-flex\">\n<div class=\"wp-block-column is-layout-flow wp-block-column-is-layout-flow\">\n<ul class=\"wp-block-list\">\n<li>Barrakuda horg\u00e1szt\u00f3 Budapest<\/li>\n\n\n\n<li>Bicskei horg\u00e1szt\u00f3<\/li>\n\n\n\n<li><a href=\"http:\/\/horgaszhely.hu\/pestmegye\/cegledbercel\/cegled.htm\" target=\"_blank\" rel=\"noreferrer noopener\">Cegl\u00e9dberceli t\u0151zegtavak<\/a><\/li>\n\n\n\n<li><a href=\"http:\/\/www.danyito.hu\/\" target=\"_blank\" rel=\"noreferrer noopener\">D\u00e1nyi horg\u00e1szt\u00f3<\/a><\/li>\n\n\n\n<li><a href=\"http:\/\/www.dhhse.hu\/\" target=\"_blank\" rel=\"noreferrer noopener\">D\u00e9legyh\u00e1zi tavak l. II. II.<\/a><\/li>\n\n\n\n<li>D\u00e9legyh\u00e1zi horg\u00e1sztavak<\/li>\n\n\n\n<li>Domony-v\u00f6lgyi v\u00edzt\u00e1roz\u00f3<\/li>\n\n\n\n<li>Dunakeszi kavicsb\u00e1nyat\u00f3<\/li>\n\n\n\n<li>\u00c9rd \u00e9s k\u00f6rny\u00e9ke H.E.<\/li>\n\n\n\n<li><a href=\"https:\/\/farkasdihorgaszto.hu\/\" target=\"_blank\" rel=\"noreferrer noopener\">Farkasdi horg\u00e1szt\u00f3<\/a><\/li>\n\n\n\n<li><a href=\"http:\/\/www.gportal.hu\/fundyto\" target=\"_blank\" rel=\"noreferrer noopener\">Fundy-t\u00f3 (Gy\u00e1l)<\/a><\/li>\n\n\n\n<li>Gerje horg\u00e1szt\u00f3<\/li>\n\n\n\n<li>Goldelox horg\u00e1szt\u00f3 (Kiskunlach\u00e1za)<\/li>\n\n\n\n<li><a href=\"http:\/\/horgaszhely.hu\/pestmegye\/haldorado\/haldorado.htm\" target=\"_blank\" rel=\"noreferrer noopener\">Haldor\u00e1d\u00f3 Horg\u00e1szt\u00f3<\/a><\/li>\n\n\n\n<li>H\u00e9v\u00edzgy\u00f6rki Horg\u00e1szt\u00f3<\/li>\n<\/ul>\n<\/div>\n\n\n\n<div class=\"wp-block-column is-layout-flow wp-block-column-is-layout-flow\">\n<ul class=\"wp-block-list\">\n<li>Joker horg\u00e1szt\u00f3<\/li>\n\n\n\n<li><a href=\"http:\/\/www.lapipocto.hu\/\" target=\"_blank\" rel=\"noreferrer noopener\">Kecsk\u00e9scs\u00e1rdai L\u00e1pi P\u00f3c t\u00f3<\/a><\/li>\n\n\n\n<li><a href=\"http:\/\/horgaszhely.hu\/pestmegye\/kiskaros\/kiskaros.htm\" target=\"_blank\" rel=\"noreferrer noopener\">Kis K\u00e1ros h\u00eddi horg\u00e1szt\u00f3<\/a><\/li>\n\n\n\n<li><a href=\"http:\/\/www.kiralyretihorgaszto.hu\/\" target=\"_blank\" rel=\"noreferrer noopener\">Kir\u00e1lyr\u00e9ti horg\u00e1szt\u00f3 (Szokolya)<\/a><\/li>\n\n\n\n<li>Malom-t\u00f3 Albertirsa<\/li>\n\n\n\n<li>Moby-Dick horg\u00e1szt\u00f3<\/li>\n\n\n\n<li><a href=\"http:\/\/www.ordasto.hu\/\" target=\"_blank\" rel=\"noreferrer noopener\">Ordas-tavak Sz\u0151d<\/a><\/li>\n\n\n\n<li><a href=\"http:\/\/www.prerihorgaszto.hu\/\" target=\"_blank\" rel=\"noreferrer noopener\">Pr\u00e9ri horg\u00e1szt\u00f3 Kiskunlach\u00e1za<\/a><\/li>\n\n\n\n<li>Szavanna horg\u00e1szt\u00f3<\/li>\n\n\n\n<li>T\u00e9glagy\u00e1ri tavak T\u00e1pi\u00f3gy\u00f6rgye<\/li>\n\n\n\n<li><a href=\"http:\/\/www.uri-to.hu\/\" target=\"_blank\" rel=\"noreferrer noopener\">\u00dari-t\u00f3<\/a><\/li>\n\n\n\n<li>T\u00f3-Fisch horg\u00e1szt\u00f3<\/li>\n\n\n\n<li><a href=\"http:\/\/horgaszhely.hu\/pestmegye\/vackisujfalu\/vackis.htm\" target=\"_blank\" rel=\"noreferrer noopener\">V\u00e1ckis\u00fajfalui horg\u00e1szt\u00f3<\/a><\/li>\n\n\n\n<li>Vars\u00e1nyi horg\u00e1szt\u00f3 T\u00f6k\u00f6l<\/li>\n\n\n\n<li>Vecs\u00e9si horg\u00e1szt\u00f3<\/li>\n<\/ul>\n<\/div>\n<\/div>\n\n\n\n<div class=\"wp-block-columns alignwide is-layout-flex wp-container-core-columns-is-layout-8f761849 wp-block-columns-is-layout-flex\">\n<div class=\"wp-block-column is-layout-flow wp-block-column-is-layout-flow\">\n<a href=\"https:\/\/www.akkuk.hu\/?utm_source=dgt&amp;a_aid=5d076b770d5ec&amp;a_bid=464c4dd6\" rel=\"nofollow noopener\" target=\"_blank\"><img loading=\"lazy\" decoding=\"async\" src=\"\/\/login.dognet.sk\/accounts\/default1\/fb27g82d\/464c4dd6.gif\" alt=\"\" title=\"\" width=\"336\" height=\"280\" \/><\/a>\n<\/div>\n\n\n\n<div class=\"wp-block-column is-layout-flow wp-block-column-is-layout-flow\">\n<a href=\"https:\/\/www.4home.hu\/kert-es-hobbi\/?utm_source=aff&#038;utm_medium=dgt&amp;a_aid=5d076b770d5ec&amp;a_bid=c8266bf7\" rel=\"nofollow noopener\" target=\"_blank\"><img loading=\"lazy\" decoding=\"async\" src=\"\/\/login.dognet.sk\/accounts\/default1\/fb27g82d\/c8266bf7.jpg\" alt=\"\" title=\"\" width=\"336\" height=\"280\" \/><\/a>\n<\/div>\n\n\n\n<div class=\"wp-block-column is-layout-flow wp-block-column-is-layout-flow\">\n<a href=\"https:\/\/www.mobilego.hu\/?utm_source=dgt&#038;utm_medium=aff&amp;a_aid=5d076b770d5ec&amp;a_bid=07094f04\" rel=\"nofollow noopener\" target=\"_blank\"><img loading=\"lazy\" decoding=\"async\" src=\"\/\/login.dognet.sk\/accounts\/default1\/fb27g82d\/07094f04.png\" alt=\"\" title=\"\" width=\"336\" height=\"280\" \/><\/a>\n<\/div>\n<\/div>\n\n\n\n<div class=\"wp-block-columns alignwide is-layout-flex wp-container-core-columns-is-layout-8f761849 wp-block-columns-is-layout-flex\">\n<div class=\"wp-block-column is-layout-flow wp-block-column-is-layout-flow\">\n<h4 class=\"wp-block-heading\">V\u00edzter\u00fcletek sokf\u00e9les\u00e9ge, n\u00e9h\u00e1ny p\u00e9ld\u00e1val<\/h4>\n\n\n\n<h4 class=\"wp-block-heading\">Tavak:<\/h4>\n\n\n\n<h5 class=\"wp-block-heading\"><strong>T\u00f3alm\u00e1si Horg\u00e1szt\u00f3:<\/strong><\/h5>\n\n\n\n<ul class=\"wp-block-list\">\n<li><strong>Elhelyezked\u00e9s:<\/strong> T\u00f3alm\u00e1s k\u00f6zel\u00e9ben tal\u00e1lhat\u00f3.<\/li>\n\n\n\n<li><strong>Halfajok:<\/strong> Ponty, keszeg, comp\u00f3.<\/li>\n\n\n\n<li><strong>Jellemz\u0151k:<\/strong> Nyugodt k\u00f6rnyezet, kiv\u00e1l\u00f3 lehet\u0151s\u00e9g a pihen\u00e9sre \u00e9s horg\u00e1szatra.<\/li>\n<\/ul>\n\n\n\n<h5 class=\"wp-block-heading\"><strong>K\u00e1rolyi-kast\u00e9ly Parkt\u00f3 (F\u00f3t):<\/strong><\/h5>\n\n\n\n<ul class=\"wp-block-list\">\n<li><strong>Elhelyezked\u00e9s:<\/strong> F\u00f3t k\u00f6zel\u00e9ben, a K\u00e1rolyi-kast\u00e9ly k\u00f6r\u00fcl.<\/li>\n\n\n\n<li><strong>Halfajok:<\/strong> Ponty, keszeg, s\u00fcg\u00e9r, csuka.<\/li>\n\n\n\n<li><strong>Jellemz\u0151k:<\/strong> A t\u00f6rt\u00e9nelmi k\u00f6rnyezet \u00e9s a v\u00e1ltozatos hal\u00e1llom\u00e1ny teszi vonz\u00f3v\u00e1 a helyet a horg\u00e1szok sz\u00e1m\u00e1ra.<\/li>\n<\/ul>\n\n\n\n<h4 class=\"wp-block-heading\">Foly\u00f3k \u00e9s csatorn\u00e1k:<\/h4>\n\n\n\n<h5 class=\"wp-block-heading\">R\u00e1ckevei Duna-\u00e1g:<\/h5>\n\n\n\n<ul class=\"wp-block-list\">\n<li><strong>Elhelyezked\u00e9s:<\/strong> a Duna egyik mell\u00e9kfoly\u00f3ja. M\u00e1sik nev\u00e9n Soroks\u00e1ri-Duna vagy R\u00e1ckevei (Soroks\u00e1ri)-Duna, r\u00f6vid\u00edtve: RSD). A f\u0151\u00e1g a Csepel-szigetet fogja k\u00f6r\u00fcl. A Dun\u00e1t\u00f3l Budapesten, a Csepel-sziget \u00e9szaki cs\u00facs\u00e1n\u00e1l \u00e1gazik el, majd Tassn\u00e1l, a sziget d\u00e9li cs\u00facs\u00e1n\u00e1l t\u00e9r vissza \u00fajra a folyamba.. A Duna-\u00e1g 57,3 km hossz\u00fa.<\/li>\n\n\n\n<li><strong>Halfajok:<\/strong> A csuka, ponty, s\u00fcg\u00e9r \u00e9s harcsa is gyakori itt.<\/li>\n\n\n\n<li><strong>Horg\u00e1szati lehet\u0151s\u00e9gek:<\/strong> Cs\u00f3nak\u00e1z\u00e1s, parti horg\u00e1szat \u00e9s a Duna \u00e1ltal k\u00edn\u00e1lt v\u00e1ltozatos hal\u00e1llom\u00e1ny.<\/li>\n<\/ul>\n<\/div>\n<\/div>\n","protected":false},"excerpt":{"rendered":"<p>Kiemelt horg\u00e1szvizek V\u00edzter\u00fcletek sokf\u00e9les\u00e9ge, n\u00e9h\u00e1ny p\u00e9ld\u00e1val Tavak: T\u00f3alm\u00e1si Horg\u00e1szt\u00f3: K\u00e1rolyi-kast\u00e9ly Parkt\u00f3 (F\u00f3t): Foly\u00f3k \u00e9s csatorn\u00e1k: R\u00e1ckevei Duna-\u00e1g:<\/p>\n","protected":false},"author":1,"featured_media":0,"parent":0,"menu_order":0,"comment_status":"closed","ping_status":"closed","template":"","meta":{"_acf_changed":false,"footnotes":""},"class_list":["post-557","page","type-page","status-publish","hentry"],"acf":[],"_links":{"self":[{"href":"https:\/\/horgaszhely.hu\/hun\/wp-json\/wp\/v2\/pages\/557","targetHints":{"allow":["GET"]}}],"collection":[{"href":"https:\/\/horgaszhely.hu\/hun\/wp-json\/wp\/v2\/pages"}],"about":[{"href":"https:\/\/horgaszhely.hu\/hun\/wp-json\/wp\/v2\/types\/page"}],"author":[{"embeddable":true,"href":"https:\/\/horgaszhely.hu\/hun\/wp-json\/wp\/v2\/users\/1"}],"replies":[{"embeddable":true,"href":"https:\/\/horgaszhely.hu\/hun\/wp-json\/wp\/v2\/comments?post=557"}],"version-history":[{"count":4,"href":"https:\/\/horgaszhely.hu\/hun\/wp-json\/wp\/v2\/pages\/557\/revisions"}],"predecessor-version":[{"id":440618,"href":"https:\/\/horgaszhely.hu\/hun\/wp-json\/wp\/v2\/pages\/557\/revisions\/440618"}],"wp:attachment":[{"href":"https:\/\/horgaszhely.hu\/hun\/wp-json\/wp\/v2\/media?parent=557"}],"curies":[{"name":"wp","href":"https:\/\/api.w.org\/{rel}","templated":true}]}}