{"id":474853,"date":"2026-08-24T09:54:21","date_gmt":"2026-08-24T07:54:21","guid":{"rendered":"https:\/\/horgaszhely.hu\/hun\/termek\/funkcionalis-short-iron-aesthetics-reflective-fekete\/"},"modified":"2026-08-24T09:54:21","modified_gmt":"2026-08-24T07:54:21","slug":"funkcionalis-short-iron-aesthetics-reflective-fekete","status":"publish","type":"product","link":"https:\/\/horgaszhely.hu\/hun\/termek\/funkcionalis-short-iron-aesthetics-reflective-fekete\/","title":{"rendered":"Funkcion\u00e1lis short Iron Aesthetics Reflective, fekete"},"content":{"rendered":"<p>A fekete Reflective funkcion\u00e1lis r\u00f6vidnadr\u00e1g zsebekkel ell\u00e1tott k\u00e9nyelmes r\u00f6vidnadr\u00e1g, amely sportol\u00e1sra \u00e9s szabadid\u0151re egyar\u00e1nt alkalmas. Laza szab\u00e1s\u00fa \u00e9s \u00e1ll\u00edthat\u00f3, rugalmas der\u00e9kp\u00e1nttal rendelkezik, hogy minden edz\u00e9sen maxim\u00e1lis mozg\u00e1sszabads\u00e1got biztos\u00edtson. Ez a funkcion\u00e1lis r\u00f6vidnadr\u00e1g elvezeti az izzads\u00e1got \u00e9s gyorsan sz\u00e1rad. A poli\u00e9szter \u00e9s az elaszt\u00e1n kombin\u00e1ci\u00f3j\u00e1nak k\u00f6sz\u00f6nhet\u0151en tart\u00f3s \u00e9s elasztikus. Ezenk\u00edv\u00fcl k\u00f6nny\u0171 \u00e9s l\u00e9g\u00e1tereszt\u0151, amit minden aktivit\u00e1s sor\u00e1n \u00e9rt\u00e9kelni fogsz. Modern, egyszer\u0171 diz\u00e1jnnal is rendelkeznek, amelyet az Iron Aesthetics f\u00e9nyvisszaver\u0151 log\u00f3ja d\u00edsz\u00edt. K\u00f6nnyen kombin\u00e1lhat\u00f3, \u00e9s alkalmasak edz\u0151terembe, fut\u00e1sra, street workoutra vagy m\u00e1s tev\u00e9kenys\u00e9gekre.<\/p>\n<p>Brand: Iron Aesthetics<\/p>\n","protected":false},"excerpt":{"rendered":"<p>A fekete Reflective funkcion\u00e1lis r\u00f6vidnadr\u00e1g zsebekkel ell\u00e1tott k\u00e9nyelmes r\u00f6vidnadr\u00e1g, amely sportol\u00e1sra \u00e9s szabadid\u0151re egyar\u00e1nt alkalmas. Laza szab\u00e1s\u00fa \u00e9s \u00e1ll\u00edthat\u00f3, rugalmas der\u00e9kp\u00e1nttal rendelkezik, hogy minden edz\u00e9sen maxim\u00e1lis mozg\u00e1sszabads\u00e1got biztos\u00edtson. Ez a funkcion\u00e1lis r\u00f6vidnadr\u00e1g elvezeti az izzads\u00e1got \u00e9s gyorsan sz\u00e1rad. A poli\u00e9szter \u00e9s az elaszt\u00e1n kombin\u00e1ci\u00f3j\u00e1nak k\u00f6sz\u00f6nhet\u0151en tart\u00f3s \u00e9s elasztikus. Ezenk\u00edv\u00fcl k\u00f6nny\u0171 \u00e9s l\u00e9g\u00e1tereszt\u0151, amit minden aktivit\u00e1s [&hellip;]<\/p>\n","protected":false},"featured_media":474854,"template":"","meta":{"_acf_changed":false},"product_brand":[],"product_cat":[650,652,649],"product_tag":[],"class_list":["post-474853","product","type-product","status-publish","has-post-thumbnail","product_cat-ferfi","product_cat-ferfi-rovidnadragok","product_cat-fitness-es-sport","first","instock","product-type-external"],"acf":[],"_links":{"self":[{"href":"https:\/\/horgaszhely.hu\/hun\/wp-json\/wp\/v2\/product\/474853","targetHints":{"allow":["GET"]}}],"collection":[{"href":"https:\/\/horgaszhely.hu\/hun\/wp-json\/wp\/v2\/product"}],"about":[{"href":"https:\/\/horgaszhely.hu\/hun\/wp-json\/wp\/v2\/types\/product"}],"wp:featuredmedia":[{"embeddable":true,"href":"https:\/\/horgaszhely.hu\/hun\/wp-json\/wp\/v2\/media\/474854"}],"wp:attachment":[{"href":"https:\/\/horgaszhely.hu\/hun\/wp-json\/wp\/v2\/media?parent=474853"}],"wp:term":[{"taxonomy":"product_brand","embeddable":true,"href":"https:\/\/horgaszhely.hu\/hun\/wp-json\/wp\/v2\/product_brand?post=474853"},{"taxonomy":"product_cat","embeddable":true,"href":"https:\/\/horgaszhely.hu\/hun\/wp-json\/wp\/v2\/product_cat?post=474853"},{"taxonomy":"product_tag","embeddable":true,"href":"https:\/\/horgaszhely.hu\/hun\/wp-json\/wp\/v2\/product_tag?post=474853"}],"curies":[{"name":"wp","href":"https:\/\/api.w.org\/{rel}","templated":true}]}}