{"id":475047,"date":"2026-08-24T10:38:31","date_gmt":"2026-08-24T08:38:31","guid":{"rendered":"https:\/\/horgaszhely.hu\/hun\/termek\/digitalis-ebresztoora-homerovel-es-vezetek-nelkuli-toltovel\/"},"modified":"2026-08-24T10:38:32","modified_gmt":"2026-08-24T08:38:32","slug":"digitalis-ebresztoora-homerovel-es-vezetek-nelkuli-toltovel","status":"publish","type":"product","link":"https:\/\/horgaszhely.hu\/hun\/termek\/digitalis-ebresztoora-homerovel-es-vezetek-nelkuli-toltovel\/","title":{"rendered":"Digit\u00e1lis \u00e9breszt\u0151\u00f3ra h\u0151m\u00e9r\u0151vel \u00e9s vezet\u00e9k n\u00e9lk\u00fcli t\u00f6lt\u0151vel"},"content":{"rendered":"<p>Reggel egy pillant\u00e1ssal ellen\u0151rizheti az id\u0151t \u00e9s a h\u0151m\u00e9rs\u00e9kletet, mik\u00f6zben telefonja k\u00e9szen \u00e1ll az \u00faj napra &#8211; \u00fajabb k\u00e1bel n\u00e9lk\u00fcl az \u00e9jjeliszekr\u00e9nyen. A digit\u00e1lis \u00e9breszt\u0151\u00f3ra vezet\u00e9k n\u00e9lk\u00fcli t\u00f6lt\u0151vel egyes\u00edti az \u00e1ttekinthet\u0151 LED-kijelz\u0151t, az \u00e9breszt\u0151\u00f3r\u00e1t, a napt\u00e1rt, a h\u0151m\u00e9r\u0151t \u00e9s a ak\u00e1r 10 W teljes\u00edtm\u00e9ny\u0171 vezet\u00e9k n\u00e9lk\u00fcli telefont\u00f6lt\u00e9st. Az eleg\u00e1ns t\u00fckr\u00f6s el\u0151lap modern megjelen\u00e9st k\u00f6lcs\u00f6n\u00f6z neki, \u00edgy h\u00e1l\u00f3szob\u00e1ban \u00e9s dolgoz\u00f3szob\u00e1ban is j\u00f3l mutat. Csak helyezze kompatibilis okostelefonj\u00e1t a fels\u0151 t\u00f6lt\u0151fel\u00fcletre, \u00e9s a k\u00e9sz\u00fcl\u00e9k \u00e9jszaka k\u00e9nyelmesen felt\u00f6lt\u0151dhet.F\u0151 el\u0151ny\u00f6kA 10 W-os vezet\u00e9k n\u00e9lk\u00fcli t\u00f6lt\u00e9s lehet\u0151v\u00e9 teszi kompatibilis telefonja t\u00f6lt\u00e9s\u00e9t egyszer\u0171en az \u00e9breszt\u0151\u00f3r\u00e1ra helyezve.A t\u00fckr\u00f6s LED-kijelz\u0151\u00a0\u00e1ttekinthet\u0151en jelen\u00edti meg az aktu\u00e1lis id\u0151t, d\u00e1tumot \u00e9s szobah\u0151m\u00e9rs\u00e9kletet egy helyen.Az \u00e1ll\u00edthat\u00f3 \u00e9breszt\u00e9si hanger\u0151 seg\u00edts\u00e9g\u00e9vel a reggeli \u00e9breszt\u00e9s hangj\u00e1t saj\u00e1t ig\u00e9nyeihez igaz\u00edthatja.Az eleg\u00e1ns ez\u00fcstsz\u00edn\u0171 t\u00fckr\u00f6s kialak\u00edt\u00e1s \u00edzl\u00e9sesen kieg\u00e9sz\u00edt b\u00e1rmilyen modern \u00e9jjeliszekr\u00e9nyt.A tartal\u00e9k t\u00e1pell\u00e1t\u00e1s r\u00f6vid \u00e1ramsz\u00fcnet eset\u00e9n is seg\u00edt meg\u0151rizni az id\u0151 \u00e9s az \u00e9breszt\u00e9s be\u00e1ll\u00edt\u00e1sait.Kinek ide\u00e1lis ez a digit\u00e1lis \u00e9breszt\u0151\u00f3ra?Qi-t\u00f6lt\u00e9st t\u00e1mogat\u00f3 okostelefonok tulajdonosainak, akik \u00e9jszaka tov\u00e1bbi k\u00e1bel n\u00e9lk\u00fcl szeretn\u00e9k t\u00f6lteni telefonjukat.Azoknak, akik szeretn\u00e9k az id\u0151t, d\u00e1tumot \u00e9s szobah\u0151m\u00e9rs\u00e9kletet j\u00f3l l\u00e1that\u00f3an az \u00e1gy mellett megjelen\u00edteni.A modern k\u00fcty\u00fck kedvel\u0151inek, akik \u00e9rt\u00e9kelik, ha t\u00f6bb funkci\u00f3 egyetlen k\u00e9sz\u00fcl\u00e9kben egyes\u00fcl.Di\u00e1koknak \u00e9s dolgoz\u00f3knak, akik praktikus \u00e9breszt\u0151\u00f3r\u00e1t keresnek \u00e9jjeliszekr\u00e9nyre vagy \u00edr\u00f3asztalra.Term\u00e9kspecifik\u00e1ci\u00f3Param\u00e9terek\u00c9rt\u00e9kKijelz\u0151 t\u00edpusaT\u00fckr\u00f6s digit\u00e1lis LED-kijelz\u0151Funkci\u00f3kId\u0151, d\u00e1tum, belt\u00e9ri h\u0151m\u00e9r\u0151 (\u00b0C \/ \u00b0F), \u00e9breszt\u0151\u00f3ra, vezet\u00e9k n\u00e9lk\u00fcli t\u00f6lt\u00e9sVezet\u00e9k n\u00e9lk\u00fcli t\u00f6lt\u00e9si teljes\u00edtm\u00e9nyAk\u00e1r 10 W (kimenet: 10 V \/ 1 A)Bemeneti t\u00e1pell\u00e1t\u00e1s5 V \/ 2 A vagy 9 V \/ 2 A (USB-C-n kereszt\u00fcl)Tartal\u00e9k t\u00e1pell\u00e1t\u00e1sBe\u00e9p\u00edtett akkumul\u00e1tor a be\u00e1ll\u00edt\u00e1sok mem\u00f3ri\u00e1j\u00e1nak meg\u0151rz\u00e9s\u00e9hez \u00e1ramsz\u00fcnet eset\u00e9nEnergiatakar\u00e9koss\u00e1gi funkci\u00f3kT\u00falfesz\u00fclts\u00e9g-v\u00e9delemHanger\u0151szab\u00e1lyoz\u00e1s\u00c1ll\u00edthat\u00f3 \u00e9breszt\u00e9si hanger\u0151Hozz\u00e1vet\u0151leges m\u00e9retek16,5 x 10,1 x 4,7 cmSz\u00ednEz\u00fcst \/ t\u00fckr\u00f6s el\u0151lapBiztons\u00e1gi utas\u00edt\u00e1sokA k\u00e9sz\u00fcl\u00e9k k\u00f6vetelm\u00e9nyeinek megfelel\u0151 param\u00e9terekkel rendelkez\u0151 USB-adaptert haszn\u00e1ljon.Ne helyezzen \u00e9rm\u00e9t, kulcsot vagy m\u00e1s f\u00e9mt\u00e1rgyat a vezet\u00e9k n\u00e9lk\u00fcli t\u00f6lt\u0151fel\u00fcletre.T\u00f6lt\u00e9s el\u0151tt ellen\u0151rizze, hogy nincs-e f\u00e9mt\u00e1rgy a telefon \u00e9s a t\u00f6lt\u0151 k\u00f6z\u00f6tt.A k\u00e9sz\u00fcl\u00e9ket, a k\u00e1belt \u00e9s az USB-csatlakoz\u00f3t ne tegye ki v\u00edznek, magas p\u00e1ratartalomnak vagy folyad\u00e9knak.Az \u00e9breszt\u0151\u00f3r\u00e1t ne helyezze ny\u00edlt l\u00e1ng, radi\u00e1tor vagy m\u00e1s er\u0151s h\u0151forr\u00e1s k\u00f6zel\u00e9be.S\u00e9r\u00fclt k\u00e1bel, csatlakoz\u00f3 vagy burkolat eset\u00e9n ne haszn\u00e1lja tov\u00e1bb a k\u00e9sz\u00fcl\u00e9ket.Ne szerelje sz\u00e9t a k\u00e9sz\u00fcl\u00e9ket, \u00e9s ne pr\u00f3b\u00e1lja saj\u00e1t maga jav\u00edtani annak elektromos r\u00e9szeit.Vezet\u00e9k n\u00e9lk\u00fcl csak olyan eszk\u00f6z\u00f6ket t\u00f6lts\u00f6n, amelyek t\u00e1mogatj\u00e1k ezt a technol\u00f3gi\u00e1t.Gyakran ism\u00e9telt k\u00e9rd\u00e9sek (FAQ)M\u0171k\u00f6dni fog a vezet\u00e9k n\u00e9lk\u00fcli t\u00f6lt\u0151 a telefonommal?Az \u00e9breszt\u0151\u00f3ra vezet\u00e9k n\u00e9lk\u00fcl t\u00f6lti az \u00f6sszes Qi-technol\u00f3gi\u00e1t t\u00e1mogat\u00f3 okostelefont. Csak helyezze telefonj\u00e1t az \u00e9breszt\u0151\u00f3ra fels\u0151 t\u00f6lt\u0151fel\u00fclet\u00e9re, \u00e9s a t\u00f6lt\u00e9s megkezd\u0151dik.Mekkora teljes\u00edtm\u00e9ny\u0171 a vezet\u00e9k n\u00e9lk\u00fcli t\u00f6lt\u00e9s?Az \u00e9breszt\u0151\u00f3ra ak\u00e1r 10 W-os vezet\u00e9k n\u00e9lk\u00fcli t\u00f6lt\u00e9st t\u00e1mogat. A t\u00e9nyleges teljes\u00edtm\u00e9ny a telefon kompatibilit\u00e1s\u00e1t\u00f3l \u00e9s a haszn\u00e1lt USB h\u00e1l\u00f3zati adaptert\u0151l f\u00fcgg.Mit jelen\u00edt meg a LED-kijelz\u0151?A kijelz\u0151n az aktu\u00e1lis id\u0151, a d\u00e1tum \u00e9s a szobah\u0151m\u00e9rs\u00e9klet l\u00e1that\u00f3. A h\u0151m\u00e9rs\u00e9klet m\u00e9rt\u00e9kegys\u00e9ge Celsius- vagy Fahrenheit-fokra \u00e1ll\u00edthat\u00f3.M\u0171k\u00f6dik az \u00e9breszt\u0151\u00f3ra elektromos h\u00e1l\u00f3zati csatlakoz\u00e1s n\u00e9lk\u00fcl is?A f\u0151 funkci\u00f3k USB-t\u00e1pell\u00e1t\u00e1st ig\u00e9nyelnek. A tartal\u00e9k akkumul\u00e1tor els\u0151sorban az id\u0151 \u00e9s az \u00e9breszt\u00e9si be\u00e1ll\u00edt\u00e1sok meg\u0151rz\u00e9s\u00e9re szolg\u00e1l az \u00e1ramell\u00e1t\u00e1s megszakad\u00e1sa eset\u00e9n.Alkalmas a digit\u00e1lis \u00e9breszt\u0151\u00f3ra aj\u00e1nd\u00e9knak?Igen, praktikus aj\u00e1nd\u00e9k a modern technol\u00f3gia kedvel\u0151inek, di\u00e1koknak \u00e9s mindazoknak, akik egy helyen szeretn\u00e9k haszn\u00e1lni az \u00e9breszt\u0151\u00f3r\u00e1t \u00e9s a t\u00f6lt\u0151t.Express One h\u00e1zhoz sz\u00e1ll\u00edt\u00e1s: 1690 FtGLS sz\u00e1ll\u00edt\u00e1s CsomagPontra: 1490 FtPacketa Csomagpont \u00e9s Csomagautomata: 1090 FtUt\u00e1nv\u00e9tel: + 500 Ft20 000 forint feletti rendel\u00e9s eset\u00e9n a sz\u00e1ll\u00edt\u00e1s ingyenes.<\/p>\n","protected":false},"excerpt":{"rendered":"<p>Reggel egy pillant\u00e1ssal ellen\u0151rizheti az id\u0151t \u00e9s a h\u0151m\u00e9rs\u00e9kletet, mik\u00f6zben telefonja k\u00e9szen \u00e1ll az \u00faj napra &#8211; \u00fajabb k\u00e1bel n\u00e9lk\u00fcl az \u00e9jjeliszekr\u00e9nyen. A digit\u00e1lis \u00e9breszt\u0151\u00f3ra vezet\u00e9k n\u00e9lk\u00fcli t\u00f6lt\u0151vel egyes\u00edti az \u00e1ttekinthet\u0151 LED-kijelz\u0151t, az \u00e9breszt\u0151\u00f3r\u00e1t, a napt\u00e1rt, a h\u0151m\u00e9r\u0151t \u00e9s a ak\u00e1r 10 W teljes\u00edtm\u00e9ny\u0171 vezet\u00e9k n\u00e9lk\u00fcli telefont\u00f6lt\u00e9st. Az eleg\u00e1ns t\u00fckr\u00f6s el\u0151lap modern megjelen\u00e9st k\u00f6lcs\u00f6n\u00f6z neki, [&hellip;]<\/p>\n","protected":false},"featured_media":475048,"template":"","meta":{"_acf_changed":false},"product_brand":[],"product_cat":[62,1918],"product_tag":[],"class_list":["post-475047","product","type-product","status-publish","has-post-thumbnail","product_cat-ajandekotletek","product_cat-ora-ebresztoora","first","instock","product-type-external"],"acf":[],"_links":{"self":[{"href":"https:\/\/horgaszhely.hu\/hun\/wp-json\/wp\/v2\/product\/475047","targetHints":{"allow":["GET"]}}],"collection":[{"href":"https:\/\/horgaszhely.hu\/hun\/wp-json\/wp\/v2\/product"}],"about":[{"href":"https:\/\/horgaszhely.hu\/hun\/wp-json\/wp\/v2\/types\/product"}],"wp:featuredmedia":[{"embeddable":true,"href":"https:\/\/horgaszhely.hu\/hun\/wp-json\/wp\/v2\/media\/475048"}],"wp:attachment":[{"href":"https:\/\/horgaszhely.hu\/hun\/wp-json\/wp\/v2\/media?parent=475047"}],"wp:term":[{"taxonomy":"product_brand","embeddable":true,"href":"https:\/\/horgaszhely.hu\/hun\/wp-json\/wp\/v2\/product_brand?post=475047"},{"taxonomy":"product_cat","embeddable":true,"href":"https:\/\/horgaszhely.hu\/hun\/wp-json\/wp\/v2\/product_cat?post=475047"},{"taxonomy":"product_tag","embeddable":true,"href":"https:\/\/horgaszhely.hu\/hun\/wp-json\/wp\/v2\/product_tag?post=475047"}],"curies":[{"name":"wp","href":"https:\/\/api.w.org\/{rel}","templated":true}]}}