{"id":475065,"date":"2026-08-24T10:38:57","date_gmt":"2026-08-24T08:38:57","guid":{"rendered":"https:\/\/horgaszhely.hu\/hun\/termek\/doudou-et-compagnie-veilleuses-ejszakai-feny-unikornis-20-cm\/"},"modified":"2026-08-24T10:38:58","modified_gmt":"2026-08-24T08:38:58","slug":"doudou-et-compagnie-veilleuses-ejszakai-feny-unikornis-20-cm","status":"publish","type":"product","link":"https:\/\/horgaszhely.hu\/hun\/termek\/doudou-et-compagnie-veilleuses-ejszakai-feny-unikornis-20-cm\/","title":{"rendered":"DouDou et Compagnie Veilleuses \u00e9jszakai f\u00e9ny Unikornis 20 cm"},"content":{"rendered":"<p>A DouDou \u00e9jszakai f\u00e9ny\u00a0kellemes, tomp\u00edtott f\u00e9nnyel rendelkezik,\u00a0amely mellett gyermeke\u00a0nyugodt \u00e9s zavartalan \u00e1lmot \u00e9lvezhet.A DouDou pl\u00fcssfigura gyermeke mindennapi t\u00e1rsa, \u00e9s seg\u00edt neki \u00e1tv\u00e9szelni az anyuk\u00e1t\u00f3l vagy apuk\u00e1t\u00f3l val\u00f3 elv\u00e1l\u00e1s pillanatait. H\u0171s\u00e9ges t\u00e1rs, amelynek jelenl\u00e9te megnyugtatja a gyermeket, \u00e9s akivel biztons\u00e1gosan \u00f6lelkezhet, j\u00e1tszhat, vagy ak\u00e1r r\u00e1gcs\u00e1lhatja is. Emellett t\u00e1mogatja a gyermek k\u00e9pzel\u0151erej\u00e9t, \u00e9s v\u00e9gigk\u00eds\u00e9ri gyermekkor\u00e1n.A DouDou term\u00e9kekn\u00e9l a biztons\u00e1g az els\u0151 &#8211; a term\u00e9keket\u00a0\u00a0\u00e9s az anyagokat folyamatosan fel\u00fclvizsg\u00e1lj\u00e1k, hogy megfeleljenek a legszigor\u00fabb k\u00f6vetelm\u00e9nyeknek. A DouDou v\u00e1llalat tal\u00e1lkozik az anyuk\u00e1kkal, hogy meghallgassa ig\u00e9nyeiket \u00e9s gyermekeik k\u00edv\u00e1ns\u00e1gait :)Az \u00e9jszakai f\u00e9ny gy\u00f6ny\u00f6r\u0171 diz\u00e1jnkieg\u00e9sz\u00edt\u0151 is egy kisl\u00e1ny gyerekszob\u00e1j\u00e1ban.A DouDou a legfinomabb anyagokb\u00f3l k\u00e9sz\u00fcl, id\u0151tlen diz\u00e1jnj\u00e1t pedig az \u00e9desany\u00e1k \u00e9s gyermekeik mindennapi \u00e9lete ihlette.Aj\u00e1nd\u00e9kdobozba csomagolva.Sz\u00fclet\u00e9st\u0151l alkalmas.M\u00e9ret: 20cmAnyag:\u00a0\u00a0100% poli\u00e9szter\u00c1pol\u00e1s \u00e9s karbantart\u00e1s:nedves kend\u0151vel tiszt\u00edtsanem feh\u00e9r\u00edthet\u0151vegyileg nem tiszt\u00edthat\u00f3nem vasalhat\u00f3sz\u00e1r\u00edt\u00f3g\u00e9pben nem sz\u00e1r\u00edthat\u00f3<\/p>\n","protected":false},"excerpt":{"rendered":"<p>A DouDou \u00e9jszakai f\u00e9ny\u00a0kellemes, tomp\u00edtott f\u00e9nnyel rendelkezik,\u00a0amely mellett gyermeke\u00a0nyugodt \u00e9s zavartalan \u00e1lmot \u00e9lvezhet.A DouDou pl\u00fcssfigura gyermeke mindennapi t\u00e1rsa, \u00e9s seg\u00edt neki \u00e1tv\u00e9szelni az anyuk\u00e1t\u00f3l vagy apuk\u00e1t\u00f3l val\u00f3 elv\u00e1l\u00e1s pillanatait. H\u0171s\u00e9ges t\u00e1rs, amelynek jelenl\u00e9te megnyugtatja a gyermeket, \u00e9s akivel biztons\u00e1gosan \u00f6lelkezhet, j\u00e1tszhat, vagy ak\u00e1r r\u00e1gcs\u00e1lhatja is. Emellett t\u00e1mogatja a gyermek k\u00e9pzel\u0151erej\u00e9t, \u00e9s v\u00e9gigk\u00eds\u00e9ri gyermekkor\u00e1n.A DouDou term\u00e9kekn\u00e9l [&hellip;]<\/p>\n","protected":false},"featured_media":475066,"template":"","meta":{"_acf_changed":false},"product_brand":[],"product_cat":[62,3369],"product_tag":[],"class_list":["post-475065","product","type-product","status-publish","has-post-thumbnail","product_cat-ajandekotletek","product_cat-babaapolas-ajandekotletek","first","instock","product-type-external"],"acf":[],"_links":{"self":[{"href":"https:\/\/horgaszhely.hu\/hun\/wp-json\/wp\/v2\/product\/475065","targetHints":{"allow":["GET"]}}],"collection":[{"href":"https:\/\/horgaszhely.hu\/hun\/wp-json\/wp\/v2\/product"}],"about":[{"href":"https:\/\/horgaszhely.hu\/hun\/wp-json\/wp\/v2\/types\/product"}],"wp:featuredmedia":[{"embeddable":true,"href":"https:\/\/horgaszhely.hu\/hun\/wp-json\/wp\/v2\/media\/475066"}],"wp:attachment":[{"href":"https:\/\/horgaszhely.hu\/hun\/wp-json\/wp\/v2\/media?parent=475065"}],"wp:term":[{"taxonomy":"product_brand","embeddable":true,"href":"https:\/\/horgaszhely.hu\/hun\/wp-json\/wp\/v2\/product_brand?post=475065"},{"taxonomy":"product_cat","embeddable":true,"href":"https:\/\/horgaszhely.hu\/hun\/wp-json\/wp\/v2\/product_cat?post=475065"},{"taxonomy":"product_tag","embeddable":true,"href":"https:\/\/horgaszhely.hu\/hun\/wp-json\/wp\/v2\/product_tag?post=475065"}],"curies":[{"name":"wp","href":"https:\/\/api.w.org\/{rel}","templated":true}]}}