{"id":475081,"date":"2026-08-24T10:39:21","date_gmt":"2026-08-24T08:39:21","guid":{"rendered":"https:\/\/horgaszhely.hu\/hun\/termek\/effiki-gyerek-tolltarto-versenyzo\/"},"modified":"2026-08-24T10:39:22","modified_gmt":"2026-08-24T08:39:22","slug":"effiki-gyerek-tolltarto-versenyzo","status":"publish","type":"product","link":"https:\/\/horgaszhely.hu\/hun\/termek\/effiki-gyerek-tolltarto-versenyzo\/","title":{"rendered":"Effiki gyerek tolltart\u00f3 versenyz\u0151"},"content":{"rendered":"<p>Az Effiki tolltart\u00f3 \u00e9l\u00e9nk \u00e9s b\u00e1jos sz\u00ednekkel b\u00fcszk\u00e9lkedhet, amelyek azonnal felkeltik a gyermekek figyelm\u00e9t, \u00e9s teret adnak egyedi kreativit\u00e1suk kifejez\u00e9s\u00e9re. A gyerek tolltart\u00f3 aranyos mint\u00e1ja minden iskol\u00e1st \u00f6r\u00f6mmel t\u00f6lt el.\u00a0A bels\u0151 r\u00e9sz egyszer\u0171en egy nagyobb szabad rekeszre, ceruz\u00e1k vagy sz\u00ednes ceruz\u00e1k t\u00e1rol\u00e1s\u00e1ra szolg\u00e1l\u00f3 helyre van osztva, s\u0151t m\u00e9g egy cipz\u00e1rral z\u00e1rhat\u00f3 rekesszel is rendelkezik. Az eg\u00e9sz tolltart\u00f3 cipz\u00e1rral z\u00e1r\u00f3dik.\u00a0Az Effiki tolltart\u00f3 t\u00f6k\u00e9letes aj\u00e1nd\u00e9k gyermekeknek, ak\u00e1r iskolai felszerel\u00e9sk\u00e9nt iskol\u00e1soknak, ak\u00e1r \u00f3vod\u00e1soknak.A tolltart\u00f3t k\u00e9zzel tiszt\u00edtsa, ne sz\u00e1r\u00edtsa \u00e9s ne feh\u00e9r\u00edtse.M\u00e9retek: 21 cm x 6 cm x 10 cmAnyag: 100% poli\u00e9szter\u00c9letkor: +3<\/p>\n","protected":false},"excerpt":{"rendered":"<p>Az Effiki tolltart\u00f3 \u00e9l\u00e9nk \u00e9s b\u00e1jos sz\u00ednekkel b\u00fcszk\u00e9lkedhet, amelyek azonnal felkeltik a gyermekek figyelm\u00e9t, \u00e9s teret adnak egyedi kreativit\u00e1suk kifejez\u00e9s\u00e9re. A gyerek tolltart\u00f3 aranyos mint\u00e1ja minden iskol\u00e1st \u00f6r\u00f6mmel t\u00f6lt el.\u00a0A bels\u0151 r\u00e9sz egyszer\u0171en egy nagyobb szabad rekeszre, ceruz\u00e1k vagy sz\u00ednes ceruz\u00e1k t\u00e1rol\u00e1s\u00e1ra szolg\u00e1l\u00f3 helyre van osztva, s\u0151t m\u00e9g egy cipz\u00e1rral z\u00e1rhat\u00f3 rekesszel is rendelkezik. Az [&hellip;]<\/p>\n","protected":false},"featured_media":475082,"template":"","meta":{"_acf_changed":false},"product_brand":[],"product_cat":[62,3369],"product_tag":[],"class_list":["post-475081","product","type-product","status-publish","has-post-thumbnail","product_cat-ajandekotletek","product_cat-babaapolas-ajandekotletek","first","instock","product-type-external"],"acf":[],"_links":{"self":[{"href":"https:\/\/horgaszhely.hu\/hun\/wp-json\/wp\/v2\/product\/475081","targetHints":{"allow":["GET"]}}],"collection":[{"href":"https:\/\/horgaszhely.hu\/hun\/wp-json\/wp\/v2\/product"}],"about":[{"href":"https:\/\/horgaszhely.hu\/hun\/wp-json\/wp\/v2\/types\/product"}],"wp:featuredmedia":[{"embeddable":true,"href":"https:\/\/horgaszhely.hu\/hun\/wp-json\/wp\/v2\/media\/475082"}],"wp:attachment":[{"href":"https:\/\/horgaszhely.hu\/hun\/wp-json\/wp\/v2\/media?parent=475081"}],"wp:term":[{"taxonomy":"product_brand","embeddable":true,"href":"https:\/\/horgaszhely.hu\/hun\/wp-json\/wp\/v2\/product_brand?post=475081"},{"taxonomy":"product_cat","embeddable":true,"href":"https:\/\/horgaszhely.hu\/hun\/wp-json\/wp\/v2\/product_cat?post=475081"},{"taxonomy":"product_tag","embeddable":true,"href":"https:\/\/horgaszhely.hu\/hun\/wp-json\/wp\/v2\/product_tag?post=475081"}],"curies":[{"name":"wp","href":"https:\/\/api.w.org\/{rel}","templated":true}]}}