{"id":475089,"date":"2026-08-24T10:39:31","date_gmt":"2026-08-24T08:39:31","guid":{"rendered":"https:\/\/horgaszhely.hu\/hun\/termek\/elektromos-kavedaralo\/"},"modified":"2026-08-24T10:39:32","modified_gmt":"2026-08-24T08:39:32","slug":"elektromos-kavedaralo","status":"publish","type":"product","link":"https:\/\/horgaszhely.hu\/hun\/termek\/elektromos-kavedaralo\/","title":{"rendered":"Elektromos k\u00e1v\u00e9dar\u00e1l\u00f3"},"content":{"rendered":"<p>Az elektromos k\u00e1v\u00e9dar\u00e1l\u00f3 praktikus seg\u00edts\u00e9g mindazoknak, akik szeretn\u00e9k \u00e9lvezni a frissen \u0151r\u00f6lt k\u00e1v\u00e9szemek illat\u00e1t \u00e9s \u00edz\u00e9t. Csak t\u00f6ltse bele a k\u00e1v\u00e9t, z\u00e1rja le a fedelet, \u00e9s egyetlen gomb megnyom\u00e1s\u00e1val n\u00e9h\u00e1ny m\u00e1sodperc alatt meg\u0151r\u00f6lheti. Az \u0151rl\u00e9s finoms\u00e1g\u00e1t egyszer\u0171en a m\u0171k\u00f6dtet\u00e9s hossz\u00e1val szab\u00e1lyozhatja &#8211; a r\u00f6videbb id\u0151 durv\u00e1bb, a hosszabb id\u0151 finomabb \u0151rlem\u00e9nyt eredm\u00e9nyez. A dar\u00e1l\u00f3t f\u0171szerekhez, di\u00f3f\u00e9l\u00e9khez vagy magvakhoz is haszn\u00e1lhatja, \u00edgy italok, \u00e9telek \u00e9s h\u00e1zi desszertek k\u00e9sz\u00edt\u00e9s\u00e9n\u00e9l egyar\u00e1nt hasznos.F\u0151 el\u0151ny\u00f6kEgyszer\u0171, egygombos vez\u00e9rl\u00e9sGyors \u0151rl\u00e9s n\u00e9h\u00e1ny m\u00e1sodperc alattAz \u0151rl\u00e9si finoms\u00e1g a m\u0171k\u00f6d\u00e9si id\u0151vel szab\u00e1lyozhat\u00f3\u00c1tl\u00e1tsz\u00f3 fed\u00e9l az eredm\u00e9ny ellen\u0151rz\u00e9s\u00e9hez felnyit\u00e1s n\u00e9lk\u00fclK\u00e1v\u00e9hoz, f\u0171szerekhez, di\u00f3f\u00e9l\u00e9khez \u00e9s magvakhoz is alkalmasNagy teljes\u00edtm\u00e9ny\u0171 150 W-os motorTart\u00f3s, k\u00e9t\u00e9l\u0171 pengeCs\u00fasz\u00e1sg\u00e1tl\u00f3 l\u00e1bak a stabilabb m\u0171k\u00f6d\u00e9s\u00e9rtKompakt m\u00e9ret \u00e9s k\u00e1belt\u00e1rol\u00f3 helyBPA-mentes anyagokTerm\u00e9kspecifik\u00e1ci\u00f3Term\u00e9kt\u00edpus: elektromos dar\u00e1l\u00f3Haszn\u00e1lat: k\u00e1v\u00e9, f\u0171szerek, di\u00f3f\u00e9l\u00e9k \u00e9s magvakVez\u00e9rl\u00e9s m\u00f3dja: egy gomb\u0150rl\u00e9si finoms\u00e1g: a m\u0171k\u00f6d\u00e9si id\u0151 szerintAj\u00e1nlott \u0151rl\u00e9si id\u0151: k\u00f6r\u00fclbel\u00fcl 5\u201320 m\u00e1sodpercPenge: k\u00e9t\u00e9l\u0171Kapacit\u00e1s: 50 gTeljes\u00edtm\u00e9ny: 150 WT\u00e1pell\u00e1t\u00e1s: elektromos h\u00e1l\u00f3zatK\u00e1bel hossza: 75 cmK\u00e1belt\u00e1rol\u00f3 hely: igenCs\u00fasz\u00e1sg\u00e1tl\u00f3 l\u00e1bak: igenSz\u00edn: feketeAnyag: ABS, rozsdamentes ac\u00e9l, PP, PCM\u00e9retek: 19,5 \u00d7 9 cmT\u00f6meg: 0,72 kgA csomag tartalmaElektromos dar\u00e1l\u00f3Tiszt\u00edt\u00f3kefeV\u00e9d\u0151 bubor\u00e9kf\u00f3liaSz\u00ednes csomagol\u00e1sBiztons\u00e1gi figyelmeztet\u00e9sekA dar\u00e1l\u00f3t kiz\u00e1r\u00f3lag rendeltet\u00e9sszer\u0171en, sz\u00e1raz belt\u00e9ri k\u00f6rnyezetben haszn\u00e1lja. Ne l\u00e9pje t\u00fal az 50 g maxim\u00e1lis kapacit\u00e1st, \u00e9s ne m\u0171k\u00f6dtesse a k\u00e9sz\u00fcl\u00e9ket \u00fcresen. Egy \u0151rl\u00e9si ciklus ne tartson 20 m\u00e1sodpercn\u00e9l tov\u00e1bb; a ciklusok k\u00f6z\u00f6tt tartsa be a gy\u00e1rt\u00f3 utas\u00edt\u00e1sai szerinti sz\u00fcnetet. M\u0171k\u00f6d\u00e9s k\u00f6zben ne nyissa fel a fedelet, \u00e9s ne \u00e9rintse meg a peng\u00e9ket. A k\u00e9sz\u00fcl\u00e9ket ne hagyja fel\u00fcgyelet n\u00e9lk\u00fcl a h\u00e1l\u00f3zathoz csatlakoztatva, \u00e9s \u00f3vja a v\u00edzt\u0151l, nedvess\u00e9gt\u0151l \u00e9s forr\u00f3 fel\u00fcletekt\u0151l. S\u00e9r\u00fclt k\u00e1bellel ne haszn\u00e1lja, \u00e9s ne pr\u00f3b\u00e1lja saj\u00e1t kez\u0171leg megjav\u00edtani. Gyermekekt\u0151l \u00e9s \u00e1llatokt\u00f3l elz\u00e1rva tartand\u00f3.Gyakran ism\u00e9telt k\u00e9rd\u00e9sek (FAQ)Mire haszn\u00e1lhat\u00f3 az elektromos dar\u00e1l\u00f3?A dar\u00e1l\u00f3 k\u00e1v\u00e9szemek, megfelel\u0151 sz\u00e1raz f\u0171szerek, di\u00f3f\u00e9l\u00e9k \u00e9s magvak \u0151rl\u00e9s\u00e9re szolg\u00e1l. \u00cdgy italok k\u00e9sz\u00edt\u00e9s\u00e9n\u00e9l, f\u0151z\u00e9sn\u00e9l \u00e9s otthoni s\u00fct\u00e9sn\u00e9l egyar\u00e1nt haszn\u00e1lhat\u00f3.\u00c1ll\u00edthat\u00f3 az \u0151rl\u00e9s finoms\u00e1ga?A dar\u00e1l\u00f3 nem rendelkezik k\u00fcl\u00f6n \u0151rl\u00e9sfinoms\u00e1g-szab\u00e1lyoz\u00f3val. Az eredm\u00e9nyt a m\u0171k\u00f6d\u00e9si id\u0151vel befoly\u00e1solhatja &#8211; a r\u00f6videbb \u0151rl\u00e9s durv\u00e1bb, a hosszabb \u0151rl\u00e9s finomabb \u00e1llagot eredm\u00e9nyez.Mennyi ideig m\u0171k\u00f6dhet a dar\u00e1l\u00f3 megszak\u00edt\u00e1s n\u00e9lk\u00fcl?Egy ciklus legfeljebb 20 m\u00e1sodpercig tarthat. Ezut\u00e1n kapcsolja ki a dar\u00e1l\u00f3t, \u00e9s tartsa be a haszn\u00e1lati \u00fatmutat\u00f3ban megadott sz\u00fcnetet, hogy elker\u00fclje a motor t\u00falmeleged\u00e9s\u00e9t.Hogyan tiszt\u00edthat\u00f3 az elektromos dar\u00e1l\u00f3?Tiszt\u00edt\u00e1s el\u0151tt h\u00fazza ki a h\u00e1l\u00f3zatb\u00f3l. A maradv\u00e1nyokat a mell\u00e9kelt kef\u00e9vel t\u00e1vol\u00edtsa el, a k\u00e9sz\u00fcl\u00e9kh\u00e1zat pedig sz\u00e1raz ruh\u00e1val t\u00f6r\u00f6lje \u00e1t. Az elektromos r\u00e9szt ne mer\u00edtse v\u00edzbe.Alkalmas a k\u00e1v\u00e9dar\u00e1l\u00f3 aj\u00e1nd\u00e9knak?Igen, praktikus aj\u00e1nd\u00e9k a k\u00e1v\u00e9 szerelmeseinek, otthoni barist\u00e1knak, valamint azoknak, akik szeretnek f\u0151zni \u00e9s s\u00fctni. Sz\u00fclet\u00e9snapra, kar\u00e1csonyra \u00e9s lak\u00e1savat\u00f3ra is remek v\u00e1laszt\u00e1s.Express One h\u00e1zhoz sz\u00e1ll\u00edt\u00e1s: 1690 FtGLS sz\u00e1ll\u00edt\u00e1s CsomagPontra: 1490 FtPacketa Csomagpont \u00e9s Csomagautomata: 1090 FtUt\u00e1nv\u00e9tel: + 500 Ft20 000 forint feletti rendel\u00e9s eset\u00e9n a sz\u00e1ll\u00edt\u00e1s ingyenes.<\/p>\n","protected":false},"excerpt":{"rendered":"<p>Az elektromos k\u00e1v\u00e9dar\u00e1l\u00f3 praktikus seg\u00edts\u00e9g mindazoknak, akik szeretn\u00e9k \u00e9lvezni a frissen \u0151r\u00f6lt k\u00e1v\u00e9szemek illat\u00e1t \u00e9s \u00edz\u00e9t. Csak t\u00f6ltse bele a k\u00e1v\u00e9t, z\u00e1rja le a fedelet, \u00e9s egyetlen gomb megnyom\u00e1s\u00e1val n\u00e9h\u00e1ny m\u00e1sodperc alatt meg\u0151r\u00f6lheti. Az \u0151rl\u00e9s finoms\u00e1g\u00e1t egyszer\u0171en a m\u0171k\u00f6dtet\u00e9s hossz\u00e1val szab\u00e1lyozhatja &#8211; a r\u00f6videbb id\u0151 durv\u00e1bb, a hosszabb id\u0151 finomabb \u0151rlem\u00e9nyt eredm\u00e9nyez. A dar\u00e1l\u00f3t f\u0171szerekhez, [&hellip;]<\/p>\n","protected":false},"featured_media":475090,"template":"","meta":{"_acf_changed":false},"product_brand":[],"product_cat":[62,1910],"product_tag":[],"class_list":["post-475089","product","type-product","status-publish","has-post-thumbnail","product_cat-ajandekotletek","product_cat-konyhai-kiegeszitok","first","instock","product-type-external"],"acf":[],"_links":{"self":[{"href":"https:\/\/horgaszhely.hu\/hun\/wp-json\/wp\/v2\/product\/475089","targetHints":{"allow":["GET"]}}],"collection":[{"href":"https:\/\/horgaszhely.hu\/hun\/wp-json\/wp\/v2\/product"}],"about":[{"href":"https:\/\/horgaszhely.hu\/hun\/wp-json\/wp\/v2\/types\/product"}],"wp:featuredmedia":[{"embeddable":true,"href":"https:\/\/horgaszhely.hu\/hun\/wp-json\/wp\/v2\/media\/475090"}],"wp:attachment":[{"href":"https:\/\/horgaszhely.hu\/hun\/wp-json\/wp\/v2\/media?parent=475089"}],"wp:term":[{"taxonomy":"product_brand","embeddable":true,"href":"https:\/\/horgaszhely.hu\/hun\/wp-json\/wp\/v2\/product_brand?post=475089"},{"taxonomy":"product_cat","embeddable":true,"href":"https:\/\/horgaszhely.hu\/hun\/wp-json\/wp\/v2\/product_cat?post=475089"},{"taxonomy":"product_tag","embeddable":true,"href":"https:\/\/horgaszhely.hu\/hun\/wp-json\/wp\/v2\/product_tag?post=475089"}],"curies":[{"name":"wp","href":"https:\/\/api.w.org\/{rel}","templated":true}]}}