{"id":475157,"date":"2026-08-24T10:40:56","date_gmt":"2026-08-24T08:40:56","guid":{"rendered":"https:\/\/horgaszhely.hu\/hun\/termek\/jabadabado-szurke-elefant-huzos-jatek\/"},"modified":"2026-08-24T10:40:57","modified_gmt":"2026-08-24T08:40:57","slug":"jabadabado-szurke-elefant-huzos-jatek","status":"publish","type":"product","link":"https:\/\/horgaszhely.hu\/hun\/termek\/jabadabado-szurke-elefant-huzos-jatek\/","title":{"rendered":"Jabadabado sz\u00fcrke elef\u00e1nt h\u00faz\u00f3s j\u00e1t\u00e9k"},"content":{"rendered":"<p>Modern \u00e9s\u00a0id\u0151tlen gyermek h\u00faz\u00f3s j\u00e1t\u00e9k a Jabadabado m\u00e1rk\u00e1t\u00f3l. Az elef\u00e1ntok form\u00e1j\u00fa fa j\u00e1t\u00e9k gy\u00f6ny\u00f6r\u0171 aj\u00e1nd\u00e9k, amely t\u00e1mogatja az eg\u00e9szs\u00e9ges pszichomotoros fejl\u0151d\u00e9st.A j\u00e1t\u00e9k k\u00e9t egym\u00e1s m\u00f6g\u00e9 rendezett elef\u00e1ntb\u00f3l \u00e1ll. \u00dagy n\u00e9znek ki, mint egy anyuka \u00e9s\u00a0kisl\u00e1nya. (apuka \u00e9s\u00a0kisfia) Gy\u00f6ny\u00f6r\u0171 p\u00faderr\u00f3zsasz\u00edn (f\u00f6ldes \u00e9s\u00a0sz\u00fcrke) \u00e1rnyalatokban k\u00e9sz\u00fcltek. Az elef\u00e1ntok fa talpon helyezkednek el, amelyen n\u00e9gy feh\u00e9r ker\u00e9k tal\u00e1lhat\u00f3. Ez biztos\u00edtja a j\u00e1t\u00e9k stabilit\u00e1s\u00e1t.A fa h\u00faz\u00f3s j\u00e1t\u00e9k min\u0151s\u00e9gi anyagokb\u00f3l k\u00e9sz\u00fclt. Fel\u00fcletkezelt, \u00e9s\u00a0egy\u00e9ves kort\u00f3l alkalmas gyermekek sz\u00e1m\u00e1ra. K\u00f6nny\u0171 \u00e9s\u00a0stabil, a h\u00faz\u00f3zsin\u00f3r k\u00e9nyelmes \u00e9s\u00a0el\u00e9g hossz\u00fa a gyermekeknek.A h\u00faz\u00f3s j\u00e1t\u00e9koknak k\u00f6sz\u00f6nhet\u0151en a gyermekek megtanulj\u00e1k a j\u00e1r\u00e1s, a h\u00faz\u00e1s \u00e9s\u00a0a j\u00e1t\u00e9k mozg\u00e1sa k\u00f6z\u00f6tti \u00f6sszef\u00fcgg\u00e9seket. Min\u00e9l gyorsabban h\u00fazz\u00e1k, ann\u00e1l gyorsabban mozog a j\u00e1t\u00e9k. Fejlesztik a szem-k\u00e9z koordin\u00e1ci\u00f3t. A j\u00e1t\u00e9k j\u00e1r\u00e1sra \u00e9s\u00a0mozg\u00e1sra \u00f6szt\u00f6nzi \u0151ket.Anyag: faM\u00e9ret: 35 x 8 x 14 cmEgy\u00e9ves kort\u00f3l alkalmas gyermekek sz\u00e1m\u00e1ra.<\/p>\n","protected":false},"excerpt":{"rendered":"<p>Modern \u00e9s\u00a0id\u0151tlen gyermek h\u00faz\u00f3s j\u00e1t\u00e9k a Jabadabado m\u00e1rk\u00e1t\u00f3l. Az elef\u00e1ntok form\u00e1j\u00fa fa j\u00e1t\u00e9k gy\u00f6ny\u00f6r\u0171 aj\u00e1nd\u00e9k, amely t\u00e1mogatja az eg\u00e9szs\u00e9ges pszichomotoros fejl\u0151d\u00e9st.A j\u00e1t\u00e9k k\u00e9t egym\u00e1s m\u00f6g\u00e9 rendezett elef\u00e1ntb\u00f3l \u00e1ll. \u00dagy n\u00e9znek ki, mint egy anyuka \u00e9s\u00a0kisl\u00e1nya. (apuka \u00e9s\u00a0kisfia) Gy\u00f6ny\u00f6r\u0171 p\u00faderr\u00f3zsasz\u00edn (f\u00f6ldes \u00e9s\u00a0sz\u00fcrke) \u00e1rnyalatokban k\u00e9sz\u00fcltek. Az elef\u00e1ntok fa talpon helyezkednek el, amelyen n\u00e9gy feh\u00e9r ker\u00e9k tal\u00e1lhat\u00f3. Ez [&hellip;]<\/p>\n","protected":false},"featured_media":475158,"template":"","meta":{"_acf_changed":false},"product_brand":[],"product_cat":[62,3369],"product_tag":[],"class_list":["post-475157","product","type-product","status-publish","has-post-thumbnail","product_cat-ajandekotletek","product_cat-babaapolas-ajandekotletek","first","instock","product-type-external"],"acf":[],"_links":{"self":[{"href":"https:\/\/horgaszhely.hu\/hun\/wp-json\/wp\/v2\/product\/475157","targetHints":{"allow":["GET"]}}],"collection":[{"href":"https:\/\/horgaszhely.hu\/hun\/wp-json\/wp\/v2\/product"}],"about":[{"href":"https:\/\/horgaszhely.hu\/hun\/wp-json\/wp\/v2\/types\/product"}],"wp:featuredmedia":[{"embeddable":true,"href":"https:\/\/horgaszhely.hu\/hun\/wp-json\/wp\/v2\/media\/475158"}],"wp:attachment":[{"href":"https:\/\/horgaszhely.hu\/hun\/wp-json\/wp\/v2\/media?parent=475157"}],"wp:term":[{"taxonomy":"product_brand","embeddable":true,"href":"https:\/\/horgaszhely.hu\/hun\/wp-json\/wp\/v2\/product_brand?post=475157"},{"taxonomy":"product_cat","embeddable":true,"href":"https:\/\/horgaszhely.hu\/hun\/wp-json\/wp\/v2\/product_cat?post=475157"},{"taxonomy":"product_tag","embeddable":true,"href":"https:\/\/horgaszhely.hu\/hun\/wp-json\/wp\/v2\/product_tag?post=475157"}],"curies":[{"name":"wp","href":"https:\/\/api.w.org\/{rel}","templated":true}]}}