{"id":475259,"date":"2026-08-24T10:43:06","date_gmt":"2026-08-24T08:43:06","guid":{"rendered":"https:\/\/horgaszhely.hu\/hun\/termek\/kikkaboo-elsie-kezi-mellszivo\/"},"modified":"2026-08-24T10:43:07","modified_gmt":"2026-08-24T08:43:07","slug":"kikkaboo-elsie-kezi-mellszivo","status":"publish","type":"product","link":"https:\/\/horgaszhely.hu\/hun\/termek\/kikkaboo-elsie-kezi-mellszivo\/","title":{"rendered":"KikkaBoo Elsie k\u00e9zi mellsz\u00edv\u00f3"},"content":{"rendered":"<p>A KikkaBoo Elsie k\u00e9zi mellsz\u00edv\u00f3 megb\u00edzhat\u00f3 t\u00e1rs azoknak az \u00e9desany\u00e1knak, akik rugalmass\u00e1got \u00e9s teljes ellen\u0151rz\u00e9st szeretn\u00e9nek az anyatej fej\u00e9se sor\u00e1n. Egyszer\u0171 \u00e9s hat\u00e9kony kialak\u00edt\u00e1s\u00e1nak k\u00f6sz\u00f6nhet\u0151en mindennapi haszn\u00e1latra is alkalmas, k\u00e9nyelmet \u00e9s hat\u00e9konys\u00e1got biztos\u00edtva a baba gondoz\u00e1sa k\u00f6zben.A k\u00e9t \u00fczemm\u00f3dnak &#8211; a massz\u00e1zs- \u00e9s a fej\u0151m\u00f3dnak &#8211; k\u00f6sz\u00f6nhet\u0151en a fej\u00e9si folyamat szem\u00e9lyes ig\u00e9nyekhez igaz\u00edthat\u00f3. Az \u00e1ll\u00edthat\u00f3 sz\u00edv\u00f3er\u0151 lehet\u0151v\u00e9 teszi, hogy az \u00e9desany\u00e1k saj\u00e1t sz\u00fcks\u00e9gleteik \u00e9s k\u00e9nyelm\u00fck szerint szab\u00e1lyozz\u00e1k az intenzit\u00e1st.A puha szilikon mellkagyl\u00f3nak \u00e9s az ergonomikus foganty\u00fanak k\u00f6sz\u00f6nhet\u0151en a mellsz\u00edv\u00f3 k\u00f6nnyen haszn\u00e1lhat\u00f3, \u00e9s kellemes fej\u00e9si \u00e9lm\u00e9nyt ny\u00fajt. A 180 ml \u0171rtartalm\u00fa cumis\u00fcveg elegend\u0151 helyet biztos\u00edt az anyatej \u00f6sszegy\u0171jt\u00e9s\u00e9hez, valamint egyszer\u0171 \u00e9s probl\u00e9mamentes t\u00e1rol\u00e1s\u00e1t teszi lehet\u0151v\u00e9.M\u00e9retek: 20,5 x 20,5 x 7 cmS\u00faly: 230 g\u00a0<\/p>\n","protected":false},"excerpt":{"rendered":"<p>A KikkaBoo Elsie k\u00e9zi mellsz\u00edv\u00f3 megb\u00edzhat\u00f3 t\u00e1rs azoknak az \u00e9desany\u00e1knak, akik rugalmass\u00e1got \u00e9s teljes ellen\u0151rz\u00e9st szeretn\u00e9nek az anyatej fej\u00e9se sor\u00e1n. Egyszer\u0171 \u00e9s hat\u00e9kony kialak\u00edt\u00e1s\u00e1nak k\u00f6sz\u00f6nhet\u0151en mindennapi haszn\u00e1latra is alkalmas, k\u00e9nyelmet \u00e9s hat\u00e9konys\u00e1got biztos\u00edtva a baba gondoz\u00e1sa k\u00f6zben.A k\u00e9t \u00fczemm\u00f3dnak &#8211; a massz\u00e1zs- \u00e9s a fej\u0151m\u00f3dnak &#8211; k\u00f6sz\u00f6nhet\u0151en a fej\u00e9si folyamat szem\u00e9lyes ig\u00e9nyekhez igaz\u00edthat\u00f3. Az \u00e1ll\u00edthat\u00f3 [&hellip;]<\/p>\n","protected":false},"featured_media":475260,"template":"","meta":{"_acf_changed":false},"product_brand":[],"product_cat":[62,3369],"product_tag":[],"class_list":["post-475259","product","type-product","status-publish","has-post-thumbnail","product_cat-ajandekotletek","product_cat-babaapolas-ajandekotletek","first","instock","product-type-external"],"acf":[],"_links":{"self":[{"href":"https:\/\/horgaszhely.hu\/hun\/wp-json\/wp\/v2\/product\/475259","targetHints":{"allow":["GET"]}}],"collection":[{"href":"https:\/\/horgaszhely.hu\/hun\/wp-json\/wp\/v2\/product"}],"about":[{"href":"https:\/\/horgaszhely.hu\/hun\/wp-json\/wp\/v2\/types\/product"}],"wp:featuredmedia":[{"embeddable":true,"href":"https:\/\/horgaszhely.hu\/hun\/wp-json\/wp\/v2\/media\/475260"}],"wp:attachment":[{"href":"https:\/\/horgaszhely.hu\/hun\/wp-json\/wp\/v2\/media?parent=475259"}],"wp:term":[{"taxonomy":"product_brand","embeddable":true,"href":"https:\/\/horgaszhely.hu\/hun\/wp-json\/wp\/v2\/product_brand?post=475259"},{"taxonomy":"product_cat","embeddable":true,"href":"https:\/\/horgaszhely.hu\/hun\/wp-json\/wp\/v2\/product_cat?post=475259"},{"taxonomy":"product_tag","embeddable":true,"href":"https:\/\/horgaszhely.hu\/hun\/wp-json\/wp\/v2\/product_tag?post=475259"}],"curies":[{"name":"wp","href":"https:\/\/api.w.org\/{rel}","templated":true}]}}