{"id":475346,"date":"2026-08-24T10:45:09","date_gmt":"2026-08-24T08:45:09","guid":{"rendered":"https:\/\/horgaszhely.hu\/hun\/termek\/miniland-natur-eteltermosz-mokus-600-ml\/"},"modified":"2026-08-24T10:45:10","modified_gmt":"2026-08-24T08:45:10","slug":"miniland-natur-eteltermosz-mokus-600-ml","status":"publish","type":"product","link":"https:\/\/horgaszhely.hu\/hun\/termek\/miniland-natur-eteltermosz-mokus-600-ml\/","title":{"rendered":"Miniland Natur \u00e9teltermosz M\u00f3kus 600 ml"},"content":{"rendered":"<p>A Miniland gyerek \u00e9teltermosz praktikus seg\u00edts\u00e9g a\u00a0kisgyermekes csal\u00e1dokban. Ez egy v\u00e1kuumos, dupla fal\u00fa termosz, amely hosszabb ideig, ak\u00e1r 12 \u00f3r\u00e1n \u00e1t melegen vagy hidegen tartja az \u00e9telt.Kiv\u00e1l\u00f3 min\u0151s\u00e9g\u0171, BPA-mentes anyagokb\u00f3l k\u00e9sz\u00fclt. Fel\u00fclet\u00e9t kellemes tapint\u00e1s\u00fa anyag bor\u00edtja, amelynek k\u00f6sz\u00f6nhet\u0151en k\u00e9nyelmesen tarthat\u00f3.Az \u00e9teltermosz utaz\u00e1skor vagy hosszabb s\u00e9t\u00e1k sor\u00e1n is kiv\u00e1l\u00f3an haszn\u00e1lhat\u00f3. Sz\u00e9p \u00e9s\u00a0praktikus aj\u00e1nd\u00e9k kisbab\u00e1s \u00e9desany\u00e1k sz\u00e1m\u00e1ra.\u00a0A Miniland Natur termoszokat b\u00e1jos, \u00e1llatos mint\u00e1k d\u00edsz\u00edtik. Ezen a modellen egy kedves m\u00f3kus l\u00e1that\u00f3.\u00a0Ez a termosz 600 ml \u0171rtartalm\u00fa \u00e9s sz\u00e9lesebb kialak\u00edt\u00e1s\u00fa, ez\u00e9rt az \u00e9tel felszolg\u00e1l\u00e1sa sokkal k\u00e9nyelmesebb bel\u0151le.\u0170rtartalom 600 mlBPA-mentes.<\/p>\n","protected":false},"excerpt":{"rendered":"<p>A Miniland gyerek \u00e9teltermosz praktikus seg\u00edts\u00e9g a\u00a0kisgyermekes csal\u00e1dokban. Ez egy v\u00e1kuumos, dupla fal\u00fa termosz, amely hosszabb ideig, ak\u00e1r 12 \u00f3r\u00e1n \u00e1t melegen vagy hidegen tartja az \u00e9telt.Kiv\u00e1l\u00f3 min\u0151s\u00e9g\u0171, BPA-mentes anyagokb\u00f3l k\u00e9sz\u00fclt. Fel\u00fclet\u00e9t kellemes tapint\u00e1s\u00fa anyag bor\u00edtja, amelynek k\u00f6sz\u00f6nhet\u0151en k\u00e9nyelmesen tarthat\u00f3.Az \u00e9teltermosz utaz\u00e1skor vagy hosszabb s\u00e9t\u00e1k sor\u00e1n is kiv\u00e1l\u00f3an haszn\u00e1lhat\u00f3. Sz\u00e9p \u00e9s\u00a0praktikus aj\u00e1nd\u00e9k kisbab\u00e1s \u00e9desany\u00e1k sz\u00e1m\u00e1ra.\u00a0A [&hellip;]<\/p>\n","protected":false},"featured_media":475347,"template":"","meta":{"_acf_changed":false},"product_brand":[],"product_cat":[62,3369],"product_tag":[],"class_list":["post-475346","product","type-product","status-publish","has-post-thumbnail","product_cat-ajandekotletek","product_cat-babaapolas-ajandekotletek","first","instock","product-type-external"],"acf":[],"_links":{"self":[{"href":"https:\/\/horgaszhely.hu\/hun\/wp-json\/wp\/v2\/product\/475346","targetHints":{"allow":["GET"]}}],"collection":[{"href":"https:\/\/horgaszhely.hu\/hun\/wp-json\/wp\/v2\/product"}],"about":[{"href":"https:\/\/horgaszhely.hu\/hun\/wp-json\/wp\/v2\/types\/product"}],"wp:featuredmedia":[{"embeddable":true,"href":"https:\/\/horgaszhely.hu\/hun\/wp-json\/wp\/v2\/media\/475347"}],"wp:attachment":[{"href":"https:\/\/horgaszhely.hu\/hun\/wp-json\/wp\/v2\/media?parent=475346"}],"wp:term":[{"taxonomy":"product_brand","embeddable":true,"href":"https:\/\/horgaszhely.hu\/hun\/wp-json\/wp\/v2\/product_brand?post=475346"},{"taxonomy":"product_cat","embeddable":true,"href":"https:\/\/horgaszhely.hu\/hun\/wp-json\/wp\/v2\/product_cat?post=475346"},{"taxonomy":"product_tag","embeddable":true,"href":"https:\/\/horgaszhely.hu\/hun\/wp-json\/wp\/v2\/product_tag?post=475346"}],"curies":[{"name":"wp","href":"https:\/\/api.w.org\/{rel}","templated":true}]}}