{"id":475380,"date":"2026-08-24T10:45:56","date_gmt":"2026-08-24T08:45:56","guid":{"rendered":"https:\/\/horgaszhely.hu\/hun\/termek\/jabadabado-hattyu-ejszakai-feny-feher\/"},"modified":"2026-08-24T10:45:57","modified_gmt":"2026-08-24T08:45:57","slug":"jabadabado-hattyu-ejszakai-feny-feher","status":"publish","type":"product","link":"https:\/\/horgaszhely.hu\/hun\/termek\/jabadabado-hattyu-ejszakai-feny-feher\/","title":{"rendered":"JaBaDaBaDo Hatty\u00fa \u00e9jszakai f\u00e9ny, feh\u00e9r"},"content":{"rendered":"<p>Ez a sv\u00e9d Jabadabado m\u00e1rk\u00e1t\u00f3l sz\u00e1rmaz\u00f3, gy\u00f6ny\u00f6r\u0171 hatty\u00fa alak\u00fa \u00e9jszakai f\u00e9ny k\u00fcl\u00f6nleges dekor\u00e1ci\u00f3ja lehet a gyerekszob\u00e1nak. Ez a s\u00f6t\u00e9tben vil\u00e1g\u00edt\u00f3 l\u00e1mpa eg\u00e9sz \u00e9jszaka gyermeke mellett maradhat, \u00e9s biztons\u00e1g\u00e9rzetet ny\u00fajthat sz\u00e1m\u00e1ra. Elemmel m\u0171k\u00f6dik, nem melegszik t\u00fal, \u00e9s nincsenek vezet\u00e9kei \u2013 b\u00e1rhov\u00e1 elhelyezheti, vagy ak\u00e1r az \u00e1gyba is mag\u00e1val viheti.A Hatty\u00fa \u00e9jszakai f\u00e9ny kiv\u00e1l\u00f3an serkenti a gyermekek k\u00e9pzel\u0151erej\u00e9t, seg\u00edt nekik \u00f6n\u00e1ll\u00f3an elaludni, \u00e9s nyugodt alv\u00e1st biztos\u00edt.Az elemek a csomag r\u00e9sz\u00e9t k\u00e9pezik.Az \u00e9jszakai l\u00e1mpa jellemz\u0151i:\u00a0B\u00e1jos \u00e9jszakai f\u00e9ny kis hatty\u00fa form\u00e1j\u00e1ban.A s\u00f6t\u00e9tben l\u00e1gy \u00e9s biztons\u00e1gos f\u00e9nnyel vil\u00e1g\u00edt.A l\u00e1mpa elemmel m\u0171k\u00f6dik, \u00edgy az \u00e1gyban maradhat an\u00e9lk\u00fcl, hogy melege lenne.A l\u00e1mpa elemmel m\u0171k\u00f6dik, ez\u00e9rt az \u00e1gyban hagyhatja an\u00e9lk\u00fcl, hogy t\u00falmelegedne.M\u00e9retek: 16,5 x 8 x 14 cm\u00a0<\/p>\n","protected":false},"excerpt":{"rendered":"<p>Ez a sv\u00e9d Jabadabado m\u00e1rk\u00e1t\u00f3l sz\u00e1rmaz\u00f3, gy\u00f6ny\u00f6r\u0171 hatty\u00fa alak\u00fa \u00e9jszakai f\u00e9ny k\u00fcl\u00f6nleges dekor\u00e1ci\u00f3ja lehet a gyerekszob\u00e1nak. Ez a s\u00f6t\u00e9tben vil\u00e1g\u00edt\u00f3 l\u00e1mpa eg\u00e9sz \u00e9jszaka gyermeke mellett maradhat, \u00e9s biztons\u00e1g\u00e9rzetet ny\u00fajthat sz\u00e1m\u00e1ra. Elemmel m\u0171k\u00f6dik, nem melegszik t\u00fal, \u00e9s nincsenek vezet\u00e9kei \u2013 b\u00e1rhov\u00e1 elhelyezheti, vagy ak\u00e1r az \u00e1gyba is mag\u00e1val viheti.A Hatty\u00fa \u00e9jszakai f\u00e9ny kiv\u00e1l\u00f3an serkenti a gyermekek [&hellip;]<\/p>\n","protected":false},"featured_media":475381,"template":"","meta":{"_acf_changed":false},"product_brand":[],"product_cat":[62,3369],"product_tag":[],"class_list":["post-475380","product","type-product","status-publish","has-post-thumbnail","product_cat-ajandekotletek","product_cat-babaapolas-ajandekotletek","first","instock","product-type-external"],"acf":[],"_links":{"self":[{"href":"https:\/\/horgaszhely.hu\/hun\/wp-json\/wp\/v2\/product\/475380","targetHints":{"allow":["GET"]}}],"collection":[{"href":"https:\/\/horgaszhely.hu\/hun\/wp-json\/wp\/v2\/product"}],"about":[{"href":"https:\/\/horgaszhely.hu\/hun\/wp-json\/wp\/v2\/types\/product"}],"wp:featuredmedia":[{"embeddable":true,"href":"https:\/\/horgaszhely.hu\/hun\/wp-json\/wp\/v2\/media\/475381"}],"wp:attachment":[{"href":"https:\/\/horgaszhely.hu\/hun\/wp-json\/wp\/v2\/media?parent=475380"}],"wp:term":[{"taxonomy":"product_brand","embeddable":true,"href":"https:\/\/horgaszhely.hu\/hun\/wp-json\/wp\/v2\/product_brand?post=475380"},{"taxonomy":"product_cat","embeddable":true,"href":"https:\/\/horgaszhely.hu\/hun\/wp-json\/wp\/v2\/product_cat?post=475380"},{"taxonomy":"product_tag","embeddable":true,"href":"https:\/\/horgaszhely.hu\/hun\/wp-json\/wp\/v2\/product_tag?post=475380"}],"curies":[{"name":"wp","href":"https:\/\/api.w.org\/{rel}","templated":true}]}}