{"id":475540,"date":"2026-08-24T10:50:04","date_gmt":"2026-08-24T08:50:04","guid":{"rendered":"https:\/\/horgaszhely.hu\/hun\/termek\/vilagito-led-uzenotabla\/"},"modified":"2026-08-24T10:50:05","modified_gmt":"2026-08-24T08:50:05","slug":"vilagito-led-uzenotabla","status":"publish","type":"product","link":"https:\/\/horgaszhely.hu\/hun\/termek\/vilagito-led-uzenotabla\/","title":{"rendered":"Vil\u00e1g\u00edt\u00f3 LED \u00fczen\u0151t\u00e1bla"},"content":{"rendered":"<p>Felejtse el a sz\u00e9tsz\u00f3rt pap\u00edrfecniket, \u00e9s vigyen st\u00edlust mindennapi teend\u0151ibe. Az eleg\u00e1ns \u00fczen\u0151t\u00e1bla finom LED h\u00e1tt\u00e9rvil\u00e1g\u00edt\u00e1ssal azonnal ragyog\u00f3 asztali kieg\u00e9sz\u00edt\u0151v\u00e9 var\u00e1zsolja jegyzeteit, teend\u0151list\u00e1it \u00e9s fontos eml\u00e9keztet\u0151it. A mell\u00e9kelt let\u00f6r\u00f6lhet\u0151 filctollal b\u00e1rmikor k\u00f6nnyed\u00e9n \u00e1t\u00edrhatja a sz\u00f6veget, \u00edgy minden nap t\u00f6k\u00e9letesen \u00e1tl\u00e1that\u00f3 marad.F\u0151 el\u0151ny\u00f6kA LED h\u00e1tt\u00e9rvil\u00e1g\u00edt\u00e1s kiemeli az \u00fczeneteket, eml\u00e9keztet\u0151ket \u00e9s rajzokat, mik\u00f6zben k\u00fcl\u00f6nleges f\u00e9nyhat\u00e1st hoz l\u00e9tre.A let\u00f6r\u00f6lhet\u0151 filctoll lehet\u0151v\u00e9 teszi a t\u00e1bla tartalm\u00e1nak gyors m\u00f3dos\u00edt\u00e1s\u00e1t felesleges pap\u00edrhaszn\u00e1lat n\u00e9lk\u00fcl.A kompakt m\u00e9ret kev\u00e9s helyet foglal az \u00edr\u00f3asztalon, \u00e9jjeliszekr\u00e9nyen vagy polcon.Az USB-t\u00e1pell\u00e1t\u00e1s egyszer\u0171 csatlakoztat\u00e1st tesz lehet\u0151v\u00e9 adapterhez, laptophoz vagy m\u00e1s megfelel\u0151 \u00e1ramforr\u00e1shoz.Kinek ide\u00e1lis ez a vil\u00e1g\u00edt\u00f3 t\u00e1bla?Di\u00e1koknak, akik szeretn\u00e9k fontos feladataikat, hat\u00e1rid\u0151iket \u00e9s eml\u00e9keztet\u0151iket mindig szem el\u0151tt tartani.Irodai dolgoz\u00f3knak, akik sz\u00edvesen jegyzik fel napi teend\u0151iket, megjegyz\u00e9seiket vagy r\u00f6vid munkahelyi \u00fczeneteiket.Gyermekeknek \u00e9s tin\u00e9dzsereknek, akik rajzol\u00e1sra, \u00fczenetekre vagy szobadekor\u00e1ci\u00f3k\u00e9nt haszn\u00e1lhatj\u00e1k a t\u00e1bl\u00e1t.P\u00e1roknak \u00e9s csal\u00e1doknak, akik kedves \u00fczeneteket, eml\u00e9keztet\u0151ket vagy r\u00f6vid \u00fczeneteket szeretn\u00e9nek hagyni egym\u00e1snak otthon.Term\u00e9kspecifik\u00e1ci\u00f3Param\u00e9ter\u00c9rt\u00e9kTerm\u00e9k neveVil\u00e1g\u00edt\u00f3 LED \u00fczen\u0151t\u00e1blaVil\u00e1g\u00edt\u00e1s t\u00edpusaEnergiatakar\u00e9kos LED-vil\u00e1g\u00edt\u00e1sAnyag\u00c1tl\u00e1tsz\u00f3 akril (t\u00e1bla) + tart\u00f3s m\u0171anyag talpT\u00e1pell\u00e1t\u00e1sUSB-k\u00e1bel (5 V)Hozz\u00e1vet\u0151leges m\u00e9retek20 x 10,5 x 10,5 cm\u00cdr\u00e1s m\u00f3djaLet\u00f6r\u00f6lhet\u0151 filctoll sima fel\u00fcletekhez (feh\u00e9r \/ sz\u00e1razon t\u00f6r\u00f6lhet\u0151)A t\u00e1bla tiszt\u00edt\u00e1saPuha kend\u0151vel vagy szivaccsal k\u00f6nnyen let\u00f6r\u00f6lhet\u0151Felhaszn\u00e1l\u00e1sIrodai rendszerez\u0151, \u00e9jjeli l\u00e1mpa, diz\u00e1jnos dekor\u00e1ci\u00f3Biztons\u00e1gi utas\u00edt\u00e1sokA t\u00e1bl\u00e1t csak stabil \u00e9s sz\u00e1raz belt\u00e9ri fel\u00fcleten haszn\u00e1lja.Az USB-csatlakoz\u00f3t \u00e9s az elektromos r\u00e9szeket \u00f3vja a v\u00edzt\u0151l, nedvess\u00e9gt\u0151l \u00e9s ki\u00f6ml\u00f6tt folyad\u00e9kokt\u00f3l.\u00cdr\u00e1shoz kiz\u00e1r\u00f3lag ehhez a fel\u00fclett\u00edpushoz megfelel\u0151 let\u00f6r\u00f6lhet\u0151 filctollat haszn\u00e1ljon.Ne haszn\u00e1ljon \u00e9les t\u00e1rgyakat, amelyek megkarcolhatj\u00e1k vagy megrepeszthetik az \u00e1tl\u00e1tsz\u00f3 fel\u00fcletet.Ne tegye ki a k\u00e9sz\u00fcl\u00e9ket ny\u00edlt l\u00e1ngnak, magas h\u0151m\u00e9rs\u00e9kletnek vagy er\u0151s mechanikai \u00fct\u00e9snek.Tiszt\u00edt\u00e1s el\u0151tt v\u00e1lassza le a t\u00e1bl\u00e1t az \u00e1ramforr\u00e1sr\u00f3l, \u00e9s haszn\u00e1ljon puha, finom kend\u0151t.A term\u00e9k nem j\u00e1t\u00e9k, kisgyermekek csak feln\u0151tt fel\u00fcgyelete mellett haszn\u00e1lhatj\u00e1k.Gyakran ism\u00e9telt k\u00e9rd\u00e9sek (FAQ)K\u00f6nnyen let\u00f6r\u00f6lhet\u0151 a sz\u00f6veg a t\u00e1bl\u00e1r\u00f3l?Igen, a t\u00e1bla t\u00f6bbsz\u00f6ri \u00edr\u00e1sra k\u00e9sz\u00fclt. A megfelel\u0151 let\u00f6r\u00f6lhet\u0151 filctollal \u00edrt sz\u00f6veg elt\u00e1vol\u00edthat\u00f3, a fel\u00fclet pedig \u00fajra felhaszn\u00e1lhat\u00f3.Hogyan kap \u00e1ramot a vil\u00e1g\u00edt\u00f3 t\u00e1bla?A t\u00e1bla USB-t\u00e1pell\u00e1t\u00e1st haszn\u00e1l, \u00edgy megfelel\u0151 adapterhez, laptophoz vagy m\u00e1s kompatibilis USB-forr\u00e1shoz csatlakoztathat\u00f3.Mire haszn\u00e1lhat\u00f3 a t\u00e1bla?Alkalmas eml\u00e9keztet\u0151k, munkahelyi feladatok, bev\u00e1s\u00e1rl\u00f3list\u00e1k, motiv\u00e1l\u00f3 \u00fczenetek, r\u00f6vid csal\u00e1di \u00fczenetek, valamint egyszer\u0171 rajzok \u00e9s dekor\u00e1ci\u00f3k k\u00e9sz\u00edt\u00e9s\u00e9re.Express One h\u00e1zhoz sz\u00e1ll\u00edt\u00e1s: 1690 FtGLS sz\u00e1ll\u00edt\u00e1s CsomagPontra: 1490 FtPacketa Csomagpont \u00e9s Csomagautomata: 1090 FtUt\u00e1nv\u00e9tel: + 500 Ft20 000 forint feletti rendel\u00e9s eset\u00e9n a sz\u00e1ll\u00edt\u00e1s ingyenes.<\/p>\n","protected":false},"excerpt":{"rendered":"<p>Felejtse el a sz\u00e9tsz\u00f3rt pap\u00edrfecniket, \u00e9s vigyen st\u00edlust mindennapi teend\u0151ibe. Az eleg\u00e1ns \u00fczen\u0151t\u00e1bla finom LED h\u00e1tt\u00e9rvil\u00e1g\u00edt\u00e1ssal azonnal ragyog\u00f3 asztali kieg\u00e9sz\u00edt\u0151v\u00e9 var\u00e1zsolja jegyzeteit, teend\u0151list\u00e1it \u00e9s fontos eml\u00e9keztet\u0151it. A mell\u00e9kelt let\u00f6r\u00f6lhet\u0151 filctollal b\u00e1rmikor k\u00f6nnyed\u00e9n \u00e1t\u00edrhatja a sz\u00f6veget, \u00edgy minden nap t\u00f6k\u00e9letesen \u00e1tl\u00e1that\u00f3 marad.F\u0151 el\u0151ny\u00f6kA LED h\u00e1tt\u00e9rvil\u00e1g\u00edt\u00e1s kiemeli az \u00fczeneteket, eml\u00e9keztet\u0151ket \u00e9s rajzokat, mik\u00f6zben k\u00fcl\u00f6nleges f\u00e9nyhat\u00e1st hoz l\u00e9tre.A [&hellip;]<\/p>\n","protected":false},"featured_media":475541,"template":"","meta":{"_acf_changed":false},"product_brand":[],"product_cat":[62,2720],"product_tag":[],"class_list":["post-475540","product","type-product","status-publish","has-post-thumbnail","product_cat-ajandekotletek","product_cat-lakaskiegeszitok-es-dekoraciok","first","instock","product-type-external"],"acf":[],"_links":{"self":[{"href":"https:\/\/horgaszhely.hu\/hun\/wp-json\/wp\/v2\/product\/475540","targetHints":{"allow":["GET"]}}],"collection":[{"href":"https:\/\/horgaszhely.hu\/hun\/wp-json\/wp\/v2\/product"}],"about":[{"href":"https:\/\/horgaszhely.hu\/hun\/wp-json\/wp\/v2\/types\/product"}],"wp:featuredmedia":[{"embeddable":true,"href":"https:\/\/horgaszhely.hu\/hun\/wp-json\/wp\/v2\/media\/475541"}],"wp:attachment":[{"href":"https:\/\/horgaszhely.hu\/hun\/wp-json\/wp\/v2\/media?parent=475540"}],"wp:term":[{"taxonomy":"product_brand","embeddable":true,"href":"https:\/\/horgaszhely.hu\/hun\/wp-json\/wp\/v2\/product_brand?post=475540"},{"taxonomy":"product_cat","embeddable":true,"href":"https:\/\/horgaszhely.hu\/hun\/wp-json\/wp\/v2\/product_cat?post=475540"},{"taxonomy":"product_tag","embeddable":true,"href":"https:\/\/horgaszhely.hu\/hun\/wp-json\/wp\/v2\/product_tag?post=475540"}],"curies":[{"name":"wp","href":"https:\/\/api.w.org\/{rel}","templated":true}]}}