{"id":475618,"date":"2026-08-24T10:52:15","date_gmt":"2026-08-24T08:52:15","guid":{"rendered":"https:\/\/horgaszhely.hu\/hun\/termek\/zoocchini-nagy-kapucnis-torolkozo-capa\/"},"modified":"2026-08-24T10:52:17","modified_gmt":"2026-08-24T08:52:17","slug":"zoocchini-nagy-kapucnis-torolkozo-capa","status":"publish","type":"product","link":"https:\/\/horgaszhely.hu\/hun\/termek\/zoocchini-nagy-kapucnis-torolkozo-capa\/","title":{"rendered":"Zoocchini nagy kapucnis t\u00f6r\u00f6lk\u00f6z\u0151 C\u00e1pa"},"content":{"rendered":"<p>A Zoocchini gy\u00f6ny\u00f6r\u0171, finom \u00e9s\u00a0kedvelt gyermek kapucnis t\u00f6r\u00f6lk\u00f6z\u0151je\u00a0el\u00e9g nagy \u00e9s\u00a0puha. Sz\u00ednes \u00e9s\u00a0j\u00e1t\u00e9kos, a gyerekek im\u00e1dni fogj\u00e1k. Ki tudna ellen\u00e1llni annak, hogy f\u00fcrd\u00e9s ut\u00e1n beburkol\u00f3zzon egy ilyen sz\u00e9p \u00e9s\u00a0puha t\u00f6r\u00f6lk\u00f6z\u0151be, \u00e9s\u00a0egy kis id\u0151re \u00e1llatk\u00e1nak k\u00e9pzelje mag\u00e1t?A t\u00f6r\u00f6lk\u00f6z\u0151 praktikus \u00e9s\u00a0k\u00e9nyelmes kapucnival rendelkezik, amely melegen tartja a gyermeket. A gyermek egyszer\u0171en a fej\u00e9re h\u00fazza a kapucnit, \u00e9s\u00a0a t\u00f6r\u00f6lk\u00f6z\u0151 t\u00f6bbi r\u00e9sz\u00e9be beburkol\u00f3zik. \u00cdgy a f\u00fcrd\u00e9s \u00e9s\u00a0az ut\u00e1na val\u00f3 megsz\u00e1r\u00edt\u00e1s m\u00e9g nagyobb m\u00f3ka lesz.M\u00e9ret: 127 \u00d7 56 cm\u00d6sszet\u00e9tel: 100% pamut, a szeg\u00e9lyek kiv\u00e9tel\u00e9vel\u00c1pol\u00e1s: mos\u00f3g\u00e9pben moshat\u00f3 \u00e9s alacsony fokozaton sz\u00e1r\u00edthat\u00f3Az USA-ban tervezt\u00e9k2 \u00e9ves kort\u00f3l alkalmas gyermekek sz\u00e1m\u00e1ra.\u00a0<\/p>\n","protected":false},"excerpt":{"rendered":"<p>A Zoocchini gy\u00f6ny\u00f6r\u0171, finom \u00e9s\u00a0kedvelt gyermek kapucnis t\u00f6r\u00f6lk\u00f6z\u0151je\u00a0el\u00e9g nagy \u00e9s\u00a0puha. Sz\u00ednes \u00e9s\u00a0j\u00e1t\u00e9kos, a gyerekek im\u00e1dni fogj\u00e1k. Ki tudna ellen\u00e1llni annak, hogy f\u00fcrd\u00e9s ut\u00e1n beburkol\u00f3zzon egy ilyen sz\u00e9p \u00e9s\u00a0puha t\u00f6r\u00f6lk\u00f6z\u0151be, \u00e9s\u00a0egy kis id\u0151re \u00e1llatk\u00e1nak k\u00e9pzelje mag\u00e1t?A t\u00f6r\u00f6lk\u00f6z\u0151 praktikus \u00e9s\u00a0k\u00e9nyelmes kapucnival rendelkezik, amely melegen tartja a gyermeket. A gyermek egyszer\u0171en a fej\u00e9re h\u00fazza a kapucnit, \u00e9s\u00a0a t\u00f6r\u00f6lk\u00f6z\u0151 [&hellip;]<\/p>\n","protected":false},"featured_media":475619,"template":"","meta":{"_acf_changed":false},"product_brand":[],"product_cat":[62,3369],"product_tag":[],"class_list":["post-475618","product","type-product","status-publish","has-post-thumbnail","product_cat-ajandekotletek","product_cat-babaapolas-ajandekotletek","first","instock","product-type-external"],"acf":[],"_links":{"self":[{"href":"https:\/\/horgaszhely.hu\/hun\/wp-json\/wp\/v2\/product\/475618","targetHints":{"allow":["GET"]}}],"collection":[{"href":"https:\/\/horgaszhely.hu\/hun\/wp-json\/wp\/v2\/product"}],"about":[{"href":"https:\/\/horgaszhely.hu\/hun\/wp-json\/wp\/v2\/types\/product"}],"wp:featuredmedia":[{"embeddable":true,"href":"https:\/\/horgaszhely.hu\/hun\/wp-json\/wp\/v2\/media\/475619"}],"wp:attachment":[{"href":"https:\/\/horgaszhely.hu\/hun\/wp-json\/wp\/v2\/media?parent=475618"}],"wp:term":[{"taxonomy":"product_brand","embeddable":true,"href":"https:\/\/horgaszhely.hu\/hun\/wp-json\/wp\/v2\/product_brand?post=475618"},{"taxonomy":"product_cat","embeddable":true,"href":"https:\/\/horgaszhely.hu\/hun\/wp-json\/wp\/v2\/product_cat?post=475618"},{"taxonomy":"product_tag","embeddable":true,"href":"https:\/\/horgaszhely.hu\/hun\/wp-json\/wp\/v2\/product_tag?post=475618"}],"curies":[{"name":"wp","href":"https:\/\/api.w.org\/{rel}","templated":true}]}}