{"id":475872,"date":"2026-08-29T17:03:19","date_gmt":"2026-08-29T15:03:19","guid":{"rendered":"https:\/\/horgaszhely.hu\/hun\/termek\/umbro-egyensulyparna-akupresszuras-tuskekkel-komfortosabb-ules-hatekonyabb-edzes\/"},"modified":"2026-08-29T17:03:58","modified_gmt":"2026-08-29T15:03:58","slug":"umbro-egyensulyparna-akupresszuras-tuskekkel-komfortosabb-ules-hatekonyabb-edzes","status":"publish","type":"product","link":"https:\/\/horgaszhely.hu\/hun\/termek\/umbro-egyensulyparna-akupresszuras-tuskekkel-komfortosabb-ules-hatekonyabb-edzes\/","title":{"rendered":"Umbro egyens\u00falyp\u00e1rna akupressz\u00far\u00e1s t\u00fcsk\u00e9kkel &#8211; Komfortosabb \u00fcl\u00e9s, hat\u00e9konyabb edz\u00e9s"},"content":{"rendered":"<p>Le\u00edr\u00e1sTulajdons\u00e1gokTartoz\u00e9kokTippek, tr\u00fckk\u00f6kAz igazi v\u00e1ltoz\u00e1s sokszor a legapr\u00f3bb dolgokkal kezd\u0151dik. Ez az egyens\u00falyp\u00e1rna l\u00e1tsz\u00f3lag egyszer\u0171, m\u00e9gis minden haszn\u00e1lat sor\u00e1n \u00e9rezni fogod, az apr\u00f3 mozdulatokat, valamint a massz\u00edroz\u00f3 t\u00fcsk\u00e9k sokas\u00e1g\u00e1t, amelyt\u0151l a tested frissebb \u00e9s stabilabb, elm\u00e9d pedig felszabadultabb \u00e9s koncentr\u00e1ltabb lesz. N\u00e9zz\u00fck r\u00e9szletesen mely tulajdons\u00e1gokkal \u00e9rheted el ezeket a nem mindennapi hat\u00e1sokat.<strong>Az Umbro egyens\u00falyp\u00e1rna hasznos tulajdons\u00e1gai<\/strong><strong>\u2013 Izomer\u0151s\u00edt\u00e9s \u00e9s stabiliz\u00e1l\u00e1s:\u00a0<\/strong>Az instabil fel\u00fcletnek k\u00f6sz\u00f6nhet\u0151en tested folyamatos mikromozg\u00e1sokat v\u00e9gez, \u00edgy mobiliz\u00e1lja a hasad \u00e9s a h\u00e1tad izmait, n\u00f6velve ezzel az izomer\u0151d \u00e9s a stabilit\u00e1sod.<strong>\u2013 Jobb testtart\u00e1s:<\/strong> Seg\u00edt egyenesen \u00fclni, tehermentes\u00edtheti a h\u00e1tad \u00e9s a derekad, \u00edgy kev\u00e9sb\u00e9 f\u00e1radsz el nap v\u00e9g\u00e9re.<strong>\u2013 Massz\u00edroz\u00f3 fel\u00fclet:<\/strong> A t\u00fcsk\u00e9k serkentik az adott testr\u00e9szed v\u00e9rkering\u00e9s\u00e9t \u00e9s frissen tarthatj\u00e1k izomzatod.<strong>\u2013 Egyens\u00faly \u00e9s koordin\u00e1ci\u00f3 fejleszt\u00e9se:<\/strong> Hasznos lehet j\u00f3ga, pilates, rehabilit\u00e1ci\u00f3s torna vagy b\u00e1rmif\u00e9le testmozg\u00e1s sor\u00e1n, mivel seg\u00edt jav\u00edtani a mozg\u00e1skoordin\u00e1ci\u00f3d \u00e9s az egyens\u00faly\u00e9rz\u00e9ked.<strong>\u2013 Haszn\u00e1lhat\u00f3 irod\u00e1ban \u00e9s otthon:<\/strong> Munka k\u00f6zben vagy pihen\u00e9s alatt is seg\u00edthet akt\u00edvan tartani az izmokat \u00e9s enyh\u00edteni a fesz\u00fclts\u00e9get.<strong>\u2013 K\u00f6nnyen hordozhat\u00f3:<\/strong> Kompakt \u00e9s k\u00f6nny\u0171 \u00edgy egyszer\u0171en magaddal viheted edz\u0151terembe, munkahelyre vagy utaz\u00e1sra.<strong>\u2013 Strapab\u00edr\u00f3 kialak\u00edt\u00e1s:<\/strong> Tart\u00f3s PVC anyagb\u00f3l k\u00e9sz\u00fclt, amely hossz\u00fa t\u00e1von is megb\u00edzhat\u00f3 \u00e9s terhelhet\u0151 t\u00e1rsad lesz.<strong>Hogyan \u00fclj helyesen az egyens\u00falyp\u00e1rn\u00e1n?<\/strong>Fontos, hogy ne a sz\u00e9ked sz\u00e9l\u00e9re helyezd, hanem a k\u00f6zep\u00e9re, \u00e9s helyezkedj el rajta egyenesen, lehet\u0151leg egy k\u00e9nyelmes ruh\u00e1ban. A l\u00e1baid legyenek der\u00e9ksz\u00f6gben, a talpad\u00a0 pedig stabilan a talajon. Haszn\u00e1ld napi 15\u201330 percig, majd fokozatosan n\u00f6veld az id\u0151tartamot.<strong>Rendelj m\u00e9g ma, \u00e9s \u00e9ld \u00e1t a felh\u0151tlen k\u00f6nnyeds\u00e9g \u00f6r\u00f6m\u00e9t minden egyes nap!<\/strong><strong>\u2013 P\u00e1rna sz\u00edne:<\/strong> k\u00e9k<strong>\u2013 Anyag:<\/strong> PVC<strong>\u2013 M\u00e9ret:<\/strong> 33 cm (\u00e1tm\u00e9r\u0151) x 6 cm (magass\u00e1g)<strong>\u2013 S\u00faly:<\/strong> 0,890 kg<strong>\u2013 Maxim\u00e1lis teherb\u00edr\u00e1s:<\/strong> 150 kg<strong>\u2013 M\u00e1rka:<\/strong> Umbro\u2013 1 db egyens\u00falyp\u00e1rnaEleged van a k\u00e9nyelmetlen sz\u00e9kekb\u0151l, az \u00e1lland\u00f3 f\u00e9szkel\u0151d\u00e9sb\u0151l \u00e9s a folyamatos f\u00e1jdalmakb\u00f3l?Szeretn\u00e9l egy univerz\u00e1lis eszk\u00f6zt, ami \u00e1tmozgatja minden izmod munka k\u00f6zben \u00e9s edz\u00e9s alatt?Amikor minden sz\u00e9k k\u00e9nyelmetlen \u00e9s m\u00e1r az eg\u00e9sz tested tiltakozik az \u00fcl\u00e9s ellen, ideje v\u00e1ltanod! Ebben seg\u00edts\u00e9gedre siet az Umbro egyens\u00falyp\u00e1rna, amely nem csak egy \u00fcl\u0151alkalmatoss\u00e1g, hanem akt\u00edv t\u00e1rs, aki minden m\u00e1sodpercben a f\u00e1jdalommentes, friss \u00e9s koncentr\u00e1lt \u00e9ned\u00e9rt dolgozik. Pr\u00f3b\u00e1ld ki, \u00e9s \u00e9ld \u00e1t az \u00e9rz\u00e9st, amikor az \u00fcl\u00e9s v\u00e9gre fel\u00fcd\u00fcl\u00e9s!Umbro egyens\u00falyp\u00e1rnaEnergikus mindennapokV\u00e1ltozatos edz\u00e9sekMilyen el\u0151nyei vannak?<\/p>\n<ul>\n<li>Jav\u00edthatja a testtart\u00e1st \u00e9s egyens\u00faly\u00e9rz\u00e9ket<\/li>\n<li>Cs\u00f6kkentheti az izom- \u00e9s \u00edz\u00fcleti f\u00e1jdalmakat<\/li>\n<li>Akupressz\u00far\u00e1s t\u00fcsk\u00e9k a jobb v\u00e9rkering\u00e9shez<\/li>\n<\/ul>\n<p>Rendelj most \u00e9s legyen rend\u00edthetetlen az egyens\u00falyod!MegveszemEz\u00e9rt fogod szeretni a term\u00e9ket!Az Umbro egyens\u00falyp\u00e1rna kiemelked\u0151 tulajdons\u00e1gaiStrapab\u00edr\u00f3 kialak\u00edt\u00e1sId\u0151t\u00e1ll\u00f3, er\u0151s PVC anyagb\u00f3l k\u00e9sz\u00fclt, amely akt\u00edv \u00e9s passz\u00edv haszn\u00e1lat mellett is b\u00edrja a gy\u0171r\u0151d\u00e9st, eg\u00e9szen 150 kg terhel\u00e9sig.Akt\u00edv izommunkaAz egyens\u00falyp\u00e1rna fel\u00fclete instabil, ereje pedig pont ebben rejlik. Fokozatos mikromozg\u00e1sokra k\u00e9szteti a tested, \u00edgy az er\u0151sebb \u00e9s stabilabb lesz.V\u00e1s\u00e1rl\u00f3ink visszajelz\u00e9seiEls\u0151re \u00e9rdekes volt r\u00e1\u00fclni, de ma m\u00e1r nem tudn\u00e1m n\u00e9lk\u00fcle elk\u00e9pzelni a munk\u00e1t. Egy\u00e9rtelm\u0171en kevesebbet f\u00e1j a h\u00e1tam \u00e9s a derekam mi\u00f3ta haszn\u00e1lom.Krist\u00f3fVolt m\u00e1r egy ilyen p\u00e1rn\u00e1m, de az r\u00f6vid id\u0151 ut\u00e1n kiszakadt. Ez m\u00e1r r\u00e1n\u00e9z\u00e9sre is er\u0151sebb volt, \u00e9s b\u00edrja is a strap\u00e1t j\u00f3 p\u00e1r haszn\u00e1lat ut\u00e1n.Kiss EdinaFokozatosan \u00e9p\u00edtettem be a napi torn\u00e1mba, \u00e9s szinte \u00e9szrev\u00e9tlen\u00fcl m\u00e1r a szerves r\u00e9sze lett. Amit tapasztaltam: er\u0151sebb h\u00e1t \u00e9s combizmok \u00e9s val\u00f3ban jobb az egyens\u00falyom az\u00f3ta.B. M\u00e1riaPr\u00f3b\u00e1ld\u00a0ki\u00a0te\u00a0isa\u00a0strapab\u00edr\u00f3\u00a0Umbro\u00a0egyens\u00falyp\u00e1rn\u00e1t!Megveszem<\/p>\n","protected":false},"excerpt":{"rendered":"<p>Le\u00edr\u00e1sTulajdons\u00e1gokTartoz\u00e9kokTippek, tr\u00fckk\u00f6kAz igazi v\u00e1ltoz\u00e1s sokszor a legapr\u00f3bb dolgokkal kezd\u0151dik. Ez az egyens\u00falyp\u00e1rna l\u00e1tsz\u00f3lag egyszer\u0171, m\u00e9gis minden haszn\u00e1lat sor\u00e1n \u00e9rezni fogod, az apr\u00f3 mozdulatokat, valamint a massz\u00edroz\u00f3 t\u00fcsk\u00e9k sokas\u00e1g\u00e1t, amelyt\u0151l a tested frissebb \u00e9s stabilabb, elm\u00e9d pedig felszabadultabb \u00e9s koncentr\u00e1ltabb lesz. N\u00e9zz\u00fck r\u00e9szletesen mely tulajdons\u00e1gokkal \u00e9rheted el ezeket a nem mindennapi hat\u00e1sokat.Az Umbro egyens\u00falyp\u00e1rna hasznos tulajdons\u00e1gai\u2013 [&hellip;]<\/p>\n","protected":false},"featured_media":475873,"template":"","meta":{"_acf_changed":false},"product_brand":[],"product_cat":[1350,3374],"product_tag":[],"class_list":["post-475872","product","type-product","status-publish","has-post-thumbnail","product_cat-egeszseg","product_cat-home-sporteszkozok","first","instock","product-type-external"],"acf":[],"_links":{"self":[{"href":"https:\/\/horgaszhely.hu\/hun\/wp-json\/wp\/v2\/product\/475872","targetHints":{"allow":["GET"]}}],"collection":[{"href":"https:\/\/horgaszhely.hu\/hun\/wp-json\/wp\/v2\/product"}],"about":[{"href":"https:\/\/horgaszhely.hu\/hun\/wp-json\/wp\/v2\/types\/product"}],"wp:featuredmedia":[{"embeddable":true,"href":"https:\/\/horgaszhely.hu\/hun\/wp-json\/wp\/v2\/media\/475873"}],"wp:attachment":[{"href":"https:\/\/horgaszhely.hu\/hun\/wp-json\/wp\/v2\/media?parent=475872"}],"wp:term":[{"taxonomy":"product_brand","embeddable":true,"href":"https:\/\/horgaszhely.hu\/hun\/wp-json\/wp\/v2\/product_brand?post=475872"},{"taxonomy":"product_cat","embeddable":true,"href":"https:\/\/horgaszhely.hu\/hun\/wp-json\/wp\/v2\/product_cat?post=475872"},{"taxonomy":"product_tag","embeddable":true,"href":"https:\/\/horgaszhely.hu\/hun\/wp-json\/wp\/v2\/product_tag?post=475872"}],"curies":[{"name":"wp","href":"https:\/\/api.w.org\/{rel}","templated":true}]}}