{"id":475906,"date":"2026-08-29T17:04:39","date_gmt":"2026-08-29T15:04:39","guid":{"rendered":"https:\/\/horgaszhely.hu\/hun\/termek\/umbro-gimnasztikai-labda-testtartas-javitasa-egyensulyerzek-fokozasa-erosites-rehabilitacio-kek-65-cm\/"},"modified":"2026-08-29T17:05:06","modified_gmt":"2026-08-29T15:05:06","slug":"umbro-gimnasztikai-labda-testtartas-javitasa-egyensulyerzek-fokozasa-erosites-rehabilitacio-kek-65-cm","status":"publish","type":"product","link":"https:\/\/horgaszhely.hu\/hun\/termek\/umbro-gimnasztikai-labda-testtartas-javitasa-egyensulyerzek-fokozasa-erosites-rehabilitacio-kek-65-cm\/","title":{"rendered":"Umbro gimnasztikai labda &#8211; Testtart\u00e1s jav\u00edt\u00e1sa, egyens\u00faly\u00e9rz\u00e9k fokoz\u00e1sa, er\u0151s\u00edt\u00e9s, rehabilit\u00e1ci\u00f3 &#8211; k\u00e9k &#8211; 65 cm"},"content":{"rendered":"<p>Le\u00edr\u00e1sTulajdons\u00e1gokTartoz\u00e9kokTippek, tr\u00fckk\u00f6kFelejtsd el az edz\u0151termet, ugyanis ezt a gimnasztikai labd\u00e1t b\u00e1rmikor el\u0151veheted! Gond n\u00e9lk\u00fcl elf\u00e9r a h\u00e1l\u00f3szob\u00e1d sark\u00e1ban, m\u00e9gis olyan, mintha egy komplett tornaterem k\u00f6lt\u00f6zne be a lak\u00e1sodba. Ny\u00fajts, er\u0151s\u00edts, laz\u00edts ahol \u00e9ppen kedved tartja. Csak f\u00fajd fel \u00e9s indulhat is a torna!<strong>Az Umbro gimnasztikai labda jellemz\u0151i<\/strong><strong>\u2013 Jav\u00edthatja a testtart\u00e1st:<\/strong> A folyamatos mikromozg\u00e1soknak k\u00f6sz\u00f6nhet\u0151en a h\u00e1t egyenesebb lehet, cs\u00f6kkenhet a g\u00f6rnyed\u00e9s.<strong>\u2013 Aktiv\u00e1lhatja a m\u00e9lyizmokat:<\/strong> Egyens\u00falyoz\u00e1s k\u00f6zben folyamatos izommunk\u00e1ra van sz\u00fcks\u00e9g. K\u00fcl\u00f6n\u00f6sen a has, a h\u00e1t \u00e9s a cs\u00edp\u0151 k\u00f6r\u00fcli stabiliz\u00e1l\u00f3 izmok er\u0151s\u00f6dhetnek.<strong>\u2013 Mobiliz\u00e1lhatja az \u00edz\u00fcleteket:<\/strong> K\u00edm\u00e9letesen m\u00e9gis hat\u00e9konyan \u00e1tmozgatja a cs\u00edp\u0151t, v\u00e1llat \u00e9s gerincet.<strong>\u2013 Laz\u00edthatja az izmokat:<\/strong> Oldhatja a fesz\u00fclts\u00e9get, enyh\u00edtheti a merevs\u00e9get, \u00edgy ny\u00fajt\u00e1shoz \u00e9s relax\u00e1ci\u00f3hoz is kiv\u00e1l\u00f3 v\u00e1laszt\u00e1s.<strong>\u2013 Otthon is haszn\u00e1lhat\u00f3: <\/strong>Egyszer\u0171 alkalmaz\u00e1s\u00e1b\u00f3l fakad\u00f3an ak\u00e1r otthon, edz\u0151i seg\u00edts\u00e9g n\u00e9lk\u00fcl is gyakorolhatsz vele, legyen sz\u00f3 edz\u00e9sr\u0151l, ny\u00fajt\u00e1sr\u00f3l, rehabilit\u00e1ci\u00f3r\u00f3l.<strong>\u2013 Sz\u00e1mos felhaszn\u00e1l\u00e1si lehet\u0151s\u00e9g:<\/strong> J\u00f3ga, pilates, torna\u00f3ra, csoportos foglalkoz\u00e1sok, fizioter\u00e1pia \u00e9s m\u00e9g sz\u00e1mos sportban alkalmazhat\u00f3.<strong>\u2013 Strapab\u00edr\u00f3 \u00e9s biztons\u00e1gos: <\/strong>Az er\u0151s PVC anyag \u00e9s a cs\u00fasz\u00e1smentes fel\u00fclet hosszantart\u00f3, biztons\u00e1gos haszn\u00e1latot ny\u00fajt.<strong>\u2013 K\u00f6nny\u0171 \u00e9s mobilis: <\/strong>Kis helyen elf\u00e9r, k\u00f6nny\u0171, r\u00e1ad\u00e1sul egyszer\u0171en felf\u00fajhat\u00f3, \u00edgy b\u00e1rhov\u00e1 magaddal viheted.<strong>Kinek aj\u00e1nlott?<\/strong>\u2013 \u00dcl\u0151munk\u00e1t v\u00e9gz\u0151knek\u2013 Mozg\u00e1sszeg\u00e9ny \u00e9letm\u00f3dot \u00e9l\u0151knek\u2013 H\u00e1t- \u00e9s der\u00e9kf\u00e1j\u00e1ssal k\u00fczd\u0151knek\u2013 Sportol\u00f3knak a v\u00e1ltozatos edz\u00e9shez\u2013 Kismam\u00e1knak, terhestorn\u00e1hoz\u2013 Rehabilit\u00e1ci\u00f3 alatt \u00e1ll\u00f3 szem\u00e9lyeknek\u2013 Id\u0151sebbeknek, k\u00edm\u00e9letes mozg\u00e1shoz\u2013 B\u00e1rkinek, aki szeretne t\u00f6bbet mozogni \u00e9s testtart\u00e1s\u00e1t jav\u00edtani<strong>Rendelj m\u00e9g ma \u00e9s ugorj fejest a sz\u00ednes, v\u00e1ltozatos, hat\u00e9kony mozg\u00e1s vil\u00e1g\u00e1ba!<\/strong>\u2013 <strong>Sz\u00edn:<\/strong> k\u00e9k\u2013 <strong>Anyag:\u00a0<\/strong>PVC\u2013 <strong>Maxim\u00e1lis terhel\u00e9s:<\/strong> 120 kg\u2013<strong> \u00c1tm\u00e9r\u0151:<\/strong> 65 cm<strong>\u2013 S\u00faly:<\/strong> ~1 kg<strong>\u2013 M\u00e1rka:<\/strong> Umbro\u2013 1 db gimnasztikai labdaV\u00c1LTOZATOS EDZ\u00c9SEK OTTHON ISTELJES \u00c1TMOZGAT\u00c1S \u00c9S ER\u0150S\u00cdT\u00c9S EGYETLEN ESZK\u00d6ZZELNincs sz\u00fcks\u00e9g bonyolult felszerel\u00e9sekre ahhoz, hogy \u00e1t\u00e9ld a tudatos, felh\u0151tlen mozg\u00e1s \u00f6r\u00f6m\u00e9t. Ez a modern, sokoldal\u00fa sportszer finoman, m\u00e9gis hat\u00e9konyan megdolgoztat \u00e9s egyben ellaz\u00edt a fejed b\u00fabj\u00e1t\u00f3l a talpadig. V\u00e1gj bele m\u00e9g ma \u00e9s a tested garant\u00e1ltan megh\u00e1l\u00e1lja!Umbro gimnasztikai labda &#8211; k\u00e9kMobiliz\u00e1l tet\u0151t\u0151l-talpigEdz\u00e9s otthon, egyszer\u0171enMilyen el\u0151nyei vannak?<\/p>\n<ul>\n<li>Jobb testtart\u00e1s \u00e9s egyens\u00faly\u00e9rz\u00e9k<\/li>\n<li>Laz\u00e1bb \u00edzmok, er\u0151sebb \u00edz\u00fceletek<\/li>\n<li>Cs\u00fasz\u00e1smentes fel\u00fclet, strapab\u00edr\u00f3 anyag<\/li>\n<\/ul>\n<p>Rendelj m\u00e9g ma \u00e9s \u00e9lvezd a f\u00e1jdalommentes, mozg\u00e9kony mindennapokat!MegveszemEz\u00e9rt fogod szeretni a term\u00e9ket!Lentebb kiemelt\u00fck neked a labda fontosabb tulajdons\u00e1gaitBiztons\u00e1gos kialak\u00edt\u00e1sCs\u00fasz\u00e1smentes, strapab\u00edr\u00f3 fel\u00fclete stabil alapot ad b\u00e1rmilyen gyakorlat k\u00f6zben. Magabiztos mozg\u00e1st ny\u00fajt kezd\u0151knek \u00e9s halad\u00f3knak is.B\u00e1rhol, b\u00e1rmikor haszn\u00e1lhatodK\u00f6nny\u0171, gyorsan felf\u00fajhat\u00f3 \u00e9s kis helyen elf\u00e9r. Otthoni haszn\u00e1latra ide\u00e1lis, de ak\u00e1r munk\u00e1ba vagy utaz\u00e1sra is magaddal viheted.V\u00e1s\u00e1rl\u00f3ink visszajelz\u00e9seiAzt hittem, csak \u00fclni fogok rajta n\u00e9ha, de most m\u00e1r reggel-este torn\u00e1zom vele. Fura, de ez a labda valahogy r\u00e1szoktatott a mozg\u00e1sra.D\u00f3riRendszeresen f\u00e1jt a derekam, mi\u00f3ta ezen \u00fcl\u00f6k vagy torn\u00e1zok vele, alig \u00e9rzem.K. Tam\u00e1sA bar\u00e1tn\u0151m vett egyet mag\u00e1nak, irigykedtem, \u00fagyhogy \u00e9n is beszereztem. Most m\u00e1r egy\u00fctt torn\u00e1zunk, heti 3x. :)R\u00e1cz AnettEr\u0151s anyaga van, k\u00f6nny\u0171 haszn\u00e1lni is, s\u0151t 1 h\u00e9t ut\u00e1n szinte r\u00e1f\u00fcggtem. Meg\u00e9r\u0151s v\u00e1s\u00e1rl\u00e1s volt.EszterPr\u00f3b\u00e1ld\u00a0ki\u00a0te\u00a0isa\u00a0strapab\u00edr\u00f3\u00a0Umbro\u00a0gimnasztikai\u00a0labd\u00e1t!Megveszem<\/p>\n","protected":false},"excerpt":{"rendered":"<p>Le\u00edr\u00e1sTulajdons\u00e1gokTartoz\u00e9kokTippek, tr\u00fckk\u00f6kFelejtsd el az edz\u0151termet, ugyanis ezt a gimnasztikai labd\u00e1t b\u00e1rmikor el\u0151veheted! Gond n\u00e9lk\u00fcl elf\u00e9r a h\u00e1l\u00f3szob\u00e1d sark\u00e1ban, m\u00e9gis olyan, mintha egy komplett tornaterem k\u00f6lt\u00f6zne be a lak\u00e1sodba. Ny\u00fajts, er\u0151s\u00edts, laz\u00edts ahol \u00e9ppen kedved tartja. Csak f\u00fajd fel \u00e9s indulhat is a torna!Az Umbro gimnasztikai labda jellemz\u0151i\u2013 Jav\u00edthatja a testtart\u00e1st: A folyamatos mikromozg\u00e1soknak k\u00f6sz\u00f6nhet\u0151en a [&hellip;]<\/p>\n","protected":false},"featured_media":475907,"template":"","meta":{"_acf_changed":false},"product_brand":[],"product_cat":[1350,3374],"product_tag":[],"class_list":["post-475906","product","type-product","status-publish","has-post-thumbnail","product_cat-egeszseg","product_cat-home-sporteszkozok","first","instock","product-type-external"],"acf":[],"_links":{"self":[{"href":"https:\/\/horgaszhely.hu\/hun\/wp-json\/wp\/v2\/product\/475906","targetHints":{"allow":["GET"]}}],"collection":[{"href":"https:\/\/horgaszhely.hu\/hun\/wp-json\/wp\/v2\/product"}],"about":[{"href":"https:\/\/horgaszhely.hu\/hun\/wp-json\/wp\/v2\/types\/product"}],"wp:featuredmedia":[{"embeddable":true,"href":"https:\/\/horgaszhely.hu\/hun\/wp-json\/wp\/v2\/media\/475907"}],"wp:attachment":[{"href":"https:\/\/horgaszhely.hu\/hun\/wp-json\/wp\/v2\/media?parent=475906"}],"wp:term":[{"taxonomy":"product_brand","embeddable":true,"href":"https:\/\/horgaszhely.hu\/hun\/wp-json\/wp\/v2\/product_brand?post=475906"},{"taxonomy":"product_cat","embeddable":true,"href":"https:\/\/horgaszhely.hu\/hun\/wp-json\/wp\/v2\/product_cat?post=475906"},{"taxonomy":"product_tag","embeddable":true,"href":"https:\/\/horgaszhely.hu\/hun\/wp-json\/wp\/v2\/product_tag?post=475906"}],"curies":[{"name":"wp","href":"https:\/\/api.w.org\/{rel}","templated":true}]}}