{"id":475924,"date":"2026-08-29T17:04:39","date_gmt":"2026-08-29T15:04:39","guid":{"rendered":"https:\/\/horgaszhely.hu\/hun\/termek\/umbro-elasztikus-csuklorogzito-stabil-vedelem-a-serulesek-ellen\/"},"modified":"2026-08-29T17:05:36","modified_gmt":"2026-08-29T15:05:36","slug":"umbro-elasztikus-csuklorogzito-stabil-vedelem-a-serulesek-ellen","status":"publish","type":"product","link":"https:\/\/horgaszhely.hu\/hun\/termek\/umbro-elasztikus-csuklorogzito-stabil-vedelem-a-serulesek-ellen\/","title":{"rendered":"Umbro elasztikus csukl\u00f3r\u00f6gz\u00edt\u0151 &#8211; Stabil v\u00e9delem a s\u00e9r\u00fcl\u00e9sek ellen"},"content":{"rendered":"<p>Le\u00edr\u00e1sTulajdons\u00e1gokTartoz\u00e9kok<strong>Ne b\u00edzd a v\u00e9letlenre, adj ink\u00e1bb teret a szak\u00e9rtelemnek! <\/strong>Az 1924-ben alap\u00edtott Umbro, t\u00f6bb, mint 100 \u00e9v tapasztalat\u00e1val \u0171zheti el mindennapjaidb\u00f3l a makacs f\u00e1jdalmat. A csukl\u00f3r\u00f6gz\u00edt\u0151 kiv\u00e1l\u00f3 min\u0151s\u00e9ge, egyedi tervez\u00e9se \u00e9s ergonomikus kialak\u00edt\u00e1sa \u00e1ltal biztos tart\u00e1st ad minden mozdulatn\u00e1l. Legyen sz\u00f3 edz\u00e9sr\u0151l, munk\u00e1r\u00f3l vagy h\u00e9tk\u00f6znapi haszn\u00e1latr\u00f3l, mindig \u00e9s mindenhol seg\u00edt\u0151 kezet ny\u00fajt neked. N\u00e9zz\u00fck mi\u00e9rt \u00e9rdemes most beszerezned!Az Umbro csukl\u00f3r\u00f6gz\u00edt\u0151 el\u0151ny\u00f6s tulajdons\u00e1gai\u2013 <strong>Stabiliz\u00e1lja \u00e9s tehermentes\u00edti a csukl\u00f3t<\/strong>, hozz\u00e1j\u00e1rulva a s\u00e9r\u00fcl\u00e9sek megel\u0151z\u00e9s\u00e9hez \u00e9s a hosszabb edz\u00e9smunk\u00e1hoz\u2013 A kompresszi\u00f3s hat\u00e1s \u00e1ltal fokozza a v\u00e9rkering\u00e9st, \u00edgy <strong>cs\u00f6kkentheti az \u00edz\u00fcleti f\u00e1jdalmat, m\u00e9rs\u00e9kelheti a gyullad\u00e1st<\/strong>, ez\u00e1ltal seg\u00edtve a regener\u00e1ci\u00f3t\u2013 <strong>K\u00e9nyelmes \u00e9s l\u00e9g\u00e1tereszt\u0151 anyaga<\/strong>\u00a0hossz\u00fa t\u00e1von is komfortos viseletet biztos\u00edt\u2013 Univerz\u00e1lis m\u00e9ret\u00e9b\u0151l ad\u00f3d\u00f3an <strong>f\u00e9rfiak \u00e9s n\u0151k, feln\u0151ttek \u00e9s gyermekek egyar\u00e1nt haszn\u00e1lhatj\u00e1k<\/strong>\u2013 <strong>Egyszer\u0171en fel- \u00e9s levehet\u0151<\/strong>, t\u00f6k\u00e9letes v\u00e1laszt\u00e1s mindennapi haszn\u00e1latra2 db 1 csomagbanA csomagban r\u00f6gt\u00f6n 2 db csukl\u00f3r\u00f6gz\u00edt\u0151t k\u00fcld\u00fcnk, \u00edgy amellett, hogy dupl\u00e1n meg\u00e9ri rendelned, mindk\u00e9t csukl\u00f3dat egyform\u00e1n v\u00e9dheted.<strong>Rendelj m\u00e9g ma \u00e9s kapcsolj egy fokozattal magasabbra!<\/strong><strong>\u2013 Sz\u00edn:<\/strong> fekete, feh\u00e9r<strong>\u2013 Anyag:<\/strong> 60% nylon, 40% elaszt\u00e1n<strong>\u2013 M\u00e9ret:<\/strong> 8\u00d750,5 cm<strong>\u2013 K\u00f6rm\u00e9ret:<\/strong> t\u00e9p\u0151z\u00e1rral \u00e1ll\u00edthat\u00f3<strong>\u2013 S\u00faly:<\/strong> 0,1 kg<strong>\u2013 Csomag s\u00falya:<\/strong> 0,12 kg<strong>\u2013 Csomag m\u00e9rete:<\/strong> 9,3\u00d74,2\u00d713 cm<strong>\u2013 M\u00e1rka:<\/strong> Umbro\u2013 2 db csukl\u00f3szor\u00edt\u00f3 egy csomagbanEdz\u00e9s s\u00e9r\u00fcl\u00e9s n\u00e9lk\u00fcl?Kerti munka f\u00e1jdalom n\u00e9lk\u00fcl?Az Umbro csukl\u00f3r\u00f6gz\u00edt\u0151 seg\u00edts\u00e9g\u00e9vel 2 db igen is lehet a v\u00e1lasz a fenti k\u00e9rd\u00e9sekre. Folyamatos haszn\u00e1lata olyan biztos tart\u00e1st adhat csukl\u00f3dnak, mintha egy l\u00e1thatatlan v\u00e9d\u0151pajzs \u00f3vn\u00e1 minden mozdulatodat!Umbro csukl\u00f3szor\u00edt\u00f3\u00c9szrev\u00e9tlen haszn\u00e1latMinden helyzetben helyt\u00e1llMilyen el\u0151nyei vannak?<\/p>\n<ul>\n<li>Stabil tart\u00e1s a csukl\u00f3nak<\/li>\n<li>J\u00f3l szell\u0151z\u0151 anyag<\/li>\n<li>Univerz\u00e1lis m\u00e9ret<\/li>\n<\/ul>\n<p>Rendelj m\u00e9g ma, hogy t\u00f6bbet gondolnod se kelljen a csukl\u00f3f\u00e1jdalomra!MegveszemEz\u00e9rt fogod szeretni a term\u00e9ket!A term\u00e9k k\u00e9t f\u0151 tulajdons\u00e1got k\u00fcl\u00f6n kiemelt\u00fck nekedEr\u0151s tart\u00e1s \u00e9s kompresszi\u00f3A csukl\u00f3szor\u00edt\u00f3 er\u0151s anyaga stabil tart\u00e1st ad, \u00edgy m\u00e9rs\u00e9kelhet\u0151 a s\u00e9r\u00fcl\u00e9s vesz\u00e9lye. A kompresszi\u00f3s hat\u00e1s \u00e1ltal pedig fokoz\u00f3dhat a v\u00e9rkering\u00e9s, \u00edgy a csukl\u00f3 hamarabb regener\u00e1l\u00f3dhat.K\u00f6nnyed viseletA l\u00e9g\u00e1tereszt\u0151 anyag \u00e9s az ergonomikus tervez\u00e9s kombin\u00e1ci\u00f3ja hihetetlen\u00fcl k\u00f6nnyed, \u00e9szrev\u00e9tlen haszn\u00e1latot biztos\u00edt, \u00edgy a mozg\u00e1sodban eg\u00e9szen biztosan nem akad\u00e1lyoz.V\u00e1s\u00e1rl\u00f3ink visszajelz\u00e9seiK\u00e9nyelmes, szinte nem is \u00e9rzem, hogy rajtam van \u00e9s edz\u00e9s ut\u00e1n soha nem f\u00e1j a csukl\u00f3m.NorbertGyerekkorom \u00f3ta szerettem az Umbro m\u00e1rk\u00e1t, ez\u00e9rt v\u00e1s\u00e1roltam, de most sem csal\u00f3dtam.K. ErvinEgyszer m\u00e1r s\u00e9r\u00fclt a csukl\u00f3m, \u00e9s nem akarom m\u00e9g egyszer \u00e1t\u00e9lni. Egyel\u0151re \u00fagy n\u00e9z ki ez bev\u00e1lt. J\u00f3l megt\u00e1masztja a csukl\u00f3m \u00e9s k\u00e9s\u0151bb is f\u00e1rad el.B. N\u00f3raPr\u00f3b\u00e1ld\u00a0ki\u00a0te\u00a0isaz\u00a0elasztikus\u00a0Umbro\u00a0csukl\u00f3r\u00f6gz\u00edt\u0151t!Megveszem<\/p>\n","protected":false},"excerpt":{"rendered":"<p>Le\u00edr\u00e1sTulajdons\u00e1gokTartoz\u00e9kokNe b\u00edzd a v\u00e9letlenre, adj ink\u00e1bb teret a szak\u00e9rtelemnek! Az 1924-ben alap\u00edtott Umbro, t\u00f6bb, mint 100 \u00e9v tapasztalat\u00e1val \u0171zheti el mindennapjaidb\u00f3l a makacs f\u00e1jdalmat. A csukl\u00f3r\u00f6gz\u00edt\u0151 kiv\u00e1l\u00f3 min\u0151s\u00e9ge, egyedi tervez\u00e9se \u00e9s ergonomikus kialak\u00edt\u00e1sa \u00e1ltal biztos tart\u00e1st ad minden mozdulatn\u00e1l. Legyen sz\u00f3 edz\u00e9sr\u0151l, munk\u00e1r\u00f3l vagy h\u00e9tk\u00f6znapi haszn\u00e1latr\u00f3l, mindig \u00e9s mindenhol seg\u00edt\u0151 kezet ny\u00fajt neked. N\u00e9zz\u00fck mi\u00e9rt [&hellip;]<\/p>\n","protected":false},"featured_media":475925,"template":"","meta":{"_acf_changed":false},"product_brand":[],"product_cat":[1350,3374],"product_tag":[],"class_list":["post-475924","product","type-product","status-publish","has-post-thumbnail","product_cat-egeszseg","product_cat-home-sporteszkozok","first","instock","product-type-external"],"acf":[],"_links":{"self":[{"href":"https:\/\/horgaszhely.hu\/hun\/wp-json\/wp\/v2\/product\/475924","targetHints":{"allow":["GET"]}}],"collection":[{"href":"https:\/\/horgaszhely.hu\/hun\/wp-json\/wp\/v2\/product"}],"about":[{"href":"https:\/\/horgaszhely.hu\/hun\/wp-json\/wp\/v2\/types\/product"}],"wp:featuredmedia":[{"embeddable":true,"href":"https:\/\/horgaszhely.hu\/hun\/wp-json\/wp\/v2\/media\/475925"}],"wp:attachment":[{"href":"https:\/\/horgaszhely.hu\/hun\/wp-json\/wp\/v2\/media?parent=475924"}],"wp:term":[{"taxonomy":"product_brand","embeddable":true,"href":"https:\/\/horgaszhely.hu\/hun\/wp-json\/wp\/v2\/product_brand?post=475924"},{"taxonomy":"product_cat","embeddable":true,"href":"https:\/\/horgaszhely.hu\/hun\/wp-json\/wp\/v2\/product_cat?post=475924"},{"taxonomy":"product_tag","embeddable":true,"href":"https:\/\/horgaszhely.hu\/hun\/wp-json\/wp\/v2\/product_tag?post=475924"}],"curies":[{"name":"wp","href":"https:\/\/api.w.org\/{rel}","templated":true}]}}