{"id":475937,"date":"2026-08-29T17:05:49","date_gmt":"2026-08-29T15:05:49","guid":{"rendered":"https:\/\/horgaszhely.hu\/hun\/termek\/umbro-fitness-ugralokotel-allithato-meretben-ergonomikus-kialakitassal\/"},"modified":"2026-08-29T17:05:55","modified_gmt":"2026-08-29T15:05:55","slug":"umbro-fitness-ugralokotel-allithato-meretben-ergonomikus-kialakitassal","status":"publish","type":"product","link":"https:\/\/horgaszhely.hu\/hun\/termek\/umbro-fitness-ugralokotel-allithato-meretben-ergonomikus-kialakitassal\/","title":{"rendered":"Umbro fitness ugr\u00e1l\u00f3k\u00f6t\u00e9l \u00e1ll\u00edthat\u00f3 m\u00e9retben, ergonomikus kialak\u00edt\u00e1ssal"},"content":{"rendered":"<p>Le\u00edr\u00e1sTulajdons\u00e1gokTartoz\u00e9kokTippek, tr\u00fckk\u00f6kUgorj az eg\u00e9szs\u00e9ges \u00e9letm\u00f3d k\u00f6vetkez\u0151 szintj\u00e9re a fitness ugr\u00e1l\u00f3k\u00f6t\u00e9l seg\u00edts\u00e9g\u00e9vel! Anyaga szinte ny\u0171hetetlen, k\u00f6nnyed\u00e9n elf\u00e9r a t\u00e1sk\u00e1dban, s\u00falya pehely \u00e9s m\u00e9gis az eg\u00e9sz tested megdolgoztatja. Kell enn\u00e9l t\u00f6bb? Aligha!<strong>A FITNESS UGR\u00c1L\u00d3K\u00d6T\u00c9L J\u00d3T\u00c9KONY HAT\u00c1SAI<\/strong>Tudtad, hogy az ugr\u00e1l\u00f3k\u00f6t\u00e9llel t\u00f6rt\u00e9n\u0151 mozg\u00e1s nemcsak az \u00e1ll\u00f3k\u00e9pess\u00e9gedet fejleszti, hanem <strong>j\u00f3 hat\u00e1ssal van agym\u0171k\u00f6d\u00e9sedre<\/strong> is? Az ugr\u00e1l\u00e1s olyan mozg\u00e1sforma, amely \u00f6sszpontos\u00edt\u00e1st \u00e9s koordin\u00e1ci\u00f3t ig\u00e9nyel, ez\u00e1ltal <strong>serkenti az agy k\u00fcl\u00f6nb\u00f6z\u0151 ter\u00fcleteit<\/strong>. A rendszeres ugr\u00f3k\u00f6telez\u00e9s emellett <strong>jav\u00edthatja a reflexeket \u00e9s az idegrendszer m\u0171k\u00f6d\u00e9s\u00e9t<\/strong> is. Teh\u00e1t ez az egyszer\u0171, \u00e1m nagyszer\u0171 sporteszk\u00f6z nemcsak a testedet, hanem az elm\u00e9det is form\u00e1lja!Az al\u00e1bbiakban \u00f6ssze is gy\u0171jt\u00f6tt\u00fck sz\u00e1modra, hogy milyen tov\u00e1bbi \u00e9lettani el\u0151nyeid sz\u00e1rmazhatnak alkalmaz\u00e1sa sor\u00e1n. Ismerd meg a rejtett potenci\u00e1ljait, majd egyszer\u0171en csak \u00e9lvezd a v\u00e1ltozatos felhaszn\u00e1l\u00e1si lehet\u0151s\u00e9geit!<strong>\u2013 Sz\u00edv- \u00e9s \u00e9rrendszer:<\/strong> Kiv\u00e1l\u00f3 kardioedz\u00e9s, seg\u00edt a sz\u00edv- \u00e9s \u00e9rrendszeri eg\u00e9szs\u00e9ged fenntart\u00e1s\u00e1ban \u00e9s jav\u00edt\u00e1s\u00e1ban.<strong>\u2013 Kal\u00f3ria\u00e9get\u00e9s:<\/strong> Az ugr\u00e1l\u00f3k\u00f6telez\u00e9s intenz\u00edv mozg\u00e1sforma, \u00edgy seg\u00edt a kal\u00f3ri\u00e1id \u00e9get\u00e9s\u00e9ben \u00e9s a tests\u00falyod kontroll\u00e1l\u00e1s\u00e1ban.<strong>\u2013 \u00c1ll\u00f3k\u00e9pess\u00e9g:<\/strong> Fokozza a sz\u00edved \u00e9s a t\u00fcd\u0151d kapacit\u00e1s\u00e1t, fejleszti izmaidat, \u00edgy jobb lesz az \u00e1ll\u00f3k\u00e9pess\u00e9ged, kitart\u00f3bb leszel.<strong>\u2013 Koordin\u00e1ci\u00f3 \u00e9s egyens\u00faly:<\/strong> Haszn\u00e1lata hozz\u00e1j\u00e1rul a jobb koordin\u00e1ci\u00f3hoz \u00e9s stabilabb egyens\u00falyhoz.<strong>\u2013 Csonts\u0171r\u0171s\u00e9g:<\/strong> Az ugr\u00e1sok a csontjaidra is j\u00f3t\u00e9kony hat\u00e1ssal vannak, seg\u00edtve ezzel a csonts\u0171r\u0171s\u00e9g n\u00f6vel\u00e9s\u00e9t \u00e9s az osteopor\u00f3zis kock\u00e1zat\u00e1nak cs\u00f6kkent\u00e9s\u00e9t.<strong>\u2013 Hangulatjav\u00edt\u00e1s:<\/strong> Haszn\u00e1lata k\u00f6zben az endorfinok felszabadulnak a szervezetedben, ez\u00e1ltal seg\u00edthet a stressz cs\u00f6kkent\u00e9s\u00e9ben \u00e9s a hangulatod jav\u00edt\u00e1s\u00e1ban.<strong>\u2013 Teljes testmozg\u00e1s:<\/strong> Egyidej\u0171leg aktiv\u00e1lja a fels\u0151tested, als\u00f3tested \u00e9s a magh\u00e1tizmaidat is, \u00edgy teljes testmozg\u00e1st biztos\u00edt.<strong>EL\u0150NY\u00d6S TULAJDONS\u00c1GAI<\/strong>Ezek a legf\u0151bb ismertet\u0151jegyei a fitness ugr\u00e1l\u00f3k\u00f6t\u00e9lnek.<strong>\u2013 Sokoldal\u00fas\u00e1g:<\/strong> Sokf\u00e9le mozg\u00e1sform\u00e1ba k\u00f6nnyed\u00e9n integr\u00e1lhatod, rugalmass\u00e1g\u00e1t pedig tov\u00e1bb er\u0151s\u00edti, hogy alkalmas mind kezd\u0151k, mind halad\u00f3k sz\u00e1m\u00e1ra, mivel k\u00f6nnyen szem\u00e9lyre szabhat\u00f3. Emellett belt\u00e9ren \u00e9s k\u00fclt\u00e9ren is haszn\u00e1lhatod, \u00edgy az id\u0151j\u00e1r\u00e1s sem akad\u00e1ly az edz\u00e9sben.<strong>\u2013 Hat\u00e9konys\u00e1g:<\/strong> Pozit\u00edv \u00e9lettani hat\u00e1saira az el\u0151bbiekben m\u00e1r r\u00e9szletesen kit\u00e9rt\u00fcnk, \u00e9rdemes azonban eml\u00edt\u00e9st tenni r\u00f3luk akkor is, ha az el\u0151ny\u00f6s tulajdons\u00e1gair\u00f3l besz\u00e9l\u00fcnk.<strong>\u2013 Biztos fog\u00e1s:<\/strong> Mindk\u00e9t foganty\u00faj\u00e1t egy ide\u00e1lis tapad\u00e1st biztos\u00edt\u00f3 fel\u00fcletet bor\u00edtja, amely garant\u00e1lja sz\u00e1modra a stabil \u00e9s a biztons\u00e1gos fog\u00e1st.<strong>\u2013 T\u00f6k\u00e9letes komfort:<\/strong> Ergonomikus kialak\u00edt\u00e1s\u00e1nak r\u00e9v\u00e9n k\u00e9nyelmesebb \u00e9rz\u00e9st ny\u00fajt, valamint jobban illeszkedik a kezeidhez is, \u00edgy azok kev\u00e9sb\u00e9 f\u00e1radnak el a hosszabb haszn\u00e1lat sor\u00e1n.<strong>\u2013 Strapab\u00edr\u00e1s kivitelez\u00e9s:<\/strong> Anyaghaszn\u00e1lat tekintet\u00e9ben nem csak a kiv\u00e1l\u00f3 min\u0151s\u00e9get tartott\u00e1k szem el\u0151tt a tervez\u0151k, hanem az ellen\u00e1ll\u00f3s\u00e1got is. Ez\u00e9rt kiz\u00e1r\u00f3lag tart\u00f3s, massz\u00edv anyagok jellemzik.<strong>HASZN\u00c1LAT \u00c9S BIZTONS\u00c1GI EL\u0150\u00cdR\u00c1SOK<\/strong>Az ugr\u00e1l\u00f3k\u00f6t\u00e9l biztons\u00e1gos \u00e9s hat\u00e9kony haszn\u00e1lat\u00e1hoz \u00e9rdemes n\u00e9h\u00e1ny fontos el\u0151\u00edr\u00e1st betartanod!<\/p>\n<ol>\n<li>Minden haszn\u00e1lat el\u0151tt gy\u0151z\u0151dj meg arr\u00f3l, hogy a foganty\u00fak \u00e9s a k\u00f6t\u00e9l is <strong>s\u00e9r\u00fcl\u00e9smentes, edz\u00e9shez alkalmas<\/strong> \u00e1llapotban van!<\/li>\n<li>Csak <strong>akad\u00e1lymentes k\u00f6rnyezetben haszn\u00e1ld<\/strong>, bizonyosodj meg r\u00f3la, hogy elegend\u0151 hely \u00e1ll rendelkez\u00e9sedre!<\/li>\n<li><strong>Tartsd tiszt\u00e1n<\/strong> rendszeresen, foganty\u00fait id\u0151nk\u00e9nt egy nedves kend\u0151vel t\u00f6r\u00f6lgesd \u00e1t!<\/li>\n<\/ol>\n<p><strong>FIZIKAI JELLEMZ\u0150I<\/strong>A fitness ugr\u00e1l\u00f3k\u00f6t\u00e9l sz\u00edne fekete, anyaga kiv\u00e1l\u00f3 min\u0151s\u00e9g\u0171, <strong>er\u0151s PVC<\/strong>. Teljes Hossza <strong>2,8 m<\/strong>, amely ig\u00e9ny szerint r\u00f6videbbre \u00e1ll\u00edthat\u00f3.Mi\u00e9rt is v\u00e1rn\u00e1l, rendeld meg m\u00e9g ma, hiszen profi ugr\u00e1l\u00f3k\u00f6tel\u00fcnkkel a fejl\u0151d\u00e9s gyerekj\u00e1t\u00e9k lesz sz\u00e1modra!\u2013 Sz\u00edn: fekete\u2013 Anyag: PVC\u2013 Hossz\u00fas\u00e1g: 2,8 m\u00e9ter\u2013 1 db fitness ugr\u00e1l\u00f3k\u00f6t\u00e9lBeleunt\u00e1l m\u00e1r a sil\u00e1ny min\u0151s\u00e9g\u0171 ugr\u00e1l\u00f3k\u00f6telekbe?J\u00f3l j\u00f6nne egy praktikus eszk\u00f6z, akkor is, amikor csak 5 perced van edzeni?Amennyiben mindk\u00e9t k\u00e9rd\u00e9sedre igen a v\u00e1laszod, akkor ez a PVC anyagb\u00f3l k\u00e9sz\u00fclt ugr\u00e1l\u00f3k\u00f6t\u00e9l a te t\u00f6k\u00e9letes sportt\u00e1rsad. Strapab\u00edr\u00f3, massz\u00edv kivitelez\u00e9s\u00e9nek k\u00f6sz\u00f6nhet\u0151en hossz\u00fa ideig sz\u00e1m\u00edthatsz r\u00e1, r\u00e1ad\u00e1sul egy k\u00e9zit\u00e1sk\u00e1ban is k\u00f6nnyed\u00e9n elf\u00e9r, \u00edgy ott \u00e9s akkor kapod el\u0151, ahol \u00e9s amikor kedved tartja!Umbro fitness ugr\u00e1l\u00f3k\u00f6t\u00e9lUniverz\u00e1lis sporteszk\u00f6zEdz\u00e9s b\u00e1rhol \u00e9s b\u00e1rmikorMilyen el\u0151nyei vannak?<\/p>\n<ul>\n<li>\u00c1ll\u00edthat\u00f3 hossz\u00fas\u00e1g<\/li>\n<li>Extra er\u0151s anyag<\/li>\n<li>Ergonomikus foganty\u00fak<\/li>\n<\/ul>\n<p>Rendeld meg most a term\u00e9ket \u00e9s ugorj az \u00e1ll\u00f3k\u00e9pess\u00e9ged k\u00f6vetkez\u0151 szintj\u00e9re!MegveszemEz\u00e9rt fogod szeretni a term\u00e9ket!Az al\u00e1bbi k\u00e9t saj\u00e1toss\u00e1g garant\u00e1ltan elnyeri a tetsz\u00e9sedSz\u00e9lesk\u00f6r\u0171 alkalmazhat\u00f3s\u00e1gAlkalmas mindenf\u00e9le edz\u00e9sfajt\u00e1hoz, bele\u00e9rtve a kardio edz\u00e9st, \u00e1ll\u00f3k\u00e9pess\u00e9g-fejleszt\u00e9st, koo<\/p>\n","protected":false},"excerpt":{"rendered":"<p>Le\u00edr\u00e1sTulajdons\u00e1gokTartoz\u00e9kokTippek, tr\u00fckk\u00f6kUgorj az eg\u00e9szs\u00e9ges \u00e9letm\u00f3d k\u00f6vetkez\u0151 szintj\u00e9re a fitness ugr\u00e1l\u00f3k\u00f6t\u00e9l seg\u00edts\u00e9g\u00e9vel! Anyaga szinte ny\u0171hetetlen, k\u00f6nnyed\u00e9n elf\u00e9r a t\u00e1sk\u00e1dban, s\u00falya pehely \u00e9s m\u00e9gis az eg\u00e9sz tested megdolgoztatja. Kell enn\u00e9l t\u00f6bb? Aligha!A FITNESS UGR\u00c1L\u00d3K\u00d6T\u00c9L J\u00d3T\u00c9KONY HAT\u00c1SAITudtad, hogy az ugr\u00e1l\u00f3k\u00f6t\u00e9llel t\u00f6rt\u00e9n\u0151 mozg\u00e1s nemcsak az \u00e1ll\u00f3k\u00e9pess\u00e9gedet fejleszti, hanem j\u00f3 hat\u00e1ssal van agym\u0171k\u00f6d\u00e9sedre is? Az ugr\u00e1l\u00e1s olyan mozg\u00e1sforma, amely \u00f6sszpontos\u00edt\u00e1st [&hellip;]<\/p>\n","protected":false},"featured_media":475938,"template":"","meta":{"_acf_changed":false},"product_brand":[],"product_cat":[1350,3374],"product_tag":[],"class_list":["post-475937","product","type-product","status-publish","has-post-thumbnail","product_cat-egeszseg","product_cat-home-sporteszkozok","first","instock","product-type-external"],"acf":[],"_links":{"self":[{"href":"https:\/\/horgaszhely.hu\/hun\/wp-json\/wp\/v2\/product\/475937","targetHints":{"allow":["GET"]}}],"collection":[{"href":"https:\/\/horgaszhely.hu\/hun\/wp-json\/wp\/v2\/product"}],"about":[{"href":"https:\/\/horgaszhely.hu\/hun\/wp-json\/wp\/v2\/types\/product"}],"wp:featuredmedia":[{"embeddable":true,"href":"https:\/\/horgaszhely.hu\/hun\/wp-json\/wp\/v2\/media\/475938"}],"wp:attachment":[{"href":"https:\/\/horgaszhely.hu\/hun\/wp-json\/wp\/v2\/media?parent=475937"}],"wp:term":[{"taxonomy":"product_brand","embeddable":true,"href":"https:\/\/horgaszhely.hu\/hun\/wp-json\/wp\/v2\/product_brand?post=475937"},{"taxonomy":"product_cat","embeddable":true,"href":"https:\/\/horgaszhely.hu\/hun\/wp-json\/wp\/v2\/product_cat?post=475937"},{"taxonomy":"product_tag","embeddable":true,"href":"https:\/\/horgaszhely.hu\/hun\/wp-json\/wp\/v2\/product_tag?post=475937"}],"curies":[{"name":"wp","href":"https:\/\/api.w.org\/{rel}","templated":true}]}}