{"id":475941,"date":"2026-08-29T17:05:49","date_gmt":"2026-08-29T15:05:49","guid":{"rendered":"https:\/\/horgaszhely.hu\/hun\/termek\/mehsejt-szerkezetu-gerinckimelo-uloparna-a-konnyed-fajdalommentes-ulesert-kerek-forma\/"},"modified":"2026-08-29T17:05:59","modified_gmt":"2026-08-29T15:05:59","slug":"mehsejt-szerkezetu-gerinckimelo-uloparna-a-konnyed-fajdalommentes-ulesert-kerek-forma","status":"publish","type":"product","link":"https:\/\/horgaszhely.hu\/hun\/termek\/mehsejt-szerkezetu-gerinckimelo-uloparna-a-konnyed-fajdalommentes-ulesert-kerek-forma\/","title":{"rendered":"M\u00e9hsejt szerkezet\u0171, gerinck\u00edm\u00e9l\u0151 \u00fcl\u0151p\u00e1rna a k\u00f6nnyed, f\u00e1jdalommentes \u00fcl\u00e9s\u00e9rt &#8211; kerek forma"},"content":{"rendered":"<p>Le\u00edr\u00e1sTulajdons\u00e1gokTartoz\u00e9kokTippek, tr\u00fckk\u00f6kAz \u00fcl\u00e9s ne legyen t\u00f6bb\u00e9 szenved\u00e9s, vedd a napi akad\u00e1lyokat f\u00e1jdalommentesen \u00e9s k\u00f6nnyed\u00e9n! A m\u00e9hsejt szerkezet\u0171, gerinck\u00edm\u00e9l\u0151 \u00fcl\u0151p\u00e1rna seg\u00edts\u00e9g\u00e9vel, ezent\u00fal <strong>k\u00e9nyelmesen \u00fclhetsz, ak\u00e1r egy kir\u00e1ly<\/strong>, feladatodra pedig \u00fagy koncentr\u00e1lhatsz, mint egy seb\u00e9sz, aki \u00e9ppen oper\u00e1l.<strong>TUDTAD-E?<\/strong>Az <strong>\u00fcl\u0151munka sor\u00e1n a gerinc folyamatos nyom\u00e1s alatt \u00e1ll, ami h\u00e1t-, nyak- \u00e9s der\u00e9kf\u00e1jdalmakhoz vezethet<\/strong>, hossz\u00fa t\u00e1von pedig a kr\u00f3nikus gerincprobl\u00e9m\u00e1k kialakul\u00e1s\u00e1hoz is hozz\u00e1j\u00e1rulhat. A kev\u00e9s mozg\u00e1s cs\u00f6kkenti az izomt\u00f3nust \u00e9s negat\u00edvan befoly\u00e1solja a testtart\u00e1st, amely szint\u00e9n hozz\u00e1j\u00e1rul a sz\u00edv- \u00e9s \u00e9rrendszeri betegs\u00e9gek magasabb kock\u00e1zat\u00e1hoz. Egy j\u00f3l megv\u00e1lasztott \u00fcl\u0151alkalmatoss\u00e1g, mint p\u00e9ld\u00e1ul a <strong>gerinck\u00edm\u00e9l\u0151 \u00fcl\u0151p\u00e1rna, seg\u00edthet enyh\u00edteni a nyom\u00e1spontokat, jav\u00edtja a testtart\u00e1st \u00e9s el\u0151seg\u00edti a jobb v\u00e9rkering\u00e9st<\/strong>, cs\u00f6kkentve ezzel az eg\u00e9szs\u00e9g\u00fcgyi kock\u00e1zatokat.<strong>A GERINCK\u00cdM\u00c9L\u0150 \u00dcL\u0150P\u00c1RNA J\u00d3T\u00c9KONY HAT\u00c1SAI<\/strong>A term\u00e9k folyamatos alkalmaz\u00e1s\u00e1val az al\u00e1bbi el\u0151ny\u00f6ket tapasztalhatod:\u2013 <strong>enyh\u00edti a gerincre \u00e9s a farokcsontra nehezed\u0151 nyom\u00e1st<\/strong>, cs\u00f6kkentve ezzel a h\u00e1t- \u00e9s der\u00e9kf\u00e1jdalmat\u2013 <strong>el\u0151seg\u00edti a helyes testtart\u00e1st<\/strong>, t\u00e1mogatva a gerinc term\u00e9szetes \u00edv\u00e9t\u2013 <strong>jav\u00edtja a v\u00e9rkering\u00e9st az \u00fcl\u0151fel\u00fcleten<\/strong>, megakad\u00e1lyozva a v\u00e9r pang\u00e1s\u00e1t az als\u00f3 v\u00e9gtagokban\u2013 <strong>n\u00f6veli a komfort\u00e9rzetet<\/strong> hosszabb id\u0151n kereszt\u00fcl t\u00f6rt\u00e9n\u0151 \u00fcl\u00e9s sor\u00e1n is\u2013 <strong>seg\u00edti a h\u0151szab\u00e1lyoz\u00e1st<\/strong>, szell\u0151z\u00e9st biztos\u00edtva, ami h\u0171v\u00f6sebb \u00e9s sz\u00e1razabb \u00e9rz\u00e9st ad az \u00fcl\u0151fel\u00fcleten<strong>EL\u0150NY\u00d6S TULAJDONS\u00c1GOK<\/strong>A gerinck\u00edm\u00e9l\u0151 \u00fcl\u0151p\u00e1rna szerkezete \u00e9s formavil\u00e1ga a k\u00f6vetkez\u0151 saj\u00e1toss\u00e1gokkal vezet be a komfortos \u00fcl\u00e9s vil\u00e1g\u00e1ba.<strong>\u2013 Azonnali komfort \u00e9s t\u00e1mogat\u00e1s:<\/strong> Az \u00fcl\u0151p\u00e1rna r\u00f6gt\u00f6n enyh\u00fcl\u00e9st ny\u00fajt, \u00e9s seg\u00edt cs\u00f6kkenteni az \u00fcl\u00e9s okozta f\u00e1jdalmakat, kellemetlens\u00e9geket.<strong>\u2013 M\u00e9hsejt szerkezet:<\/strong> A term\u00e9ken tal\u00e1lhat\u00f3 apr\u00f3 r\u00e9sek, valamint a k\u00f6zep\u00e9n tal\u00e1lhat\u00f3 lyuk optim\u00e1lis leveg\u0151 \u00e1raml\u00e1st biztos\u00edtanak, \u00edgy cs\u00f6kkentve az izzad\u00e1s es\u00e9ly\u00e9t, n\u00f6velve a komfort\u00e9rzetet.<strong>\u2013 H\u0151elvezet\u00e9s:<\/strong> Az el\u0151bb eml\u00edtett komfort\u00e9rzetet a zsel\u00e9s, szilikon anyag tov\u00e1bb n\u00f6veli, ugyanis kiv\u00e1l\u00f3an elvezeti a h\u0151t, amely a ny\u00e1ri nagy melegben h\u0171s\u00edt\u0151 \u00e9rz\u00e9st biztos\u00edt.<strong>\u2013 Strapab\u00edr\u00f3 anyag:<\/strong> A gerinck\u00edm\u00e9l\u0151 \u00fcl\u0151p\u00e1rna tart\u00f3s szilikonb\u00f3l k\u00e9sz\u00fclt, amely ellen\u00e1ll a mindennapi haszn\u00e1lat okozta kop\u00e1snak \u00e9s szakad\u00e1snak, r\u00e1ad\u00e1sul rugalmass\u00e1g\u00e1t is hossz\u00fa ideig meg\u0151rzi.<strong>\u2013 Univerz\u00e1lis illeszked\u00e9s:<\/strong> Anyag\u00e1b\u00f3l \u00e9s form\u00e1j\u00e1b\u00f3l fakad\u00f3an kiv\u00e1l\u00f3an illeszkedik a k\u00fcl\u00f6nb\u00f6z\u0151 t\u00edpus\u00fa \u00fcl\u0151fel\u00fcletekhez, legyen sz\u00f3 irodai sz\u00e9kr\u0151l, aut\u00f3\u00fcl\u00e9sr\u0151l vagy ak\u00e1r egy k\u00fclt\u00e9ri padr\u00f3l.<strong>\u2013 Egyszer\u0171 tiszt\u00edt\u00e1s:<\/strong> Maga a p\u00e1rna egyszer\u0171en, langyos, szappanos v\u00edzzel tiszt\u00edthat\u00f3, a huzat pedig levehet\u0151 \u00e9s mos\u00f3g\u00e9pben moshat\u00f3, ez\u00e1ltal mindig tiszta \u00e9s higi\u00e9nikus maradhat.<strong>\u2013 Kompakt kialak\u00edt\u00e1s:<\/strong> S\u00falya k\u00f6nnyed, valamint kis m\u00e9retre \u00f6sszehajthat\u00f3, ez\u00e1ltal gond n\u00e9lk\u00fcl t\u00e1rolhat\u00f3 \u00e9s b\u00e1rhol alkalmazhat\u00f3.<strong>HASZN\u00c1LATI TIPPEK<\/strong>Az optim\u00e1lis hat\u00e1s \u00e9s a p\u00e1rna hosszabb \u00e9lettartam\u00e1nak \u00e9rdek\u00e9ben, \u00e9rdemes figyelni az al\u00e1bbi intelmekre:\u2013 Gy\u0151z\u0151dj meg r\u00f3la, hogy a p\u00e1rna <strong>mindig a sz\u00e9k k\u00f6zep\u00e9n helyezkedik el<\/strong>, ugyanis \u00edgy tudja biztos\u00edtani a maxim\u00e1lis t\u00e1mogat\u00e1st \u00e9s k\u00e9nyelmet!\u2013 Kiz\u00e1r\u00f3lag a <strong>gy\u00e1rt\u00f3 \u00e1ltal le\u00edrt haszn\u00e1lati \u00e9s tiszt\u00edt\u00e1si \u00fatmutat\u00f3t k\u00f6vesd<\/strong>!\u2013 A maxim\u00e1lis k\u00e9nyelem \u00e9s a hossz\u00fa \u00e9lettartam \u00e9rdek\u00e9ben <strong>minden haszn\u00e1lat el\u0151tt ellen\u0151rizd a p\u00e1rna \u00e1llapot\u00e1t<\/strong>, nincs-e rajta szakad\u00e1s, szennyez\u0151d\u00e9s \u00e9s egyebek!\u2013 B\u00e1r rugalmass\u00e1g\u00e1t hossz\u00fa ideig meg\u0151rzi, fontos, hogy <strong>sok\u00e1ig ne t\u00e1rolj rajta neh\u00e9z t\u00e1rgyakat<\/strong>!<strong>FIZIKAI JELLEMZ\u0150K<\/strong>A p\u00e1rna anyaga <strong>hipoallerg\u00e9n szilikon<\/strong>, szerkezete pedig <strong>m\u00e9hsejt<\/strong> kialak\u00edt\u00e1s\u00fa. A p\u00e1rna sz\u00edne k\u00e9k, a huzat sz\u00edne fekete. \u00c1tm\u00e9r\u0151je 40 cm, magass\u00e1ga pedig 4 cm.Szerezd be m\u00e9g ma a term\u00e9ket, majd \u00fclj k\u00e9nyelmesen, f\u00e1jdalommentesen ameddig csak sz\u00fcks\u00e9ges!\u2013 Sz\u00edn: k\u00e9k\u2013 Anyag: szilikon\u2013 P\u00e1rna szerkezete: m\u00e9hsejt\u2013 Hipoallerg\u00e9n\u2013 M\u00e9ret:<\/p>\n<ul>\n<li>\u00e1tm\u00e9r\u0151: 40 cm<\/li>\n<li>magass\u00e1g: 4 cm<\/li>\n<\/ul>\n<p>\u2013 1 db gerinck\u00edm\u00e9l\u0151 \u00fcl\u0151p\u00e1rna\u2013 1 db moshat\u00f3 huzatEleged van a k\u00e9nyelmetlen sz\u00e9kb\u0151l \u00e9s a folyamatos f\u00e1jdalmakb\u00f3l?Szeretn\u00e9l v\u00e9gre k\u00e9nyelmesen \u00fclni eg\u00e9sz nap, mintha egy felh\u0151n siklan\u00e1l?A k\u00f6nnyed, m\u00e9hsejt kialak\u00edt\u00e1s\u00fa p\u00e1rn\u00e1nk szinte \u00e1trep\u00edt az eg\u00e9sz munkanapon, \u00fagy, hogy azt \u00e9szre sem veszed. Nincs t\u00f6bb mozgol\u00f3d\u00e1s, izzad\u00e1s, al\u00e1bbhagy a kellemetlen zsibbad\u00e1s, valamint a makacs h\u00e1t-, der\u00e9k- \u00e9s l\u00e1bf\u00e1jdalom. 100% koncentr\u00e1ci\u00f3, 0% zavar\u00f3 t\u00e9nyez\u0151!Gerinck\u00edm\u00e9l\u0151 \u00fcl\u0151p\u00e1rnaKomfortos \u00fcl\u00e9sKevesebb f\u00e1jdalomMilyen el\u0151nyei vannak?<\/p>\n<ul>\n<li>Cs\u00f6kkenti a gerincre nehezed\u0151 nyom\u00e1st<\/li>\n<li>Kiv\u00e1l\u00f3an szell\u0151zik meleg id\u0151ben is<\/li>\n<li>K\u00f6nnyed hordozhat\u00f3s\u00e1g<\/li>\n<\/ul>\n<p>Szerezd be m\u00e9g ma \u00e9s legyen az \u00fcl\u00e9s v\u00e9gre fel\u00fcd\u00fcl\u00e9s!MegveszemEz\u00e9rt fogod szeretni a term\u00e9ket!A lentebb olvashat\u00f3 k\u00e9t tulajdons\u00e1g garant\u00e1ltan elnyeri majd tetsz\u00e9sedStrapab\u00edr\u00f3 anyagA p\u00e1rna szilikonb\u00f3l k\u00e9sz\u00fcl<\/p>\n","protected":false},"excerpt":{"rendered":"<p>Le\u00edr\u00e1sTulajdons\u00e1gokTartoz\u00e9kokTippek, tr\u00fckk\u00f6kAz \u00fcl\u00e9s ne legyen t\u00f6bb\u00e9 szenved\u00e9s, vedd a napi akad\u00e1lyokat f\u00e1jdalommentesen \u00e9s k\u00f6nnyed\u00e9n! A m\u00e9hsejt szerkezet\u0171, gerinck\u00edm\u00e9l\u0151 \u00fcl\u0151p\u00e1rna seg\u00edts\u00e9g\u00e9vel, ezent\u00fal k\u00e9nyelmesen \u00fclhetsz, ak\u00e1r egy kir\u00e1ly, feladatodra pedig \u00fagy koncentr\u00e1lhatsz, mint egy seb\u00e9sz, aki \u00e9ppen oper\u00e1l.TUDTAD-E?Az \u00fcl\u0151munka sor\u00e1n a gerinc folyamatos nyom\u00e1s alatt \u00e1ll, ami h\u00e1t-, nyak- \u00e9s der\u00e9kf\u00e1jdalmakhoz vezethet, hossz\u00fa t\u00e1von pedig a kr\u00f3nikus [&hellip;]<\/p>\n","protected":false},"featured_media":475942,"template":"","meta":{"_acf_changed":false},"product_brand":[],"product_cat":[1350,3374],"product_tag":[],"class_list":["post-475941","product","type-product","status-publish","has-post-thumbnail","product_cat-egeszseg","product_cat-home-sporteszkozok","first","instock","product-type-external"],"acf":[],"_links":{"self":[{"href":"https:\/\/horgaszhely.hu\/hun\/wp-json\/wp\/v2\/product\/475941","targetHints":{"allow":["GET"]}}],"collection":[{"href":"https:\/\/horgaszhely.hu\/hun\/wp-json\/wp\/v2\/product"}],"about":[{"href":"https:\/\/horgaszhely.hu\/hun\/wp-json\/wp\/v2\/types\/product"}],"wp:featuredmedia":[{"embeddable":true,"href":"https:\/\/horgaszhely.hu\/hun\/wp-json\/wp\/v2\/media\/475942"}],"wp:attachment":[{"href":"https:\/\/horgaszhely.hu\/hun\/wp-json\/wp\/v2\/media?parent=475941"}],"wp:term":[{"taxonomy":"product_brand","embeddable":true,"href":"https:\/\/horgaszhely.hu\/hun\/wp-json\/wp\/v2\/product_brand?post=475941"},{"taxonomy":"product_cat","embeddable":true,"href":"https:\/\/horgaszhely.hu\/hun\/wp-json\/wp\/v2\/product_cat?post=475941"},{"taxonomy":"product_tag","embeddable":true,"href":"https:\/\/horgaszhely.hu\/hun\/wp-json\/wp\/v2\/product_tag?post=475941"}],"curies":[{"name":"wp","href":"https:\/\/api.w.org\/{rel}","templated":true}]}}