{"id":476014,"date":"2026-08-29T17:07:19","date_gmt":"2026-08-29T15:07:19","guid":{"rendered":"https:\/\/horgaszhely.hu\/hun\/termek\/havita-curcuma-forte-98\/"},"modified":"2026-08-29T17:07:28","modified_gmt":"2026-08-29T15:07:28","slug":"havita-curcuma-forte-98","status":"publish","type":"product","link":"https:\/\/horgaszhely.hu\/hun\/termek\/havita-curcuma-forte-98\/","title":{"rendered":"Havita Curcuma Forte 98%"},"content":{"rendered":"<p>Doboz tartalma\u00d6sszetev\u0151kHat\u00f3anyag tartalomMentess\u00e9gekHaszn\u00e1lat<\/p>\n<p style=\"text-align: center\">A Havita Curcuma Forte 90 db kapszul\u00e1t tartalmaz, amely a napi aj\u00e1nlott mennyis\u00e9get alkalmazva (1 db) 3 h\u00f3napra fedezi sz\u00e1modra a sz\u00fcks\u00e9ges adagot.<\/p>\n<p style=\"text-align: center\"><b>1 db kapszula tartalma: <\/b>kurkumin extraktum (98%), E-vitamin (d-alpha-Tocopherol)<\/p>\n<p style=\"text-align: center\">Adal\u00e9kanyag-mentesMesters\u00e9gessz\u00ednez\u00e9k-mentesGMO-mentes<\/p>\n<p style=\"text-align: center\">A maxim\u00e1lis hat\u00e1s \u00e9rdek\u00e9ben a Curcuma Forte kapszul\u00e1t a napi <strong>f\u0151\u00e9tkez\u00e9s k\u00f6zben<\/strong> vedd be!<\/p>\n<p>Szeretn\u00e9l \u00fajra mozg\u00e9kony, f\u00e1jdalommentes \u00e9letet?Lek\u00fczden\u00e9d a szervezetedben uralkod\u00f3 kr\u00f3nikus gyullad\u00e1st?A kurkum\u00e1b\u00f3l kivont kurkumin visszaadja sz\u00e1modra a f\u00e1jdalmak n\u00e9lk\u00fcli, testi \u00e9s szellemi \u00e9ps\u00e9gben meg\u00e9lt, csod\u00e1s l\u00e9tez\u00e9s \u00f6r\u00f6m\u00e9t. Az E-vitamin antioxid\u00e1ns tulajdons\u00e1g\u00e1val v\u00e1llvetve felk\u00e9sz\u00edtik szervezeted a k\u00f6rnyezet k\u00e1ros hat\u00e1sai ellen, vagy \u00e9ppen szor\u00edtj\u00e1k vissza az azok \u00e1ltal kiv\u00e1ltott betegs\u00e9geket..cls-1,.cls-2,.cls-3{fill:none;}.cls-2{stroke-width:2.33px;}.cls-2,.cls-3{stroke:#222140;}.cls-3{stroke-linecap:round;stroke-miterlimit:10;stroke-width:2.33px;}Havita Curcuma ForteNapi adag: 1 dbDoboz tartalma: 90 db kapszulaMit tartalmaz 1 db kapszula?<\/p>\n<ul>\n<li>Kurkumin extraktum (98%)<\/li>\n<li>E-vitamin (d-alpha-Tocopherol)<\/li>\n<\/ul>\n<p>EG\u00c9SZS\u00c9GES SZ\u00cdV &#8211; F\u00c1JDALOMMENTES \u00cdZ\u00dcLETEKMit tud a Havita Curcuma Forte?<strong>A Havita Curcuma Forte kapszul\u00e1ban tal\u00e1lhat\u00f3 kurkumin kivonat \u00e9s az E-vitamin antioxid\u00e1ns bombak\u00e9nt rad\u00edrozza ki szervezetedb\u0151l a hossz\u00fa ideje fenn\u00e1ll\u00f3 gyullad\u00e1sokat \u00e9s regener\u00e1lja sejtjeidet<\/strong>.Maga a kurkuma is csod\u00e1s hat\u00e1sokkal b\u00edr, azonban a kapszul\u00e1nkban tal\u00e1lhat\u00f3 <strong>kurkumin egy koncentr\u00e1lt kivonat, amely fokozott er\u0151t kifejtve k\u00fczd az eg\u00e9szs\u00e9ged\u00e9rt<\/strong>. Ehhez h\u00edvja seg\u00edts\u00e9g\u00fcl a j\u00f3t\u00e9kony <strong>E-vitamint<\/strong>, amellyel egym\u00e1st er\u0151s\u00edtve tiszt\u00edtj\u00e1k meg szervezeted \u00e9s energetiz\u00e1lj\u00e1k azt.A teljess\u00e9g ig\u00e9nye n\u00e9lk\u00fcl meg kell eml\u00edten\u00fcnk a legink\u00e1bb id\u0151skorban jelentkez\u0151 <strong>\u00edz\u00fcleti betegs\u00e9gekb\u0151l fakad\u00f3 neh\u00e9z mozg\u00e1st \u00e9s \u00e1lland\u00f3 f\u00e1jdalmakat<\/strong>. Ennek lek\u00fczd\u00e9s\u00e9ben a Curcuma Forte seg\u00edt a m\u00e1r eml\u00edtett gyullad\u00e1scs\u00f6kkent\u0151 \u00e9s antioxid\u00e1ns hat\u00e1sa \u00e1ltal. V\u00e9rh\u00edg\u00edt\u00f3 \u00e9s \u00e9rtiszt\u00edt\u00f3 tulajdons\u00e1gainak k\u00f6sz\u00f6nhet\u0151en pedig hozz\u00e1j\u00e1rul<strong> az \u00e9rrendszer kifog\u00e1stalan \u00e1llapot\u00e1nak meg\u0151rz\u00e9s\u00e9hez<\/strong>, \u00edgy a sz\u00edvet \u00e9s az agyat \u00e9rint\u0151 betegs\u00e9gek is megel\u0151zhet\u0151k, lek\u00fczdhet\u0151ek \u00e1ltala. A j\u00f3t\u00e9kony hat\u00e1sok list\u00e1j\u00e1t viszont a <strong>m\u00e9regtelen\u00edt\u0151, gyomorv\u00e9d\u0151, r\u00e1kmegel\u0151z\u0151, \u00f6reged\u00e9st lass\u00edt\u00f3, energetiz\u00e1l\u00f3, immuner\u0151s\u00edt\u0151, valamint b\u0151r-, \u00e9s hajmeg\u00faj\u00edt\u00f3<\/strong> tulajdons\u00e1gokkal tehetj\u00fck teljess\u00e9.<strong>Amennyiben szeretn\u00e9l hossz\u00fa id\u0151n \u00e1t gondtalan \u00e9s f\u00e1jdalommentes \u00e9letet \u00e9lni, esetleg lesz\u00e1moln\u00e1l a m\u00e1r fenn\u00e1ll\u00f3 betegs\u00e9gekkel, a Havita Curcuma Forte megkett\u0151z\u00f6tt ereje seg\u00edt\u0151 kezet ny\u00fajt neked!<\/strong>Ez kell nekem!Mire ny\u00fajt megold\u00e1st?Gyullad\u00e1scs\u00f6kkent\u00e9s100%Kering\u00e9si rendszer \u00e9s agyi funkci\u00f3k80%Immuner\u0151s\u00edt\u00e9s60%Sz\u00e9ps\u00e9g\u00e1pol\u00e1s40%<strong>1-2 h\u00e9t ut\u00e1n<\/strong> mozg\u00e1sod k\u00f6nnyebb lehet, magas v\u00e9rnyom\u00e1sod cs\u00f6kkenhet.<strong>3-4 h\u00e9t folyamatos szed\u00e9s ut\u00e1n<\/strong> energikusabbnak \u00e9rezheted magad, mem\u00f3ri\u00e1d javulhat.<strong>2-3 h\u00f3nap ut\u00e1n<\/strong>\u00a0immunrendszered meger\u0151s\u00f6dik, v\u00e9rkering\u00e9sed normaliz\u00e1l\u00f3dik, \u00edz\u00fcleti f\u00e1jdalmaid ak\u00e1r teljesen meg is sz\u0171nhetnek.Szedj kurkum\u00e1t naponta \u00e9s t\u00f6ltsd \u00e9leted eg\u00e9szs\u00e9gesen, mozg\u00e9konyan!MegveszemMit tartalmaz \u00e9s mi\u00e9rt fontos?K\u00e9t fantasztikus \u00f6sszetev\u0151, amely jav\u00edtja eg\u00e9szs\u00e9gi \u00e1llapotod \u00e9s seg\u00edt elker\u00fclni a betegs\u00e9geket.cls-1,.cls-2,.cls-3{fill:none;}.cls-2{stroke-width:2.33px;}.cls-2,.cls-3{stroke:#222140;}.cls-3{stroke-linecap:round;stroke-miterlimit:10;stroke-width:2.33px;}KurkuminA koncentr\u00e1lt kurkumin kivonat nagyobb hat\u00e9konys\u00e1ggal veszi fel a harcot a testedben uralkod\u00f3 gyullad\u00e1sokkal, er\u0151teljesebben m\u00e9regtelen\u00edti szervezeted, fokozza v\u00e9rkering\u00e9sed \u00e9s er\u0151s\u00edti immunrendszered..cls-1,.cls-2,.cls-3{fill:none;}.cls-2{stroke-width:2.33px;}.cls-2,.cls-3{stroke:#222140;}.cls-3{stroke-linecap:round;stroke-miterlimit:10;stroke-width:2.33px;}E-vitaminAntioxid\u00e1ns hat\u00e1sa r\u00e9v\u00e9n \u00e9s a kurkum\u00e1val kar\u00f6ltve seg\u00edtheti a daganatos betegs\u00e9gek ellen k\u00fczdelmet, lass\u00edthatja a sejtek \u00f6reged\u00e9s\u00e9t, energetiz\u00e1lja tested, valamint szebb\u00e9, eg\u00e9szs\u00e9gesebb\u00e9 var\u00e1zsolja hajad \u00e9s b\u0151r\u00f6d.Eml\u00e9keztet\u0151Bevetted m\u00e1r a napi kurkuma adagod?NemIgenV\u00e1s\u00e1rl\u00f3ink visszajelz\u00e9seiMagas d\u00f3zis, r\u00e1ad\u00e1sul nem sima kurkuma, hanem kurkumin, ami sokkal er\u0151sebb, jobb. Kiv\u00e1l\u00f3 \u00e1r-\u00e9rt\u00e9k ar\u00e1ny, j\u00f3 v\u00e9tel volt.Balogh Szil\u00e1rdJobbak a laboreredm\u00e9nyeim, jobban alszom, m\u00e1r szinte nem is f\u00e1jnak a t\u00e9rdeim, \u00e9s m\u00e9g a p\u00e1rommal is jobb a viszonyom, amit nem ecsetelek r\u00e9szletesen. Velem majdhogy csod\u00e1t tett.Nemes N\u00f3raIndiai utaz\u00e1som sor\u00e1n szerettem bele. Ott mindenhez haszn\u00e1lj\u00e1k. F\u0151znek vele, kokt\u00e9lokban is l\u00e1ttam, \u00e9s term\u00e9szetesen, mint gy\u00f3gyn\u00f6v\u00e9ny is alkalmazz\u00e1k. Mindennap fogyasztjuk a csal\u00e1ddal valamilyen form\u00e1ban, \u00e9s az\u00f3ta kevesebbet vagyunk betegek. A term\u00e9ketek hozza a v\u00e1rt eredm\u00e9nyt, mindenki szereti. Rendel\u00fcnk m\u00e9g.CsillaMin\u0151s\u00e9gi term\u00e9k. Nincs ut\u00f3\u00edz, nincs mell\u00e9khat<\/p>\n","protected":false},"excerpt":{"rendered":"<p>Doboz tartalma\u00d6sszetev\u0151kHat\u00f3anyag tartalomMentess\u00e9gekHaszn\u00e1lat A Havita Curcuma Forte 90 db kapszul\u00e1t tartalmaz, amely a napi aj\u00e1nlott mennyis\u00e9get alkalmazva (1 db) 3 h\u00f3napra fedezi sz\u00e1modra a sz\u00fcks\u00e9ges adagot. 1 db kapszula tartalma: kurkumin extraktum (98%), E-vitamin (d-alpha-Tocopherol) Adal\u00e9kanyag-mentesMesters\u00e9gessz\u00ednez\u00e9k-mentesGMO-mentes A maxim\u00e1lis hat\u00e1s \u00e9rdek\u00e9ben a Curcuma Forte kapszul\u00e1t a napi f\u0151\u00e9tkez\u00e9s k\u00f6zben vedd be! Szeretn\u00e9l \u00fajra mozg\u00e9kony, f\u00e1jdalommentes \u00e9letet?Lek\u00fczden\u00e9d [&hellip;]<\/p>\n","protected":false},"featured_media":476015,"template":"","meta":{"_acf_changed":false},"product_brand":[],"product_cat":[1350,3375],"product_tag":[],"class_list":["post-476014","product","type-product","status-publish","has-post-thumbnail","product_cat-egeszseg","product_cat-home-etrendkiegeszitok","first","instock","product-type-external"],"acf":[],"_links":{"self":[{"href":"https:\/\/horgaszhely.hu\/hun\/wp-json\/wp\/v2\/product\/476014","targetHints":{"allow":["GET"]}}],"collection":[{"href":"https:\/\/horgaszhely.hu\/hun\/wp-json\/wp\/v2\/product"}],"about":[{"href":"https:\/\/horgaszhely.hu\/hun\/wp-json\/wp\/v2\/types\/product"}],"wp:featuredmedia":[{"embeddable":true,"href":"https:\/\/horgaszhely.hu\/hun\/wp-json\/wp\/v2\/media\/476015"}],"wp:attachment":[{"href":"https:\/\/horgaszhely.hu\/hun\/wp-json\/wp\/v2\/media?parent=476014"}],"wp:term":[{"taxonomy":"product_brand","embeddable":true,"href":"https:\/\/horgaszhely.hu\/hun\/wp-json\/wp\/v2\/product_brand?post=476014"},{"taxonomy":"product_cat","embeddable":true,"href":"https:\/\/horgaszhely.hu\/hun\/wp-json\/wp\/v2\/product_cat?post=476014"},{"taxonomy":"product_tag","embeddable":true,"href":"https:\/\/horgaszhely.hu\/hun\/wp-json\/wp\/v2\/product_tag?post=476014"}],"curies":[{"name":"wp","href":"https:\/\/api.w.org\/{rel}","templated":true}]}}