{"id":476016,"date":"2026-08-29T17:07:19","date_gmt":"2026-08-29T15:07:19","guid":{"rendered":"https:\/\/horgaszhely.hu\/hun\/termek\/havita-curcuma-rovid-lejarat-2026-10-28\/"},"modified":"2026-08-29T17:07:30","modified_gmt":"2026-08-29T15:07:30","slug":"havita-curcuma-rovid-lejarat-2026-10-28","status":"publish","type":"product","link":"https:\/\/horgaszhely.hu\/hun\/termek\/havita-curcuma-rovid-lejarat-2026-10-28\/","title":{"rendered":"Havita Curcuma- r\u00f6vid lej\u00e1rat &#8211; 2026.10.28"},"content":{"rendered":"<p>Doboz tartalma\u00d6sszetev\u0151kHat\u00f3anyag tartalomMentess\u00e9gekHaszn\u00e1lat<\/p>\n<p style=\"text-align: center\">A Havita Curcuma 90 db kapszul\u00e1t tartalmaz, amely a napi aj\u00e1nlott mennyis\u00e9get alkalmazva (1 db) 3 h\u00f3napra fedezi sz\u00e1modra a sz\u00fcks\u00e9ges adagot.<\/p>\n<p style=\"text-align: center\"><b>1 db kapszula tartalma:\u00a0<\/b>kurkuma extraktum, E-vitamin (d-alpha-Tocopherol)<\/p>\n<p style=\"text-align: center\">Adal\u00e9kanyag-mentesMesters\u00e9gessz\u00ednez\u00e9k-mentesGMO-mentes<\/p>\n<p style=\"text-align: center\">A maxim\u00e1lis hat\u00e1s \u00e9rdek\u00e9ben a Curcuma kapszul\u00e1t a napi <strong>f\u0151\u00e9tkez\u00e9s k\u00f6zben<\/strong> vedd be!<\/p>\n<p>Lesz\u00e1moln\u00e1l a r\u00e9g\u00f3ta fenn\u00e1ll\u00f3 gyullad\u00e1sokkal?Szeretn\u00e9d eg\u00e9szs\u00e9ged m\u00e9g hossz\u00fa ideig meg\u0151r\u00edzni?A kurkuma \u00e9s az E-vitamin optim\u00e1lis kombin\u00e1ci\u00f3ja antioxid\u00e1ns hat\u00e1sa r\u00e9v\u00e9n sejtszinten sz\u00fcnteti meg a szervezetedben uralkod\u00f3 gyullad\u00e1st, valamint lass\u00edtja annak \u00f6reged\u00e9s\u00e9t. Ebb\u0151l fakad\u00f3an a kering\u00e9si rendszeredre, ment\u00e1lis \u00e1llapotodra \u00e9s \u00edz\u00fcleteidre is j\u00f3t\u00e9kony hat\u00e1st fejt ki, \u00edgy k\u00edv\u00fcl-bel\u00fcl v\u00e9dve eg\u00e9szs\u00e9ged..cls-1,.cls-2,.cls-3{fill:none;}.cls-2{stroke-width:2.33px;}.cls-2,.cls-3{stroke:#222140;}.cls-3{stroke-linecap:round;stroke-miterlimit:10;stroke-width:2.33px;}Havita CurcumaNapi adag: 1 dbDoboz tartalma: 90 db kapszulaMit tartalmaz 1 db kapszula?<\/p>\n<ul>\n<li>Kurkuma extraktum<\/li>\n<li>E-vitamin (d-alpha-Tocopherol)<\/li>\n<\/ul>\n<p>KEVESEBB GYULLAD\u00c1S &#8211; NORM\u00c1L V\u00c9RKERING\u00c9SMit tud a Havita Curcuma?A <strong>kurkuma<\/strong> m\u00e1r \u00f6nmag\u00e1ban egy sz\u00e9lesk\u00f6r\u0171, az eg\u00e9szs\u00e9gre sz\u00e1mos pozit\u00edv hat\u00e1st gyakorl\u00f3 gy\u00f3gyn\u00f6v\u00e9ny. A Havita Curcuma kapszul\u00e1ban tal\u00e1lhat\u00f3 <strong>E-vitaminnal<\/strong> kar\u00f6ltve viszont megkett\u0151z\u00f6tt hat\u00e9konys\u00e1ggal v\u00e9dik \u00e9s regener\u00e1lj\u00e1k tested, lelked tet\u0151t\u0151l-talpig.<strong>Legf\u0151bb tulajdons\u00e1guk az antioxid\u00e1ns \u00e9s gyullad\u00e1scs\u00f6kkent\u0151 hat\u00e1s<\/strong>. Legt\u00f6bb esetben sajnos a szervezetben fell\u00e9p\u0151 betegs\u00e9geket az oxidat\u00edv stressz, valamint a kr\u00f3nikus gyullad\u00e1sok okozz\u00e1k, amely ellen a kurkuma \u00e9s az E-vitamin eredm\u00e9nyesen l\u00e9p fel. Ezen saj\u00e1toss\u00e1gaik \u00e1ltal olyan tov\u00e1bbi pozit\u00edv hat\u00e1ssal rendelkeznek, mint a <strong>daganatos elv\u00e1ltoz\u00e1sok megel\u0151z\u00e9se<\/strong>, illetve azok lek\u00fczd\u00e9s\u00e9nek el\u0151seg\u00edt\u00e9se, <strong>sejtek \u00f6reged\u00e9s\u00e9nek lass\u00edt\u00e1sa<\/strong>, <strong>a sz\u00edv- \u00e9s \u00e9rrendszer v\u00e9delme<\/strong>, <strong>agyi funkci\u00f3k t\u00e1mogat\u00e1sa, immunrendszer er\u0151s\u00edt\u00e9se, em\u00e9szt\u0151rendszeri probl\u00e9m\u00e1k lek\u00fczd\u00e9se, \u00edz\u00fcletek f\u00e1jdalomcs\u00f6kkent\u00e9se, test m\u00e9regtelen\u00edt\u00e9se \u00e9s energetiz\u00e1l\u00e1sa, valamint a b\u0151r \u00e9s haj eg\u00e9szs\u00e9g\u00e9nek meg\u0151rz\u00e9se.<\/strong>A Havita Curcuma adal\u00e9kanyag-, sz\u00ednez\u00e9k-, \u00e9s gmo-mentes, term\u00e9szetes \u00f6sszetev\u0151i szintetikus anyagok n\u00e9lk\u00fcl seg\u00edtik szervezeted eg\u00e9szs\u00e9g\u00e9nek meg\u0151rz\u00e9s\u00e9t, vagy \u00e9ppen annak vissza\u00e1ll\u00edt\u00e1s\u00e1t.<strong>Amennyiben fontos sz\u00e1modra a hossz\u00fa \u00e9s akt\u00edv, betegs\u00e9gekt\u0151l mentes \u00e9let, nem tudunk jobbat aj\u00e1nlani, mint a Havita Curcuma \u00e9trendkieg\u00e9sz\u00edt\u0151 term\u00e9k\u00fcnket!<\/strong>Ez kell nekem!Mire ny\u00fajt megold\u00e1st?Gyullad\u00e1scs\u00f6kkent\u00e9s100%Kering\u00e9si rendszer \u00e9s agyi funkci\u00f3k80%Immuner\u0151s\u00edt\u00e9s60%Sz\u00e9ps\u00e9g\u00e1pol\u00e1s40%<strong>2-3 h\u00e9t ut\u00e1n<\/strong> \u00e9rezheted a gyullad\u00e1scs\u00f6kkent\u0151 hat\u00e1s els\u0151 jeleit, p\u00e9ld\u00e1ul az \u00edz\u00fcleteidben.<strong>1-2 h\u00f3nap folyamatos szed\u00e9s ut\u00e1n<\/strong> v\u00e9rkering\u00e9sed javulhat, amely a jobb mem\u00f3ri\u00e1ban \u00e9s normaliz\u00e1l\u00f3d\u00f3 v\u00e9rnyom\u00e1sban mutatkozhat.<strong>3 h\u00f3nap ut\u00e1n<\/strong> szervezeted er\u0151sebb\u00e9 v\u00e1lhat, a fentebb eml\u00edtett j\u00f3t\u00e9kony hat\u00e1sok \u00f6sszess\u00e9g\u00e9t \u00e9rezheted magadon.Rendeld meg most term\u00e9k\u00fcnket \u00e9s el\u0151zd meg a kr\u00f3nikus betegs\u00e9geket!MegveszemMit tartalmaz \u00e9s mi\u00e9rt fontos?A kapszul\u00e1ban tal\u00e1lhat\u00f3, al\u00e1bb is olvashat\u00f3 hat\u00f3anyagok t\u00f6k\u00e9letes kieg\u00e9sz\u00edt\u0151i egym\u00e1snak.cls-1,.cls-2,.cls-3{fill:none;}.cls-2{stroke-width:2.33px;}.cls-2,.cls-3{stroke:#222140;}.cls-3{stroke-linecap:round;stroke-miterlimit:10;stroke-width:2.33px;}KurkumaAz \u00e1jurv\u00e9da m\u00e1r \u00e9vezredek \u00f3ta alkalmazza antioxid\u00e1ns, gyullad\u00e1scs\u00f6kkent\u0151, a sz\u00edv eg\u00e9szs\u00e9g\u00e9t meg\u0151rz\u0151, valamint hat\u00e9kony bakt\u00e9rium-, gomba-, \u00e9s v\u00edrusellenes hat\u00e1sai miatt..cls-1,.cls-2,.cls-3{fill:none;}.cls-2{stroke-width:2.33px;}.cls-2,.cls-3{stroke:#222140;}.cls-3{stroke-linecap:round;stroke-miterlimit:10;stroke-width:2.33px;}E-vitaminA kurkum\u00e1val kar\u00f6ltve felveszi a harcot a makacs gyullad\u00e1sokkal, er\u0151s\u00edti az immunrendszert valamint v\u00e9di a sejth\u00e1rty\u00e1t, ez\u00e1ltal pedig lass\u00edtja az \u00f6reged\u00e9si folyamatokat.Eml\u00e9keztet\u0151Bevetted m\u00e1r a napi kurkuma adagod?NemIgenV\u00e1s\u00e1rl\u00f3ink visszajelz\u00e9seiKir\u00e1ly cucc. Sokat enyh\u00edtett az \u00edz\u00fcleti f\u00e1jdalmaimon, r\u00e1ad\u00e1sul mintha t\u00f6bb energi\u00e1m is lenne t\u0151le. Azt mondj\u00e1k megel\u0151z\u00e9sre is j\u00f3, \u00edgy, ha teljesen rendbe j\u00f6v\u00f6k, akkor is szedni fogom.M. K\u00e1rolyAmi\u00f3ta szedem sokkal jobb a v\u00e9rk\u00e9pem. Sajnos \u00e9vek \u00f3ta k\u00fcszk\u00f6dtem t\u00f6bbf\u00e9le \u00e9rrendszeri probl\u00e9m\u00e1val, de a term\u00e9ketek seg\u00edtett. K\u00f6sz\u00f6n\u00f6m nektek.Sz\u00e1sz D\u00f3raSajnos a csal\u00e1dban t\u00f6bben is megk\u00fczd\u00f6ttek daganatos betegs\u00e9gekkel, \u00e9n pedig szeretn\u00e9m elker\u00fclni. Az ajurv\u00e9d\u00e1ban nem hi\u00e1ba szerepel m\u00e1r t\u00f6bb \u00e9vsz\u00e1zada. Ha ott Indi\u00e1ban bev\u00e1lt, akkor nekem is be fog.O. EmeseEl\u00e9g s\u0171r\u0171 volt a v\u00e9rem, \u00edgy v\u00e9rh\u00edg\u00edt\u00f3 hat\u00e1sa miatt szedtem. Ugye ennek a t\u00fcnetei a magas v\u00e9rnyom\u00e1s \u00e9s a fejf\u00e1j\u00e1s&#8230;volt. R\u00f6vid id\u0151n bel\u00fcl cs\u00f6kkentette ezen a t\u00fcneteimet. N\u00e1lam d\u00edjnyertes term\u00e9k. H\u00e1l\u00e1s k\u00f6sz\u00f6net.ZoliA helyi f\u00fcves b\u00e1csi aj\u00e1nlotta, mivel szinte mindig b<\/p>\n","protected":false},"excerpt":{"rendered":"<p>Doboz tartalma\u00d6sszetev\u0151kHat\u00f3anyag tartalomMentess\u00e9gekHaszn\u00e1lat A Havita Curcuma 90 db kapszul\u00e1t tartalmaz, amely a napi aj\u00e1nlott mennyis\u00e9get alkalmazva (1 db) 3 h\u00f3napra fedezi sz\u00e1modra a sz\u00fcks\u00e9ges adagot. 1 db kapszula tartalma:\u00a0kurkuma extraktum, E-vitamin (d-alpha-Tocopherol) Adal\u00e9kanyag-mentesMesters\u00e9gessz\u00ednez\u00e9k-mentesGMO-mentes A maxim\u00e1lis hat\u00e1s \u00e9rdek\u00e9ben a Curcuma kapszul\u00e1t a napi f\u0151\u00e9tkez\u00e9s k\u00f6zben vedd be! Lesz\u00e1moln\u00e1l a r\u00e9g\u00f3ta fenn\u00e1ll\u00f3 gyullad\u00e1sokkal?Szeretn\u00e9d eg\u00e9szs\u00e9ged m\u00e9g hossz\u00fa ideig [&hellip;]<\/p>\n","protected":false},"featured_media":476017,"template":"","meta":{"_acf_changed":false},"product_brand":[],"product_cat":[1350,3375],"product_tag":[],"class_list":["post-476016","product","type-product","status-publish","has-post-thumbnail","product_cat-egeszseg","product_cat-home-etrendkiegeszitok","first","instock","product-type-external"],"acf":[],"_links":{"self":[{"href":"https:\/\/horgaszhely.hu\/hun\/wp-json\/wp\/v2\/product\/476016","targetHints":{"allow":["GET"]}}],"collection":[{"href":"https:\/\/horgaszhely.hu\/hun\/wp-json\/wp\/v2\/product"}],"about":[{"href":"https:\/\/horgaszhely.hu\/hun\/wp-json\/wp\/v2\/types\/product"}],"wp:featuredmedia":[{"embeddable":true,"href":"https:\/\/horgaszhely.hu\/hun\/wp-json\/wp\/v2\/media\/476017"}],"wp:attachment":[{"href":"https:\/\/horgaszhely.hu\/hun\/wp-json\/wp\/v2\/media?parent=476016"}],"wp:term":[{"taxonomy":"product_brand","embeddable":true,"href":"https:\/\/horgaszhely.hu\/hun\/wp-json\/wp\/v2\/product_brand?post=476016"},{"taxonomy":"product_cat","embeddable":true,"href":"https:\/\/horgaszhely.hu\/hun\/wp-json\/wp\/v2\/product_cat?post=476016"},{"taxonomy":"product_tag","embeddable":true,"href":"https:\/\/horgaszhely.hu\/hun\/wp-json\/wp\/v2\/product_tag?post=476016"}],"curies":[{"name":"wp","href":"https:\/\/api.w.org\/{rel}","templated":true}]}}