{"id":476022,"date":"2026-09-06T01:00:51","date_gmt":"2026-09-05T23:00:51","guid":{"rendered":"https:\/\/horgaszhely.hu\/hun\/termek\/kompresszios-bokarogzito-a-fajdalom-enyhitesehez-serulesek-megelozesehez\/"},"modified":"2026-09-06T01:00:52","modified_gmt":"2026-09-05T23:00:52","slug":"kompresszios-bokarogzito-a-fajdalom-enyhitesehez-serulesek-megelozesehez","status":"publish","type":"product","link":"https:\/\/horgaszhely.hu\/hun\/termek\/kompresszios-bokarogzito-a-fajdalom-enyhitesehez-serulesek-megelozesehez\/","title":{"rendered":"Kompresszi\u00f3s bokar\u00f6gz\u00edt\u0151 a f\u00e1jdalom enyh\u00edt\u00e9s\u00e9hez, s\u00e9r\u00fcl\u00e9sek megel\u0151z\u00e9s\u00e9hez"},"content":{"rendered":"<p>Le\u00edr\u00e1sTulajdons\u00e1gokTartoz\u00e9kokTippek, tr\u00fckk\u00f6kT\u00f6r\u00f6ld ki a f\u00e1jdalom kifejez\u00e9st a sz\u00f3t\u00e1radb\u00f3l, \u00e9s mozogj \u00fagy, mint egy maratonfut\u00f3! <strong>A kompresszi\u00f3s bokar\u00f6gz\u00edt\u0151 seg\u00edts\u00e9g\u00e9vel visszanyerheted r\u00e9gi \u00e9leted, a s\u00e9ta, az edz\u00e9s, vagy a kert\u00e9szked\u00e9s ism\u00e9t \u00f6nfeledt \u00e9s szenved\u00e9smentes lehet.<\/strong>Az emberi test rendk\u00edv\u00fcl bonyolult, \u00e1m szinte t\u00f6k\u00e9letesen \u00f6sszehangolt fel\u00e9p\u00edt\u00e9ssel rendelkezik. Az izmok, \u00edz\u00fcletek, csontok egy\u00fcttm\u0171k\u00f6d\u00e9s\u00e9b\u0151l fakad\u00f3an tudunk gond n\u00e9lk\u00fcl j\u00e1rni, guggolni, hajolni, mozgatni v\u00e9gtagjainkat. Azonban, ha ez az \u00f6sszhang megsz\u0171nik egy-egy testr\u00e9sz s\u00e9r\u00fcl\u00e9se, betegs\u00e9ge miatt, akkor nem tudjuk ell\u00e1tni 100%-ban magunkat, mindennapjaink tort\u00far\u00e1v\u00e1 v\u00e1lhatnak. Sajnos ez megt\u00f6rt\u00e9nhet a bok\u00e1val \u00e9s annak \u00edz\u00fcleteivel is egy rossz l\u00e9p\u00e9s vagy sportbaleset miatt. Ez\u00e9rt a megel\u0151z\u00e9s, vagy a m\u00e1r megl\u00e9v\u0151 s\u00e9r\u00fcl\u00e9s mihamarabbi gy\u00f3gyul\u00e1sa \u00e9rdek\u00e9ben aj\u00e1nlott viselni a kompresszi\u00f3s bokar\u00f6gz\u00edt\u0151t.<strong>BOKAR\u00d6GZ\u00cdT\u0150 M\u0170K\u00d6D\u00c9SI ELVE<\/strong>P\u00e1ratlan hat\u00e1sait 3 kiv\u00e1l\u00f3 tulajdons\u00e1g\u00e1nak egy\u00fcttes hat\u00e1sa eredm\u00e9nyezi. Ezek pedig nem m\u00e1sok, mint a kompresszi\u00f3s, meleg\u00edt\u0151 \u00e9s stabiliz\u00e1l\u00f3 hat\u00e1s. <strong>A kompresszi\u00f3nak k\u00f6sz\u00f6nhet\u0151en fokoz\u00f3dik a v\u00e9r- \u00e9s nyirokkering\u00e9s<\/strong> a boka k\u00f6rny\u00e9k\u00e9n, \u00edgy t\u00f6bb t\u00e1panyag jut az adott ter\u00fcletre, amely gyors\u00edtja a regener\u00e1ci\u00f3t, cs\u00f6kkenti a f\u00e1jdalmat \u00e9s a gyullad\u00e1sokat. A r\u00f6gz\u00edt\u0151 \u00e1ltal biztos\u00edtott plusz <strong>meleg szint\u00e9n hozz\u00e1j\u00e1rul a gy\u00f3gyul\u00e1s folyamat\u00e1hoz<\/strong>, valamint rugalmasabb\u00e1 teszi az izmokat, v\u00e9dve azokat az \u00fajabb s\u00e9r\u00fcl\u00e9sekt\u0151l. A spandex anyag <strong>stabilan tartja az izmokat, \u00edz\u00fcleteket, csontokat<\/strong>, amely szint\u00e9n v\u00e9d a tov\u00e1bbi k\u00e1rosod\u00e1sokt\u00f3l.<strong>A TERM\u00c9K EL\u0150NY\u00d6S TULAJDONS\u00c1GAI<\/strong>Fentebb le\u00edrtuk azon saj\u00e1toss\u00e1gokat, amelyek el\u0151seg\u00edtik a regener\u00e1l\u00f3d\u00e1st. Most n\u00e9zz\u00fck meg azokat a tulajdons\u00e1gokat, amelyek \u00e1ltal a bokar\u00f6gz\u00edt\u0151 viselete maxim\u00e1lis komfort\u00e9rzetet biztos\u00edt:<strong>\u2013 Tart\u00f3s anyag:<\/strong> A m\u00e1r eml\u00edtett spandex egy kiv\u00e1l\u00f3 anyag, amely nem csak magas szak\u00edt\u00f3szil\u00e1rds\u00e1ggal rendelkezik, de kop\u00e1s\u00e1ll\u00f3s\u00e1ga is kiv\u00e1l\u00f3, r\u00e1ad\u00e1sul j\u00f3l ny\u00fajthat\u00f3.<strong>\u2013 Optim\u00e1lis szell\u0151z\u00e9s:<\/strong> Remek leveg\u0151- \u00e9s p\u00e1ra\u00e1tereszt\u0151 k\u00e9pess\u00e9g\u00e9nek k\u00f6sz\u00f6nhet\u0151en nagyszer\u0171en \u00e1tengedi az esetlegesen keletkez\u0151 izzads\u00e1got, valamint megfelel\u0151 szell\u0151z\u00e9st biztos\u00edt a b\u0151rnek.<strong>\u2013 \u00c1ll\u00edthat\u00f3 er\u0151ss\u00e9g:<\/strong> A rugalmas szalagok \u00e9s az er\u0151s t\u00e9p\u0151z\u00e1rak biztos\u00edtj\u00e1k, hogy minden m\u00e9retnek, ig\u00e9nynek \u00e9s k\u00e9nyelmi szintnek megfeleljen a bokar\u00f6gz\u00edt\u0151. Ezzel egy id\u0151ben pedig stabilan tartanak, teh\u00e1t az, hogy leesik a l\u00e1badr\u00f3l szinte kiz\u00e1rt.<strong>\u2013 Szabad mozg\u00e1s, \u00e9szrev\u00e9tlen haszn\u00e1lat:<\/strong> Az eszk\u00f6z nem akad\u00e1lyoz aktu\u00e1lis tev\u00e9kenys\u00e9gedben, s\u0151t slim kivitelez\u00e9s\u00e9nek h\u00e1la, b\u00e1rmilyen \u00f6lt\u00f6zet al\u00e1 nyugodtan felveheted.<strong>FIZIKAI JELLEMZ\u0150I<\/strong>A term\u00e9k f\u0151k\u00e9nt spandex anyagb\u00f3l k\u00e9sz\u00fclt, de nejlon \u00e9s gumi is megtal\u00e1lhat\u00f3 benne. Sz\u00edne fekete \u00e9s z\u00f6ld. M\u00e9rete \u00e9s er\u0151ss\u00e9ge \u00e1ll\u00edthat\u00f3. S\u00falya k\u00f6r\u00fclbel\u00fcl 60 gramm.Amint l\u00e1thatod, kompresszi\u00f3s bokar\u00f6gz\u00edt\u0151 term\u00e9k\u00fcnk kiv\u00e1l\u00f3an alkalmazhat\u00f3 mindenf\u00e9le bok\u00e1t \u00e9rint\u0151 b\u00e1ntalmakra. <strong>Aj\u00e1nlott haszn\u00e1lni megel\u0151z\u00e9sre, kisebb-nagyobb f\u00e1jdalmak eset\u00e9n, vagy m\u0171t\u00e9t ut\u00e1ni rehabilit\u00e1ci\u00f3 sor\u00e1n<\/strong>, ak\u00e1rcsak t\u00e9rdr\u00f6gz\u00edt\u0151 \u00e9s csukl\u00f3r\u00f6gz\u00edt\u0151 eszk\u00f6zeinket.<strong>Szerezd be m\u00e9g ma term\u00e9k\u00fcnket \u00e9s add \u00e1t magad ism\u00e9t az \u00f6r\u00f6mteli mozg\u00e1s \u00e9lm\u00e9ny\u00e9nek!<\/strong>\u2013 Sz\u00edn: fekete \u00e9s z\u00f6ld\u2013 Anyag: spandex, nejlon \u00e9s gumi\u2013 M\u00e9ret: testreszabhat\u00f3\u2013 S\u00faly: ~60 g\u2013 1 db bokar\u00f6gz\u00edt\u0151J\u00f3 lenne ism\u00e9t k\u00f6nnyeden, akt\u00edvan t\u00f6lteni a mindennapokat?V\u00e9get vetn\u00e9l a gy\u00f6tr\u0151 bokaf\u00e1jdalomnak esetleg megg\u00e1toln\u00e1d kialakul\u00e1s\u00e1t?Massz\u00edv, \u00e1m m\u00e9gis k\u00e9nyelmes bokar\u00f6gz\u00edt\u0151nk melegen tart, valamint felpezsd\u00edti v\u00e9rkering\u00e9sedet, \u00edgy felgyors\u00edtja a gy\u00f3gyul\u00e1s folyamat\u00e1t. M\u00e1r az els\u0151 haszn\u00e1lat sor\u00e1n \u00e9rezheted j\u00f3t\u00e9kony hat\u00e1sait \u00e9s stabil tart\u00e1s\u00e1t, amelynek k\u00f6sz\u00f6nhet\u0151en mozg\u00e9konyabb lehetsz \u00e9s megel\u0151zheted az \u00fajabb s\u00e9r\u00fcl\u00e9seket.Kompresszi\u00f3s bokar\u00f6gz\u00edt\u0151Stabil tart\u00e1sK\u00e9nyelmes viseletMilyen el\u0151nyei vannak?<\/p>\n<ul>\n<li>Serkenti a v\u00e9rkering\u00e9st<\/li>\n<li>Enyh\u00edti a f\u00e1jdalmat<\/li>\n<li>Megel\u0151zheti a j\u00f6v\u0151beli s\u00e9r\u00fcl\u00e9seket<\/li>\n<\/ul>\n<p>Szerezd be m\u00e9g ma \u00e9s sz\u00e1molj le a k\u00ednz\u00f3 bokaf\u00e1jdalommal!MegveszemEz\u00e9rt fogod szeretni a term\u00e9ket!Lentebb \u00f6sszegy\u0171jt\u00f6tt\u00fck neked a bokar\u00f6gz\u00edt\u0151 k\u00e9t kiemelked\u0151 tulajdons\u00e1g\u00e1t\u00c9szrev\u00e9tlen haszn\u00e1latA m\u00e1r eml\u00edtett k\u00f6nny\u0171, b\u0151rh\u00f6z simul\u00f3 anyag\u00e1nak k\u00f6sz\u00f6nhet\u0151en szinte \u00e9szre sem veszed, hogy rajtad van. Nyugodtan hordhatod otthon, munk\u00e1ban vagy edz\u00e9sen, ak\u00e1r papucs haszn\u00e1lata mellett, vagy bakancsban.Szell\u0151z\u0151 anyagA s\u0171r\u0171n sz\u0151tt anyag sz\u00fcks\u00e9ges a stabil tart\u00e1shoz, de a tervez\u0151k figyeltek a maxim\u00e1lis komfort\u00e9rzetre, \u00edgy olyan \u00f6sszetev\u0151ket alkalmaztak, amelyek \u00e1teresztik a p\u00e1r\u00e1t, valamint kiv\u00e1l\u00f3 szell\u0151z\u00e9st biztos\u00edtanak a haszn\u00e1lat sor\u00e1n.V\u00e1s\u00e1rl\u00f3ink visszajelz\u00e9seiBokam\u0171t\u00e9tem ut\u00e1n kerestem valami pluszt a gy\u00f3gyszerek mellett, ami enyh\u00edti a f\u00e1jdalmam \u00e9s gyors\u00edtja a gy\u00f3gyul\u00e1st. Ekkor tal\u00e1ltam meg az oldalatokat \u00e9s ezt a bokar\u00f6gz\u00edt\u0151t. Nem csak olcs\u00f3 volt, de iszonyat k\u00e9nyelmes \u00e9s \u00e9rzem, hogy egyben van a bok\u00e1m, ami sokkal kevesebbet is sajog az\u00f3ta. J\u00f3 v\u00e9tel volt.Moln\u00e1r BenceAz id\u0151 vasfoga \u00e9rezteti mag\u00e1t az \u00edz\u00fcleteimben tet\u0151t\u0151l talpig. Mivel a a t\u00e9r<\/p>\n","protected":false},"excerpt":{"rendered":"<p>Le\u00edr\u00e1sTulajdons\u00e1gokTartoz\u00e9kokTippek, tr\u00fckk\u00f6kT\u00f6r\u00f6ld ki a f\u00e1jdalom kifejez\u00e9st a sz\u00f3t\u00e1radb\u00f3l, \u00e9s mozogj \u00fagy, mint egy maratonfut\u00f3! A kompresszi\u00f3s bokar\u00f6gz\u00edt\u0151 seg\u00edts\u00e9g\u00e9vel visszanyerheted r\u00e9gi \u00e9leted, a s\u00e9ta, az edz\u00e9s, vagy a kert\u00e9szked\u00e9s ism\u00e9t \u00f6nfeledt \u00e9s szenved\u00e9smentes lehet.Az emberi test rendk\u00edv\u00fcl bonyolult, \u00e1m szinte t\u00f6k\u00e9letesen \u00f6sszehangolt fel\u00e9p\u00edt\u00e9ssel rendelkezik. Az izmok, \u00edz\u00fcletek, csontok egy\u00fcttm\u0171k\u00f6d\u00e9s\u00e9b\u0151l fakad\u00f3an tudunk gond n\u00e9lk\u00fcl j\u00e1rni, guggolni, hajolni, [&hellip;]<\/p>\n","protected":false},"featured_media":476023,"template":"","meta":{"_acf_changed":false},"product_brand":[],"product_cat":[1350,3374],"product_tag":[],"class_list":["post-476022","product","type-product","status-publish","has-post-thumbnail","product_cat-egeszseg","product_cat-home-sporteszkozok","first","instock","product-type-external"],"acf":[],"_links":{"self":[{"href":"https:\/\/horgaszhely.hu\/hun\/wp-json\/wp\/v2\/product\/476022","targetHints":{"allow":["GET"]}}],"collection":[{"href":"https:\/\/horgaszhely.hu\/hun\/wp-json\/wp\/v2\/product"}],"about":[{"href":"https:\/\/horgaszhely.hu\/hun\/wp-json\/wp\/v2\/types\/product"}],"wp:featuredmedia":[{"embeddable":true,"href":"https:\/\/horgaszhely.hu\/hun\/wp-json\/wp\/v2\/media\/476023"}],"wp:attachment":[{"href":"https:\/\/horgaszhely.hu\/hun\/wp-json\/wp\/v2\/media?parent=476022"}],"wp:term":[{"taxonomy":"product_brand","embeddable":true,"href":"https:\/\/horgaszhely.hu\/hun\/wp-json\/wp\/v2\/product_brand?post=476022"},{"taxonomy":"product_cat","embeddable":true,"href":"https:\/\/horgaszhely.hu\/hun\/wp-json\/wp\/v2\/product_cat?post=476022"},{"taxonomy":"product_tag","embeddable":true,"href":"https:\/\/horgaszhely.hu\/hun\/wp-json\/wp\/v2\/product_tag?post=476022"}],"curies":[{"name":"wp","href":"https:\/\/api.w.org\/{rel}","templated":true}]}}