{"id":476032,"date":"2026-08-29T17:07:19","date_gmt":"2026-08-29T15:07:19","guid":{"rendered":"https:\/\/horgaszhely.hu\/hun\/termek\/stresszoldo-fejmasszirozo-a-nyugalomert-es-az-elragado-hajkoronaert\/"},"modified":"2026-08-29T17:07:44","modified_gmt":"2026-08-29T15:07:44","slug":"stresszoldo-fejmasszirozo-a-nyugalomert-es-az-elragado-hajkoronaert","status":"publish","type":"product","link":"https:\/\/horgaszhely.hu\/hun\/termek\/stresszoldo-fejmasszirozo-a-nyugalomert-es-az-elragado-hajkoronaert\/","title":{"rendered":"Stresszold\u00f3 fejmassz\u00edroz\u00f3 a nyugalom\u00e9rt \u00e9s az elragad\u00f3 hajkoron\u00e1\u00e9rt"},"content":{"rendered":"<p>Le\u00edr\u00e1sTulajdons\u00e1gokTartoz\u00e9kokTippek, tr\u00fckk\u00f6k\u00c1lmatlans\u00e1g gy\u00f6t\u00f6r \u00e9s koncentr\u00e1lni sem tudsz napk\u00f6zben? Fejmassz\u00edroz\u00f3 k\u00e9sz\u00fcl\u00e9k\u00fcnk seg\u00edt, hogy kiegyens\u00falyozott \u00e9leted legyen. R\u00e1ad\u00e1sul nem csak relax\u00e1l \u00e9s nyugtat, de felfriss\u00edti hajhagym\u00e1idat.<strong>A fejmassz\u00edroz\u00f3 j\u00f3t\u00e9kony hat\u00e1sai<\/strong>A rohan\u00f3 \u00e9letforma \u00e9s megfesz\u00edtett munkatemp\u00f3 miatt kialakult tart\u00f3s stressz nemcsak a l\u00e9lekre, de testedre is negat\u00edv hat\u00e1st gyakorol, \u00e9s ak\u00e1r s\u00falyos betegs\u00e9gekhez is vezethet. A folyamatos fesz\u00fclts\u00e9g miatt \u00e1lland\u00f3sulhat az alv\u00e1szavar \u00e9s a kimer\u00fclts\u00e9g, immunrendszered feladja a k\u00fczdelmet, \u00e9s hajad is megritkulhat. Ezen t\u00fcnetek ellens\u00falyoz\u00e1s\u00e1ra illetve megel\u0151z\u00e9s\u00e9re hoztuk el neked kompakt, vezet\u00e9k n\u00e9lk\u00fcli fejmassz\u00edroz\u00f3nkat, amellyel b\u00e1rhol \u00e9s b\u00e1rmikor \u00e9lvezheted a massz\u00e1zs testet-lelket felfriss\u00edt\u0151, regener\u00e1l\u00f3 hat\u00e1s\u00e1t.A k\u00e9sz\u00fcl\u00e9k <strong>finom rezg\u00e9sekkel laz\u00edtja el fejb\u0151r\u00f6d izmait, ell\u00e1tja hajhagym\u00e1idat friss oxig\u00e9nnel \u00e9s t\u00e1panyaggal, \u00edgy seg\u00edtve a korp\u00e1sod\u00e1s, hajhull\u00e1s \u00e9s egy\u00e9b b\u0151rprobl\u00e9m\u00e1k elleni k\u00fczdelmet<\/strong>. Egy p\u00e1r perces relaxkezel\u00e9s \u00e9rezhet\u0151en kitiszt\u00edtja a fejedet is, seg\u00edt megszabadulni a fesz\u00fclts\u00e9gekt\u0151l \u00e9s negat\u00edv gondolatokt\u00f3l, valamint csillap\u00edthatja a fejf\u00e1j\u00e1st is. Ha pedig est\u00e9nk\u00e9nt elalv\u00e1s el\u0151tt hi\u00e1ba sz\u00e1ml\u00e1lod a b\u00e1r\u00e1nyokat, akkor ez a k\u00fcl\u00f6nleges eszk\u00f6z val\u00f3di megv\u00e1lt\u00e1s lesz a sz\u00e1modra, ugyanis hat\u00e9konyabb\u00e1 teheti alv\u00e1sod.<strong>Term\u00e9k\u00fcnk el\u0151ny\u00f6s tulajdons\u00e1gai<\/strong><strong>\u2013 Ergonomikus foganty\u00fa-kialak\u00edt\u00e1s:<\/strong> Szinte belesimul a tenyeredbe, \u00e9s k\u00e9nyelmes illeszked\u00e9st biztos\u00edt a fejen.<strong>\u2013 Bionikus szilikon massz\u00e1zsfejek:<\/strong> K\u00e9tir\u00e1ny\u00fa forg\u00e1ssal \u00e9s t\u00f6bbir\u00e1ny\u00fa rot\u00e1ci\u00f3s mozg\u00e1ssal rendelkeznek, amelyeket kifejezetten fejb\u0151r stimul\u00e1l\u00e1s\u00e1ra terveztek.<strong>\u2013 T\u00f6bbf\u00e9le massz\u00e1zsm\u00f3d \u00e9s sebess\u00e9g:<\/strong> Er\u0151sebb vagy gyeng\u00e9debb? Temp\u00f3s vagy lass\u00fa massz\u00e1zsmozdulatok? Ig\u00e9nyeid szerint v\u00e1laszthatsz a k\u00fcl\u00f6nf\u00e9le massz\u00e1zs-\u00e9lm\u00e9nyek k\u00f6z\u00fcl.<strong>\u2013 V\u00edz\u00e1ll\u00f3 burkolat:<\/strong> Term\u00e9k\u00fcnket hajmos\u00e1s k\u00f6zben is b\u00e1tran haszn\u00e1lhatod. A haj\u00e1pol\u00f3 k\u00e9sz\u00edtm\u00e9nyek gyeng\u00e9d massz\u00edroz\u00e1s\u00e1val pedig a hat\u00f3anyagokat is k\u00f6nnyebben a b\u0151rbe juttathatod.<strong>\u2013 Csendes m\u0171k\u00f6d\u00e9s:<\/strong> Az\u00e9rt, hogy zavartalanul relax\u00e1lj \u00e9s \u00e9lvezd a k\u00e9nyeztet\u0151 massz\u00e1zst.<strong>\u2013 Eleg\u00e1ns diz\u00e1jn:<\/strong> A szob\u00e1d \u00e9ke lesz ez a diszkr\u00e9t, m\u00e9gis szemet gy\u00f6ny\u00f6rk\u00f6dtet\u0151, k\u00fcl\u00f6nleges v\u00e1z\u00e1ra eml\u00e9keztet\u0151 form\u00e1s darab.<strong>\u00cdgy haszn\u00e1ld a fejmassz\u00edroz\u00f3t<\/strong>1. T\u00f6ltsd fel a k\u00e9sz\u00fcl\u00e9ket a csomaghoz mell\u00e9kelt USB-t\u00f6lt\u0151vel, amit laptopodhoz vagy adapterhez is csatlakoztathatsz (A t\u00f6lt\u00e9s alatt a k\u00e9sz\u00fcl\u00e9k LED-l\u00e1mp\u00e1ja pirosan vil\u00e1g\u00edt).2. \u00dczemeld be a g\u00e9pet a tetej\u00e9n tal\u00e1lhat\u00f3 bekapcsol\u00f3gombbal!3. V\u00e1laszd ki a sz\u00e1modra megfelel\u0151 massz\u00e1zs\u00e9lm\u00e9nyt ny\u00fajt\u00f3 programot az intuit\u00edv vez\u00e9rl\u0151gomb seg\u00edts\u00e9g\u00e9vel!4. Massz\u00edrozd \u00e1t a fej- \u00e9s nyaki ter\u00fcletet, de ig\u00e9ny szerint a test b\u00e1rmely izm\u00e1nak ellaz\u00edt\u00e1s\u00e1hoz is kipr\u00f3b\u00e1lhatod, kedved szerint.5. Amikor v\u00e9gezt\u00e9l, vedd ki a massz\u00e1zskorongokat, \u00e9s tiszt\u00edtsd meg az eszk\u00f6zt a gy\u00e1rt\u00f3 utas\u00edt\u00e1s\u00e1t k\u00f6vetve.6. Helyezd vissza a t\u00e1rol\u00f3 aljzatba!<strong>Fizikai jellemz\u0151k<\/strong>A k\u00e9sz\u00fcl\u00e9k sz\u00edne feh\u00e9r, 11 cm sz\u00e9les \u00e9s 14 cm-es magas, h\u00e1za \u00fct\u00e9s\u00e1ll\u00f3 ABS m\u0171anyagb\u00f3l, massz\u00e1zsfejei pedig szilikonb\u00f3l k\u00e9sz\u00fcltek. Nagy kapacit\u00e1s\u00fa Li-ion akkumul\u00e1torral rendelkezik, ami minimum k\u00e9t\u00f3r\u00e1s \u00fczemid\u0151t tesz lehet\u0151v\u00e9, teljes\u00edtm\u00e9nye 5 W. A term\u00e9k IPX7 v\u00e9delemmel ell\u00e1tott, vagyis tusol\u00e1s k\u00f6zben, vizes fejb\u0151r\u00f6n is haszn\u00e1lhatod. A csomag tartalmaz m\u00e9g egy t\u00f6lt\u0151b\u00e1zist, amelybe a k\u00e9sz\u00fcl\u00e9ket elhelyezheted, valamint egy USB t\u00f6lt\u0151t.<strong>Szerezd be most \u00e9s nyisd meg a szem\u00e9lyes relaxk\u00f6zpontod!<\/strong>\u2013 Sz\u00edn: feh\u00e9r (aktu\u00e1lis rakt\u00e1rk\u00e9szlet szerint v\u00e1ltozhat)\u2013 Anyag: ABS + szilikon\u2013 Massz\u00e1zs sebess\u00e9ge: 2 fokozat\u2013 M\u0171k\u00f6d\u00e9si id\u0151: 10 perc (intelligens id\u0151z\u00edt\u00e9s)\u2013 Alkalmaz\u00e1si ter\u00fcletek: fej, v\u00e1ll, kar, der\u00e9k, l\u00e1b\u2013 M\u00e9retek:<\/p>\n<ul>\n<li>magass\u00e1g: 14 cm<\/li>\n<li>\u00e1tm\u00e9r\u0151: 11 cm<\/li>\n<\/ul>\n<p>\u2013 T\u00e1pell\u00e1t\u00e1s: USB\u2013 Akkumul\u00e1tor: igen\u2013 Akkumul\u00e1tor teljes\u00edtm\u00e9nye: 900 mAh\u2013 Bemeneti fesz\u00fclts\u00e9g: 5 V\u2013 Teljes\u00edtm\u00e9ny: 5 W\u2013 1 db fejmassz\u00edroz\u00f3\u2013 1 db t\u00e1rol\u00f3\u2013 1 db USB k\u00e1bel\u2013 4 db levehet\u0151 fejegys\u00e9gj\u00f3l esne egy laz\u00edt\u00f3 fejmassz\u00e1zs a nap v\u00e9g\u00e9n?Szeretn\u00e9l eg\u00e9szs\u00e9ges, \u00e9lettel teli fejb\u0151rt \u00e9s hajat?Kompakt fejmassz\u00edroz\u00f3 term\u00e9k\u00fcnk nem csak felpezsd\u00edti hajhagym\u00e1id \u00e9s az azt k\u00f6r\u00fclvev\u0151 sz\u00f6vetek v\u00e9rkering\u00e9s\u00e9t, de massz\u00e1zs k\u00f6zben el is laz\u00edt, amely hozz\u00e1j\u00e1rul a nyugodtabb \u00e9lethez \u00e9s a min\u0151s\u00e9gi alv\u00e1shoz.Relax\u00e1l\u00f3 fejmassz\u00edroz\u00f3Teljes nyugalomEg\u00e9szs\u00e9ges haj \u00e9s fejb\u0151rMilyen el\u0151nyei vannak?<\/p>\n<ul>\n<li>Felpezsd\u00edti a fejb\u0151r v\u00e9rkering\u00e9s\u00e9t<\/li>\n<li>Azonnal ellaz\u00edt, cs\u00f6kkenti a stresszt<\/li>\n<li>Hozz\u00e1j\u00e1rul a nyugodt, m\u00e9ly alv\u00e1shoz<\/li>\n<\/ul>\n<p>Rendeld meg term\u00e9k\u00fcnket m\u00e9g ma verhetetlen \u00e1ron!MegveszemEz\u00e9rt fogod szeretni a term\u00e9ket!A most k\u00f6vetkez\u0151 tulajdons\u00e1gok miatt biztosan el fog var\u00e1zsolni massz\u00edroz\u00f3 k\u00e9sz\u00fcl\u00e9k\u00fcnkKompakt kivitelez\u00e9sK\u00f6nny\u0171, ergonomikus kialak\u00edt\u00e1sa miatt szinte siklik a kezed alatt, mik\u00f6zben massz\u00e1zs k\u00f6zben. Kis m\u00e9rete \u00e9s k\u00f6nnyed s\u00falya miatt pedig b\u00e1rhov\u00e1 magaddal viheted.Sz\u00e1raz \u00e9s vizes haszn\u00e1latEg\u00e9sz\u00edtsd ki a massz\u00e1zst olajokkal, balzsamokkal, extra haj\u00e1pol\u00f3 k\u00e9sz\u00edtm\u00e9nyekkel, \u00e9s tedd k\u00fcl\u00f6nlegess\u00e9 a relax\u00e1ci\u00f3 pillanatai<\/p>\n","protected":false},"excerpt":{"rendered":"<p>Le\u00edr\u00e1sTulajdons\u00e1gokTartoz\u00e9kokTippek, tr\u00fckk\u00f6k\u00c1lmatlans\u00e1g gy\u00f6t\u00f6r \u00e9s koncentr\u00e1lni sem tudsz napk\u00f6zben? Fejmassz\u00edroz\u00f3 k\u00e9sz\u00fcl\u00e9k\u00fcnk seg\u00edt, hogy kiegyens\u00falyozott \u00e9leted legyen. R\u00e1ad\u00e1sul nem csak relax\u00e1l \u00e9s nyugtat, de felfriss\u00edti hajhagym\u00e1idat.A fejmassz\u00edroz\u00f3 j\u00f3t\u00e9kony hat\u00e1saiA rohan\u00f3 \u00e9letforma \u00e9s megfesz\u00edtett munkatemp\u00f3 miatt kialakult tart\u00f3s stressz nemcsak a l\u00e9lekre, de testedre is negat\u00edv hat\u00e1st gyakorol, \u00e9s ak\u00e1r s\u00falyos betegs\u00e9gekhez is vezethet. A folyamatos fesz\u00fclts\u00e9g miatt [&hellip;]<\/p>\n","protected":false},"featured_media":476033,"template":"","meta":{"_acf_changed":false},"product_brand":[],"product_cat":[1350,3374],"product_tag":[],"class_list":["post-476032","product","type-product","status-publish","has-post-thumbnail","product_cat-egeszseg","product_cat-home-sporteszkozok","first","instock","product-type-external"],"acf":[],"_links":{"self":[{"href":"https:\/\/horgaszhely.hu\/hun\/wp-json\/wp\/v2\/product\/476032","targetHints":{"allow":["GET"]}}],"collection":[{"href":"https:\/\/horgaszhely.hu\/hun\/wp-json\/wp\/v2\/product"}],"about":[{"href":"https:\/\/horgaszhely.hu\/hun\/wp-json\/wp\/v2\/types\/product"}],"wp:featuredmedia":[{"embeddable":true,"href":"https:\/\/horgaszhely.hu\/hun\/wp-json\/wp\/v2\/media\/476033"}],"wp:attachment":[{"href":"https:\/\/horgaszhely.hu\/hun\/wp-json\/wp\/v2\/media?parent=476032"}],"wp:term":[{"taxonomy":"product_brand","embeddable":true,"href":"https:\/\/horgaszhely.hu\/hun\/wp-json\/wp\/v2\/product_brand?post=476032"},{"taxonomy":"product_cat","embeddable":true,"href":"https:\/\/horgaszhely.hu\/hun\/wp-json\/wp\/v2\/product_cat?post=476032"},{"taxonomy":"product_tag","embeddable":true,"href":"https:\/\/horgaszhely.hu\/hun\/wp-json\/wp\/v2\/product_tag?post=476032"}],"curies":[{"name":"wp","href":"https:\/\/api.w.org\/{rel}","templated":true}]}}