{"id":476078,"date":"2026-09-06T01:00:53","date_gmt":"2026-09-05T23:00:53","guid":{"rendered":"https:\/\/horgaszhely.hu\/hun\/termek\/tojasbarazdas-alvast-segito-ergonomiai-parna\/"},"modified":"2026-09-06T01:00:58","modified_gmt":"2026-09-05T23:00:58","slug":"tojasbarazdas-alvast-segito-ergonomiai-parna","status":"publish","type":"product","link":"https:\/\/horgaszhely.hu\/hun\/termek\/tojasbarazdas-alvast-segito-ergonomiai-parna\/","title":{"rendered":"Toj\u00e1sbar\u00e1zd\u00e1s, alv\u00e1st seg\u00edt\u0151 ergon\u00f3miai p\u00e1rna"},"content":{"rendered":"<p>Le\u00edr\u00e1sTulajdons\u00e1gokTartoz\u00e9kokTippek, tr\u00fckk\u00f6k<strong>Aludj b\u00e1rmilyen poz\u00edci\u00f3ban, a toj\u00e1sbar\u00e1zd\u00e1s p\u00e1rna k\u00e9nyelmes \u00e9jszak\u00e1t biztos\u00edt sz\u00e1modra. Formatervez\u00e9s\u00e9b\u0151l \u00e9s anyag\u00e1b\u00f3l fakad\u00f3an nagys\u00e1grendekkel cs\u00f6kkenti a nyakadra nehezed\u0151 terhet, ez\u00e1ltal zavartalan \u00e9jjeled lehet.<\/strong>Az energikus nappalok felt\u00e9tele a pihentet\u0151 alv\u00e1s. Hi\u00e1ny\u00e1ban folyamatosan f\u00e1radt vagy, kev\u00e9sb\u00e9 tudsz koncentr\u00e1lni, de hossz\u00fa t\u00e1von depresszi\u00f3ba is s\u00fcllyedhetsz, s\u00falyos esetekben pedig sz\u00edv- \u00e9s \u00e9rrendszeri rendelleness\u00e9gek, csontritkul\u00e1s vagy r\u00e1kos elv\u00e1ltoz\u00e1sok is kialakulhatnak szervezetedben.<strong>ERGON\u00d3MIAI P\u00c1RNA TULAJDONS\u00c1GAI<\/strong>Teh\u00e1t l\u00e1thatod, hogy az alv\u00e1s magas min\u0151s\u00e9ge olyan fontos nek\u00fcnk embereknek, mint a friss leveg\u0151 vagy a tiszta v\u00edz. Tekintsd meg, hogy az ergon\u00f3miai p\u00e1rna, hogyan j\u00e1rulhat hozz\u00e1 eg\u00e9szs\u00e9gesebb \u00e9letedhez:<strong>\u2013 Bar\u00e1zd\u00e1s fel\u00fclet:<\/strong> Oldalt \u00e9s a fejed b\u00fabj\u00e1n\u00e1l is t\u00f6bb bar\u00e1zda tal\u00e1lhat\u00f3, amely k\u00e9nyelmesen tartja fejed, fek\u00fcdj b\u00e1rmilyen poz\u00edci\u00f3ban is.<strong>\u2013 Kevesebb f\u00e1jdalom:<\/strong> Amikor a p\u00e1rn\u00e1ra fekszel a benne tal\u00e1lhat\u00f3 mem\u00f3riahab optim\u00e1lisan al\u00e1t\u00e1masztja fejed, nyakad, v\u00e1llad \u00e9s gerinced, ez\u00e1ltal kevesebb teher nehezedik ezekre a testr\u00e9szeidre. Ebb\u0151l kifoly\u00f3lag a fenn\u00e1ll\u00f3 mozg\u00e1sszervi f\u00e1jdalmaid is cs\u00f6kkenhetnek.<strong>\u2013 Kiv\u00e1l\u00f3 szell\u0151z\u00e9s:<\/strong> A p\u00e1rna huzata, valamint az el\u0151bb eml\u00edtett mem\u00f3riahab kiv\u00e1l\u00f3an szell\u0151zik, \u00edgy az is hozz\u00e1j\u00e1rul a nyugalmas, izzads\u00e1gmentes pihen\u00e9sedhez.<strong>\u2013 Cser\u00e9lhet\u0151 huzat:<\/strong> Csak cipz\u00e1rozd le \u00e9s dobd a mos\u00f3g\u00e9pbe. Ez\u00e1ltal p\u00e1rn\u00e1d mindig friss \u00e9s szennyez\u0151d\u00e9smentes lehet.<strong>FIZIKAI JELLEMZ\u0150K<\/strong>A p\u00e1rna m\u00e9rete 48\u00d730 cm, amely el\u00e9g nagy, hogy a folyamatos t\u00e1maszt ny\u00fajtson sz\u00e1modra, viszont pont megfelel\u0151 ahhoz, hogy b\u00e1rhov\u00e1 magaddal vidd. S\u00falya sem t\u00f6bb, mint 245 gramm. A sz\u00edne legt\u00f6bbsz\u00f6r sz\u00fcrke vagy feh\u00e9r, amelyet mindig az aktu\u00e1lis rakt\u00e1rk\u00e9szlet szerint k\u00fcld\u00fcnk.<strong>Aludj az eg\u00e9szs\u00e9ged\u00e9rt! Szerezd be most!<\/strong>\u2013 Sz\u00edn: sz\u00fcrke, feh\u00e9r\u2013 Anyag: mem\u00f3riahab\u2013 M\u00e9retek:<\/p>\n<ul>\n<li>Hossz\u00fas\u00e1g: 48 cm<\/li>\n<li>Sz\u00e9less\u00e9g: 30<\/li>\n<li>Magass\u00e1g: 13 cm<\/li>\n<\/ul>\n<p>\u2013 S\u00faly: 245 g\u2013 1 db p\u00e1rnaSzeretn\u00e9d magad v\u00e9gre kipihenni az \u00e9jszaka folyam\u00e1n?R\u00e9g\u00f3ta v\u00e1gyad egy k\u00e9nyelmes, a tested form\u00e1j\u00e1hoz alkalmazkod\u00f3 p\u00e1rna?A toj\u00e1s form\u00e1j\u00fa p\u00e1rn\u00e1nk hozz\u00e1j\u00e1rul ahhoz, hogy pihentet\u0151 \u00e9jszak\u00e1d legyen. Formatervez\u00e9s\u00e9nek k\u00f6sz\u00f6nhet\u0151en b\u00e1rmilyen p\u00f3zban is fekszel r\u00e1, mindig optim\u00e1lis t\u00e1maszt ny\u00fajt fejednek \u00e9s gerincednek. Ez\u00e1ltal tehermentes\u00edt, \u00edgy cs\u00f6kkentheti az esetleges f\u00e1jdalmakat.Alv\u00e1st seg\u00edt\u0151 ergon\u00f3miai p\u00e1rnaK\u00e9nyelmes fekv\u00e9sPihentet\u0151 \u00e9jszakaMilyen el\u0151nyei vannak?<\/p>\n<ul>\n<li>Optim\u00e1lis helyzetben tartja fejed<\/li>\n<li>Tehermentes\u00edti a gerinced<\/li>\n<li>T\u00f6bbf\u00e9le poz\u00edci\u00f3ban haszn\u00e1lhatod<\/li>\n<\/ul>\n<p>Rendeld meg ergon\u00f3miai p\u00e1rn\u00e1nkat most verhetetlen \u00e1ron!MegveszemEz\u00e9rt fogod szeretni a term\u00e9ket!Az al\u00e1bbi k\u00e9t tulajdons\u00e1g maximaliz\u00e1lja a k\u00e9nyelmed pihen\u00e9sed sor\u00e1nT\u00f6k\u00e9letes szell\u0151z\u00e9sA p\u00e1rna t\u00f6lt\u0151anyagak\u00e9nt szolg\u00e1l\u00f3 mem\u00f3riahab nem csak k\u00e9nyelmes, de fizikai tulajdons\u00e1g\u00e1b\u00f3l fakad\u00f3an kiv\u00e1l\u00f3an szell\u0151zik, \u00edgy nem izzadsz bele az \u00e9jszaka folyam\u00e1n.Tehermentes\u00edti fels\u0151testedAz el\u0151bb eml\u00edtett mem\u00f3riahab k\u00f6nnyed \u00e9rz\u00e9st biztos\u00edt, ugyanis szinte \u00e9szrev\u00e9tlen\u00fcl t\u00e1masztja al\u00e1 \u00e9s tehermentes\u00edti a fejed, nyakad, valamint a v\u00e1llad.V\u00e1s\u00e1rl\u00f3ink visszajelz\u00e9seiR\u00e9g\u00f3ta v\u00e1gytam m\u00e1r egy k\u00e9nyelmes p\u00e1rn\u00e1ra, \u00e9s \u00fagy n\u00e9z ki megtal\u00e1ltam. Mi\u00f3ta haszn\u00e1lom jobban alszom \u00e9s kevesebbet is forgol\u00f3dom. Szerintem rendelni fogok az eg\u00e9sz csal\u00e1dnak.D\u00f3raA fejem \u00e9s tv n\u00e9z\u00e9s k\u00f6zben a l\u00e1bam is t\u00f6k\u00e9letesen tartja. Tetszik a puha anyaga \u00e9s az, hogy pont j\u00f3 helyzetben tartja a nyakam. Az eddigi legjobb p\u00e1rn\u00e1m.K. MariannaA bar\u00e1zd\u00e1inak k\u00f6sz\u00f6nhet\u0151en ak\u00e1r oldalt, ak\u00e1r h\u00e1ton fekszem, minden poz\u00edci\u00f3ban k\u00e9nyelmes. Reggelente pihentebb vagyok \u00e9s a nyakam is kev\u00e9sb\u00e9 f\u00e1j mi\u00f3ta haszn\u00e1lom.FruzsinaFeles\u00e9gemnek \u00e9s magamnak is rendeltem, mert az ergon\u00f3miai p\u00e1rn\u00e1kr\u00f3l sok j\u00f3t hallottam eddig. Amit mondanak r\u00f3la nem v\u00e9letlen, ugyanis nem kell ide-oda pakolgatni, hogy k\u00e9nyelmesen aludjak, \u00edgy gyorsabban el is alszom. Reggel is t\u00f6bb energi\u00e1m van, nem b\u00e1ntam meg a v\u00e1s\u00e1rl\u00e1st.H. ImrePr\u00f3b\u00e1ld\u00a0ki\u00a0te\u00a0isaz\u00a0alv\u00e1st\u00a0seg\u00edt\u0151\u00a0ergon\u00f3miai\u00a0p\u00e1rn\u00e1t!Megveszem<\/p>\n","protected":false},"excerpt":{"rendered":"<p>Le\u00edr\u00e1sTulajdons\u00e1gokTartoz\u00e9kokTippek, tr\u00fckk\u00f6kAludj b\u00e1rmilyen poz\u00edci\u00f3ban, a toj\u00e1sbar\u00e1zd\u00e1s p\u00e1rna k\u00e9nyelmes \u00e9jszak\u00e1t biztos\u00edt sz\u00e1modra. Formatervez\u00e9s\u00e9b\u0151l \u00e9s anyag\u00e1b\u00f3l fakad\u00f3an nagys\u00e1grendekkel cs\u00f6kkenti a nyakadra nehezed\u0151 terhet, ez\u00e1ltal zavartalan \u00e9jjeled lehet.Az energikus nappalok felt\u00e9tele a pihentet\u0151 alv\u00e1s. Hi\u00e1ny\u00e1ban folyamatosan f\u00e1radt vagy, kev\u00e9sb\u00e9 tudsz koncentr\u00e1lni, de hossz\u00fa t\u00e1von depresszi\u00f3ba is s\u00fcllyedhetsz, s\u00falyos esetekben pedig sz\u00edv- \u00e9s \u00e9rrendszeri rendelleness\u00e9gek, csontritkul\u00e1s vagy r\u00e1kos elv\u00e1ltoz\u00e1sok [&hellip;]<\/p>\n","protected":false},"featured_media":476079,"template":"","meta":{"_acf_changed":false},"product_brand":[],"product_cat":[1350,3374],"product_tag":[],"class_list":["post-476078","product","type-product","status-publish","has-post-thumbnail","product_cat-egeszseg","product_cat-home-sporteszkozok","first","instock","product-type-external"],"acf":[],"_links":{"self":[{"href":"https:\/\/horgaszhely.hu\/hun\/wp-json\/wp\/v2\/product\/476078","targetHints":{"allow":["GET"]}}],"collection":[{"href":"https:\/\/horgaszhely.hu\/hun\/wp-json\/wp\/v2\/product"}],"about":[{"href":"https:\/\/horgaszhely.hu\/hun\/wp-json\/wp\/v2\/types\/product"}],"wp:featuredmedia":[{"embeddable":true,"href":"https:\/\/horgaszhely.hu\/hun\/wp-json\/wp\/v2\/media\/476079"}],"wp:attachment":[{"href":"https:\/\/horgaszhely.hu\/hun\/wp-json\/wp\/v2\/media?parent=476078"}],"wp:term":[{"taxonomy":"product_brand","embeddable":true,"href":"https:\/\/horgaszhely.hu\/hun\/wp-json\/wp\/v2\/product_brand?post=476078"},{"taxonomy":"product_cat","embeddable":true,"href":"https:\/\/horgaszhely.hu\/hun\/wp-json\/wp\/v2\/product_cat?post=476078"},{"taxonomy":"product_tag","embeddable":true,"href":"https:\/\/horgaszhely.hu\/hun\/wp-json\/wp\/v2\/product_tag?post=476078"}],"curies":[{"name":"wp","href":"https:\/\/api.w.org\/{rel}","templated":true}]}}