{"id":476122,"date":"2026-08-29T17:08:32","date_gmt":"2026-08-29T15:08:32","guid":{"rendered":"https:\/\/horgaszhely.hu\/hun\/termek\/strapabiro-es-csuszasmentes-jogamatrac-edzesterv-mintaval\/"},"modified":"2026-08-29T17:09:01","modified_gmt":"2026-08-29T15:09:01","slug":"strapabiro-es-csuszasmentes-jogamatrac-edzesterv-mintaval","status":"publish","type":"product","link":"https:\/\/horgaszhely.hu\/hun\/termek\/strapabiro-es-csuszasmentes-jogamatrac-edzesterv-mintaval\/","title":{"rendered":"Strapab\u00edr\u00f3 \u00e9s cs\u00fasz\u00e1smentes j\u00f3gamatrac edz\u00e9sterv mint\u00e1val"},"content":{"rendered":"<p>Le\u00edr\u00e1sTulajdons\u00e1gokTartoz\u00e9kokTippek, tr\u00fckk\u00f6kEgy k\u00f6nny\u0171, m\u00e9gis <strong>strapab\u00edr\u00f3 j\u00f3gamatrac<\/strong>, melynek seg\u00edts\u00e9g\u00e9vel a term\u00e9szetben, az edz\u0151teremben vagy ak\u00e1r a szob\u00e1dban is gyakorolhatod kedvenc sportodat. T\u00f6k\u00e9letes v\u00e1laszt\u00e1s fitnesz, gimnasztika vagy rehabilit\u00e1ci\u00f3s tev\u00e9kenys\u00e9gekhez.Ami miatt mi mellette tett\u00fck le voksunkat, az nem m\u00e1s mint a matracra felrajzolt <strong>28 db j\u00f3gapoz\u00edci\u00f3<\/strong>. Ez hatalmas seg\u00edts\u00e9g lehet sz\u00e1modra, ha m\u00e9g kezd\u0151 vagy \u00e9s nincs \u00f6tleted az egyes mozdulatokhoz. Akkor is hasznos lehet, amikor m\u00e1r profi vagy, ugyanis nem kell gondolkodnod mi is legyen a k\u00f6vetkez\u0151 pozit\u00fara.A tervez\u0151k az egyedi \u00f6tletek mellett kiemelten figyeltek a <strong>biztons\u00e1gra<\/strong> is. Nem kell att\u00f3l f\u00e9lned, ha megizzadsz, vagy elered az es\u0151 a kertben \u00e9s elcs\u00faszol. <strong>Min\u0151s\u00e9gi, cs\u00fasz\u00e1smentes PVC-b\u0151l k\u00e9sz\u00fclt<\/strong>, amely nem ny\u00falik \u00e9s t\u00f6k\u00e9letesen felveszi tested alakj\u00e1t.Habk\u00f6nny\u0171 kivitelez\u00e9s\u00e9nek k\u00f6sz\u00f6nhet\u0151en <strong>b\u00e1rhov\u00e1 magaddal viheted<\/strong>. El\u00e9g hozz\u00e1 egy s\u00edk fel\u00fclet \u00e9s m\u00e1ris kezd\u0151dhet a j\u00f3ga. M\u00e9rete is pont akkora, amire sz\u00fcks\u00e9ged van, \u00edgy a tornagyakorlatok v\u00e9gezt\u00e9vel k\u00f6nnyed\u00e9n \u00f6sszetekerheted, <strong>nem foglal sok helyet<\/strong>.\u2013 Sz\u00edn: fekete\u2013 Anyag: PVC\u2013 Hossz: 173 cm\u2013 Sz\u00e9less\u00e9g: 61 cm\u2013 Magass\u00e1g: 0,6 cm\u2013 S\u00faly: 1,25 kg\u2013 J\u00f3gamatracMindennap h\u00f3dolsz kedvenc sportodnak?Szeretn\u00e9d sz\u00ednesebb\u00e9 tenni a j\u00f3g\u00e1z\u00e1st?Egyedi edz\u00e9stervekkel, j\u00f3gapoz\u00edci\u00f3kkal ell\u00e1tott matracunk hatalmas t\u00e1mogat\u00e1st ny\u00fajt neked. El\u00e9g csak k\u00f6vetni az utas\u00edt\u00e1sokat, \u00e9s m\u00e1ris \u00fagy \u00e9rzed magad, mintha egy profi j\u00f3gatr\u00e9ner kezei alatt edzen\u00e9l.J\u00f3gamatrac edz\u00e9stervvelHabk\u00f6nny\u0171B\u00e1rhova magaddal vihetedMilyen el\u0151nyei vannak?<\/p>\n<ul>\n<li>Seg\u00edt\u0151 poz\u00edci\u00f3k a matracon<\/li>\n<li>Massz\u00edv PVC anyag<\/li>\n<li>Biztons\u00e1gos haszn\u00e1lat<\/li>\n<\/ul>\n<p>Szerezd be most a j\u00f3gamatracot \u00e9s l\u00e9gy fittebb!MegveszemEz\u00e9rt fogod szeretni a term\u00e9ketSeg\u00edts\u00e9g\u00e9vel hatv\u00e1nyozottan k\u00f6nnyebb lesz az otthoni j\u00f3ga\u00f3ra28 db egyedi pozit\u00faraMiut\u00e1n v\u00e9gezt\u00e9l csak n\u00e9zz le a sz\u0151nyegre \u00e9s j\u00f6het is a k\u00f6vetkez\u0151 mozdulat. K\u00f6vesd az ott tal\u00e1lhat\u00f3 utas\u00edt\u00e1sokat, \u00edgy garant\u00e1ltan folyamatos a gyakorl\u00e1s, semmi sem szak\u00edtja meg a testi-lelki \u00f6sszhangod.Biztons\u00e1gos haszn\u00e1latMivel anyaga er\u0151s PVC, t\u00f6k\u00e9letesen alkalmazkodik tested vonalaihoz, \u00edgy soha nem cs\u00faszol meg rajta. \u00dagynevezett alakmem\u00f3ri\u00e1val rendelkezik, amelynek k\u00f6sz\u00f6nhet\u0151en mindig stabilan tart majd.V\u00e1s\u00e1rl\u00f3ink visszajelz\u00e9seiKiv\u00e1l\u00f3 \u00e1r-\u00e9rt\u00e9k ar\u00e1ny. El\u00e9gedett vagyok a matrac min\u0151s\u00e9g\u00e9vel, a felfestett figur\u00e1k is sokat seg\u00edtettek a reggeli torna k\u00f6zben.Forg\u00e1cs AndreaT\u00f6bb j\u00f3gamatracot is elkoptattam az \u00e9vek alatt, de ez r\u00e9n\u00e9z\u00e9sre is id\u0151t\u00e1ll\u00f3nak t\u0171nik. Persze m\u00e9g \u00faj, de szerintem bev\u00e1lik.T. IzabellaJ\u00f3gaoktat\u00f3k\u00e9nt fontosnak tartom a min\u0151s\u00e9gi anyagok haszn\u00e1lat\u00e1t edz\u00e9seimen. Tan\u00edtv\u00e1nyaimmal egy\u00fctt t\u00f6bb sz\u0151nyeget is rendelt\u00fcnk, nem csal\u00f3dtunk.BeaNagyon tetszenek a sz\u0151nyegre festett poz\u00edci\u00f3k. Amikor nincs \u00f6tletem, vagy \u00e9ppen nem vide\u00f3 seg\u00edts\u00e9g\u00e9vel torn\u00e1zom, nagy haszn\u00e1t veszem.Sz. M\u00e1riaPr\u00f3b\u00e1ld\u00a0ki\u00a0te\u00a0isaz\u00a0edz\u00e9stervvel\u00a0ell\u00e1tott\u00a0j\u00f3gamatracot!Megveszem<\/p>\n","protected":false},"excerpt":{"rendered":"<p>Le\u00edr\u00e1sTulajdons\u00e1gokTartoz\u00e9kokTippek, tr\u00fckk\u00f6kEgy k\u00f6nny\u0171, m\u00e9gis strapab\u00edr\u00f3 j\u00f3gamatrac, melynek seg\u00edts\u00e9g\u00e9vel a term\u00e9szetben, az edz\u0151teremben vagy ak\u00e1r a szob\u00e1dban is gyakorolhatod kedvenc sportodat. T\u00f6k\u00e9letes v\u00e1laszt\u00e1s fitnesz, gimnasztika vagy rehabilit\u00e1ci\u00f3s tev\u00e9kenys\u00e9gekhez.Ami miatt mi mellette tett\u00fck le voksunkat, az nem m\u00e1s mint a matracra felrajzolt 28 db j\u00f3gapoz\u00edci\u00f3. Ez hatalmas seg\u00edts\u00e9g lehet sz\u00e1modra, ha m\u00e9g kezd\u0151 vagy \u00e9s nincs \u00f6tleted [&hellip;]<\/p>\n","protected":false},"featured_media":476123,"template":"","meta":{"_acf_changed":false},"product_brand":[],"product_cat":[1350,3374],"product_tag":[],"class_list":["post-476122","product","type-product","status-publish","has-post-thumbnail","product_cat-egeszseg","product_cat-home-sporteszkozok","first","instock","product-type-external"],"acf":[],"_links":{"self":[{"href":"https:\/\/horgaszhely.hu\/hun\/wp-json\/wp\/v2\/product\/476122","targetHints":{"allow":["GET"]}}],"collection":[{"href":"https:\/\/horgaszhely.hu\/hun\/wp-json\/wp\/v2\/product"}],"about":[{"href":"https:\/\/horgaszhely.hu\/hun\/wp-json\/wp\/v2\/types\/product"}],"wp:featuredmedia":[{"embeddable":true,"href":"https:\/\/horgaszhely.hu\/hun\/wp-json\/wp\/v2\/media\/476123"}],"wp:attachment":[{"href":"https:\/\/horgaszhely.hu\/hun\/wp-json\/wp\/v2\/media?parent=476122"}],"wp:term":[{"taxonomy":"product_brand","embeddable":true,"href":"https:\/\/horgaszhely.hu\/hun\/wp-json\/wp\/v2\/product_brand?post=476122"},{"taxonomy":"product_cat","embeddable":true,"href":"https:\/\/horgaszhely.hu\/hun\/wp-json\/wp\/v2\/product_cat?post=476122"},{"taxonomy":"product_tag","embeddable":true,"href":"https:\/\/horgaszhely.hu\/hun\/wp-json\/wp\/v2\/product_tag?post=476122"}],"curies":[{"name":"wp","href":"https:\/\/api.w.org\/{rel}","templated":true}]}}