{"id":476124,"date":"2026-08-29T17:08:32","date_gmt":"2026-08-29T15:08:32","guid":{"rendered":"https:\/\/horgaszhely.hu\/hun\/termek\/extra-eros-strapabiro-rehabilitacios-es-fitneszlabda-65-cm\/"},"modified":"2026-08-29T17:09:03","modified_gmt":"2026-08-29T15:09:03","slug":"extra-eros-strapabiro-rehabilitacios-es-fitneszlabda-65-cm","status":"publish","type":"product","link":"https:\/\/horgaszhely.hu\/hun\/termek\/extra-eros-strapabiro-rehabilitacios-es-fitneszlabda-65-cm\/","title":{"rendered":"Extra er\u0151s, strapab\u00edr\u00f3 rehabilit\u00e1ci\u00f3s \u00e9s fitneszlabda 65 cm"},"content":{"rendered":"<p>Le\u00edr\u00e1sTulajdons\u00e1gokTartoz\u00e9kokTippek, tr\u00fckk\u00f6kEz az univerz\u00e1lis fitneszlabda fel\u00e9r egy rehabilit\u00e1ci\u00f3s tr\u00e9ner munk\u00e1j\u00e1val. Egy egyszer\u0171 labd\u00e1nak t\u0171nik, \u00e1m a l\u00e1tszat csal, ugyanis sz\u00e1mos <strong>j\u00f3t\u00e9kony hat\u00e1st gyakorol testedre<\/strong>!<strong>Felhaszn\u00e1l\u00e1si ter\u00fcletei v\u00e9gtelenek.<\/strong> Alkalmazhat\u00f3 iskol\u00e1ban testnevel\u00e9s \u00f3r\u00e1kon, edz\u0151teremben, j\u00f3gaoktat\u00e1s alatt, gimnasztikai gyakorlatokhoz, otthoni edz\u00e9sek alkalm\u00e1val, de a csapatsportok tr\u00e9ningje is sz\u00ednes\u00edthet\u0151 vele.Leghasznosabb tulajdons\u00e1ga, hogy <strong>nagyszer\u0171en form\u00e1lja a gerincet<\/strong>, seg\u00edt lek\u00fczdeni annak probl\u00e9m\u00e1it. Kik\u00fcsz\u00f6b\u00f6li a rosszul beidegz\u0151d\u00f6tt testtart\u00e1st, jav\u00edtja a mozg\u00e1skoordin\u00e1ci\u00f3t, de az egyens\u00faly is fejleszthet\u0151 a fitneszlabda \u00e1ltal. Fokozza a bels\u0151 szervek kering\u00e9s\u00e9t, <strong>cs\u00f6kkenti a lerak\u00f3dott zs\u00edr mennyis\u00e9g\u00e9t <\/strong>\u00e9s nem utols\u00f3 sorban\u00a0er\u0151s\u00edti az izomzatot.Mivel <strong>alig t\u00f6bb mint 1 kg<\/strong>, \u00e9s leeresztve elf\u00e9r egy edz\u0151t\u00e1sk\u00e1ban, mobilit\u00e1sa megk\u00e9rd\u0151jelezhetetlen. Nyaral\u00e1sra, hosszabb utaz\u00e1sokra, edz\u0151t\u00e1borba, de ak\u00e1r az irod\u00e1ba is magaddal viheted. Egy ilyen <strong>sokoldal\u00fa sporteszk\u00f6zt<\/strong>, amely egyszerre seg\u00edti a fogy\u00e1st, er\u0151s\u00edt, hozz\u00e1j\u00e1rul a gerinc \u00e9s a bels\u0151 szervek eg\u00e9szs\u00e9g\u00e9hez \u00e9s fokozza a test alapvet\u0151 l\u00e9tfunkci\u00f3it, \u00e9rdemes mindig magadn\u00e1l tartanod!\u2013 Sz\u00edn: grafit\u2013 Anyag: PVC\u2013 \u00c1tm\u00e9r\u0151 felf\u00faj\u00e1s ut\u00e1n: 65 cm\u2013 Teherb\u00edr\u00e1s: 200 kg\u2013 S\u00faly: 1,094 kg\u2013 Csomag s\u00falya: 1,213 kg\u2013 Fitneszlabda\u2013 Pumpa\u2013 L\u00e9gelz\u00e1r\u00f3 dug\u00f3k\u2013 Dug\u00f3 elt\u00e1vol\u00edt\u00f3 eszk\u00f6zR\u00e9g\u00f3ta v\u00e1gysz egy olcs\u00f3 \u00e9s sokoldal\u00fa sportfelszerel\u00e9sre?Fontos sz\u00e1modra, hogy ne csak fogyj, hanem er\u0151s\u00f6dj is?Rehabilit\u00e1ci\u00f3s fitneszlabd\u00e1nk seg\u00edts\u00e9g\u00e9vel elmondhatjuk, hogy meg\u00fajul tested \u00e9s lelked egyar\u00e1nt. \u00c1tmozgatja minden porcik\u00e1d, haszn\u00e1lata felpezsd\u00edt, izmosabb leszel t\u0151le, \u00e9s m\u00e9g a felesleges kil\u00f3kat is seg\u00edt leadni.Rehabilit\u00e1ci\u00f3s fitneszlabda\u00c1tmozgatja az eg\u00e9sz testetRugalmas \u00e9s k\u00f6nnyedMilyen el\u0151nyei vannak?<\/p>\n<ul>\n<li>Er\u0151sebb gerinc<\/li>\n<li>Izom\u00e9p\u00edt\u00e9s \u00e9s fogy\u00e1s egyben<\/li>\n<li>Kis helyen is elf\u00e9r<\/li>\n<\/ul>\n<p>Rendeld meg most a rehabilit\u00e1ci\u00f3s fitneszlabd\u00e1t fantasztikus \u00e1ron!MegveszemEz\u00e9rt fogod szeretni a term\u00e9ketEz a sokoldal\u00fa eszk\u00f6z garant\u00e1ltan a kedvenced lesz a mindennapokbanV\u00e9gtelen felhaszn\u00e1l\u00e1si ter\u00fcletSz\u00e1mos ter\u00fcleten ig\u00e9nybevehet\u0151, ahol sz\u00fcks\u00e9g van a test teljesk\u00f6r\u0171 \u00e1tmozgat\u00e1s\u00e1ra. Torna\u00f3ra, j\u00f3gaedz\u00e9s, rehabilit\u00e1ci\u00f3s kezel\u00e9sek, de ak\u00e1r az irodai \u00fcl\u0151munka sor\u00e1n is kiv\u00e1l\u00f3 szolg\u00e1latot tehet. A helysz\u00edn is lehet az iroda, tornaterem vagy ak\u00e1r a tengerpart is.J\u00f3t\u00e9kony hat\u00e1sok sokas\u00e1gaKev\u00e9s olyan sporteszk\u00f6z tal\u00e1lhat\u00f3 a piacon, amely tested ennyif\u00e9le m\u00f3don karbantartja. Er\u0151sebb lesz t\u0151le a gerinc \u00e9s a teljes izomzat, javul az \u00e1ll\u00f3k\u00e9pess\u00e9g, a testtart\u00e1s, valamint az egyens\u00faly. Ezenfel\u00fcl fokoz\u00f3dik a szervek v\u00e9rkering\u00e9se \u00e9s a fogy\u00e1shoz is hozz\u00e1j\u00e1rul.V\u00e1s\u00e1rl\u00f3ink visszajelz\u00e9seiElhat\u00e1roztam, hogy \u00e9letm\u00f3dot v\u00e1ltok, \u00edgy a vitaminok mellett t\u00f6bb sportterm\u00e9ket is rendeltem aktivit\u00e1som fokoz\u00e1s\u00e1ra. Naponta haszn\u00e1lom \u0151ket, eddig kiv\u00e1l\u00f3an teljes\u00edtenek, az \u00f6nbizalmam is kezd visszat\u00e9rni.Moln\u00e1r ZsomborNem \u00e9reztem magam j\u00f3l a b\u0151r\u00f6mben ez\u00e9rt p\u00e1r kil\u00f3t le szerettem volna adni. M\u00e1r t\u00f6bbsz\u00f6r rendeltem a havit\u00e1s sportcuccokb\u00f3l, eddig mind gyorsan meg\u00e9rkezett \u00e9s a csomagok tartalm\u00e1ra, min\u0151s\u00e9g\u00e9re sem volt panaszom.GabriellaSajnos \u00f6nhib\u00e1mon k\u00edv\u00fcl egy hossz\u00fa, passz\u00edv id\u0151szakot tudhatok magam m\u00f6g\u00f6tt. T\u00fal vagyok a rehabilit\u00e1ci\u00f3n, de orvosom javaslat\u00e1ra otthon is er\u0151s\u00edtem magam a tov\u00e1bbiakban. A havitamint \u00e9s az itt tal\u00e1lhat\u00f3 term\u00e9keket ismer\u0151s\u00f6m aj\u00e1nlotta, eddig el\u00e9gedett vagyok.Istv\u00e1nEgy hullahopp karik\u00e1val kezd\u0151d\u00f6tt a t\u00f6rt\u00e9net, de ami\u00f3ta \u00e9letem lett a mozg\u00e1s sz\u00e1mos term\u00e9ket vettem t\u0151letek. Most tervezem az evez\u0151g\u00e9p v\u00e1s\u00e1rl\u00e1s\u00e1t, de ki tudja hol \u00e1llok meg. :DHorv\u00e1th N\u00f3raK\u00f6sz\u00f6n\u00f6m nektek, mind a tan\u00e1csokat, mind pedig a term\u00e9keket. Hozz\u00e1\u00e1ll\u00e1sotokkal \u00e9s a rendelt eszk\u00f6z\u00f6kkel nagyban hozz\u00e1j\u00e1rultatok \u00faj, fittebb \u00e9letemhez.K. BenceKialak\u00edtottam egy k\u00fcl\u00f6n konditermet a pinc\u00e9ben, ahova j\u00f3 p\u00e1r felszerel\u00e9st innen v\u00e1s\u00e1roltam. Tapos\u00f3g\u00e9p, szobabicikli, szalagok megrendelve. Egyt\u0151l-egyig er\u0151s, min\u0151s\u00e9gi cuccok, \u00edgy a hengereket, egy\u00e9b bemeleg\u00edt\u0151 \u00e9s laz\u00edt\u00f3 term\u00e9keket is innen fogom. K\u00f6szi az eddigieket. :)Lov\u00e1sz ImrePr\u00f3b\u00e1ld\u00a0ki\u00a0te\u00a0isa\u00a0rehabilit\u00e1ci\u00f3s\u00a0fitneszlabd\u00e1t!Megveszem<\/p>\n","protected":false},"excerpt":{"rendered":"<p>Le\u00edr\u00e1sTulajdons\u00e1gokTartoz\u00e9kokTippek, tr\u00fckk\u00f6kEz az univerz\u00e1lis fitneszlabda fel\u00e9r egy rehabilit\u00e1ci\u00f3s tr\u00e9ner munk\u00e1j\u00e1val. Egy egyszer\u0171 labd\u00e1nak t\u0171nik, \u00e1m a l\u00e1tszat csal, ugyanis sz\u00e1mos j\u00f3t\u00e9kony hat\u00e1st gyakorol testedre!Felhaszn\u00e1l\u00e1si ter\u00fcletei v\u00e9gtelenek. Alkalmazhat\u00f3 iskol\u00e1ban testnevel\u00e9s \u00f3r\u00e1kon, edz\u0151teremben, j\u00f3gaoktat\u00e1s alatt, gimnasztikai gyakorlatokhoz, otthoni edz\u00e9sek alkalm\u00e1val, de a csapatsportok tr\u00e9ningje is sz\u00ednes\u00edthet\u0151 vele.Leghasznosabb tulajdons\u00e1ga, hogy nagyszer\u0171en form\u00e1lja a gerincet, seg\u00edt lek\u00fczdeni annak probl\u00e9m\u00e1it. [&hellip;]<\/p>\n","protected":false},"featured_media":476125,"template":"","meta":{"_acf_changed":false},"product_brand":[],"product_cat":[1350,3374],"product_tag":[],"class_list":["post-476124","product","type-product","status-publish","has-post-thumbnail","product_cat-egeszseg","product_cat-home-sporteszkozok","first","instock","product-type-external"],"acf":[],"_links":{"self":[{"href":"https:\/\/horgaszhely.hu\/hun\/wp-json\/wp\/v2\/product\/476124","targetHints":{"allow":["GET"]}}],"collection":[{"href":"https:\/\/horgaszhely.hu\/hun\/wp-json\/wp\/v2\/product"}],"about":[{"href":"https:\/\/horgaszhely.hu\/hun\/wp-json\/wp\/v2\/types\/product"}],"wp:featuredmedia":[{"embeddable":true,"href":"https:\/\/horgaszhely.hu\/hun\/wp-json\/wp\/v2\/media\/476125"}],"wp:attachment":[{"href":"https:\/\/horgaszhely.hu\/hun\/wp-json\/wp\/v2\/media?parent=476124"}],"wp:term":[{"taxonomy":"product_brand","embeddable":true,"href":"https:\/\/horgaszhely.hu\/hun\/wp-json\/wp\/v2\/product_brand?post=476124"},{"taxonomy":"product_cat","embeddable":true,"href":"https:\/\/horgaszhely.hu\/hun\/wp-json\/wp\/v2\/product_cat?post=476124"},{"taxonomy":"product_tag","embeddable":true,"href":"https:\/\/horgaszhely.hu\/hun\/wp-json\/wp\/v2\/product_tag?post=476124"}],"curies":[{"name":"wp","href":"https:\/\/api.w.org\/{rel}","templated":true}]}}