{"id":476140,"date":"2026-08-29T17:09:05","date_gmt":"2026-08-29T15:09:05","guid":{"rendered":"https:\/\/horgaszhely.hu\/hun\/termek\/25-az-1-ben-fekvotamasz-keret-extra-gumikotellel\/"},"modified":"2026-08-29T17:09:19","modified_gmt":"2026-08-29T15:09:19","slug":"25-az-1-ben-fekvotamasz-keret-extra-gumikotellel","status":"publish","type":"product","link":"https:\/\/horgaszhely.hu\/hun\/termek\/25-az-1-ben-fekvotamasz-keret-extra-gumikotellel\/","title":{"rendered":"25 az 1-ben fekv\u0151t\u00e1masz keret extra gumik\u00f6t\u00e9llel"},"content":{"rendered":"<p>Le\u00edr\u00e1sTulajdons\u00e1gokTartoz\u00e9kokTippek, tr\u00fckk\u00f6kFelejtsd el a hagyom\u00e1nyos fekv\u0151t\u00e1maszt! <strong>Eddz hat\u00e9konyabban ezzel a fekv\u0151t\u00e1masz kerettel \u00e9s a hozz\u00e1 tartoz\u00f3 extra gumik\u00f6telekkel<\/strong>.Amennyiben edzett\u00e9l m\u00e1r hasonl\u00f3 m\u00f3dszerrel tudod, hogy a felv\u0151t\u00e1masz sz\u00e1mos el\u0151nnyel j\u00e1r. <strong>Teljes fels\u0151tested \u00e1tmozgatja, valamint a kar, h\u00e1t, mell \u00e9s a hasizmok is er\u0151s\u00f6dnek \u00e1ltala<\/strong>. Azonban ezzel t\u00f6bb probl\u00e9ma is van. Egyr\u00e9szt, ha r\u00e9g\u00f3ta v\u00e9gzed ezeket a mozdulatokat, unalmas lehet. M\u00e1sr\u00e9szt sosem tudod, hogy \u00e9ppen mely izomcsoprotod er\u0151s\u00f6dik. Harmadr\u00e9szt mindig van egy hat\u00e1r, ahonnan nincs tov\u00e1bb, m\u00e1r nem tudsz eredm\u00e9nyesebb lenni.Term\u00e9k\u00fcnk seg\u00edt lek\u00fczdeni ezeket a gondokat. Maga a keret \u00e9s a hozz\u00e1tartoz\u00f3 foganty\u00fak <strong>szab\u00e1lyos gyakorlatokra k\u00e9sztetnek<\/strong>. A keretben tal\u00e1lhat\u00f3 lyukak, ahov\u00e1 a foganty\u00fat helyezed \u00e9s az ott felfestett vonalak mutatj\u00e1k, hogy mely izomzatot er\u0151s\u00edtheted az adott poz\u00edci\u00f3ban. Azonban ami a legjobb, <strong>az aj\u00e1nd\u00e9k gumik\u00f6t\u00e9l<\/strong>, amely az ellen\u00e1ll\u00e1snak k\u00f6sz\u00f6nhet\u0151en <strong>megkett\u0151z\u00f6tt er\u0151vel \u00e9p\u00edti az izmokat<\/strong>.A keretre festett mint\u00e1zatok \u00e9s az extra edz\u0151k\u00f6t\u00e9l seg\u00edts\u00e9g\u00e9vel \u00f6sszesen nem kevesebb mint <strong>25 poz\u00edci\u00f3ban nyomhatod a fekv\u0151t\u00e1maszokat<\/strong>. Egy alap fekv\u0151t\u00e1masz egy poz\u00edci\u00f3, \u00e9s \u00fagy is maximum 4-5 pr\u00e9selhet\u0151 ki bel\u0151le. Ezzel a term\u00e9kkel pedig 25 a fels\u0151 hat\u00e1r! <strong>Ennek k\u00f6sz\u00f6nhet\u0151en az eg\u00e9sz fels\u0151tested form\u00e1l\u00f3dik, er\u0151s\u00f6dik, n\u00f6vekszik az \u00e1ll\u00f3k\u00e9pess\u00e9ged, valamint zs\u00edr\u00e9get\u00e9s k\u00f6zben izmokat \u00e9p\u00edthetsz.<\/strong>\u2013 Anyag: \u00fajrahasznos\u00edtott m\u0171anyag\u2013 Magass\u00e1g: 10 cm\u2013 Sz\u00e9less\u00e9g: 64,5 cm\u2013 M\u00e9lys\u00e9g: 19,5 cm\u2013 Testr\u00e9szek er\u0151s\u00edt\u00e9se: mellkas, karok, h\u00e1t, tricepsz, l\u00e1bak, fen\u00e9k\u2013 S\u00faly: 1,15 kg\u2013 Csomag s\u00falya: 1,30 kg\u2013 Fekv\u0151t\u00e1masz keret\u2013 2 db foganty\u00fa\u2013 2 db k\u00f6t\u00e9l\u2013 8 db gumiszalagMeguntad a hagyom\u00e1nyos fekv\u0151t\u00e1maszt?Szeretn\u00e9d eredm\u00e9nyesebben edzeni a teljes fels\u0151tested?Ez a fekv\u0151t\u00e1masz keret mobilit\u00e1s\u00e1nak k\u00f6sz\u00f6nhet\u0151en mindenhol ott lesz veled, \u00edgy a nap 24 \u00f3r\u00e1j\u00e1ban, a vil\u00e1gon b\u00e1rhol er\u0151s\u00edthetsz. Egyedi formatervez\u00e9s\u00e9nek k\u00f6sz\u00f6nhet\u0151en mindig tudod, hogy mire is gy\u00farsz, valamint az extra k\u00f6telek seg\u00edts\u00e9g\u00e9vel m\u00e9g er\u0151sebb lehetsz, \u00e9s egy\u00e9b testr\u00e9szeid is er\u0151s\u00edtheted.Fekv\u0151t\u00e1masz keret gumik\u00f6t\u00e9llelV\u00e1ltozatos fels\u0151test er\u0151s\u00edt\u00e9sGarant\u00e1ltan \u00e9lvezetesebb edz\u00e9sMilyen el\u0151nyei vannak?<\/p>\n<ul>\n<li>25 f\u00e9le poz\u00edci\u00f3<\/li>\n<li>\u00c1tmozgatja fels\u0151tested minden izm\u00e1t<\/li>\n<li>Aj\u00e1nd\u00e9k edz\u0151k\u00f6t\u00e9l az eredm\u00e9nyes munk\u00e1hoz<\/li>\n<\/ul>\n<p>Rendeld meg most a fekv\u0151t\u00e1masz keretet hihetetlen \u00e1ron!MegveszemEz\u00e9rt fogod szeretni a term\u00e9ket!Olvasd el sporteszk\u00f6z\u00fcnk al\u00e1bbi k\u00e9t tulajdons\u00e1g\u00e1t, \u00e9s azonnal beleszeretsz majdExtra gumik\u00f6telekAj\u00e1nd\u00e9k edz\u0151k\u00f6teleket biztos\u00edtunk a fekv\u0151t\u00e1masz t\u00e1bl\u00e1hoz. Csak er\u0151s\u00edtsd hozz\u00e1 \u0151ket a kerethez, a k\u00e9t v\u00e9g\u00e9n tal\u00e1lhat\u00f3 foganty\u00fat pedig akaszd a l\u00e1badra vagy fogd a kezedben \u00e9s er\u0151s\u00edtsd vele ak\u00e1r l\u00e1bad vagy a feneked.25 f\u00e9le gyakorl\u00e1si lehet\u0151s\u00e9gT\u00f6rzs, v\u00e1ll, h\u00e1t, tricepsz, bicepsz, mellkas, nyak, csukl\u00f3k, teh\u00e1t a komplett fels\u0151tested er\u0151s\u00edtheted a v\u00e1ltozatos poz\u00edci\u00f3knak k\u00f6sz\u00f6nhet\u0151en. Csak helyezd a megfelel\u0151 helyre a foganty\u00fat az utas\u00edt\u00e1s szerint \u00e9s m\u00e1r el is kezdheted az izmok n\u00f6vel\u00e9s\u00e9t.V\u00e1s\u00e1rl\u00f3ink visszajelz\u00e9seiElhat\u00e1roztam, hogy \u00e9letm\u00f3dot v\u00e1ltok, \u00edgy a vitaminok mellett t\u00f6bb sportterm\u00e9ket is rendeltem aktivit\u00e1som fokoz\u00e1s\u00e1ra. Naponta haszn\u00e1lom \u0151ket, eddig kiv\u00e1l\u00f3an teljes\u00edtenek, az \u00f6nbizalmam is kezd visszat\u00e9rni.Moln\u00e1r ZsomborNem \u00e9reztem magam j\u00f3l a b\u0151r\u00f6mben ez\u00e9rt p\u00e1r kil\u00f3t le szerettem volna adni. M\u00e1r t\u00f6bbsz\u00f6r rendeltem a havit\u00e1s sportcuccokb\u00f3l, eddig mind gyorsan meg\u00e9rkezett \u00e9s a csomagok tartalm\u00e1ra, min\u0151s\u00e9g\u00e9re sem volt panaszom.GabriellaSajnos \u00f6nhib\u00e1mon k\u00edv\u00fcl egy hossz\u00fa, passz\u00edv id\u0151szakot tudhatok magam m\u00f6g\u00f6tt. T\u00fal vagyok a rehabilit\u00e1ci\u00f3n, de orvosom javaslat\u00e1ra otthon is er\u0151s\u00edtem magam a tov\u00e1bbiakban. A havitamint \u00e9s az itt tal\u00e1lhat\u00f3 term\u00e9keket ismer\u0151s\u00f6m aj\u00e1nlotta, eddig el\u00e9gedett vagyok.Istv\u00e1nEgy hullahopp karik\u00e1val kezd\u0151d\u00f6tt a t\u00f6rt\u00e9net, de ami\u00f3ta \u00e9letem lett a mozg\u00e1s sz\u00e1mos term\u00e9ket vettem t\u0151letek. Most tervezem az evez\u0151g\u00e9p v\u00e1s\u00e1rl\u00e1s\u00e1t, de ki tudja hol \u00e1llok meg. :DHorv\u00e1th N\u00f3raK\u00f6sz\u00f6n\u00f6m nektek, mind a tan\u00e1csokat, mind pedig a term\u00e9keket. Hozz\u00e1\u00e1ll\u00e1sotokkal \u00e9s a rendelt eszk\u00f6z\u00f6kkel nagyban hozz\u00e1j\u00e1rultatok \u00faj, fittebb \u00e9letemhez.K. BenceKialak\u00edtottam egy k\u00fcl\u00f6n konditermet a pinc\u00e9ben, ahova j\u00f3 p\u00e1r felszerel\u00e9st innen v\u00e1s\u00e1roltam. Tapos\u00f3g\u00e9p, szobabicikli, szalagok megrendelve. Egyt\u0151l-egyig er\u0151s, min\u0151s\u00e9gi cuccok, \u00edgy a hengereket, egy\u00e9b bemeleg\u00edt\u0151 \u00e9s laz\u00edt\u00f3 term\u00e9keket is innen fogom. K\u00f6szi az eddigieket. :)Lov\u00e1sz ImrePr\u00f3b\u00e1ld\u00a0ki\u00a0te\u00a0isa\u00a0fekv\u0151t\u00e1masz\u00a0keretet\u00a0extra\u00a0gumik\u00f6t\u00e9llel!Megveszem<\/p>\n","protected":false},"excerpt":{"rendered":"<p>Le\u00edr\u00e1sTulajdons\u00e1gokTartoz\u00e9kokTippek, tr\u00fckk\u00f6kFelejtsd el a hagyom\u00e1nyos fekv\u0151t\u00e1maszt! Eddz hat\u00e9konyabban ezzel a fekv\u0151t\u00e1masz kerettel \u00e9s a hozz\u00e1 tartoz\u00f3 extra gumik\u00f6telekkel.Amennyiben edzett\u00e9l m\u00e1r hasonl\u00f3 m\u00f3dszerrel tudod, hogy a felv\u0151t\u00e1masz sz\u00e1mos el\u0151nnyel j\u00e1r. Teljes fels\u0151tested \u00e1tmozgatja, valamint a kar, h\u00e1t, mell \u00e9s a hasizmok is er\u0151s\u00f6dnek \u00e1ltala. Azonban ezzel t\u00f6bb probl\u00e9ma is van. Egyr\u00e9szt, ha r\u00e9g\u00f3ta v\u00e9gzed ezeket a [&hellip;]<\/p>\n","protected":false},"featured_media":476141,"template":"","meta":{"_acf_changed":false},"product_brand":[],"product_cat":[1350,3374],"product_tag":[],"class_list":["post-476140","product","type-product","status-publish","has-post-thumbnail","product_cat-egeszseg","product_cat-home-sporteszkozok","first","instock","product-type-external"],"acf":[],"_links":{"self":[{"href":"https:\/\/horgaszhely.hu\/hun\/wp-json\/wp\/v2\/product\/476140","targetHints":{"allow":["GET"]}}],"collection":[{"href":"https:\/\/horgaszhely.hu\/hun\/wp-json\/wp\/v2\/product"}],"about":[{"href":"https:\/\/horgaszhely.hu\/hun\/wp-json\/wp\/v2\/types\/product"}],"wp:featuredmedia":[{"embeddable":true,"href":"https:\/\/horgaszhely.hu\/hun\/wp-json\/wp\/v2\/media\/476141"}],"wp:attachment":[{"href":"https:\/\/horgaszhely.hu\/hun\/wp-json\/wp\/v2\/media?parent=476140"}],"wp:term":[{"taxonomy":"product_brand","embeddable":true,"href":"https:\/\/horgaszhely.hu\/hun\/wp-json\/wp\/v2\/product_brand?post=476140"},{"taxonomy":"product_cat","embeddable":true,"href":"https:\/\/horgaszhely.hu\/hun\/wp-json\/wp\/v2\/product_cat?post=476140"},{"taxonomy":"product_tag","embeddable":true,"href":"https:\/\/horgaszhely.hu\/hun\/wp-json\/wp\/v2\/product_tag?post=476140"}],"curies":[{"name":"wp","href":"https:\/\/api.w.org\/{rel}","templated":true}]}}