{"id":476174,"date":"2026-09-06T01:01:07","date_gmt":"2026-09-05T23:01:07","guid":{"rendered":"https:\/\/horgaszhely.hu\/hun\/termek\/trizand-praktikus-mini-szobakerekpar-digitalis-kijelzovel-a-kar-es-lab-edzesehez\/"},"modified":"2026-09-06T01:01:09","modified_gmt":"2026-09-05T23:01:09","slug":"trizand-praktikus-mini-szobakerekpar-digitalis-kijelzovel-a-kar-es-lab-edzesehez","status":"publish","type":"product","link":"https:\/\/horgaszhely.hu\/hun\/termek\/trizand-praktikus-mini-szobakerekpar-digitalis-kijelzovel-a-kar-es-lab-edzesehez\/","title":{"rendered":"TRIZAND Praktikus mini szobaker\u00e9kp\u00e1r, digit\u00e1lis kijelz\u0151vel a kar \u00e9s l\u00e1b edz\u00e9s\u00e9hez"},"content":{"rendered":"<p>Le\u00edr\u00e1sTulajdons\u00e1gokTartoz\u00e9kokTippek, tr\u00fckk\u00f6k<strong>Soha nem volt m\u00e9g ennyire k\u00f6nny\u0171 meg\u0151rizni fitts\u00e9ged, illetve ism\u00e9t er\u0151t gy\u0171jteni egy s\u00e9r\u00fcl\u00e9s ut\u00e1n.<\/strong> A mini szobaker\u00e9kp\u00e1r hatalmas seg\u00edts\u00e9g lesz sz\u00e1modra.<strong>Kicsi, szinte b\u00e1rhol elf\u00e9r \u00e9s ak\u00e1r tv n\u00e9z\u00e9s vagy irodai munka k\u00f6zben is alkalmazhatod.<\/strong> Csak \u00fclj le a fotelbe, vagy az \u00e1gy sz\u00e9l\u00e9re, helyezd a l\u00e1bad a k\u00e9t ped\u00e1lra \u00e9s kezdd el a teker\u00e9st. K\u00f6zben t\u00e9nyleg b\u00e1rmivel foglalkozhatsz, olvashatsz, dolgozhatsz notebookodon vagy megn\u00e9zhetsz egy filmet.<strong>Kiv\u00e1l\u00f3 szolg\u00e1latot tesz rehabilit\u00e1ci\u00f3s tev\u00e9kenys\u00e9gek sor\u00e1n.<\/strong> Egy hossz\u00fa fekv\u00e9ssel elt\u00f6lt\u00f6tt id\u0151szak, vagy l\u00e1bt\u00f6r\u00e9s k\u00f6vetkezt\u00e9ben az izmok elgyeng\u00fclnek. A ker\u00e9kp\u00e1r seg\u00edts\u00e9g\u00e9vel fokozatosan szerezheted vissza er\u0151det, \u00e9p\u00edtheted fel ism\u00e9t izmaidat. A temp\u00f3t \u00e9s az edz\u00e9sek gyakoris\u00e1g\u00e1t \u00e9rdemes fokozatosan n\u00f6velni a kif\u00e1rad\u00e1s elker\u00fcl\u00e9se \u00e9rdek\u00e9ben.Amennyiben elfoglalt vagy \u00e9s eg\u00e9sz nap az \u00edr\u00f3asztal el\u0151tt \u00fclsz akkor is meg\u0151rizheted fitts\u00e9ged. S\u0151t, ami m\u00e9g kifejezetten hasznos tulajdons\u00e1ga, hogy <strong>a l\u00e1baid mellett a karjaidat is er\u0151s\u00edtheted vele<\/strong>. Helyezd az asztalra \u00e9s eb\u00e9dsz\u00fcnetben vagy egy gyors online meeting k\u00f6zben is tekerhetsz vele.<strong>Folyamatos alkalmaz\u00e1s mellett fokoz\u00f3dik a v\u00e9rkering\u00e9sed, teh\u00e1t j\u00f3t\u00e9kony hat\u00e1ssal van a sz\u00edv-, \u00e9s \u00e9rrendszered eg\u00e9szs\u00e9g\u00e9re, n\u00f6veli az \u00e1ll\u00f3k\u00e9pess\u00e9ged, hat\u00e9konyabban dolgozik a t\u00fcd\u0151d, fokozatosan \u00e9p\u00fclnek az izmok l\u00e1badban \u00e9s a karodban, valamint eredm\u00e9nyesen \u00e9getheted el a felesleges zs\u00edrt, teh\u00e1t a fogy\u00e1s is kiv\u00e1l\u00f3an felgyors\u00edthat\u00f3 seg\u00edts\u00e9g\u00e9vel.<\/strong><strong>Az eszk\u00f6z\u00f6n helyet kapott egy LCD kijelz\u0151 is<\/strong>, amelyen nyomon k\u00f6vetheted t\u00f6bbek k\u00f6z\u00f6tt az edz\u00e9sid\u0151t, az el\u00e9getett kal\u00f3ri\u00e1kat, valamint a megtett t\u00e1vols\u00e1got. Haszn\u00e1lat k\u00f6zben nem kell f\u00e9lned att\u00f3l, hogy elesel, elcs\u00faszol, ugyanis <strong>mind a ped\u00e1lok, mind pedig az eszk\u00f6z v\u00e9gein tal\u00e1lhat\u00f3 gumik cs\u00fasz\u00e1smentes bevonatot kaptak<\/strong>.Nem sz\u00e1m\u00edt teh\u00e1t, hogy fogyni szeretn\u00e9l, plusz izomer\u0151t gy\u0171jten\u00e9l vagy egy hossz\u00fa s\u00e9r\u00fcl\u00e9sb\u0151l l\u00e1badozol, ez a rehabilit\u00e1ci\u00f3s szobaker\u00e9kp\u00e1r nem hi\u00e1nyozhat az eszk\u00f6zt\u00e1radb\u00f3l.\u2013 Kijelz\u0151 t\u00e1pell\u00e1t\u00e1sa: 1 db LR 44 elem\u2013 K\u00e9tir\u00e1ny\u00fa teker\u00e9s\u2013 M\u00e1gneses ellen\u00e1ll\u00e1s\u2013 T\u00f6bb ellen\u00e1ll\u00e1si fokozat\u2013 Maxim\u00e1lis teherb\u00edr\u00e1s: 100 kg\u2013 Hossz\u00fas\u00e1g: 32,5 cm\u2013 Sz\u00e9less\u00e9g: 40 cm\u2013 Magass\u00e1g: 16 cm\u2013 S\u00faly: 2,4 kg\u2013 Csomag s\u00falya: 2,67 kg\u2013 Mini szobaker\u00e9kp\u00e1rKev\u00e9s id\u0151d van a testedz\u00e9sre?Szeretn\u00e9l munka vagy tv n\u00e9z\u00e9s k\u00f6zben er\u0151s\u00f6dni?A mini szobaker\u00e9kp\u00e1r az elfoglalt emberek edz\u0151t\u00e1rsa. Kialak\u00edt\u00e1s\u00e1nak k\u00f6sz\u00f6nhet\u0151en az asztalon, az asztal alatt, az \u00e1gy mellett, kint az udvaron \u00e9s ak\u00e1r olvas\u00e1s vagy filmez\u00e9s k\u00f6zben er\u0151s\u00edtheted vele l\u00e1bad vagy ak\u00e1r karodat.Mini szobaker\u00e9kp\u00e1rUniverz\u00e1lis haszn\u00e1latHat\u00e9kony er\u0151s\u00edt\u00e9sMilyen el\u0151nyei vannak?<\/p>\n<ul>\n<li>A fels\u0151 \u00e9s als\u00f3 v\u00e9gtagokat is er\u0151s\u00edti<\/li>\n<li>Kiv\u00e1l\u00f3 rehabilit\u00e1ci\u00f3hoz<\/li>\n<li>K\u00f6nnyed hordozhat\u00f3s\u00e1g<\/li>\n<\/ul>\n<p>Szerezd be m\u00e9g ma fantasztikus \u00e1ron!MegveszemEz\u00e9rt fogod szeretni a term\u00e9ket!Neh\u00e9z volt, de megpr\u00f3b\u00e1ltuk kiemelni az eszk\u00f6z k\u00e9t extra tulajdons\u00e1g\u00e1tUniverz\u00e1lis haszn\u00e1latEgy hagyom\u00e1nyos szobabicikli seg\u00edts\u00e9g\u00e9vel csak a l\u00e1baidat er\u0151s\u00edtheted, azonban a mini ker\u00e9kp\u00e1rral fels\u0151 v\u00e9gtagjaid \u00e1tmozgat\u00e1s\u00e1ra is lehet\u0151s\u00e9ged van. S\u0151t ott haszn\u00e1lod ahol szeretn\u00e9d, ak\u00e1r otthon, irod\u00e1ban, vagy kint a szabadban.Hat\u00e9kony rehabilit\u00e1ci\u00f3Fokozatos terhel\u00e9ssel \u00e9s az er\u0151ss\u00e9gi szintek \u00e1ll\u00edt\u00e1s\u00e1val visszaszerezheted a betegs\u00e9ged, vagy s\u00e9r\u00fcl\u00e9sed el\u0151tti er\u0151nl\u00e9ted. Otthon saj\u00e1t szorgalomb\u00f3l, de a rehabilit\u00e1ci\u00f3s foglalkoz\u00e1son is t\u00f6k\u00e9letesen alkalmazhatod.V\u00e1s\u00e1rl\u00f3ink visszajelz\u00e9seiMinden rendben volt. Kicsit fel akartam tuningolni a szervezetem k\u00edv\u00fcl \u00e9s bel\u00fcl, ez\u00e9rt a vitaminok mellett egy\u00e9b sportszereket is rendeltem. M\u00e1r haszn\u00e1lom \u0151ket, bev\u00e1ltak.Fekete J\u00f3zsefEgy hirdet\u00e9sben tal\u00e1lkoztam a webshoppal. Els\u0151re kicsit szkeptikus voltam, mivel azel\u0151tt m\u00e9g nem hallottam r\u00f3luk, de az els\u0151 rendel\u00e9sem ut\u00e1n ann\u00e1l nagyobb meglepet\u00e9s volt, term\u00e9szetesen pozit\u00edv. Rugalmas \u00fcgyf\u00e9lszolg\u00e1lat, gyors sz\u00e1ll\u00edt\u00e1s, \u00e9s a term\u00e9k min\u0151s\u00e9ge is kiv\u00e1l\u00f3.J. T\u00edmeaKiss\u00e9 megvari\u00e1ltam a rendel\u00e9st, de szerencs\u00e9re ezt gyorsan orvosolt\u00e1tok, le a kalappal. K\u00f6sz\u00f6n\u00f6m a korrekt hozz\u00e1\u00e1ll\u00e1st \u00e9s a praktikus term\u00e9keket.Bal\u00e1zsEl\u0151sz\u00f6r egy hasizom edz\u0151, majd egy twister, ut\u00e1na gumis szalagok \u00e9s a j\u00f3gahengerek. Teljesen r\u00e1f\u00fcggtem \ud83d\ude00 , k\u00f6zben pedig m\u00e1r megrendeltem a szobabiciklit. K\u00f6szi az eddigieket, minden ok.EvelinPr\u00f3b\u00e1ld\u00a0ki\u00a0te\u00a0isa\u00a0mini\u00a0rehabilit\u00e1ci\u00f3s\u00a0ker\u00e9kp\u00e1rt!Megveszem<\/p>\n","protected":false},"excerpt":{"rendered":"<p>Le\u00edr\u00e1sTulajdons\u00e1gokTartoz\u00e9kokTippek, tr\u00fckk\u00f6kSoha nem volt m\u00e9g ennyire k\u00f6nny\u0171 meg\u0151rizni fitts\u00e9ged, illetve ism\u00e9t er\u0151t gy\u0171jteni egy s\u00e9r\u00fcl\u00e9s ut\u00e1n. A mini szobaker\u00e9kp\u00e1r hatalmas seg\u00edts\u00e9g lesz sz\u00e1modra.Kicsi, szinte b\u00e1rhol elf\u00e9r \u00e9s ak\u00e1r tv n\u00e9z\u00e9s vagy irodai munka k\u00f6zben is alkalmazhatod. Csak \u00fclj le a fotelbe, vagy az \u00e1gy sz\u00e9l\u00e9re, helyezd a l\u00e1bad a k\u00e9t ped\u00e1lra \u00e9s kezdd el a [&hellip;]<\/p>\n","protected":false},"featured_media":476175,"template":"","meta":{"_acf_changed":false},"product_brand":[],"product_cat":[1350,3374],"product_tag":[],"class_list":["post-476174","product","type-product","status-publish","has-post-thumbnail","product_cat-egeszseg","product_cat-home-sporteszkozok","first","instock","product-type-external"],"acf":[],"_links":{"self":[{"href":"https:\/\/horgaszhely.hu\/hun\/wp-json\/wp\/v2\/product\/476174","targetHints":{"allow":["GET"]}}],"collection":[{"href":"https:\/\/horgaszhely.hu\/hun\/wp-json\/wp\/v2\/product"}],"about":[{"href":"https:\/\/horgaszhely.hu\/hun\/wp-json\/wp\/v2\/types\/product"}],"wp:featuredmedia":[{"embeddable":true,"href":"https:\/\/horgaszhely.hu\/hun\/wp-json\/wp\/v2\/media\/476175"}],"wp:attachment":[{"href":"https:\/\/horgaszhely.hu\/hun\/wp-json\/wp\/v2\/media?parent=476174"}],"wp:term":[{"taxonomy":"product_brand","embeddable":true,"href":"https:\/\/horgaszhely.hu\/hun\/wp-json\/wp\/v2\/product_brand?post=476174"},{"taxonomy":"product_cat","embeddable":true,"href":"https:\/\/horgaszhely.hu\/hun\/wp-json\/wp\/v2\/product_cat?post=476174"},{"taxonomy":"product_tag","embeddable":true,"href":"https:\/\/horgaszhely.hu\/hun\/wp-json\/wp\/v2\/product_tag?post=476174"}],"curies":[{"name":"wp","href":"https:\/\/api.w.org\/{rel}","templated":true}]}}