{"id":476182,"date":"2026-08-29T17:09:41","date_gmt":"2026-08-29T15:09:41","guid":{"rendered":"https:\/\/horgaszhely.hu\/hun\/termek\/15-kg-os-sulymelleny\/"},"modified":"2026-08-29T17:09:57","modified_gmt":"2026-08-29T15:09:57","slug":"15-kg-os-sulymelleny","status":"publish","type":"product","link":"https:\/\/horgaszhely.hu\/hun\/termek\/15-kg-os-sulymelleny\/","title":{"rendered":"15 kg-os s\u00falymell\u00e9ny"},"content":{"rendered":"<p>Le\u00edr\u00e1sTulajdons\u00e1gokTartoz\u00e9kokK\u00f6nnyed\u00e9n lefutsz egy maratoni t\u00e1vot, ami m\u00e1r nem kih\u00edv\u00e1s sz\u00e1modra? Pr\u00f3b\u00e1ld ki 15 kg-os s\u00falymell\u00e9ny\u00fcnket, amely \u00faj perspekt\u00edv\u00e1ba helyezi fut\u00e1ssal, mozg\u00e1ssal kapcsolatos c\u00e9ljaidat.Term\u00e9szetesen nem csak fut\u00e1shoz, hanem gyalogl\u00e1shoz, t\u00far\u00e1z\u00e1shoz, crossfit edz\u00e9sekhez, s\u00falyemel\u00e9shez, k\u00fczd\u0151sportokhoz, b\u00e1rmilyen csapatsport felk\u00e9sz\u00edt\u0151 edz\u00e9seihez kiv\u00e1l\u00f3an alkalmazhat\u00f3. Ezen fel\u00fcl <strong>b\u00e1rhol haszn\u00e1lhatod, ahol sz\u00fcks\u00e9ged van \u00e1ll\u00f3k\u00e9pess\u00e9ged n\u00f6vel\u00e9s\u00e9re<\/strong>.N\u00e9zz\u00fck az \u00e1ll\u00f3k\u00e9pess\u00e9g n\u00f6vel\u00e9s\u00e9n fel\u00fcl milyen el\u0151ny\u00f6kkel j\u00e1r, ha s\u00falymell\u00e9nyben mozogsz:<strong>\u2013 Visel\u00e9se nagyobb er\u0151kifejt\u00e9st ig\u00e9nyel, ez\u00e1ltal izmaid is nagyobbak lehetnek.<\/strong><strong>\u2013 Javul egyens\u00faly \u00e9rz\u00e9ked mivel a mell\u00e9ny visel\u00e9se a folyamatos mikromozg\u00e1sokkal egyens\u00falyoz\u00e1sra k\u00e9sztet.<\/strong><strong>\u2013 Az intenz\u00edvebb edz\u00e9sek \u00e1ltal gyorsabban \u00e9rheted el k\u00edv\u00e1nt c\u00e9ljaidat.<\/strong><strong>\u2013 A plusz s\u00falyok r\u00e9v\u00e9n \u00e9s mivel az eszk\u00f6z t\u00f6bb h\u0151t tart vissza, a kal\u00f3ri\u00e1kat is gyorsabban dolgozhatod le.<\/strong><strong>\u2013 Mivel fokozatos terhel\u00e9snek teszi ki tested n\u00f6vekszik csontjaid s\u0171r\u0171s\u00e9ge, valamint cs\u00f6kken a csontritkul\u00e1s el\u0151fordul\u00e1s\u00e1nak lehet\u0151s\u00e9ge.<\/strong>S\u00falya 15 kg, amely a a mell\u00e9ny anyag\u00e1b\u00f3l \u00e9s a belet\u00f6lt\u00f6tt homokb\u00f3l tev\u0151dik \u00f6ssze. <strong>T\u00f6k\u00e9letesen illeszkedik testedhez, nem zavarja az edz\u00e9seket.<\/strong> T\u00e9p\u0151z\u00e1ras kivitelben ker\u00fcl forgalomba, \u00edgy <strong>b\u00e1rmilyen testalkathoz maxim\u00e1lisan alkalmazkodik.<\/strong> Poli\u00e9szter anyag\u00e1nak k\u00f6sz\u00f6nhet\u0151en tart\u00f3s viseletet biztos\u00edt. Ellen\u00e1ll a szakad\u00e1snak, v\u00edz\u00e1ll\u00f3, valamint szagmentes.<strong>Amennyiben m\u00e1r unod a megszokott edz\u00e9seket, vagy szeretn\u00e9l magasabbra jutni kedvenc sport\u00e1gadban, ez a s\u00falymell\u00e9ny nem hi\u00e1nyozhat sportszert\u00e1radb\u00f3l.<\/strong>\u2013 Sz\u00edn: fekete\u2013 T\u00f6lt\u0151anyag: homok\u2013 Mell\u00e9ny anyaga: poli\u00e9szter\u2013 Hossz\u00fas\u00e1g: 57 cm\u2013 Sz\u00e9less\u00e9g: 41 cm\u2013 S\u00faly: 15 kg\u2013 S\u00falymell\u00e9ny \u2013 15 kgSzeretn\u00e9d gyorsabban el\u00e9rni c\u00e9ljaidat b\u00e1rmelyik sport\u00e1gban?Fontos sz\u00e1modra, hogy extra \u00e1ll\u00f3k\u00e9pess\u00e9ggel rendelkezz?Amennyiben igen a v\u00e1laszod, akkor a s\u00falymell\u00e9ny kifog\u00e1stalan seg\u00edt\u0151t\u00e1rsad lesz. A nagyobb s\u00faly, nagyobb munk\u00e1ra \u00f6szt\u00f6nzi izmaidat, sz\u00edvedet, t\u00fcd\u0151det, \u00e9rrendszered. Ennek k\u00f6sz\u00f6nhet\u0151en gyorsabban \u00e9s nagyobb \u00e1ll\u00f3k\u00e9pess\u00e9gre tehetsz szert, jobb teljes\u00edtm\u00e9ny ny\u00fajthatsz majd a sportp\u00e1ly\u00e1n, massz\u00edvabb izmaid lesznek \u00e9s nem utols\u00f3 sorban a felesleges kil\u00f3knak is hamarabb inthetsz b\u00facs\u00fat.S\u00falymell\u00e9ny &#8211; 15 kgSzinte \u00e9szrev\u00e9tlen viseletSz\u00e1mos sport\u00e1gban alkalmazhat\u00f3Milyen el\u0151nyei vannak?<\/p>\n<ul>\n<li>T\u00f6k\u00e9letesen illeszkedik testedre<\/li>\n<li>Er\u0151teljesebb izomzatod lehet<\/li>\n<li>Gyorsabban fogyhatsz a seg\u00edts\u00e9g\u00e9vel<\/li>\n<\/ul>\n<p>Maxold ki teljes\u00edtm\u00e9nyed ezzel a s\u00falymell\u00e9nnyel!\u200bMegveszemEz\u00e9rt fogod szeretni a term\u00e9ket!Sz\u00e1mtalan hasznos tulajdons\u00e1ga van, de n\u00e9zz\u00fck a k\u00e9t legkiemelked\u0151bbetMinden testalkathoz t\u00f6k\u00e9letesT\u00f6k\u00e9letes formatervez\u00e9s\u00e9nek k\u00f6sz\u00f6nhet\u0151en kiv\u00e1l\u00f3an felveszi tested alakj\u00e1t. A mell\u00e9nyre varrt t\u00e9p\u0151z\u00e1r pedig seg\u00edt abban, hogy akkor is gond n\u00e9lk\u00fcl tudd viselni, ha v\u00e9kony vagy vastagabb testalkattal rendelkezel.Gyorsabb sporteredm\u00e9nyekAmikor s\u00falyt emelsz izmaid n\u0151nek, \u00e9p\u00fclnek. Maga a s\u00falymell\u00e9ny is plusz kil\u00f3kkal terheli tested, ez\u00e1ltal t\u00f6rzsed, l\u00e1bad izmai gyorsabban n\u0151nek, bels\u0151 szerveid hat\u00e9konyabban dolgoznak.V\u00e1s\u00e1rl\u00f3ink visszajelz\u00e9seiMinden rendben volt. Kicsit fel akartam tuningolni a szervezetem k\u00edv\u00fcl \u00e9s bel\u00fcl, ez\u00e9rt a vitaminok mellett egy\u00e9b sportszereket is rendeltem. M\u00e1r haszn\u00e1lom \u0151ket, bev\u00e1ltak.Fekete J\u00f3zsefEgy hirdet\u00e9sben tal\u00e1lkoztam a webshoppal. Els\u0151re kicsit szkeptikus voltam, mivel azel\u0151tt m\u00e9g nem hallottam r\u00f3luk, de az els\u0151 rendel\u00e9sem ut\u00e1n ann\u00e1l nagyobb meglepet\u00e9s volt, term\u00e9szetesen pozit\u00edv. Rugalmas \u00fcgyf\u00e9lszolg\u00e1lat, gyors sz\u00e1ll\u00edt\u00e1s, \u00e9s a term\u00e9k min\u0151s\u00e9ge is kiv\u00e1l\u00f3.J. T\u00edmeaKiss\u00e9 megvari\u00e1ltam a rendel\u00e9st, de szerencs\u00e9re ezt gyorsan orvosolt\u00e1tok, le a kalappal. K\u00f6sz\u00f6n\u00f6m a korrekt hozz\u00e1\u00e1ll\u00e1st \u00e9s a praktikus term\u00e9keket.Bal\u00e1zsEl\u0151sz\u00f6r egy hasizom edz\u0151, majd egy twister, ut\u00e1na gumis szalagok \u00e9s a j\u00f3gahengerek. Teljesen r\u00e1f\u00fcggtem \ud83d\ude00 , k\u00f6zben pedig m\u00e1r megrendeltem a szobabiciklit. K\u00f6szi az eddigieket, minden ok.EvelinPr\u00f3b\u00e1ld\u00a0ki\u00a0te\u00a0isa\u00a015\u00a0kg-os\u00a0s\u00falymell\u00e9nyt!Megveszem<\/p>\n","protected":false},"excerpt":{"rendered":"<p>Le\u00edr\u00e1sTulajdons\u00e1gokTartoz\u00e9kokK\u00f6nnyed\u00e9n lefutsz egy maratoni t\u00e1vot, ami m\u00e1r nem kih\u00edv\u00e1s sz\u00e1modra? Pr\u00f3b\u00e1ld ki 15 kg-os s\u00falymell\u00e9ny\u00fcnket, amely \u00faj perspekt\u00edv\u00e1ba helyezi fut\u00e1ssal, mozg\u00e1ssal kapcsolatos c\u00e9ljaidat.Term\u00e9szetesen nem csak fut\u00e1shoz, hanem gyalogl\u00e1shoz, t\u00far\u00e1z\u00e1shoz, crossfit edz\u00e9sekhez, s\u00falyemel\u00e9shez, k\u00fczd\u0151sportokhoz, b\u00e1rmilyen csapatsport felk\u00e9sz\u00edt\u0151 edz\u00e9seihez kiv\u00e1l\u00f3an alkalmazhat\u00f3. Ezen fel\u00fcl b\u00e1rhol haszn\u00e1lhatod, ahol sz\u00fcks\u00e9ged van \u00e1ll\u00f3k\u00e9pess\u00e9ged n\u00f6vel\u00e9s\u00e9re.N\u00e9zz\u00fck az \u00e1ll\u00f3k\u00e9pess\u00e9g n\u00f6vel\u00e9s\u00e9n fel\u00fcl milyen el\u0151ny\u00f6kkel j\u00e1r, [&hellip;]<\/p>\n","protected":false},"featured_media":476183,"template":"","meta":{"_acf_changed":false},"product_brand":[],"product_cat":[1350,3374],"product_tag":[],"class_list":["post-476182","product","type-product","status-publish","has-post-thumbnail","product_cat-egeszseg","product_cat-home-sporteszkozok","first","instock","product-type-external"],"acf":[],"_links":{"self":[{"href":"https:\/\/horgaszhely.hu\/hun\/wp-json\/wp\/v2\/product\/476182","targetHints":{"allow":["GET"]}}],"collection":[{"href":"https:\/\/horgaszhely.hu\/hun\/wp-json\/wp\/v2\/product"}],"about":[{"href":"https:\/\/horgaszhely.hu\/hun\/wp-json\/wp\/v2\/types\/product"}],"wp:featuredmedia":[{"embeddable":true,"href":"https:\/\/horgaszhely.hu\/hun\/wp-json\/wp\/v2\/media\/476183"}],"wp:attachment":[{"href":"https:\/\/horgaszhely.hu\/hun\/wp-json\/wp\/v2\/media?parent=476182"}],"wp:term":[{"taxonomy":"product_brand","embeddable":true,"href":"https:\/\/horgaszhely.hu\/hun\/wp-json\/wp\/v2\/product_brand?post=476182"},{"taxonomy":"product_cat","embeddable":true,"href":"https:\/\/horgaszhely.hu\/hun\/wp-json\/wp\/v2\/product_cat?post=476182"},{"taxonomy":"product_tag","embeddable":true,"href":"https:\/\/horgaszhely.hu\/hun\/wp-json\/wp\/v2\/product_tag?post=476182"}],"curies":[{"name":"wp","href":"https:\/\/api.w.org\/{rel}","templated":true}]}}