{"id":476494,"date":"2026-08-29T19:26:00","date_gmt":"2026-08-29T17:26:00","guid":{"rendered":"https:\/\/horgaszhely.hu\/hun\/termek\/moya-matcha-iri-genmaicha-organikus-japan-zold-tea-60-g\/"},"modified":"2026-08-29T19:26:05","modified_gmt":"2026-08-29T17:26:05","slug":"moya-matcha-iri-genmaicha-organikus-japan-zold-tea-60-g","status":"publish","type":"product","link":"https:\/\/horgaszhely.hu\/hun\/termek\/moya-matcha-iri-genmaicha-organikus-japan-zold-tea-60-g\/","title":{"rendered":"Moya Matcha Iri Genmaicha Organikus Jap\u00e1n Z\u00f6ld Tea &#8211; 60 g"},"content":{"rendered":"<p>A Moya Matcha Iri Genmaicha Organikus Jap\u00e1n Z\u00f6ld tea egy k\u00fcl\u00f6nleges kever\u00e9k, amelyben a finom sencha levelek, a pir\u00edtott barna rizs \u00e9s a kr\u00e9mes matcha tal\u00e1lkozik, hogy l\u00e1gyan vajas, umamis, tengeri jegyekkel rendelkez\u0151, limez\u00f6ld f\u0151zet\u0171 te\u00e1t adjon. Ide\u00e1lis v\u00e1laszt\u00e1s, ha szeretn\u00e9d a jap\u00e1n z\u00f6ld tea \u00e9lm\u00e9nyt egy kicsit teltebb, \u201egasztron\u00f3miai\u201d form\u00e1ban meg\u00e9lni, ak\u00e1r a mindennapi te\u00e1z\u00e1sokhoz, ak\u00e1r k\u00fcl\u00f6nlegesebb alkalmakra. F\u0151bb el\u0151ny\u00f6k Umamis, match\u00e1val d\u00fas\u00edtott genmaichaSencha, p\u00f6rk\u00f6lt barna rizs \u00e9s \u0151r\u00f6lt matcha kever\u00e9ke \u2014 \u00e9l\u00e9nkebb sz\u00edn, teltebb umami \u00e9s enyhe \u00e9dess\u00e9g jellemzi, lime-z\u00f6ld cs\u00e9szesz\u00ednnel. 100% organikus min\u0151s\u00e9gEllen\u0151rz\u00f6tt, vegyszermentes gazd\u00e1lkod\u00e1sb\u00f3l sz\u00e1rmaz\u00f3 tealevelek, sz\u00fcrett\u0151l a csomagol\u00e1sig nyomon k\u00f6vetve. Jap\u00e1n, organikus \u00fcltetv\u00e9nyekJap\u00e1n teatermeszt\u0151 vid\u00e9kr\u0151l sz\u00e1rmaz\u00f3, hagyom\u00e1nyos m\u00f3dszerekkel feldolgozott levelek. KoffeinszintA matcha por miatt \u00e9rezhet\u0151 koffeintartalom \u2014 reggeli vagy kora d\u00e9lut\u00e1ni fogyaszt\u00e1sra aj\u00e1nljuk. Eredet \u00e9s feldolgoz\u00e1s A Matcha Iri Genmaicha sz\u00e1rmaz\u00e1si helye: Jap\u00e1n, organikus \u00fcltetv\u00e9nyek. A tealevelek feldolgoz\u00e1sa hagyom\u00e1nyos jap\u00e1n m\u00f3dszerekkel t\u00f6rt\u00e9nik, ami meg\u0151rzi a tea jellegzetes \u00edz\u00e9t \u00e9s arom\u00e1j\u00e1t. Kinek aj\u00e1nljuk: azoknak, akik a genmaicha p\u00f6rk\u00f6lt jegyeit umamisabb, match\u00e1s karakterrel szeretn\u00e9k. Elk\u00e9sz\u00edt\u00e9s \u00c1ztat\u00e1s \u00d6nts 70\u201380\u00b0C-os vizet a lesz\u0171rt te\u00e1ra (2\u20133 g \/ 200 ml), \u00e9s hagyd \u00e1zni 2\u20133 perc-ig, majd sz\u0171rd le a leveleket. Fel\u00f6nt\u00e9sek sz\u00e1ma Aj\u00e1nlott v\u00edzh\u0151fok70\u201380\u00b0C \u00c1ztat\u00e1si id\u01512\u20133 perc Adagol\u00e1s2\u20133 g \/ 200 ml \u00dajra fel\u00f6nthet\u0151ak\u00e1r 2x Recept\u00f6tletek Matcha Iri Genmaicha sushihozK\u00edn\u00e1ld sushi vagy m\u00e1s jap\u00e1n fog\u00e1sok mell\u00e9 \u2014 a matcha umamija j\u00f3l k\u00eds\u00e9ri a tengeri \u00edzeket. Er\u0151s reggeli fel\u00f6nt\u00e9sHaszn\u00e1lj a szok\u00e1sosn\u00e1l kicsit t\u00f6bb levelet az intenz\u00edvebb matcha-karakter\u00e9rt. Genmaicha latte match\u00e1valEr\u0151s f\u0151zetet keverj meleg tejjel, a matcha extra kr\u00e9mess\u00e9get ad az italnak. Melyik kiszerel\u00e9st v\u00e1laszd Ez az oldal a 60 g-os kiszerel\u00e9st mutatja \u2014 a Matcha Iri Genmaicha ugyanezzel az \u00edzprofillal m\u00e1s m\u00e9retekben is el\u00e9rhet\u0151: 60 gEzt n\u00e9zed most\u224830 adag 100 g\u224850 adag 250 g\u2248125 adag 1 kg\u2248500 adag Term\u00e9kle\u00edr\u00e1s A Moya Matcha Iri Genmaicha Organikus Jap\u00e1n Sz\u00e1las Tea egy 100%-ban organikus, hagyom\u00e1nyos jap\u00e1n feldolgoz\u00e1s\u00fa tea. Sz\u00e1rmaz\u00e1si helye: Jap\u00e1n, organikus \u00fcltetv\u00e9nyek. Sencha, p\u00f6rk\u00f6lt barna rizs \u00e9s \u0151r\u00f6lt matcha kever\u00e9ke \u2014 \u00e9l\u00e9nkebb sz\u00edn, teltebb umami \u00e9s enyhe \u00e9dess\u00e9g jellemzi, lime-z\u00f6ld cs\u00e9szesz\u00ednnel. A tea sz\u00e1las form\u00e1ban \u00e9rkezik, \u00edgy otthon a saj\u00e1t \u00edzl\u00e9sed szerint szab\u00e1lyozhatod az \u00e1ztat\u00e1si id\u0151t \u00e9s az er\u0151ss\u00e9get. Technikai adatok M\u00e1rkaMoya Sz\u00e1rmaz\u00e1sJap\u00e1n, organikus \u00fcltetv\u00e9nyek Min\u0151s\u00edt\u00e9s100% organikus Kiszerel\u00e9s60 g Formasz\u00e1las tea T\u00e1rol\u00e1ssz\u00e1raz, h\u0171v\u00f6s, f\u00e9nyt\u0151l v\u00e9dett hely Figyelmeztet\u00e9sek KoffeintartalomA matcha por miatt \u00e9rezhet\u0151 koffeintartalom \u2014 reggeli vagy kora d\u00e9lut\u00e1ni fogyaszt\u00e1sra aj\u00e1nljuk. Koffein\u00e9rz\u00e9kenys\u00e9g eset\u00e9n kis adaggal kezdd. T\u00e1rol\u00e1s, felbont\u00e1s ut\u00e1nFelbont\u00e1s ut\u00e1n z\u00e1rd l\u00e9gmentesen vissza a csomagol\u00e1st, \u00e9s tartsd h\u0171v\u00f6s, sz\u00e1raz helyen a frissess\u00e9g meg\u0151rz\u00e9s\u00e9hez. Gyermekekt\u0151l elz\u00e1rva tartand\u00f3Koffeintartalma miatt gyermekek el\u0151l elz\u00e1rva t\u00e1roland\u00f3. Gyakori k\u00e9rd\u00e9sek Milyen v\u00edzh\u0151fokon k\u00e9sz\u00edtsem?70\u201380\u00b0C-os v\u00edzzel \u00f6ntsd fel, \u00e9s 2\u20133 perc-ig \u00e1ztasd \u2014 a t\u00fal forr\u00f3 v\u00edz keserny\u00e9ss\u00e9 teheti az italt. H\u00e1nyszor \u00f6nthet\u0151 fel \u00fajra?Ak\u00e1r 2 alkalommal is fel\u00f6nthet\u0151, minden fel\u00f6nt\u00e9s kicsit m\u00e1s \u00edz\u00e1rnyalatot ad. Mennyi ideig marad friss felbont\u00e1s ut\u00e1n?L\u00e9gmentesen visszaz\u00e1rva, h\u0171v\u00f6s, sz\u00e1raz, f\u00e9nyt\u0151l v\u00e9dett helyen t\u00e1rolva a frissess\u00e9g t\u00f6bb h\u00f3napig megmarad.<\/p>\n","protected":false},"excerpt":{"rendered":"<p>A Moya Matcha Iri Genmaicha Organikus Jap\u00e1n Z\u00f6ld tea egy k\u00fcl\u00f6nleges kever\u00e9k, amelyben a finom sencha levelek, a pir\u00edtott barna rizs \u00e9s a kr\u00e9mes matcha tal\u00e1lkozik, hogy l\u00e1gyan vajas, umamis, tengeri jegyekkel rendelkez\u0151, limez\u00f6ld f\u0151zet\u0171 te\u00e1t adjon. Ide\u00e1lis v\u00e1laszt\u00e1s, ha szeretn\u00e9d a jap\u00e1n z\u00f6ld tea \u00e9lm\u00e9nyt egy kicsit teltebb, \u201egasztron\u00f3miai\u201d form\u00e1ban meg\u00e9lni, ak\u00e1r a mindennapi [&hellip;]<\/p>\n","protected":false},"featured_media":476495,"template":"","meta":{"_acf_changed":false},"product_brand":[],"product_cat":[1350,3393,3409],"product_tag":[],"class_list":["post-476494","product","type-product","status-publish","has-post-thumbnail","product_cat-egeszseg","product_cat-szalas-teak","product_cat-szalas-zold-teak","first","instock","product-type-external"],"acf":[],"_links":{"self":[{"href":"https:\/\/horgaszhely.hu\/hun\/wp-json\/wp\/v2\/product\/476494","targetHints":{"allow":["GET"]}}],"collection":[{"href":"https:\/\/horgaszhely.hu\/hun\/wp-json\/wp\/v2\/product"}],"about":[{"href":"https:\/\/horgaszhely.hu\/hun\/wp-json\/wp\/v2\/types\/product"}],"wp:featuredmedia":[{"embeddable":true,"href":"https:\/\/horgaszhely.hu\/hun\/wp-json\/wp\/v2\/media\/476495"}],"wp:attachment":[{"href":"https:\/\/horgaszhely.hu\/hun\/wp-json\/wp\/v2\/media?parent=476494"}],"wp:term":[{"taxonomy":"product_brand","embeddable":true,"href":"https:\/\/horgaszhely.hu\/hun\/wp-json\/wp\/v2\/product_brand?post=476494"},{"taxonomy":"product_cat","embeddable":true,"href":"https:\/\/horgaszhely.hu\/hun\/wp-json\/wp\/v2\/product_cat?post=476494"},{"taxonomy":"product_tag","embeddable":true,"href":"https:\/\/horgaszhely.hu\/hun\/wp-json\/wp\/v2\/product_tag?post=476494"}],"curies":[{"name":"wp","href":"https:\/\/api.w.org\/{rel}","templated":true}]}}