{"id":476528,"date":"2026-08-29T19:26:28","date_gmt":"2026-08-29T17:26:28","guid":{"rendered":"https:\/\/horgaszhely.hu\/hun\/termek\/moya-wakoucha-organikus-japan-fekete-tea-100-g\/"},"modified":"2026-08-29T19:26:29","modified_gmt":"2026-08-29T17:26:29","slug":"moya-wakoucha-organikus-japan-fekete-tea-100-g","status":"publish","type":"product","link":"https:\/\/horgaszhely.hu\/hun\/termek\/moya-wakoucha-organikus-japan-fekete-tea-100-g\/","title":{"rendered":"Moya Wakoucha Organikus Jap\u00e1n Fekete Tea &#8211; 100 g"},"content":{"rendered":"<p>A Moya Wakoucha Organikus Jap\u00e1n Fekete Tea egy ritka, jap\u00e1n eredet\u0171 fekete tea, amely borosty\u00e1nsz\u00edn\u0171 f\u0151zet\u00e9vel, enyh\u00e9n vir\u00e1gos \u00e9s mal\u00e1t\u00e1s \u00edzjegyeivel k\u00fcl\u00f6nleges helyet foglal el a te\u00e1k vil\u00e1g\u00e1ban. Selymes, m\u00e9zesen \u00e9desk\u00e9s, f\u0171szeres arom\u00e1ja miatt ide\u00e1lis v\u00e1laszt\u00e1s, ha a klasszikus fekete te\u00e1kn\u00e1l kifinomultabb, l\u00e1gyabb, ugyanakkor karakteres \u00e9lm\u00e9nyt keresel \u2013 legyen sz\u00f3 reggeli ind\u00edt\u00e1sr\u00f3l vagy d\u00e9lut\u00e1ni pihen\u0151 pillanatr\u00f3l. A Moya Wakocha Organikus Jap\u00e1n Fekete Tea minden cs\u00e9sz\u00e9je egy picit \u00fcnnepiv\u00e9 teszi a napodat. F\u0151bb el\u0151ny\u00f6k Vir\u00e1gos, m\u00e9zes jap\u00e1n fekete teaRitka jap\u00e1n fekete tea \u2014 vir\u00e1gos, m\u00e9zes, maltos, enyh\u00e9n f\u0171szeres jegyekkel, borosty\u00e1nsz\u00edn cs\u00e9szesz\u00ednnel, fanyars\u00e1g n\u00e9lk\u00fcl. 100% organikus min\u0151s\u00e9gEllen\u0151rz\u00f6tt, vegyszermentes gazd\u00e1lkod\u00e1sb\u00f3l sz\u00e1rmaz\u00f3 tealevelek, sz\u00fcrett\u0151l a csomagol\u00e1sig nyomon k\u00f6vetve. Jap\u00e1n, Hons\u00fa-sziget, Mie r\u00e9gi\u00f3Jap\u00e1n teatermeszt\u0151 vid\u00e9kr\u0151l sz\u00e1rmaz\u00f3, hagyom\u00e1nyos m\u00f3dszerekkel feldolgozott levelek. KoffeinszintKoffeintartalma miatt reggeli, kora d\u00e9lel\u0151tti fogyaszt\u00e1sra aj\u00e1nljuk. Eredet \u00e9s feldolgoz\u00e1s A Wakoucha sz\u00e1rmaz\u00e1si helye: Jap\u00e1n, Hons\u00fa-sziget, Mie r\u00e9gi\u00f3. A tealevelek feldolgoz\u00e1sa hagyom\u00e1nyos jap\u00e1n m\u00f3dszerekkel t\u00f6rt\u00e9nik, ami meg\u0151rzi a tea jellegzetes \u00edz\u00e9t \u00e9s arom\u00e1j\u00e1t. Kinek aj\u00e1nljuk: azoknak, akik a jap\u00e1n z\u00f6ld te\u00e1k mellett egy ritka, hazai termeszt\u00e9s\u0171 fekete te\u00e1t is ki szeretn\u00e9nek pr\u00f3b\u00e1lni. Elk\u00e9sz\u00edt\u00e9s \u00c1ztat\u00e1s \u00d6nts 90\u201395\u00b0C-os vizet a lesz\u0171rt te\u00e1ra (2\u20133 g \/ 200 ml), \u00e9s hagyd \u00e1zni 2\u20133 perc-ig, majd sz\u0171rd le a leveleket. Fel\u00f6nt\u00e9sek sz\u00e1ma Aj\u00e1nlott v\u00edzh\u0151fok90\u201395\u00b0C \u00c1ztat\u00e1si id\u01512\u20133 perc Adagol\u00e1s2\u20133 g \/ 200 ml \u00dajra fel\u00f6nthet\u0151ak\u00e1r 2x Recept\u00f6tletek Klasszikus wakouchaForr\u00e1zd le 90\u201395\u00b0C-os v\u00edzzel, 2\u20133 percig \u00e1ztasd \u2014 a m\u00e9zes-vir\u00e1gos jegyek tiszt\u00e1n \u00e9rv\u00e9nyes\u00fclnek. Wakoucha desszerthezK\u00edn\u00e1ld csokol\u00e1d\u00e9 vagy egy\u00e9b \u00e9des desszertek mell\u00e9 \u2014 a maltos jegyek j\u00f3l illenek hozz\u00e1juk. Wakoucha tejjelEgy kev\u00e9s tejjel fel\u00f6ntve l\u00e1gyabb, kr\u00e9mesebb italt kapsz. Melyik kiszerel\u00e9st v\u00e1laszd Ez az oldal a 100 g-os kiszerel\u00e9st mutatja \u2014 a Wakoucha ugyanezzel az \u00edzprofillal m\u00e1s m\u00e9retekben is el\u00e9rhet\u0151: 60 g\u224830 adag 100 gEzt n\u00e9zed most\u224850 adag 250 g\u2248125 adag 1 kg\u2248500 adag Term\u00e9kle\u00edr\u00e1s A Moya Wakoucha Organikus Jap\u00e1n Sz\u00e1las Tea egy 100%-ban organikus, hagyom\u00e1nyos jap\u00e1n feldolgoz\u00e1s\u00fa tea. Sz\u00e1rmaz\u00e1si helye: Jap\u00e1n, Hons\u00fa-sziget, Mie r\u00e9gi\u00f3. Ritka jap\u00e1n fekete tea \u2014 vir\u00e1gos, m\u00e9zes, maltos, enyh\u00e9n f\u0171szeres jegyekkel, borosty\u00e1nsz\u00edn cs\u00e9szesz\u00ednnel, fanyars\u00e1g n\u00e9lk\u00fcl. A tea sz\u00e1las form\u00e1ban \u00e9rkezik, \u00edgy otthon a saj\u00e1t \u00edzl\u00e9sed szerint szab\u00e1lyozhatod az \u00e1ztat\u00e1si id\u0151t \u00e9s az er\u0151ss\u00e9get. Technikai adatok M\u00e1rkaMoya Sz\u00e1rmaz\u00e1sJap\u00e1n, Hons\u00fa-sziget, Mie r\u00e9gi\u00f3 Min\u0151s\u00edt\u00e9s100% organikus Kiszerel\u00e9s100 g Formasz\u00e1las tea T\u00e1rol\u00e1ssz\u00e1raz, h\u0171v\u00f6s, f\u00e9nyt\u0151l v\u00e9dett hely Figyelmeztet\u00e9sek KoffeintartalomKoffeintartalma miatt reggeli, kora d\u00e9lel\u0151tti fogyaszt\u00e1sra aj\u00e1nljuk. Koffein\u00e9rz\u00e9kenys\u00e9g eset\u00e9n kis adaggal kezdd. T\u00e1rol\u00e1s, felbont\u00e1s ut\u00e1nFelbont\u00e1s ut\u00e1n z\u00e1rd l\u00e9gmentesen vissza a csomagol\u00e1st, \u00e9s tartsd h\u0171v\u00f6s, sz\u00e1raz helyen a frissess\u00e9g meg\u0151rz\u00e9s\u00e9hez. Gyermekekt\u0151l elz\u00e1rva tartand\u00f3Koffeintartalma miatt gyermekek el\u0151l elz\u00e1rva t\u00e1roland\u00f3. Gyakori k\u00e9rd\u00e9sek Milyen v\u00edzh\u0151fokon k\u00e9sz\u00edtsem?90\u201395\u00b0C-os v\u00edzzel \u00f6ntsd fel, \u00e9s 2\u20133 perc-ig \u00e1ztasd \u2014 a t\u00fal forr\u00f3 v\u00edz keserny\u00e9ss\u00e9 teheti az italt. H\u00e1nyszor \u00f6nthet\u0151 fel \u00fajra?Ak\u00e1r 2 alkalommal is fel\u00f6nthet\u0151, minden fel\u00f6nt\u00e9s kicsit m\u00e1s \u00edz\u00e1rnyalatot ad. Mennyi ideig marad friss felbont\u00e1s ut\u00e1n?L\u00e9gmentesen visszaz\u00e1rva, h\u0171v\u00f6s, sz\u00e1raz, f\u00e9nyt\u0151l v\u00e9dett helyen t\u00e1rolva a frissess\u00e9g t\u00f6bb h\u00f3napig megmarad.<\/p>\n","protected":false},"excerpt":{"rendered":"<p>A Moya Wakoucha Organikus Jap\u00e1n Fekete Tea egy ritka, jap\u00e1n eredet\u0171 fekete tea, amely borosty\u00e1nsz\u00edn\u0171 f\u0151zet\u00e9vel, enyh\u00e9n vir\u00e1gos \u00e9s mal\u00e1t\u00e1s \u00edzjegyeivel k\u00fcl\u00f6nleges helyet foglal el a te\u00e1k vil\u00e1g\u00e1ban. Selymes, m\u00e9zesen \u00e9desk\u00e9s, f\u0171szeres arom\u00e1ja miatt ide\u00e1lis v\u00e1laszt\u00e1s, ha a klasszikus fekete te\u00e1kn\u00e1l kifinomultabb, l\u00e1gyabb, ugyanakkor karakteres \u00e9lm\u00e9nyt keresel \u2013 legyen sz\u00f3 reggeli ind\u00edt\u00e1sr\u00f3l vagy d\u00e9lut\u00e1ni pihen\u0151 [&hellip;]<\/p>\n","protected":false},"featured_media":476529,"template":"","meta":{"_acf_changed":false},"product_brand":[],"product_cat":[1350,3410,3393],"product_tag":[],"class_list":["post-476528","product","type-product","status-publish","has-post-thumbnail","product_cat-egeszseg","product_cat-szalas-fekete-teak","product_cat-szalas-teak","first","instock","product-type-external"],"acf":[],"_links":{"self":[{"href":"https:\/\/horgaszhely.hu\/hun\/wp-json\/wp\/v2\/product\/476528","targetHints":{"allow":["GET"]}}],"collection":[{"href":"https:\/\/horgaszhely.hu\/hun\/wp-json\/wp\/v2\/product"}],"about":[{"href":"https:\/\/horgaszhely.hu\/hun\/wp-json\/wp\/v2\/types\/product"}],"wp:featuredmedia":[{"embeddable":true,"href":"https:\/\/horgaszhely.hu\/hun\/wp-json\/wp\/v2\/media\/476529"}],"wp:attachment":[{"href":"https:\/\/horgaszhely.hu\/hun\/wp-json\/wp\/v2\/media?parent=476528"}],"wp:term":[{"taxonomy":"product_brand","embeddable":true,"href":"https:\/\/horgaszhely.hu\/hun\/wp-json\/wp\/v2\/product_brand?post=476528"},{"taxonomy":"product_cat","embeddable":true,"href":"https:\/\/horgaszhely.hu\/hun\/wp-json\/wp\/v2\/product_cat?post=476528"},{"taxonomy":"product_tag","embeddable":true,"href":"https:\/\/horgaszhely.hu\/hun\/wp-json\/wp\/v2\/product_tag?post=476528"}],"curies":[{"name":"wp","href":"https:\/\/api.w.org\/{rel}","templated":true}]}}