{"id":476534,"date":"2026-08-29T19:26:28","date_gmt":"2026-08-29T17:26:28","guid":{"rendered":"https:\/\/horgaszhely.hu\/hun\/termek\/moya-yuzu-organikus-japan-fekete-tea-60-g\/"},"modified":"2026-08-29T19:26:34","modified_gmt":"2026-08-29T17:26:34","slug":"moya-yuzu-organikus-japan-fekete-tea-60-g","status":"publish","type":"product","link":"https:\/\/horgaszhely.hu\/hun\/termek\/moya-yuzu-organikus-japan-fekete-tea-60-g\/","title":{"rendered":"Moya Yuzu Organikus Jap\u00e1n Fekete Tea &#8211; 60 g"},"content":{"rendered":"<p>A Moya Matcha Yuzu Organikus Jap\u00e1n Z\u00f6ld Tea 70% organikus jap\u00e1n sencha z\u00f6ld te\u00e1b\u00f3l \u00e9s 30% sz\u00e1r\u00edtott yuzu gy\u00fcm\u00f6lcsh\u00e9jb\u00f3l \u00e1ll\u00f3, \u00fcd\u00edt\u0151en citrusos kever\u00e9k, amely vil\u00e1gos s\u00e1rga f\u0151zet\u00e9vel \u00e9s vajas-citrusos arom\u00e1j\u00e1val egyedi \u00e9lm\u00e9nyt ny\u00fajt. Ha szereted a friss, gy\u00fcm\u00f6lcs\u00f6s, m\u00e9gis eleg\u00e1nsan visszafogott z\u00f6ld te\u00e1kat, ez a kever\u00e9k k\u00f6nnyed, napf\u00e9nyes te\u00e1z\u00e1s\u00e9lm\u00e9nyt ad, ak\u00e1r otthon, ak\u00e1r a munkahelyeden kortyolod. F\u0151bb el\u0151ny\u00f6k Citrusos, vir\u00e1gos z\u00f6ld tea70% organikus sencha \u00e9s 30% sz\u00e1r\u00edtott yuzu citrush\u00e9j kever\u00e9ke \u2014 vajas-citrusos, \u00e9l\u00e9nk, vir\u00e1gos-citrusos jegyekkel, halv\u00e1ny s\u00e1rga cs\u00e9szesz\u00ednnel. 100% organikus min\u0151s\u00e9gEllen\u0151rz\u00f6tt, vegyszermentes gazd\u00e1lkod\u00e1sb\u00f3l sz\u00e1rmaz\u00f3 tealevelek, sz\u00fcrett\u0151l a csomagol\u00e1sig nyomon k\u00f6vetve. Jap\u00e1n (sencha alap) + sz\u00e1r\u00edtott yuzu h\u00e9jJap\u00e1n teatermeszt\u0151 vid\u00e9kr\u0151l sz\u00e1rmaz\u00f3, hagyom\u00e1nyos m\u00f3dszerekkel feldolgozott levelek. KoffeinszintZ\u00f6ld tea alap\u00fa, \u00edgy koffeint tartalmaz. Eredet \u00e9s feldolgoz\u00e1s A Yuzu sz\u00e1rmaz\u00e1si helye: Jap\u00e1n (sencha alap) + sz\u00e1r\u00edtott yuzu h\u00e9j. A tealevelek feldolgoz\u00e1sa hagyom\u00e1nyos jap\u00e1n m\u00f3dszerekkel t\u00f6rt\u00e9nik, ami meg\u0151rzi a tea jellegzetes \u00edz\u00e9t \u00e9s arom\u00e1j\u00e1t. Kinek aj\u00e1nljuk: azoknak, akik a z\u00f6ld tea mell\u00e9 friss, citrusos karaktert keresnek. Elk\u00e9sz\u00edt\u00e9s \u00c1ztat\u00e1s \u00d6nts 70\u201380\u00b0C-os vizet a lesz\u0171rt te\u00e1ra (2\u20133 g \/ 200 ml), \u00e9s hagyd \u00e1zni 2\u20133 perc-ig, majd sz\u0171rd le a leveleket. Fel\u00f6nt\u00e9sek sz\u00e1ma Aj\u00e1nlott v\u00edzh\u0151fok70\u201380\u00b0C \u00c1ztat\u00e1si id\u01512\u20133 perc Adagol\u00e1s2\u20133 g \/ 200 ml \u00dajra fel\u00f6nthet\u0151ak\u00e1r 2x Recept\u00f6tletek Klasszikus yuzu teaForr\u00e1zd le 70\u201380\u00b0C-os v\u00edzzel, 2\u20133 percig \u00e1ztasd \u2014 a citrusos jegyek felfriss\u00edt\u0151 italt adnak. Jeges yuzu teaHidegen, j\u00e9ggel t\u00e1lalva ny\u00e1ri friss\u00edt\u0151 ital. Yuzu tea m\u00e9zzelEgy kev\u00e9s m\u00e9zzel \u00e9des\u00edtve kiemeli a citrusos-vir\u00e1gos jegyeket. Melyik kiszerel\u00e9st v\u00e1laszd Ez az oldal a 60 g-os kiszerel\u00e9st mutatja \u2014 a Yuzu ugyanezzel az \u00edzprofillal m\u00e1s m\u00e9retekben is el\u00e9rhet\u0151: 60 gEzt n\u00e9zed most\u224830 adag 100 g\u224850 adag Term\u00e9kle\u00edr\u00e1s A Moya Yuzu Organikus Jap\u00e1n Sz\u00e1las Tea egy 100%-ban organikus, hagyom\u00e1nyos jap\u00e1n feldolgoz\u00e1s\u00fa tea. Sz\u00e1rmaz\u00e1si helye: Jap\u00e1n (sencha alap) + sz\u00e1r\u00edtott yuzu h\u00e9j. 70% organikus sencha \u00e9s 30% sz\u00e1r\u00edtott yuzu citrush\u00e9j kever\u00e9ke \u2014 vajas-citrusos, \u00e9l\u00e9nk, vir\u00e1gos-citrusos jegyekkel, halv\u00e1ny s\u00e1rga cs\u00e9szesz\u00ednnel. A tea sz\u00e1las form\u00e1ban \u00e9rkezik, \u00edgy otthon a saj\u00e1t \u00edzl\u00e9sed szerint szab\u00e1lyozhatod az \u00e1ztat\u00e1si id\u0151t \u00e9s az er\u0151ss\u00e9get. Technikai adatok M\u00e1rkaMoya Sz\u00e1rmaz\u00e1sJap\u00e1n (sencha alap) + sz\u00e1r\u00edtott yuzu h\u00e9j Min\u0151s\u00edt\u00e9s100% organikus Kiszerel\u00e9s60 g Formasz\u00e1las tea T\u00e1rol\u00e1ssz\u00e1raz, h\u0171v\u00f6s, f\u00e9nyt\u0151l v\u00e9dett hely Figyelmeztet\u00e9sek KoffeintartalomZ\u00f6ld tea alap\u00fa, \u00edgy koffeint tartalmaz. Koffein\u00e9rz\u00e9kenys\u00e9g eset\u00e9n kis adaggal kezdd. Citrus\u00e9rz\u00e9kenys\u00e9gA yuzu h\u00e9jat tartalmaz \u2014 citrusallergia eset\u00e9n fogyaszt\u00e1s el\u0151tt olvasd el az \u00f6sszetev\u0151ket. T\u00e1rol\u00e1s, felbont\u00e1s ut\u00e1nFelbont\u00e1s ut\u00e1n z\u00e1rd l\u00e9gmentesen vissza a csomagol\u00e1st, \u00e9s tartsd h\u0171v\u00f6s, sz\u00e1raz helyen a frissess\u00e9g meg\u0151rz\u00e9s\u00e9hez. Gyermekekt\u0151l elz\u00e1rva tartand\u00f3Koffeintartalma miatt gyermekek el\u0151l elz\u00e1rva t\u00e1roland\u00f3. Gyakori k\u00e9rd\u00e9sek Milyen v\u00edzh\u0151fokon k\u00e9sz\u00edtsem?70\u201380\u00b0C-os v\u00edzzel \u00f6ntsd fel, \u00e9s 2\u20133 perc-ig \u00e1ztasd \u2014 a t\u00fal forr\u00f3 v\u00edz keserny\u00e9ss\u00e9 teheti az italt. H\u00e1nyszor \u00f6nthet\u0151 fel \u00fajra?Ak\u00e1r 2 alkalommal is fel\u00f6nthet\u0151, minden fel\u00f6nt\u00e9s kicsit m\u00e1s \u00edz\u00e1rnyalatot ad. Mennyi ideig marad friss felbont\u00e1s ut\u00e1n?L\u00e9gmentesen visszaz\u00e1rva, h\u0171v\u00f6s, sz\u00e1raz, f\u00e9nyt\u0151l v\u00e9dett helyen t\u00e1rolva a frissess\u00e9g t\u00f6bb h\u00f3napig megmarad.<\/p>\n","protected":false},"excerpt":{"rendered":"<p>A Moya Matcha Yuzu Organikus Jap\u00e1n Z\u00f6ld Tea 70% organikus jap\u00e1n sencha z\u00f6ld te\u00e1b\u00f3l \u00e9s 30% sz\u00e1r\u00edtott yuzu gy\u00fcm\u00f6lcsh\u00e9jb\u00f3l \u00e1ll\u00f3, \u00fcd\u00edt\u0151en citrusos kever\u00e9k, amely vil\u00e1gos s\u00e1rga f\u0151zet\u00e9vel \u00e9s vajas-citrusos arom\u00e1j\u00e1val egyedi \u00e9lm\u00e9nyt ny\u00fajt. Ha szereted a friss, gy\u00fcm\u00f6lcs\u00f6s, m\u00e9gis eleg\u00e1nsan visszafogott z\u00f6ld te\u00e1kat, ez a kever\u00e9k k\u00f6nnyed, napf\u00e9nyes te\u00e1z\u00e1s\u00e9lm\u00e9nyt ad, ak\u00e1r otthon, ak\u00e1r a munkahelyeden [&hellip;]<\/p>\n","protected":false},"featured_media":476535,"template":"","meta":{"_acf_changed":false},"product_brand":[],"product_cat":[1350,3393,3409],"product_tag":[],"class_list":["post-476534","product","type-product","status-publish","has-post-thumbnail","product_cat-egeszseg","product_cat-szalas-teak","product_cat-szalas-zold-teak","first","instock","product-type-external"],"acf":[],"_links":{"self":[{"href":"https:\/\/horgaszhely.hu\/hun\/wp-json\/wp\/v2\/product\/476534","targetHints":{"allow":["GET"]}}],"collection":[{"href":"https:\/\/horgaszhely.hu\/hun\/wp-json\/wp\/v2\/product"}],"about":[{"href":"https:\/\/horgaszhely.hu\/hun\/wp-json\/wp\/v2\/types\/product"}],"wp:featuredmedia":[{"embeddable":true,"href":"https:\/\/horgaszhely.hu\/hun\/wp-json\/wp\/v2\/media\/476535"}],"wp:attachment":[{"href":"https:\/\/horgaszhely.hu\/hun\/wp-json\/wp\/v2\/media?parent=476534"}],"wp:term":[{"taxonomy":"product_brand","embeddable":true,"href":"https:\/\/horgaszhely.hu\/hun\/wp-json\/wp\/v2\/product_brand?post=476534"},{"taxonomy":"product_cat","embeddable":true,"href":"https:\/\/horgaszhely.hu\/hun\/wp-json\/wp\/v2\/product_cat?post=476534"},{"taxonomy":"product_tag","embeddable":true,"href":"https:\/\/horgaszhely.hu\/hun\/wp-json\/wp\/v2\/product_tag?post=476534"}],"curies":[{"name":"wp","href":"https:\/\/api.w.org\/{rel}","templated":true}]}}