{"id":476758,"date":"2026-09-05T02:02:01","date_gmt":"2026-09-05T00:02:01","guid":{"rendered":"https:\/\/horgaszhely.hu\/hun\/termek\/panakeia-self-polisher-ketfazisu-onfenyezo-olaj-hydro-olaj-100ml\/"},"modified":"2026-09-05T02:02:05","modified_gmt":"2026-09-05T00:02:05","slug":"panakeia-self-polisher-ketfazisu-onfenyezo-olaj-hydro-olaj-100ml","status":"publish","type":"product","link":"https:\/\/horgaszhely.hu\/hun\/termek\/panakeia-self-polisher-ketfazisu-onfenyezo-olaj-hydro-olaj-100ml\/","title":{"rendered":"PANAKEIA SELF-POLISHER &#8211; k\u00e9tf\u00e1zis\u00fa \u00f6nf\u00e9nyez\u0151 olaj Hydro-olaj 100ml"},"content":{"rendered":"<p>&nbsp;<\/p>\n<p>A k\u00e9tl\u00e9p\u00e9ses \u00f6nbarn\u00edt\u00f3 olaj term\u00e9szetes \u00e9s egyenletes barnas\u00e1got biztos\u00edt k\u00e1ros napoz\u00e1s n\u00e9lk\u00fcl. K\u00f6nny\u0171 text\u00far\u00e1ja gyorsan felsz\u00edv\u00f3dik, nem hagy zs\u00edros \u00e9rzetet, \u00e9s minden b\u0151rt\u00edpusra alkalmas. Rendszeres haszn\u00e1lat\u00e1val eg\u00e9sz \u00e9vben gy\u00f6ny\u00f6r\u0171en napbarn\u00edtott megjelen\u00e9st \u00e9rhet el.<\/p>\n<p>Urucum olaj<br \/>\nAz urukumolaj, amely lass\u00edtja a b\u0151r \u00f6reged\u00e9s\u00e9t, nagyszer\u0171 barnul\u00e1saktiv\u00e1l\u00f3. Antioxid\u00e1nsokban, vitaminokban gazdag . Ez a macer\u00e1tum t\u00e1pl\u00e1l\u00f3 tulajdons\u00e1gokkal rendelkezik, toniz\u00e1lja a b\u0151rt \u00e9s helyre\u00e1ll\u00edtja annak rugalmass\u00e1g\u00e1t. \u00c9l\u00e9nk\u00edti \u00e9s ragyog\u00f3v\u00e1 teszi a b\u0151rt. Fenntartja a b\u0151r rugalmass\u00e1g\u00e1t \u00e9s seg\u00edti a sejtek regener\u00e1l\u00f3d\u00e1s\u00e1t.<\/p>\n<p>Linden Hydrolat<br \/>\nAH\u00e1rs Hydrolat, 100% n\u00f6v\u00e9nyi v\u00edz, nyugtatja, regener\u00e1lja \u00e9s puh\u00edtja a b\u0151rt. A h\u00e1rsfavir\u00e1g sz\u00e1mos hat\u00f3anyagot tartalmaz, mint p\u00e9ld\u00e1ul ill\u00f3olajokat, flavonoidokat \u00e9s szerves savakat.<br \/>\nV\u00e9d\u0151g\u00e1tat k\u00e9pez a b\u0151r\u00f6n \u00e9s \u00f3ri\u00e1si regener\u00e1l\u00f3 hat\u00e1st mutat, fenntartja a v\u00edz- \u00e9s zs\u00edranyag egyens\u00falyt \u00e9s emellett aranyl\u00f3 ragyog\u00e1st k\u00f6lcs\u00f6n\u00f6z a b\u0151rnek. Kellemes m\u00e9zes illata van.<\/p>\n<p>Bio ECOCERT tan\u00fas\u00edtv\u00e1ny<br \/>\nDHA ECOCERT bio-tan\u00fas\u00edtv\u00e1nnyal, tonik, amely ragyog\u00f3v\u00e1 teszi a b\u0151rt \u00e9s eg\u00e9sz \u00e9vben term\u00e9szetes barnas\u00e1got biztos\u00edt. Ez az anyag reakci\u00f3ba l\u00e9p a b\u0151rben l\u00e9v\u0151 aminosavakkal \u00e9s el\u0151seg\u00edti a pigmenttermel\u00e9st.<br \/>\nA DHA n\u00f6v\u00e9nyi eredet\u0171\/b\u00faza \u00e9s repce ferment\u00e1ci\u00f3val \u00e9s biokonverzi\u00f3val\/. A b\u0151r fels\u0151 r\u00e9tegeinek sz\u00ednez\u0151d\u00e9s\u00e9t id\u00e9zi el\u0151 napoz\u00e1s n\u00e9lk\u00fcl. A b\u0151r elsz\u00ednez\u0151d\u00e9se v\u00edz\u00e1ll\u00f3 \u00e9s az \u00fajb\u00f3li felvitelig ak\u00e1r 7 napig is megmarad. Rendszeres alkalmaz\u00e1ssal fenntarthatja az intenzit\u00e1st.<\/p>\n<p>Specifik\u00e1ci\u00f3k<\/p>\n<p>Haszn\u00e1lati utas\u00edt\u00e1s: Haszn\u00e1lat el\u0151tt j\u00f3l r\u00e1zza fel, \u00e9s a k\u00e9tf\u00e1zis\u00fa hidroolaj k\u00e9szen \u00e1ll a haszn\u00e1latra. Sz\u00fcks\u00e9g szerint egyenletesen vigye fel a test- \u00e9s arcb\u0151rre, majd keverje el. Haszn\u00e1lat ut\u00e1n alaposan mosson kezet.<br \/>\nMegjegyz\u00e9s: Kiz\u00e1r\u00f3lag k\u00fcls\u0151 haszn\u00e1latra. ker\u00fclje a szemmel \u00e9s a ny\u00e1lkah\u00e1rty\u00e1val val\u00f3 \u00e9rintkez\u00e9st. Ne haszn\u00e1lja irrit\u00e1lt vagy \u00e9rz\u00e9keny b\u0151r\u00f6n. Ne haszn\u00e1lja, ha \u00e9rz\u00e9keny a term\u00e9kben tal\u00e1lhat\u00f3 \u00f6sszetev\u0151kre. Ez a term\u00e9k nem alkalmas gyermekek sz\u00e1m\u00e1ra. Gyermekek el\u0151l elz\u00e1rva tartand\u00f3.<br \/>\nT\u00e1rol\u00e1s.<br \/>\n\u00d6sszetev\u0151k:&nbsp;&nbsp;Tilia Vulgaris &nbsp;Flower Water, Prunus Amygdalus Dulcis Oil, Dihydroxyacetone, Bixa Orellana Seed Extract, Parfum, Benzyl Alcohol, Salicylic Acid, Glycerin, Sorbic Acid<br \/>\n&nbsp;Felel\u0151s szem\u00e9ly \u00e9s gy\u00e1rt\u00f3: PANAKEIA SK s.r.o., \u017dabinsk\u00e1 2, 91105 Trencs\u00e9n, Szlov\u00e1k K\u00f6zt\u00e1rsas\u00e1g, www.panakeia.hu&nbsp;<\/p>\n","protected":false},"excerpt":{"rendered":"<p>&nbsp; A k\u00e9tl\u00e9p\u00e9ses \u00f6nbarn\u00edt\u00f3 olaj term\u00e9szetes \u00e9s egyenletes barnas\u00e1got biztos\u00edt k\u00e1ros napoz\u00e1s n\u00e9lk\u00fcl. K\u00f6nny\u0171 text\u00far\u00e1ja gyorsan felsz\u00edv\u00f3dik, nem hagy zs\u00edros \u00e9rzetet, \u00e9s minden b\u0151rt\u00edpusra alkalmas. Rendszeres haszn\u00e1lat\u00e1val eg\u00e9sz \u00e9vben gy\u00f6ny\u00f6r\u0171en napbarn\u00edtott megjelen\u00e9st \u00e9rhet el. Urucum olaj Az urukumolaj, amely lass\u00edtja a b\u0151r \u00f6reged\u00e9s\u00e9t, nagyszer\u0171 barnul\u00e1saktiv\u00e1l\u00f3. Antioxid\u00e1nsokban, vitaminokban gazdag . Ez a macer\u00e1tum t\u00e1pl\u00e1l\u00f3 tulajdons\u00e1gokkal rendelkezik, [&hellip;]<\/p>\n","protected":false},"featured_media":477746,"template":"","meta":{"_acf_changed":false},"product_brand":[],"product_cat":[3414,3380],"product_tag":[],"class_list":["post-476758","product","type-product","status-publish","has-post-thumbnail","product_cat-panakeia-naturkozmetikumok","product_cat-termeszetes-kozmetikumok","first","instock","product-type-external"],"acf":[],"_links":{"self":[{"href":"https:\/\/horgaszhely.hu\/hun\/wp-json\/wp\/v2\/product\/476758","targetHints":{"allow":["GET"]}}],"collection":[{"href":"https:\/\/horgaszhely.hu\/hun\/wp-json\/wp\/v2\/product"}],"about":[{"href":"https:\/\/horgaszhely.hu\/hun\/wp-json\/wp\/v2\/types\/product"}],"wp:featuredmedia":[{"embeddable":true,"href":"https:\/\/horgaszhely.hu\/hun\/wp-json\/wp\/v2\/media\/477746"}],"wp:attachment":[{"href":"https:\/\/horgaszhely.hu\/hun\/wp-json\/wp\/v2\/media?parent=476758"}],"wp:term":[{"taxonomy":"product_brand","embeddable":true,"href":"https:\/\/horgaszhely.hu\/hun\/wp-json\/wp\/v2\/product_brand?post=476758"},{"taxonomy":"product_cat","embeddable":true,"href":"https:\/\/horgaszhely.hu\/hun\/wp-json\/wp\/v2\/product_cat?post=476758"},{"taxonomy":"product_tag","embeddable":true,"href":"https:\/\/horgaszhely.hu\/hun\/wp-json\/wp\/v2\/product_tag?post=476758"}],"curies":[{"name":"wp","href":"https:\/\/api.w.org\/{rel}","templated":true}]}}