{"id":476854,"date":"2026-08-29T19:53:36","date_gmt":"2026-08-29T17:53:36","guid":{"rendered":"https:\/\/horgaszhely.hu\/hun\/termek\/panakeia-szilard-termeszetes-hajkondicionalo-35g\/"},"modified":"2026-08-29T19:54:09","modified_gmt":"2026-08-29T17:54:09","slug":"panakeia-szilard-termeszetes-hajkondicionalo-35g","status":"publish","type":"product","link":"https:\/\/horgaszhely.hu\/hun\/termek\/panakeia-szilard-termeszetes-hajkondicionalo-35g\/","title":{"rendered":"PANAKEIA Szil\u00e1rd term\u00e9szetes hajkondicion\u00e1l\u00f3 35g"},"content":{"rendered":"<p>A kondicion\u00e1l\u00f3 megk\u00f6nny\u00edti a kibont\u00e1st, antisztatikus hat\u00e1s\u00fa \u00e9s cs\u00f6kkenti a g\u00f6nd\u00f6r\u00f6d\u00e9st. V\u00e9di a hajat a k\u00e1rosod\u00e1st\u00f3l, megakad\u00e1lyozza a hajv\u00e9gek t\u00f6redez\u00e9s\u00e9t. Hidrat\u00e1lja \u00e9s kisim\u00edtja a hajat, k\u00f6nnyen f\u00e9s\u00fclhet\u0151v\u00e9 teszi, f\u00e9nyt \u00e9s er\u0151t ad.<\/p>\n<p>&nbsp;<\/p>\n<p>Kaka\u00f3vaj<br \/>\nA kaka\u00f3vaj t\u00e1pl\u00e1lja a hajgy\u00f6kereket \u00e9s visszaadja a haj vitalit\u00e1s\u00e1t. Megakad\u00e1lyozza a k\u00e1ros anyagok bejut\u00e1s\u00e1t a fejb\u0151rbe \u00e9s regener\u00e1lja a s\u00e9r\u00fclt hajat.<br \/>\nJ\u00f3t\u00e9kony hat\u00e1ssal van a sz\u00e1raz fejb\u0151rre \u00e9s megakad\u00e1lyozza annak kisz\u00e1rad\u00e1s\u00e1t. Kezeli a hajsz\u00e1r\u00edt\u00e1s \u00e9s vasal\u00e1s \u00e1ltal gyakran elnehez\u00edtett hajat. Haszn\u00e1lat ut\u00e1n a haj sima \u00e9s f\u00e9nyes lesz. Extra hidrat\u00e1l\u00e1st biztos\u00edt \u00e9s helyre\u00e1ll\u00edtja a haj szerkezet\u00e9t.<\/p>\n<p>Hidrat\u00e1l\u00e1s \u00e9s v\u00e9delem<\/p>\n<p>A hialuronsav hidrat\u00e1lja a sz\u00e1raz \u00e9s s\u00e9r\u00fclt hajat, megv\u00e9di a tov\u00e1bbi nedvess\u00e9gveszt\u00e9st\u0151l \u00e9s megakad\u00e1lyozza a t\u00f6redez\u00e9st \u00e9s a t\u00f6redez\u00e9st. Kisim\u00edtja a hajsz\u00e1lakat \u00e9s visszaadja a f\u00e9nyt a f\u00e9nytelen \u00e9s sz\u00e1raz hajnak.<br \/>\nA n\u00f6v\u00e9nyi alap\u00fa keratin alternat\u00edva er\u0151s\u00edti a hajat, jav\u00edtja a rugalmass\u00e1got \u00e9s a f\u00e9nyt, kiv\u00e1l\u00f3an alkalmas a sz\u00e1raz \u00e9s s\u00e9r\u00fclt hajra.<\/p>\n<p>&nbsp;<\/p>\n<p>Specifik\u00e1ci\u00f3k<\/p>\n<p>\u00d6sszetev\u0151k:&nbsp;Cetearyl Alcohol, Behentrimonium Methosulfate, Cetyl Alcohol, Theobroma Cacao Seed Butter, Myrica Cerifera Fruit Wax, Undecane, Jojoba Esters, Hydrolyzed Corn Protein, Panthenol, Hydrolyzed Wheat Protein, Helianthus Annuus Seed Wax, Tridecane, Hydrolyzed Soy Protein, Parfum , Aqua, Ricinus Communis Seed Oil, Sodium Hyaluronate, Tocopherol, Acacia Decurrens Flower Wax, Polyglycerin-3, Helianthus Annuus Seed Oil, Leuconostoc\/Radish Root Ferment Filtrate, Hydrogenated Castor Oil, Citric Acid, Benzyl Salicylate<\/p>\n<p>Hogyan haszn\u00e1lj\u00e1k a szil\u00e1rd sampont?<\/p>\n<p>Vigye fel a kondicion\u00e1l\u00f3t a megmosott \u00e9s &#8222;kicsavart&#8221; hajra (az als\u00f3 hosszig), vagy k\u00f6zvetlen\u00fcl a hajon k\u00f6rk\u00f6r\u00f6s mozdulatokkal \u00e1tf\u00e9s\u00fclve, am\u00edg tejes emulzi\u00f3 nem k\u00e9pz\u0151dik, vagy a tenyer\u00e9ben tejes emulzi\u00f3t k\u00e9pezve.<br \/>\nHagyja hatni 3-5 percig, majd \u00f6bl\u00edtse le.<br \/>\nT\u00e1rolja h\u0171v\u00f6s, s\u00f6t\u00e9t, sz\u00e1raz helyen, ide\u00e1lis esetben szappantart\u00f3ban<\/p>\n<p>&nbsp;<br \/>\n&nbsp;<\/p>\n<p>&nbsp;<\/p>\n","protected":false},"excerpt":{"rendered":"<p>A kondicion\u00e1l\u00f3 megk\u00f6nny\u00edti a kibont\u00e1st, antisztatikus hat\u00e1s\u00fa \u00e9s cs\u00f6kkenti a g\u00f6nd\u00f6r\u00f6d\u00e9st. V\u00e9di a hajat a k\u00e1rosod\u00e1st\u00f3l, megakad\u00e1lyozza a hajv\u00e9gek t\u00f6redez\u00e9s\u00e9t. Hidrat\u00e1lja \u00e9s kisim\u00edtja a hajat, k\u00f6nnyen f\u00e9s\u00fclhet\u0151v\u00e9 teszi, f\u00e9nyt \u00e9s er\u0151t ad. &nbsp; Kaka\u00f3vaj A kaka\u00f3vaj t\u00e1pl\u00e1lja a hajgy\u00f6kereket \u00e9s visszaadja a haj vitalit\u00e1s\u00e1t. Megakad\u00e1lyozza a k\u00e1ros anyagok bejut\u00e1s\u00e1t a fejb\u0151rbe \u00e9s regener\u00e1lja a s\u00e9r\u00fclt [&hellip;]<\/p>\n","protected":false},"featured_media":476855,"template":"","meta":{"_acf_changed":false},"product_brand":[],"product_cat":[3427,3414,3455,3380],"product_tag":[],"class_list":["post-476854","product","type-product","status-publish","has-post-thumbnail","product_cat-hajkozmetikumok","product_cat-panakeia-naturkozmetikumok","product_cat-termeszetes-kondicionalok","product_cat-termeszetes-kozmetikumok","first","instock","product-type-external"],"acf":[],"_links":{"self":[{"href":"https:\/\/horgaszhely.hu\/hun\/wp-json\/wp\/v2\/product\/476854","targetHints":{"allow":["GET"]}}],"collection":[{"href":"https:\/\/horgaszhely.hu\/hun\/wp-json\/wp\/v2\/product"}],"about":[{"href":"https:\/\/horgaszhely.hu\/hun\/wp-json\/wp\/v2\/types\/product"}],"wp:featuredmedia":[{"embeddable":true,"href":"https:\/\/horgaszhely.hu\/hun\/wp-json\/wp\/v2\/media\/476855"}],"wp:attachment":[{"href":"https:\/\/horgaszhely.hu\/hun\/wp-json\/wp\/v2\/media?parent=476854"}],"wp:term":[{"taxonomy":"product_brand","embeddable":true,"href":"https:\/\/horgaszhely.hu\/hun\/wp-json\/wp\/v2\/product_brand?post=476854"},{"taxonomy":"product_cat","embeddable":true,"href":"https:\/\/horgaszhely.hu\/hun\/wp-json\/wp\/v2\/product_cat?post=476854"},{"taxonomy":"product_tag","embeddable":true,"href":"https:\/\/horgaszhely.hu\/hun\/wp-json\/wp\/v2\/product_tag?post=476854"}],"curies":[{"name":"wp","href":"https:\/\/api.w.org\/{rel}","templated":true}]}}