{"id":477148,"date":"2026-08-29T19:59:32","date_gmt":"2026-08-29T17:59:32","guid":{"rendered":"https:\/\/horgaszhely.hu\/hun\/termek\/panakeia-regebasil-hajmaszk-150ml-vona-cukraren\/"},"modified":"2026-08-29T19:59:57","modified_gmt":"2026-08-29T17:59:57","slug":"panakeia-regebasil-hajmaszk-150ml-vona-cukraren","status":"publish","type":"product","link":"https:\/\/horgaszhely.hu\/hun\/termek\/panakeia-regebasil-hajmaszk-150ml-vona-cukraren\/","title":{"rendered":"PANAKEIA REGEBASIL\u00ae &#8211; hajmaszk 150ml V\u00f4\u0148a: Cukr\u00e1re\u0148"},"content":{"rendered":"<p>Ez a maszk, hat\u00e9kony hat\u00f3anyagokkal gazdag\u00edtott, amelyek m\u00e9lyrehat\u00f3an jav\u00edtj\u00e1k a hajk\u00e1rosod\u00e1st \u00e9s m\u00e9lyen \u00e1tstruktur\u00e1lj\u00e1k a hajsz\u00e1lakat. A haj er\u0151sebb, puha, selymes \u00e9s kev\u00e9sb\u00e9 t\u00f6redezett lesz.<br \/>\n\u00d6sszetev\u0151k: A hajsz\u00e1lakra \u00e9s a hajsz\u00e1lakra is kiterjed\u0151 hat\u00e1s\u00faak:<\/p>\n<p>A bojtorj\u00e1nolaj, a bojtorj\u00e1ngy\u00f6k\u00e9r macer\u00e1tuma el\u0151seg\u00edti az eg\u00e9szs\u00e9ges hajn\u00f6veked\u00e9st, seg\u00edt megel\u0151zni a haj t\u00f6redez\u00e9s\u00e9t, f\u00e9nyt ad \u00e9s er\u0151s\u00edti a hajsz\u00e1lakat, nyugtatja az irrit\u00e1lt fejb\u0151rt, jav\u00edtja a haj szerkezet\u00e9t.<br \/>\nTengeri hat\u00f3anyag a t\u00f6k\u00e9letes csillog\u00e1s\u00e9rt \u00e9s a haj m\u00e9lyrehat\u00f3 rekonstrukci\u00f3j\u00e1\u00e9rt, h\u0151v\u00e9delmet ny\u00fajt, jav\u00edtja a s\u00e9r\u00fcl\u00e9seket, er\u0151s\u00edti a hajsz\u00e1lak bels\u0151 szerkezet\u00e9t. F\u00e9nyt, vitalit\u00e1st \u00e9s er\u0151t k\u00f6lcs\u00f6n\u00f6z a hajsz\u00e1laknak.<br \/>\nBel\u00fclr\u0151l hat, hogy helyre\u00e1ll\u00edtsa a hajsz\u00e1lak integrit\u00e1s\u00e1t, hat\u00e1sa pedig k\u00fcls\u0151leg is t\u00fckr\u00f6z\u0151dik, jav\u00edtva az olyan vizu\u00e1lis \u00e9s \u00e9rz\u00e9kszervi param\u00e9tereket, mint a megjelen\u00e9s, hidrat\u00e1lts\u00e1g, tapint\u00e1s \u00e9s f\u00e9nyess\u00e9g.<br \/>\nKiv\u00e1l\u00f3 min\u0151s\u00e9g\u0171 selyemfeh\u00e9rje, amely a b\u0151rt \u00e9s a hajat f\u00e9ny\u0171z\u0151v\u00e9, csillog\u00f3v\u00e1, sim\u00e1v\u00e1 \u00e9s eleg\u00e1nss\u00e1 teszi. Kiv\u00e1l\u00f3 nedvess\u00e9gmegk\u00f6t\u0151 \u00e9s m\u00e9lykondicion\u00e1l\u00f3 tulajdons\u00e1gokkal rendelkezik, kop\u00e1s\u00e1ll\u00f3 tulajdons\u00e1gokkal rendelkezik.<br \/>\nBazsalikomgy\u00f6k\u00e9r kivonat az er\u0151sebb \u00e9s vastagabb haj\u00e9rt. RootBioTec&#x2122;&#xfe0f; sikeresen cs\u00f6kkenti a hajhull\u00e1st \u00e9s a haj regener\u00e1l\u00f3d\u00e1s\u00e1t.<\/p>\n<p>Hogyan kell haszn\u00e1lni?<br \/>\nHajmos\u00e1s ut\u00e1n nyomja ki a vizet a haj\u00e1b\u00f3l, \u00e9s vigye fel t\u00e1pl\u00e1l\u00f3 hajmaszkunkat a hajsz\u00e1lak k\u00f6zep\u00e9re \u00e9s v\u00e9g\u00e9re (a hajt\u00f6vekig, ha \u00fagy \u00e9rzi, hogy a haj\u00e1nak t\u00f6bb hidrat\u00e1l\u00f3 olajra van sz\u00fcks\u00e9ge).<br \/>\nHagyja a maszkot legal\u00e1bb 5-10 percig hatni. Alaposan \u00f6bl\u00edtse ki, \u00e9s a szok\u00e1sos m\u00f3don f\u00fajja meg a haj\u00e1t.<br \/>\nB\u0151rgy\u00f3gy\u00e1szatilag tesztelt, k\u00e9zzel k\u00e9sz\u00edtett Szlov\u00e1ki\u00e1ban.<br \/>\nREGEBASIL\u00ae hajmaszk &#8211; Lipa \u00d6sszetev\u0151k :&nbsp;Rosa Damascena Flower Water, Helianthus Annuus Seed Oil, Cetearyl Alcohol, Aqua, Arctium Lappa Root Extract, Parfum, Behentrimonium Methosulfate, Lysolecithin, Glycerin Cocos Nucifera Oil, Benzyl Alcohol, Silk Amino Acids, Zea Mays Starch, Tocopherol, Cystoseira Compressa Extract, Ocimum Basilicum Hairy Root Culture Extract, Salicylic Acid, Sorbic Acid, Gluconolactone, Sodium Benzoate, Dehydroacetic Acid, Calcium Gluconate, Citronellol, Linalool, Eugenol<br \/>\n&nbsp;<\/p>\n<p>Haszn\u00e1lati utas\u00edt\u00e1s:<\/p>\n<p>Hajmos\u00e1s ut\u00e1n csavarja ki a felesleges vizet a haj\u00e1b\u00f3l. Vigyen fel egy kis mennyis\u00e9get a maszkb\u00f3l a tenyer\u00e9be, \u00e9s oszlassa el a haj teljes hossz\u00e1ban a hajv\u00e9gekig. Hagyja rajta 5-10 percig, majd alaposan \u00f6bl\u00edtse le a hajat v\u00edzzel.<\/p>\n<p>Figyelmeztet\u00e9s:<\/p>\n<p>Kiz\u00e1r\u00f3lag k\u00fcls\u0151 haszn\u00e1latra. Ker\u00fclje a szemmel \u00e9s a ny\u00e1lkah\u00e1rty\u00e1val val\u00f3 \u00e9rintkez\u00e9st. Ne haszn\u00e1lja irrit\u00e1lt vagy \u00e9rz\u00e9keny b\u0151r\u00f6n. Ne haszn\u00e1lja, ha \u00e9rz\u00e9keny a term\u00e9kben tal\u00e1lhat\u00f3 \u00f6sszetev\u0151kre. Ez a term\u00e9k 3 \u00e9ves kort\u00f3l alkalmas gyermekek sz\u00e1m\u00e1ra. Gyermekek el\u0151l elz\u00e1rva tartand\u00f3.<\/p>\n<p>T\u00e1rol\u00e1s:<\/p>\n<p>A term\u00e9ket szobah\u0151m\u00e9rs\u00e9kleten, h\u0151forr\u00e1st\u00f3l \u00e9s k\u00f6zvetlen napf\u00e9nyt\u0151l v\u00e9dve t\u00e1rolja.<\/p>\n<p>Contents:<\/p>\n<p>150 ml<\/p>\n<p>Felel\u0151s szem\u00e9ly \u00e9s gy\u00e1rt\u00f3:<\/p>\n<p>PANAKEIA SK s.r.o., \u017dabinsk\u00e1 2, 911 05 Trencs\u00e9n, Szlov\u00e1k K\u00f6zt\u00e1rsas\u00e1g,<br \/>\nwww.panakeia.hu<\/p>\n<p>&nbsp;<br \/>\n&nbsp;<\/p>\n","protected":false},"excerpt":{"rendered":"<p>Ez a maszk, hat\u00e9kony hat\u00f3anyagokkal gazdag\u00edtott, amelyek m\u00e9lyrehat\u00f3an jav\u00edtj\u00e1k a hajk\u00e1rosod\u00e1st \u00e9s m\u00e9lyen \u00e1tstruktur\u00e1lj\u00e1k a hajsz\u00e1lakat. A haj er\u0151sebb, puha, selymes \u00e9s kev\u00e9sb\u00e9 t\u00f6redezett lesz. \u00d6sszetev\u0151k: A hajsz\u00e1lakra \u00e9s a hajsz\u00e1lakra is kiterjed\u0151 hat\u00e1s\u00faak: A bojtorj\u00e1nolaj, a bojtorj\u00e1ngy\u00f6k\u00e9r macer\u00e1tuma el\u0151seg\u00edti az eg\u00e9szs\u00e9ges hajn\u00f6veked\u00e9st, seg\u00edt megel\u0151zni a haj t\u00f6redez\u00e9s\u00e9t, f\u00e9nyt ad \u00e9s er\u0151s\u00edti a hajsz\u00e1lakat, nyugtatja [&hellip;]<\/p>\n","protected":false},"featured_media":477149,"template":"","meta":{"_acf_changed":false},"product_brand":[],"product_cat":[3443,3427,3414,3380],"product_tag":[],"class_list":["post-477148","product","type-product","status-publish","has-post-thumbnail","product_cat-haj-regeneralodasa","product_cat-hajkozmetikumok","product_cat-panakeia-naturkozmetikumok","product_cat-termeszetes-kozmetikumok","first","instock","product-type-external"],"acf":[],"_links":{"self":[{"href":"https:\/\/horgaszhely.hu\/hun\/wp-json\/wp\/v2\/product\/477148","targetHints":{"allow":["GET"]}}],"collection":[{"href":"https:\/\/horgaszhely.hu\/hun\/wp-json\/wp\/v2\/product"}],"about":[{"href":"https:\/\/horgaszhely.hu\/hun\/wp-json\/wp\/v2\/types\/product"}],"wp:featuredmedia":[{"embeddable":true,"href":"https:\/\/horgaszhely.hu\/hun\/wp-json\/wp\/v2\/media\/477149"}],"wp:attachment":[{"href":"https:\/\/horgaszhely.hu\/hun\/wp-json\/wp\/v2\/media?parent=477148"}],"wp:term":[{"taxonomy":"product_brand","embeddable":true,"href":"https:\/\/horgaszhely.hu\/hun\/wp-json\/wp\/v2\/product_brand?post=477148"},{"taxonomy":"product_cat","embeddable":true,"href":"https:\/\/horgaszhely.hu\/hun\/wp-json\/wp\/v2\/product_cat?post=477148"},{"taxonomy":"product_tag","embeddable":true,"href":"https:\/\/horgaszhely.hu\/hun\/wp-json\/wp\/v2\/product_tag?post=477148"}],"curies":[{"name":"wp","href":"https:\/\/api.w.org\/{rel}","templated":true}]}}