{"id":477213,"date":"2026-08-29T20:01:05","date_gmt":"2026-08-29T18:01:05","guid":{"rendered":"https:\/\/horgaszhely.hu\/hun\/termek\/capaporc-kondroitin-es-glukozamin-testmasszazs-gel-150-ml\/"},"modified":"2026-08-29T20:01:16","modified_gmt":"2026-08-29T18:01:16","slug":"capaporc-kondroitin-es-glukozamin-testmasszazs-gel-150-ml","status":"publish","type":"product","link":"https:\/\/horgaszhely.hu\/hun\/termek\/capaporc-kondroitin-es-glukozamin-testmasszazs-gel-150-ml\/","title":{"rendered":"C\u00e1paporc, kondroitin \u00e9s gl\u00fck\u00f3zamin testmassz\u00e1zs g\u00e9l 150 ml"},"content":{"rendered":"<p>A kr\u00e9m kondroprotekt\u00edv \u00e9s gyullad\u00e1scs\u00f6kkent\u0151 hat\u00e1s\u00e1t a  kiegyens\u00falyozotthat\u00f3anyag-komplexum bizony\u00edtottan gy\u00f3gy\u00edt\u00f3 tulajdons\u00e1gai hat\u00e1rozz\u00e1k meg: ac\u00e1paporcb\u00f3l sz\u00e1rmaz\u00f3 kondroitin-szulf\u00e1t, gl\u00fck\u00f3zamin-hidroklorid, feny\u0151 ill\u00f3olaj, t\u00f6mj\u00e9n \u00e9s kurkuma kivonat.<br \/>\nAj\u00e1nlott:<\/p>\n<p>az \u00edz\u00fcleti sz\u00f6vetek regener\u00e1l\u00f3d\u00e1s\u00e1ra; &#8211; az \u00edz\u00fcleti folyad\u00e9ktermel\u00e9s normaliz\u00e1l\u00e1s\u00e1ra; &#8211; az \u00edz\u00fcleti mobilit\u00e1s helyre\u00e1ll\u00edt\u00e1s\u00e1ra; &#8211; a duzzanat \u00e9s a gyullad\u00e1s cs\u00f6kkent\u00e9s\u00e9re; &#8211; az \u00edz\u00fcletek, a gerinc \u00e9s az izomsz\u00f6vetek f\u00e1jdalmas \u00e9rz\u00e9seinek cs\u00f6kkent\u00e9s\u00e9re.<br \/>\nAkt\u00edv \u00f6sszetev\u0151k:<br \/>\nKondroitin-szulf\u00e1tA kondroitin a porc egyik fontos \u00e9p\u00edt\u0151k\u00f6ve. A kondroitin-szulf\u00e1t m\u00e1s k\u00f6t\u0151sz\u00f6vetekben is megtal\u00e1lhat\u00f3. Ozmotikusan megtartja a vizet, \u00edgy a porcok rugalmass\u00e1g\u00e1t adja. ez az anyag az egyik t\u00fcneti lass\u00fa hat\u00e1s\u00fa gy\u00f3gyszer az osteoarthritisben. Ez azt jelenti, hogy a f\u00e1jdalom \u00e9s a gyullad\u00e1s elleni j\u00f3t\u00e9kony hat\u00e1sa csak hossz\u00fa t\u00e1v\u00fa (legal\u00e1bb 2 h\u00f3napos) alkalmaz\u00e1s eset\u00e9n v\u00e1lik nyilv\u00e1nval\u00f3v\u00e1, \u00e9s hosszabb ideig tart a hat\u00e9konys\u00e1ga. Az anyagot \u00e1llati porcb\u00f3l t\u00f6rt\u00e9n\u0151 kivon\u00e1ssal nyerik.<br \/>\nGl\u00fckozamin-szulf\u00e1taz\u00e9rt haszn\u00e1lj\u00e1k az \u00edz\u00fcleti t\u00e1pl\u00e1lkoz\u00e1sban, mert helyre\u00e1ll\u00edtja a s\u00e9r\u00fclt porcot \u00e9s gondoskodik az \u00faj porcsz\u00f6vetek n\u00f6veked\u00e9s\u00e9r\u0151l. A gl\u00fck\u00f3zamin j\u00f3t\u00e9kony hat\u00e1sa az \u00edz\u00fcleti f\u00e1jdalom vagy gyullad\u00e1s ellen is jelentkezik. A gl\u00fckozamin aj\u00e1nlott \u00edz\u00fcleti gyullad\u00e1s eset\u00e9n.<br \/>\nKurkuminer\u0151s gyullad\u00e1scs\u00f6kkent\u0151, term\u00e9szetes antibiotikum, immunmodul\u00e1tor. Hat\u00e9kony az \u00edz\u00fcletek \u00e9s a bels\u0151 szervek gyullad\u00e1s\u00e1ban. A kurkumin enyh\u00fcl\u00e9st hoz a gyulladt sz\u00f6veteknek, n\u00e9lk\u00fcl\u00f6zhetetlen t\u00e1rs az \u00edz\u00fcleti gyullad\u00e1s \u00e9s m\u00e1s gyullad\u00e1sos betegs\u00e9gek elleni k\u00fczdelemben.<br \/>\nAlkalmaz\u00e1si m\u00f3d:Naponta 2-3 alkalommal k\u00f6rk\u00f6r\u00f6s massz\u00e1zs mozdulatokkal  vigye fel az \u00e9rintett ter\u00fcletre 3-5 percig, am\u00edg teljesen felsz\u00edv\u00f3dik. Az alkalmaz\u00e1s id\u0151tartama \u00e1tlagosan legal\u00e1bb 3 h\u00e9t, kr\u00f3nikus betegs\u00e9gek eset\u00e9n ak\u00e1r t\u00f6bb h\u00f3napra is meghosszabb\u00edthat\u00f3.<br \/>\nFigyelmeztet\u00e9s. Ne haszn\u00e1lja a kr\u00e9m b\u00e1rmely \u00f6sszetev\u0151j\u00e9vel szembeni egy\u00e9ni intolerancia vagy t\u00fal\u00e9rz\u00e9kenys\u00e9g eset\u00e9n. S\u00e9r\u00fclt b\u0151rre ne alkalmazza. B\u0151rgy\u00f3gy\u00e1szatilag tesztelt.<br \/>\nT\u00e1rol\u00e1s: 5\u00b0 \u00e9s 25\u00b0C k\u00f6z\u00f6tti h\u0151m\u00e9rs\u00e9kleten.<br \/>\n\u00d6sszetev\u0151k\/INCI:v\u00edz, glicerin, gl\u00fck\u00f3zamin-hidroklorid kondroitin-szulf\u00e1t c\u00e1paporc, boswellia kivonat, kurkuma kivonat, vazelin, policeril-2-PEG-4.<\/p>\n","protected":false},"excerpt":{"rendered":"<p>A kr\u00e9m kondroprotekt\u00edv \u00e9s gyullad\u00e1scs\u00f6kkent\u0151 hat\u00e1s\u00e1t a kiegyens\u00falyozotthat\u00f3anyag-komplexum bizony\u00edtottan gy\u00f3gy\u00edt\u00f3 tulajdons\u00e1gai hat\u00e1rozz\u00e1k meg: ac\u00e1paporcb\u00f3l sz\u00e1rmaz\u00f3 kondroitin-szulf\u00e1t, gl\u00fck\u00f3zamin-hidroklorid, feny\u0151 ill\u00f3olaj, t\u00f6mj\u00e9n \u00e9s kurkuma kivonat. Aj\u00e1nlott: az \u00edz\u00fcleti sz\u00f6vetek regener\u00e1l\u00f3d\u00e1s\u00e1ra; &#8211; az \u00edz\u00fcleti folyad\u00e9ktermel\u00e9s normaliz\u00e1l\u00e1s\u00e1ra; &#8211; az \u00edz\u00fcleti mobilit\u00e1s helyre\u00e1ll\u00edt\u00e1s\u00e1ra; &#8211; a duzzanat \u00e9s a gyullad\u00e1s cs\u00f6kkent\u00e9s\u00e9re; &#8211; az \u00edz\u00fcletek, a gerinc \u00e9s az izomsz\u00f6vetek f\u00e1jdalmas \u00e9rz\u00e9seinek [&hellip;]<\/p>\n","protected":false},"featured_media":477214,"template":"","meta":{"_acf_changed":false},"product_brand":[],"product_cat":[3416,3419,3477,3380],"product_tag":[],"class_list":["post-477213","product","type-product","status-publish","has-post-thumbnail","product_cat-egeszseg-termeszetes-kozmetikumok","product_cat-gyogynovenyes-kremek-es-balzsamok","product_cat-kremek-capaporc","product_cat-termeszetes-kozmetikumok","first","instock","product-type-external"],"acf":[],"_links":{"self":[{"href":"https:\/\/horgaszhely.hu\/hun\/wp-json\/wp\/v2\/product\/477213","targetHints":{"allow":["GET"]}}],"collection":[{"href":"https:\/\/horgaszhely.hu\/hun\/wp-json\/wp\/v2\/product"}],"about":[{"href":"https:\/\/horgaszhely.hu\/hun\/wp-json\/wp\/v2\/types\/product"}],"wp:featuredmedia":[{"embeddable":true,"href":"https:\/\/horgaszhely.hu\/hun\/wp-json\/wp\/v2\/media\/477214"}],"wp:attachment":[{"href":"https:\/\/horgaszhely.hu\/hun\/wp-json\/wp\/v2\/media?parent=477213"}],"wp:term":[{"taxonomy":"product_brand","embeddable":true,"href":"https:\/\/horgaszhely.hu\/hun\/wp-json\/wp\/v2\/product_brand?post=477213"},{"taxonomy":"product_cat","embeddable":true,"href":"https:\/\/horgaszhely.hu\/hun\/wp-json\/wp\/v2\/product_cat?post=477213"},{"taxonomy":"product_tag","embeddable":true,"href":"https:\/\/horgaszhely.hu\/hun\/wp-json\/wp\/v2\/product_tag?post=477213"}],"curies":[{"name":"wp","href":"https:\/\/api.w.org\/{rel}","templated":true}]}}