{"id":477217,"date":"2026-08-29T20:01:05","date_gmt":"2026-08-29T18:01:05","guid":{"rendered":"https:\/\/horgaszhely.hu\/hun\/termek\/mucuru-urucum-barnito-aktivator-100ml\/"},"modified":"2026-08-29T20:01:21","modified_gmt":"2026-08-29T18:01:21","slug":"mucuru-urucum-barnito-aktivator-100ml","status":"publish","type":"product","link":"https:\/\/horgaszhely.hu\/hun\/termek\/mucuru-urucum-barnito-aktivator-100ml\/","title":{"rendered":"MUCURU\u00ae -URUCUM &#8211; barn\u00edt\u00f3 aktiv\u00e1tor 100ml"},"content":{"rendered":"<p>Barn\u00edt\u00f3 aktiv\u00e1torPr\u00f3b\u00e1ld ki a barn\u00edt\u00f3 aktiv\u00e1tort urucum kivonattal, amelyet annatto n\u00e9ven is ismernek \u2013 ez egy b\u00e9ta-karotinban gazdag tr\u00f3pusi n\u00f6v\u00e9ny. Az urucum nemcsak el\u0151seg\u00edti a melanin k\u00e9pz\u0151d\u00e9s\u00e9t, amely a b\u0151r sz\u00edn\u00e9\u00e9rt felel\u0151s, hanem egy\u00fattal v\u00e9delmet ny\u00fajt az oxidat\u00edv stresszel szemben, \u00e9s hidrat\u00e1lja a b\u0151rt a napoz\u00e1s k\u00f6zbenURUCUM &#8211; barnul\u00e1sSeg\u00edt cs\u00f6kkenteni a b\u0151rre k\u00e1ros UVA, ultraibolya sug\u00e1rz\u00e1s vesz\u00e9ly\u00e9t.Nemcsak b\u00e9ta-karotint tartalmaz, hanem sz\u00e1mos nyomelemet is, mint a cink, magn\u00e9zium, kalcium, r\u00e9z \u00e9s szel\u00e9n.Hihetetlen antioxid\u00e1ns hat\u00e1sa van, k\u00fczd a szabad gy\u00f6k\u00f6k ellen, amelyek a b\u0151r \u00f6reged\u00e9s\u00e9\u00e9rt felel\u0151sek.M\u00e9g rovarriaszt\u00f3k\u00e9nt is hat.A barnul\u00e1sod megment\u00e9seAz URUCUM port bio szez\u00e1molajban macer\u00e1lt\u00e1k, amelyet a b\u0151rre gyakorolt regener\u00e1l\u00f3, t\u00e1pl\u00e1l\u00f3 \u00e9s \u00e1tstruktur\u00e1l\u00f3 hat\u00e1sa miatt \u00e9rt\u00e9kelnek. Elnyel n\u00e9h\u00e1nyat az UV-sugarakb\u00f3l, regener\u00e1lja a b\u0151rsz\u00f6vet \u00e9ps\u00e9g\u00e9t, \u00e9s nem hagy zs\u00edros filmet.Az E-vitamin tartalom minden term\u00e9k\u00fcnkben mag\u00e1t\u00f3l \u00e9rtet\u0151d\u0151.Ez a term\u00e9k a b\u0151rallergia ellen is k\u00fczd, mivel semmilyen vegyszert nem tartalmaz.Az olaj nem tartalmaz mesters\u00e9ges UV-sz\u0171r\u0151ket. Felvihet\u0151 UV-faktoros napoz\u00f3kr\u00e9mre is.Az olaj nem t\u00fal zs\u00edros \u00e9s gy\u00f6ny\u00f6r\u0171en illatozik. 100% Term\u00e9szetes term\u00e9k  \u00d6sszhangban a term\u00e9szettel  GMO-mentes  \u00c1llatokon nem tesztelt Mang\u00f3 illat:A friss mang\u00f3 gy\u00f6ny\u00f6r\u0171 illata, amely kiv\u00e9teles \u00e1rnyalatain t\u00fal m\u00e9g hipoallerg\u00e9n is.Barnul\u00e1s:Ez a b\u0151r legterm\u00e9szetesebb v\u00e9delme a nap ellen. Ez\u00e9rt jobb hozz\u00e1szoktatni a naphoz, mint t\u00falzottan v\u00e9deni t\u0151le. Az olaj nem t\u00fal zs\u00edros \u00e9s gy\u00f6ny\u00f6r\u0171en illatozik.Urucum porAz indi\u00e1nok m\u00e1r az eur\u00f3paiak meg\u00e9rkez\u00e9se el\u0151tt haszn\u00e1lt\u00e1k az Amazonas-medenc\u00e9ben. A bennsz\u00fcl\u00f6ttek a mai napig haszn\u00e1lj\u00e1k az urucum port \u00e9telek, a b\u0151r, s\u0151t a haj fest\u00e9s\u00e9re is.Er\u0151sen el\u0151seg\u00edti a b\u0151r pigment\u00e1ci\u00f3j\u00e1t. B\u00e9ta-karotinban gazdag. Serkenti a melanintermel\u00e9st \u00e9s felk\u00e9sz\u00edti a b\u0151rt a napoz\u00e1sra.A magas b\u00e9ta-karotin tartalm\u00e1nak k\u00f6sz\u00f6nhet\u0151en \/100-szor t\u00f6bbet tartalmaz, mint a s\u00e1rgar\u00e9paolaj\/ term\u00e9szetes, aranyl\u00f3, gyors \u00e9s tart\u00f3s barnul\u00e1st biztos\u00edt a b\u0151rnek. Specifik\u00e1ci\u00f3k  Hogyan barnuljunk, mik\u00f6zben elker\u00fclj\u00fck a b\u0151r kipirosod\u00e1s\u00e1t? Ha hosszabb napoz\u00e1sra k\u00e9sz\u00fclsz, el\u0151sz\u00f6r vidd fel a v\u00e9d\u0151 SPF-faktort, majd a barn\u00edt\u00f3 aktiv\u00e1tort. \u00c9rdemes betartani n\u00e9h\u00e1ny tov\u00e1bbi alapelvet is:a napoz\u00e1s el\u0151tti napon k\u00e9sz\u00edts peelinget, amely kisim\u00edtja a b\u0151r\u00f6det,\u00e9p\u00edts be az \u00e9trendedbe f\u0151k\u00e9nt antioxid\u00e1nsokban \u00e9s k\u00fcl\u00f6n\u00f6sen b\u00e9ta-karotinban gazdag \u00e9lelmiszereket, amelyek el\u0151seg\u00edtik a sz\u00e9p barnul\u00e1st \u2013 megtal\u00e1lhat\u00f3 p\u00e9ld\u00e1ul a s\u00e1rgar\u00e9p\u00e1ban,igy\u00e1l elegend\u0151 folyad\u00e9kot, f\u0151k\u00e9nt vizet,a b\u0151rt megfelel\u0151en hidrat\u00e1ld,ne tedd ki magad k\u00f6zvetlen sug\u00e1rz\u00e1snak 11.00 \u00e9s 15.00 \u00f3ra k\u00f6z\u00f6tt.  Patch teszt (t\u0171r\u0151k\u00e9pess\u00e9gi teszt)A patch teszt egy egyszer\u0171 \u00e9s fontos l\u00e9p\u00e9s annak ellen\u0151rz\u00e9s\u00e9re, hogy a b\u0151r\u00f6d elviseli-e az \u00faj kozmetikai vagy dermatol\u00f3giai term\u00e9ket nem k\u00edv\u00e1nt reakci\u00f3k n\u00e9lk\u00fcl. Vigy\u00e9l fel egy kis mennyis\u00e9g\u0171 term\u00e9ket egy kis b\u0151rfel\u00fcletre, p\u00e9ld\u00e1ul az alkarra vagy a f\u00fcl m\u00f6g\u00e9, \u00e9s v\u00e1rj 24-48 \u00f3r\u00e1t. Ha nem jelentkezik kipirosod\u00e1s, viszket\u00e9s, duzzanat vagy m\u00e1s reakci\u00f3, a term\u00e9ket biztons\u00e1gosan haszn\u00e1lhatod.  Haszn\u00e1lati \u00fatmutat\u00f3:Vigy\u00e9l fel v\u00e9kony r\u00e9teg olajat a tiszta testb\u0151rre, \u00e9s k\u00f6rk\u00f6r\u00f6s mozdulatokkal massz\u00edrozd be a b\u0151rbe. Haszn\u00e1lat el\u0151tt felr\u00e1zand\u00f3. Figyelmeztet\u00e9s: Vigy\u00e1zat, az olaj megfestheti a ruh\u00e1zatot, mivel term\u00e9szetes pigmenteket tartalmaz, hagyd az olajat megfelel\u0151en besz\u00edv\u00f3dni a b\u0151rbe. Csak k\u00fcls\u0151 haszn\u00e1latra. Ker\u00fcld a szemmel \u00e9s a ny\u00e1lkah\u00e1rty\u00e1kkal val\u00f3 \u00e9rintkez\u00e9st. Ne haszn\u00e1ld irrit\u00e1lt vagy \u00e9rz\u00e9keny b\u0151rre. Ne haszn\u00e1ld, ha \u00e9rz\u00e9keny vagy a term\u00e9kben tal\u00e1lhat\u00f3 \u00f6sszetev\u0151kre. A term\u00e9k els\u0151 haszn\u00e1lata el\u0151tt vigy\u00e9l fel egy kis mennyis\u00e9get a b\u0151rre, \u00e9s b\u0151rirrit\u00e1ci\u00f3 vagy allergi\u00e1s reakci\u00f3 eset\u00e9n ne haszn\u00e1ld a term\u00e9ket. Ha irrit\u00e1ci\u00f3, \u00e9g\u0151 \u00e9rz\u00e9s vagy ki\u00fct\u00e9s jelentkezik, hagyd abba a term\u00e9k haszn\u00e1lat\u00e1t. A term\u00e9k nem alkalmas gyermekek sz\u00e1m\u00e1ra. Tartsd gyermekek el\u0151l elz\u00e1rva. T\u00e1rol\u00e1s:  A term\u00e9ket szobah\u0151m\u00e9rs\u00e9kleten, h\u0151forr\u00e1sokt\u00f3l \u00e9s k\u00f6zvetlen napsug\u00e1rz\u00e1st\u00f3l t\u00e1vol t\u00e1rold Ingredients:Caprylic\/Capric Triglyceride, Prunus Amygdalus Dulcis Oil, Bixa Orellana Seed Extract, Parfum, Helianthus Annuus Seed Oil, Tocopherol, Amyl Cinnamal, Citral, Citronellol, Geraniol, Rose Ketones, Terpineol<br \/>\n Felel\u0151s szem\u00e9ly \u00e9s gy\u00e1rt\u00f3: PANAKEIA SK s. r. o., \u017dabinsk\u00e1 2, 91101 Tren\u010d\u00edn, Szlov\u00e1k K\u00f6zt\u00e1rsas\u00e1g Tartalom: 100ml 99% El\u00e9gedetts\u00e9g  T\u00f6bb mint 500 term\u00e9k rakt\u00e1ron.  Ingyenes sz\u00e1ll\u00edt\u00e1s 29 999 Ft felett  29 999 Ft feletti v\u00e1s\u00e1rl\u00e1s eset\u00e9n mi fizetj\u00fck a sz\u00e1ll\u00edt\u00e1st helyetted.  V\u00e1s\u00e1rl\u00f3ink tapasztalatai  \u201eNagyon el\u00e9gedett vagyok, a szem\u00e9lyzet nagyon k\u00e9szs\u00e9gesen seg\u00edt m\u00e9g messengeren kereszt\u00fcl is. A term\u00e9kek kiv\u00e1l\u00f3 min\u0151s\u00e9g\u0171ek, szeretettel k\u00e9sz\u00fclt illatos csod\u00e1k. Aj\u00e1nlom &#x2764;&#xfe0f; kipr\u00f3b\u00e1lni, \u00e9s beleszeretsz az \u00f6sszes term\u00e9kbe.\u201d  \u201e&#x2b50;&#x2b50;&#x2b50;&#x2b50;&#x2b50; Az URUCUM a LEG-LEG-LEG jobb, amit valaha kipr\u00f3b\u00e1ltam napoz\u00e1sra. Barna haj\u00fa vagyok, de vil\u00e1gos a b\u0151r\u00f6m, nehezen barnulok, \u00e9s a barnul\u00e1s t\u00f6bbnyire pirosba hajlott. Tavaly 1x kipr\u00f3b\u00e1ltam az URUCUM-ot, \u00e9s m\u00e1r megvettem a k\u00f6vetkez\u0151 csomagot az idei ny\u00e1rra. A barnul\u00e1s gy\u00f6ny\u00f6r\u0171 barna \u00e9s tart\u00f3s. N\u00e1lam maxim\u00e1lis az el\u00e9gedetts\u00e9g, \u00e9s aj\u00e1nlom! \u201d  Szlov\u00e1ki\u00e1ban gy\u00e1rtva  Helyi<\/p>\n","protected":false},"excerpt":{"rendered":"<p>Barn\u00edt\u00f3 aktiv\u00e1torPr\u00f3b\u00e1ld ki a barn\u00edt\u00f3 aktiv\u00e1tort urucum kivonattal, amelyet annatto n\u00e9ven is ismernek \u2013 ez egy b\u00e9ta-karotinban gazdag tr\u00f3pusi n\u00f6v\u00e9ny. Az urucum nemcsak el\u0151seg\u00edti a melanin k\u00e9pz\u0151d\u00e9s\u00e9t, amely a b\u0151r sz\u00edn\u00e9\u00e9rt felel\u0151s, hanem egy\u00fattal v\u00e9delmet ny\u00fajt az oxidat\u00edv stresszel szemben, \u00e9s hidrat\u00e1lja a b\u0151rt a napoz\u00e1s k\u00f6zbenURUCUM &#8211; barnul\u00e1sSeg\u00edt cs\u00f6kkenteni a b\u0151rre k\u00e1ros UVA, ultraibolya [&hellip;]<\/p>\n","protected":false},"featured_media":477218,"template":"","meta":{"_acf_changed":false},"product_brand":[],"product_cat":[3447,3446,3414,3380],"product_tag":[],"class_list":["post-477217","product","type-product","status-publish","has-post-thumbnail","product_cat-barnulas-aktivator","product_cat-napvedo-keszitmenyek","product_cat-panakeia-naturkozmetikumok","product_cat-termeszetes-kozmetikumok","first","instock","product-type-external"],"acf":[],"_links":{"self":[{"href":"https:\/\/horgaszhely.hu\/hun\/wp-json\/wp\/v2\/product\/477217","targetHints":{"allow":["GET"]}}],"collection":[{"href":"https:\/\/horgaszhely.hu\/hun\/wp-json\/wp\/v2\/product"}],"about":[{"href":"https:\/\/horgaszhely.hu\/hun\/wp-json\/wp\/v2\/types\/product"}],"wp:featuredmedia":[{"embeddable":true,"href":"https:\/\/horgaszhely.hu\/hun\/wp-json\/wp\/v2\/media\/477218"}],"wp:attachment":[{"href":"https:\/\/horgaszhely.hu\/hun\/wp-json\/wp\/v2\/media?parent=477217"}],"wp:term":[{"taxonomy":"product_brand","embeddable":true,"href":"https:\/\/horgaszhely.hu\/hun\/wp-json\/wp\/v2\/product_brand?post=477217"},{"taxonomy":"product_cat","embeddable":true,"href":"https:\/\/horgaszhely.hu\/hun\/wp-json\/wp\/v2\/product_cat?post=477217"},{"taxonomy":"product_tag","embeddable":true,"href":"https:\/\/horgaszhely.hu\/hun\/wp-json\/wp\/v2\/product_tag?post=477217"}],"curies":[{"name":"wp","href":"https:\/\/api.w.org\/{rel}","templated":true}]}}