{"id":477237,"date":"2026-08-29T20:01:05","date_gmt":"2026-08-29T18:01:05","guid":{"rendered":"https:\/\/horgaszhely.hu\/hun\/termek\/parfumos-tusfurdo-cukraszda-200ml\/"},"modified":"2026-08-29T20:01:43","modified_gmt":"2026-08-29T18:01:43","slug":"parfumos-tusfurdo-cukraszda-200ml","status":"publish","type":"product","link":"https:\/\/horgaszhely.hu\/hun\/termek\/parfumos-tusfurdo-cukraszda-200ml\/","title":{"rendered":"Parf\u00fcm\u00f6s tusf\u00fcrd\u0151 &#8211; Cukr\u00e1szda 200ml"},"content":{"rendered":"<p>Term\u00e9szetes tusf\u00fcrd\u0151 mindenf\u00e9le szulf\u00e1t, parab\u00e9n \u00e9s szilikon n\u00e9lk\u00fcl. Organikus n\u00f6v\u00e9nyi olajokb\u00f3l, finom term\u00e9szetes fel\u00fcletakt\u00edv anyagokb\u00f3l \u00e9s b\u0151rpuh\u00edt\u00f3 \u00f6sszetev\u0151kb\u0151l k\u00e9sz\u00fclt. A fel\u00fcletakt\u00edv anyagok n\u00f6v\u00e9nyi eredet\u0171ek \u00e9s finom habot k\u00e9peznek.<\/p>\n<p>Az aloe vera megk\u00f6ti a nedvess\u00e9get, ezzel seg\u00edtve a b\u0151r hidrat\u00e1l\u00e1s\u00e1t. A lev\u00e9lg\u00e9l egy\u00fattal jelent\u0151s regener\u00e1l\u00f3, nyugtat\u00f3, puh\u00edt\u00f3, gy\u00f3gy\u00edt\u00f3 \u00e9s h\u0171s\u00edt\u0151 k\u00e9pess\u00e9get mutat. Antioxid\u00e1nsk\u00e9nt m\u0171k\u00f6dik \u00e9s gyullad\u00e1scs\u00f6kkent\u0151. Ezeknek a tulajdons\u00e1goknak k\u00f6sz\u00f6nhet\u0151en ide\u00e1lis a nap\u00e9g\u00e9sre<\/p>\n<p>&nbsp;<\/p>\n<p>A panthenol hidrat\u00e1l\u00f3, gyullad\u00e1scs\u00f6kkent\u0151, regener\u00e1l\u00f3 \u00e9s gy\u00f3gy\u00edt\u00f3 hat\u00e1s\u00fa. A panthenol er\u0151s\u00edti a b\u0151r barrier funkci\u00f3j\u00e1t is \u00e9s jav\u00edtja a rugalmass\u00e1g\u00e1t. T\u00e1mogatja a sejtek regener\u00e1l\u00f3d\u00e1s\u00e1t.<\/p>\n<p>&nbsp;<br \/>\nTusf\u00fcrd\u0151ink kedvenc parf\u00fcmjeid k\u00fcl\u00f6nb\u00f6z\u0151 illataiban k\u00e9sz\u00fclnek, \u00e9s beburkolnak a kedvenc illatoddal.<br \/>\nA k\u00f3kuszolajb\u00f3l nyert term\u00e9szetes fel\u00fcletakt\u00edv anyagok k\u00edm\u00e9letes, m\u00e9gis alapos tiszt\u00edt\u00e1st ny\u00fajtanak, amely nem irrit\u00e1lja a b\u0151rt \u00fagy, mint m\u00e1s durva szappanok \u00e9s tusf\u00fcrd\u0151k. Ez a term\u00e9szetes g\u00e9les tiszt\u00edt\u00f3szer nagyon finom habot k\u00e9pez, amely a b\u0151r\u00f6n siklik annak term\u00e9szetes zs\u00edrjainak megzavar\u00e1sa n\u00e9lk\u00fcl, \u00e9s tiszta, sima \u00e9s friss b\u0151r\u00e9rzetet hagy.<\/p>\n<p>A CUKR\u00c1RE\u0147 tusf\u00fcrd\u0151 olyan illatot tartalmaz, amely a n\u0151 kozmopolita szellem\u00e9nek megtestes\u00edt\u0151je. Van benne egy kis \u00e9dess\u00e9g, egy kis titokzatoss\u00e1g, \u00e9s f\u0151k\u00e9nt elb\u0171v\u00f6l\u0151 cs\u00e1b\u00edt\u00e1s \u00e9s \u00e9rz\u00e9kis\u00e9g<br \/>\n&nbsp;<br \/>\nA vattacukor, karamell \u00e9s van\u00edlia alapt\u00f3nusai f\u00fcge, eperlekv\u00e1r \u00e9s p\u00e9zsma k\u00f6z\u00e9pt\u00f3nusaival keverednek. Az illatot a citromcseppek \u00e9s az \u00e9des barna cukor fejt\u00f3nusai koron\u00e1zz\u00e1k.<br \/>\n&nbsp;<br \/>\nA MI TIPP\u00dcNK: javasoljuk azonos nev\u0171 test\u00e1pol\u00f3 tejjel vagy vajjal kombin\u00e1lni. A t\u00f6k\u00e9letess\u00e9g cs\u00facs\u00e1t a CUKR\u00c1RE\u0147 parf\u00fcm\u00fcnkkel kombin\u00e1lva is el\u00e9red<br \/>\n&nbsp;<\/p>\n<p>Haszn\u00e1lati \u00fatmutat\u00f3:<\/p>\n<p>Vidd fel a g\u00e9lt a nedves testb\u0151rre \u00e9s&nbsp;k\u00f6rk\u00f6r\u00f6s mozdulatokkal finoman massz\u00edrozd be. Finom behabos\u00edt\u00e1s \u00e9s&nbsp;a b\u0151r megtiszt\u00edt\u00e1sa ut\u00e1n \u00f6bl\u00edtsd le v\u00edzzel.<\/p>\n<p>Figyelmeztet\u00e9s:<\/p>\n<p>Csak k\u00fcls\u0151 haszn\u00e1latra. Ker\u00fcld a szemmel \u00e9s&nbsp;a ny\u00e1lkah\u00e1rty\u00e1kkal val\u00f3 \u00e9rintkez\u00e9st. Ne haszn\u00e1ld irrit\u00e1lt vagy \u00e9rz\u00e9keny b\u0151rre. Ne haszn\u00e1ld, ha \u00e9rz\u00e9keny vagy a term\u00e9kben tal\u00e1lhat\u00f3 \u00f6sszetev\u0151kre. A term\u00e9k els\u0151 haszn\u00e1lata el\u0151tt vigy\u00e9l fel egy kis mennyis\u00e9get a b\u0151rre, \u00e9s b\u0151rirrit\u00e1ci\u00f3 vagy allergi\u00e1s reakci\u00f3 eset\u00e9n ne haszn\u00e1ld a term\u00e9ket. Ha irrit\u00e1ci\u00f3, \u00e9g\u0151 \u00e9rz\u00e9s vagy ki\u00fct\u00e9s jelentkezik, hagyd abba a term\u00e9k haszn\u00e1lat\u00e1t. A term\u00e9k 3 \u00e9ves kort\u00f3l alkalmas gyermekek sz\u00e1m\u00e1ra. Tartsd gyermekek el\u0151l elz\u00e1rva.<\/p>\n<p>T\u00e1rol\u00e1s:<\/p>\n<p>A term\u00e9ket szobah\u0151m\u00e9rs\u00e9kleten, h\u0151forr\u00e1sokt\u00f3l \u00e9s k\u00f6zvetlen napsug\u00e1rz\u00e1st\u00f3l t\u00e1vol t\u00e1rold.<\/p>\n<p>Tartalom:<\/p>\n<p>200 ml<\/p>\n<p>Ingredients:<\/p>\n<p>Aqua, Aloe Barbadensis Leaf Juice, Decyl Glucoside, Lauryl Glucoside, Xanthan Gum, Panthenol, Potassium Sorbate, Sodium Benzoate, Parfum, Citric Acid, Mica, CI 77891, CI 75470, CI 77861, Citrus Lemon Peel Oil, Coumarin, Hexamethylindanopyran, Hexyl Cinnamal, Limonene, Linalyl Acetate, Vanillin<\/p>\n<p>Felel\u0151s szem\u00e9ly \u00e9s gy\u00e1rt\u00f3:<\/p>\n<p>PANAKEIA SK s.r.o., \u017dabinsk\u00e1 2, 91105 Tren\u010d\u00edn, Szlov\u00e1k K\u00f6zt\u00e1rsas\u00e1g,<br \/>\nwww.panakeia.sk<\/p>\n","protected":false},"excerpt":{"rendered":"<p>Term\u00e9szetes tusf\u00fcrd\u0151 mindenf\u00e9le szulf\u00e1t, parab\u00e9n \u00e9s szilikon n\u00e9lk\u00fcl. Organikus n\u00f6v\u00e9nyi olajokb\u00f3l, finom term\u00e9szetes fel\u00fcletakt\u00edv anyagokb\u00f3l \u00e9s b\u0151rpuh\u00edt\u00f3 \u00f6sszetev\u0151kb\u0151l k\u00e9sz\u00fclt. A fel\u00fcletakt\u00edv anyagok n\u00f6v\u00e9nyi eredet\u0171ek \u00e9s finom habot k\u00e9peznek. Az aloe vera megk\u00f6ti a nedvess\u00e9get, ezzel seg\u00edtve a b\u0151r hidrat\u00e1l\u00e1s\u00e1t. A lev\u00e9lg\u00e9l egy\u00fattal jelent\u0151s regener\u00e1l\u00f3, nyugtat\u00f3, puh\u00edt\u00f3, gy\u00f3gy\u00edt\u00f3 \u00e9s h\u0171s\u00edt\u0151 k\u00e9pess\u00e9get mutat. Antioxid\u00e1nsk\u00e9nt m\u0171k\u00f6dik \u00e9s gyullad\u00e1scs\u00f6kkent\u0151. [&hellip;]<\/p>\n","protected":false},"featured_media":477238,"template":"","meta":{"_acf_changed":false},"product_brand":[],"product_cat":[3414,3380,3425,3445],"product_tag":[],"class_list":["post-477237","product","type-product","status-publish","has-post-thumbnail","product_cat-panakeia-naturkozmetikumok","product_cat-termeszetes-kozmetikumok","product_cat-testapolo-kozmetikumok","product_cat-zuhanyzselek","first","instock","product-type-external"],"acf":[],"_links":{"self":[{"href":"https:\/\/horgaszhely.hu\/hun\/wp-json\/wp\/v2\/product\/477237","targetHints":{"allow":["GET"]}}],"collection":[{"href":"https:\/\/horgaszhely.hu\/hun\/wp-json\/wp\/v2\/product"}],"about":[{"href":"https:\/\/horgaszhely.hu\/hun\/wp-json\/wp\/v2\/types\/product"}],"wp:featuredmedia":[{"embeddable":true,"href":"https:\/\/horgaszhely.hu\/hun\/wp-json\/wp\/v2\/media\/477238"}],"wp:attachment":[{"href":"https:\/\/horgaszhely.hu\/hun\/wp-json\/wp\/v2\/media?parent=477237"}],"wp:term":[{"taxonomy":"product_brand","embeddable":true,"href":"https:\/\/horgaszhely.hu\/hun\/wp-json\/wp\/v2\/product_brand?post=477237"},{"taxonomy":"product_cat","embeddable":true,"href":"https:\/\/horgaszhely.hu\/hun\/wp-json\/wp\/v2\/product_cat?post=477237"},{"taxonomy":"product_tag","embeddable":true,"href":"https:\/\/horgaszhely.hu\/hun\/wp-json\/wp\/v2\/product_tag?post=477237"}],"curies":[{"name":"wp","href":"https:\/\/api.w.org\/{rel}","templated":true}]}}