{"id":477241,"date":"2026-08-29T20:01:05","date_gmt":"2026-08-29T18:01:05","guid":{"rendered":"https:\/\/horgaszhely.hu\/hun\/termek\/bubacik-gyermek-testapolo-tej-zabbal-150ml\/"},"modified":"2026-08-29T20:01:47","modified_gmt":"2026-08-29T18:01:47","slug":"bubacik-gyermek-testapolo-tej-zabbal-150ml","status":"publish","type":"product","link":"https:\/\/horgaszhely.hu\/hun\/termek\/bubacik-gyermek-testapolo-tej-zabbal-150ml\/","title":{"rendered":"BUB\u00c1\u010cIK\u00ae &#8211; gyermek test\u00e1pol\u00f3 tej zabbal 150ml"},"content":{"rendered":"<p>A zabos test\u00e1pol\u00f3 tej kolloid\u00e1lis zabr\u00e9szecsk\u00e9kkel, akt\u00edv lakto-intenz\u00edv komplexszel kombin\u00e1lva enyh\u00edti a viszket\u00e9st \u00e9s megnyugtatja az allergi\u00e1s b\u0151rt. Alkalmas a b\u0151r alap\u00e1pol\u00e1sak\u00e9nt a neurodermatitisz kezel\u00e9s\u00e9n\u00e9l.<br \/>\n&nbsp;<br \/>\nA zab regener\u00e1l\u00f3 \u00f6sszetev\u0151i (antranilsav-amidok \u00e9s b\u00e9ta-gl\u00fck\u00e1n) enyh\u00edtik a viszket\u00e9st \u00e9s jav\u00edtj\u00e1k a kipirosodott b\u0151r megjelen\u00e9s\u00e9t. A BIO napraforg\u00f3olaj t\u00e1pl\u00e1lja a b\u0151rt, biztos\u00edtja sz\u00e1m\u00e1ra a sz\u00fcks\u00e9ges lipideket \u00e9s puh\u00edtja azt.&nbsp;<br \/>\n&nbsp;<br \/>\nHat\u00f3anyagok \u00e9s hat\u00e1saik:&nbsp;<br \/>\n&nbsp;<br \/>\nKolloid\u00e1lis zab:<br \/>\n&nbsp;<\/p>\n<p>szuper\u00e9tel a sz\u00e1raz, \u00e9rz\u00e9keny \u00e9s irrit\u00e1lt b\u0151rnek,<br \/>\nt\u00e1mogatja a b\u0151r barrier meg\u00fajul\u00e1s\u00e1t,&nbsp;<br \/>\nseg\u00edt minimaliz\u00e1lni a viszket\u00e9st,<br \/>\nklinikailag tesztelt \u00f6sszetev\u0151 az at\u00f3pi\u00e1s, ekc\u00e9m\u00e1s b\u0151rre,<br \/>\nmegk\u00f6ti a v\u00edzmolekul\u00e1kat, sim\u00e1n \u00e9s puh\u00e1n hagyja a b\u0151rt,<br \/>\nfenntartja a b\u0151r term\u00e9szetes pH-szintj\u00e9t<br \/>\nt\u00e1mogatja a b\u0151r optim\u00e1lis m\u0171k\u00f6d\u00e9s\u00e9t.<\/p>\n<p>&nbsp;<br \/>\nFerment\u00e1lt zab:<br \/>\n&nbsp;<br \/>\nhasonl\u00f3 a probiotikumokhoz. Olyan anyag, amelyet \u00fagy terveztek, hogy helyre\u00e1ll\u00edtsa a b\u0151r mikrobiomj\u00e1nak egyens\u00faly\u00e1t, mik\u00f6zben feszes\u00edti \u00e9s felt\u00f6lti a b\u0151rt.<br \/>\n&nbsp;<br \/>\nNapraforg\u00f3olaj:<br \/>\n&nbsp;<br \/>\nNyugtat\u00f3, puh\u00edt\u00f3, sim\u00edt\u00f3 \u00e9s gyullad\u00e1scs\u00f6kkent\u0151 hat\u00e1s\u00fa. Antioxid\u00e1nsk\u00e9nt m\u0171k\u00f6dik \u00e9s v\u00e9di a b\u0151rt a k\u00fcls\u0151 hat\u00e1sok okozta k\u00e1rosod\u00e1st\u00f3l, a rugalmass\u00e1g \u00e9s feszess\u00e9g elveszt\u00e9s\u00e9t\u0151l.<br \/>\n&nbsp;<br \/>\nLevendula ill\u00f3olaj:&nbsp;<br \/>\n&nbsp;<br \/>\nf\u00e1jdalomcsillap\u00edt\u00f3, gyullad\u00e1scs\u00f6kkent\u0151, fert\u0151tlen\u00edt\u0151, nyugtat\u00f3 \u00e9s serkent\u0151 hat\u00e1s\u00fa.<br \/>\n&nbsp;<br \/>\n&nbsp;<br \/>\nT\u00e1pl\u00e1l\u00f3 \u00e9s hidrat\u00e1l\u00f3 test\u00e1pol\u00f3 tej term\u00e9szetes \u00f6sszetev\u0151kkel, dermatol\u00f3giailag tesztelt \u00e9s alkalmas a gyermekek \u00e9rz\u00e9keny b\u0151r\u00e9re is h\u00e1rom \u00e9ves kort\u00f3l. Szobah\u0151m\u00e9rs\u00e9kleten, sz\u00e1razon t\u00e1rold. A nagyon \u00e9rz\u00e9keny b\u0151r\u0171 gyermekekn\u00e9l javasoljuk a t\u0171r\u0151k\u00e9pess\u00e9g ellen\u0151rz\u00e9s\u00e9t kis mennyis\u00e9g\u0171 tej b\u0151rbe d\u00f6rzs\u00f6l\u00e9s\u00e9vel.<br \/>\n&nbsp;<br \/>\nFelhaszn\u00e1l\u00e1s: F\u00fcrd\u00e9s ut\u00e1n vidd fel a tiszta b\u0151rre \u00e9s k\u00f6rk\u00f6r\u00f6s mozdulatokkal massz\u00edrozd be<br \/>\n&nbsp;<\/p>\n<p>Haszn\u00e1lati \u00fatmutat\u00f3:<\/p>\n<p>Vigy\u00e9l fel megfelel\u0151 mennyis\u00e9g\u0171 test\u00e1pol\u00f3 tejet a megsz\u00e1r\u00edtott testb\u0151rre, finoman oszlasd el&nbsp; \u00e9s k\u00f6rk\u00f6r\u00f6s mozdulatokkal massz\u00edrozd be a b\u0151rbe.<\/p>\n<p>Figyelmeztet\u00e9s:<\/p>\n<p>Csak k\u00fcls\u0151 haszn\u00e1latra. Ker\u00fcld a szemmel \u00e9s&nbsp;a ny\u00e1lkah\u00e1rty\u00e1kkal val\u00f3 \u00e9rintkez\u00e9st. Ne haszn\u00e1ld irrit\u00e1lt vagy \u00e9rz\u00e9keny b\u0151rre. Ne haszn\u00e1ld, ha \u00e9rz\u00e9keny vagy a term\u00e9kben tal\u00e1lhat\u00f3 \u00f6sszetev\u0151kre. A term\u00e9k &nbsp;3 \u00e9ves kort\u00f3l alkalmas gyermekek sz\u00e1m\u00e1ra. Tartsd gyermekek el\u0151l elz\u00e1rva.<\/p>\n<p>T\u00e1rol\u00e1s:<\/p>\n<p>A term\u00e9ket szobah\u0151m\u00e9rs\u00e9kleten, h\u0151forr\u00e1sokt\u00f3l \u00e9s k\u00f6zvetlen napsug\u00e1rz\u00e1st\u00f3l t\u00e1vol t\u00e1rold.<\/p>\n<p>Tartalom:<\/p>\n<p>150 ml<\/p>\n<p>Ingredients:<\/p>\n<p>Aqua, Rosa Damascena Flower Water, Helianthus Annuus Seed Oil, Galium Verum Extract, Avena Sativa Kernel Flour, Cetearyl Olivate, Sorbitan Olivate, Sodium Hyaluronate, Xanthan Gum, Lavandula Angustifolia Oil, Tocopherol, Sodium Stearoyl Lactylate, Lactobacillus Ferment, Avena Sativa Kernel Extract, Tapioca Starch, Algin, Benzyl Alcohol, Salicylic Acid, Glycerin, Sorbic Acid, Sodium Benzoate, Potassium Sorbate, Citronellol, Geraniol, Linalool, Coumarin, Limonene<\/p>\n<p>Felel\u0151s szem\u00e9ly \u00e9s gy\u00e1rt\u00f3:<\/p>\n<p>PANAKEIA SK s.r.o., \u017dabinsk\u00e1 2, 91105 Tren\u010d\u00edn, Szlov\u00e1k K\u00f6zt\u00e1rsas\u00e1g,<br \/>\nwww.panakeia.sk<\/p>\n","protected":false},"excerpt":{"rendered":"<p>A zabos test\u00e1pol\u00f3 tej kolloid\u00e1lis zabr\u00e9szecsk\u00e9kkel, akt\u00edv lakto-intenz\u00edv komplexszel kombin\u00e1lva enyh\u00edti a viszket\u00e9st \u00e9s megnyugtatja az allergi\u00e1s b\u0151rt. Alkalmas a b\u0151r alap\u00e1pol\u00e1sak\u00e9nt a neurodermatitisz kezel\u00e9s\u00e9n\u00e9l. &nbsp; A zab regener\u00e1l\u00f3 \u00f6sszetev\u0151i (antranilsav-amidok \u00e9s b\u00e9ta-gl\u00fck\u00e1n) enyh\u00edtik a viszket\u00e9st \u00e9s jav\u00edtj\u00e1k a kipirosodott b\u0151r megjelen\u00e9s\u00e9t. A BIO napraforg\u00f3olaj t\u00e1pl\u00e1lja a b\u0151rt, biztos\u00edtja sz\u00e1m\u00e1ra a sz\u00fcks\u00e9ges lipideket \u00e9s puh\u00edtja [&hellip;]<\/p>\n","protected":false},"featured_media":477242,"template":"","meta":{"_acf_changed":false},"product_brand":[],"product_cat":[3464,3414,3380],"product_tag":[],"class_list":["post-477241","product","type-product","status-publish","has-post-thumbnail","product_cat-gyermek-naturkozmetikumok","product_cat-panakeia-naturkozmetikumok","product_cat-termeszetes-kozmetikumok","first","instock","product-type-external"],"acf":[],"_links":{"self":[{"href":"https:\/\/horgaszhely.hu\/hun\/wp-json\/wp\/v2\/product\/477241","targetHints":{"allow":["GET"]}}],"collection":[{"href":"https:\/\/horgaszhely.hu\/hun\/wp-json\/wp\/v2\/product"}],"about":[{"href":"https:\/\/horgaszhely.hu\/hun\/wp-json\/wp\/v2\/types\/product"}],"wp:featuredmedia":[{"embeddable":true,"href":"https:\/\/horgaszhely.hu\/hun\/wp-json\/wp\/v2\/media\/477242"}],"wp:attachment":[{"href":"https:\/\/horgaszhely.hu\/hun\/wp-json\/wp\/v2\/media?parent=477241"}],"wp:term":[{"taxonomy":"product_brand","embeddable":true,"href":"https:\/\/horgaszhely.hu\/hun\/wp-json\/wp\/v2\/product_brand?post=477241"},{"taxonomy":"product_cat","embeddable":true,"href":"https:\/\/horgaszhely.hu\/hun\/wp-json\/wp\/v2\/product_cat?post=477241"},{"taxonomy":"product_tag","embeddable":true,"href":"https:\/\/horgaszhely.hu\/hun\/wp-json\/wp\/v2\/product_tag?post=477241"}],"curies":[{"name":"wp","href":"https:\/\/api.w.org\/{rel}","templated":true}]}}