{"id":477368,"date":"2026-08-29T20:03:56","date_gmt":"2026-08-29T18:03:56","guid":{"rendered":"https:\/\/horgaszhely.hu\/hun\/termek\/mucuru-szaraz-napolaj-spf-30-100ml\/"},"modified":"2026-08-29T20:04:05","modified_gmt":"2026-08-29T18:04:05","slug":"mucuru-szaraz-napolaj-spf-30-100ml","status":"publish","type":"product","link":"https:\/\/horgaszhely.hu\/hun\/termek\/mucuru-szaraz-napolaj-spf-30-100ml\/","title":{"rendered":"MUCURU\u00ae &#8211; Sz\u00e1raz napolaj SPF 30 100ml"},"content":{"rendered":"<p>V\u00e9delem a le\u00e9g\u00e9s ellen \u00e9s t\u00f6k\u00e9letes barnul\u00e1s egyszerre? A speci\u00e1lis \u00f6sszet\u00e9telnek k\u00f6sz\u00f6nhet\u0151en az egyik nem z\u00e1rja ki a m\u00e1sikat.<br \/>\n\u00c9lvezd a t\u00f6k\u00e9letesen barnult, bronzos \u00e1rnyalat\u00fa b\u0151r \u00e9rz\u00e9s\u00e9t. Az SPF 30 MUCURU\u00ae-URUCUM sz\u00e1raz napolaj a felvitel ut\u00e1n azonnal megb\u00edzhat\u00f3 v\u00e9delmet biztos\u00edt az UVA \u00e9s UVB sug\u00e1rz\u00e1s ellen. R\u00e1ad\u00e1sul olyan kivonatokat tartalmaz, amelyek t\u00e1mogatj\u00e1k a melanin termel\u0151d\u00e9s\u00e9t, \u00e9s rendszeres alkalmaz\u00e1s mellett el\u0151seg\u00edtik a term\u00e9szetes barnul\u00e1st.<br \/>\n&nbsp;<br \/>\nA term\u00e9szetes \u00e9s biztons\u00e1gos napolaj l\u00e1thatatlan cinket tartalmaz. L\u00e1thatatlan cinket tartalmaz\u00f3 SPF napolajaink nem hagynak feh\u00e9r nyomokat, \u00e9s k\u00f6nnyen felvihet\u0151k.&nbsp;&nbsp;<br \/>\n&nbsp;<\/p>\n<p>Az URUCUM tr\u00f3pusi n\u00f6v\u00e9nyb\u0151l sz\u00e1rmaz\u00f3 kivonat nemcsak a b\u0151r sz\u00edn\u00e9\u00e9rt felel\u0151s melanin termel\u0151d\u00e9s\u00e9t t\u00e1mogatja, hanem v\u00e9delmet ny\u00fajt az oxidat\u00edv stresszel szemben, \u00e9s hidrat\u00e1lja a b\u0151rt napoz\u00e1s k\u00f6zben.<\/p>\n<p>&nbsp;<\/p>\n<p>A Dunaliella Salina tengeri alga a b\u00e9ta-karotin leger\u0151sebb \u00e9s legjobb min\u0151s\u00e9g\u0171 forr\u00e1sa a term\u00e9szetben. Ez a klinikailag tesztelt anyag jav\u00edtja a b\u0151r rugalmass\u00e1g\u00e1t is, cs\u00f6kkenti annak \u00e9rdess\u00e9g\u00e9t. Cs\u00f6kkenti a r\u00e1ncok, a v\u00f6r\u00f6s foltok \u00e9s az UV-foltok el\u0151fordul\u00e1s\u00e1t.<\/p>\n<p>&nbsp;<\/p>\n<p>Az E-vitamin antioxid\u00e1ns tulajdons\u00e1gainak k\u00f6sz\u00f6nhet\u0151en seg\u00edt megv\u00e9deni a finom b\u0151rt a k\u00e1rosod\u00e1st\u00f3l.<\/p>\n<p>&nbsp;<\/p>\n<p>A frakcion\u00e1lt k\u00f3kuszolaj \u2013 ez a semleges olaj tiszta, sz\u00edntelen \u00e9s szagtalan. Kiv\u00e1l\u00f3 ter\u00fcl\u00e9si tulajdons\u00e1gokkal \u00e9s nagyon gyors felsz\u00edv\u00f3d\u00e1ssal rendelkezik. A semleges olaj puh\u00e1n \u00e9s sim\u00e1n hagyja a b\u0151rt, zs\u00edros csillog\u00e1s n\u00e9lk\u00fcl. A frakcion\u00e1l\u00e1s egyszer\u0171 folyamat, amely a k\u00f3kuszolaj leh\u0171t\u00e9s\u00e9t \u00e9s az \u00edgy keletkez\u0151 szil\u00e1rd r\u00e9szek elv\u00e1laszt\u00e1s\u00e1t foglalja mag\u00e1ban.<\/p>\n<p>&nbsp;<\/p>\n<p>Ultrafinom cink-oxid , amely a kiv\u00e1l\u00f3 sz\u00e9less\u00e1v\u00fa UVA\/UVB elnyel\u0151 tulajdons\u00e1gokat magas fok\u00fa \u00e1tl\u00e1tsz\u00f3s\u00e1ggal \u00f6tv\u00f6zi. J\u00f3v\u00e1hagyva: Ecocert \u00e9s COSMOS tan\u00fas\u00edtv\u00e1ny<\/p>\n<p>&nbsp;<br \/>\nSPF napolajainkat \u00fagy fejlesztett\u00fck ki, hogy megfeleljenek az eg\u00e9sz csal\u00e1d ig\u00e9nyeinek, bele\u00e9rtve a 3 \u00e9v feletti gyermekeket is. K\u00edm\u00e9letes \u00e9s biztons\u00e1gos \u00f6sszet\u00e9tel\u00e9nek k\u00f6sz\u00f6nhet\u0151en minden koroszt\u00e1ly \u00e9s b\u0151rt\u00edpus nyugodtan alkalmazhatja.<br \/>\n&nbsp;<br \/>\nA napolaj term\u00e9szetes \u00e9s k\u00f6rnyezetbar\u00e1t \u00f6sszetev\u0151i azt jelentik, hogy nemcsak a b\u0151r\u00f6dh\u00f6z, hanem a k\u00f6rnyezethez is k\u00edm\u00e9letes. Biztons\u00e1gos \u00f6sszet\u00e9tele minimaliz\u00e1lja a tengeri \u00e9l\u0151vil\u00e1gra \u00e9s az \u00f6kosziszt\u00e9m\u00e1kra gyakorolt lehets\u00e9ges k\u00e1ros hat\u00e1sokat.<br \/>\n&nbsp;<br \/>\nAlkalmaz\u00e1s:<br \/>\n&nbsp;<br \/>\nK\u00f6rk\u00f6r\u00f6s mozdulatokkal vidd fel az eg\u00e9sz testre. Majd finoman d\u00f6rzs\u00f6ld el.<br \/>\n&nbsp;<br \/>\nVidd fel egyenletesen a test minden olyan r\u00e9sz\u00e9re, amely napf\u00e9nynek lesz kit\u00e9ve.<br \/>\n&nbsp;<br \/>\nGy\u0151z\u0151dj meg r\u00f3la, hogy elegend\u0151 mennyis\u00e9get vitt\u00e9l fel a teljes v\u00e9delem el\u00e9r\u00e9s\u00e9hez.<br \/>\n&nbsp;<br \/>\nIsm\u00e9teld meg a felvitelt 2\u20133 \u00f3r\u00e1nk\u00e9nt, illetve f\u00fcrd\u00e9s \u00e9s t\u00f6r\u00f6lk\u00f6z\u00e9s ut\u00e1n, valamint b\u00e1rmikor, amikor sz\u00fcks\u00e9ges.<br \/>\nKer\u00fcld a k\u00f6zvetlen napon tart\u00f3zkod\u00e1st 11 \u00e9s 15 \u00f3ra k\u00f6z\u00f6tt. Ilyenkor a leger\u0151sebbek \u00e9s legagressz\u00edvebbek a napsugarak.<br \/>\n&nbsp;<br \/>\nA MUCURU\u00ae&nbsp;a felvitel ut\u00e1n azonnal hat.<br \/>\n&nbsp;<\/p>\n<p>Haszn\u00e1lati \u00fatmutat\u00f3:<\/p>\n<p>Vigy\u00e9l fel megfelel\u0151 mennyis\u00e9g\u0171 term\u00e9ket az arc \u00e9s a test b\u0151r\u00e9re. Alkalmazd 2-3 \u00f3r\u00e1nk\u00e9nt. Mindig napoz\u00e1s el\u0151tt alkalmazd. Ker\u00fcld a szemmel val\u00f3 \u00e9rintkez\u00e9st.<\/p>\n<p>Figyelmeztet\u00e9s:<\/p>\n<p>Figyelem, a term\u00e9k elsz\u00ednezheti a ruh\u00e1zatot, mivel term\u00e9szetes pigmenteket tartalmaz, ez\u00e9rt hagyd az olajat megfelel\u0151en felsz\u00edv\u00f3dni a b\u0151rbe. Csak k\u00fcls\u0151 haszn\u00e1latra. Ker\u00fcld a szemmel \u00e9s&nbsp;ny\u00e1lkah\u00e1rty\u00e1val val\u00f3 \u00e9rintkez\u00e9st. Ne haszn\u00e1ld irrit\u00e1lt vagy \u00e9rz\u00e9keny b\u0151r\u00f6n. Ne haszn\u00e1ld, ha \u00e9rz\u00e9keny vagy a term\u00e9kben tal\u00e1lhat\u00f3 \u00f6sszetev\u0151kre. A term\u00e9k els\u0151 haszn\u00e1lata el\u0151tt vigy\u00e9l fel kis mennyis\u00e9get a b\u0151r\u00f6dre, \u00e9s b\u0151rirrit\u00e1ci\u00f3 vagy allergi\u00e1s reakci\u00f3 eset\u00e9n ne haszn\u00e1ld a term\u00e9ket. Ha irrit\u00e1ci\u00f3, \u00e9g\u0151 \u00e9rz\u00e9s vagy ki\u00fct\u00e9s jelentkezik, hagyd abba a term\u00e9k haszn\u00e1lat\u00e1t. A term\u00e9k&nbsp; 3 \u00e9ves kort\u00f3l alkalmas gyermekek sz\u00e1m\u00e1ra. Gyermekekt\u0151l elz\u00e1rva tartand\u00f3.<\/p>\n<p>T\u00e1rol\u00e1s:<\/p>\n<p>A term\u00e9ket szobah\u0151m\u00e9rs\u00e9kleten, h\u0151forr\u00e1sokt\u00f3l \u00e9s k\u00f6zvetlen napf\u00e9nyt\u0151l t\u00e1vol t\u00e1rold.<\/p>\n<p>Tartalom:<\/p>\n<p>100 ml<\/p>\n<p>Ingredients:<\/p>\n<p>Caprylic\/Capric Triglyceride, Zinc Oxide, Hydrogenated Vegetable Oil, Bixa Orellana Seed Extract, Polyhydroxystearic Acid, Parfum, Simmondsia Chinensis Seed Oil, Tocopherol, Helianthus Annuus Seed Oil, Pongamia Pinnata Seed Extract, Dunaliella Salina Extract, Amyl Cinnamal, Citral, Citronellol, Geraniol<br \/>\n&nbsp;<\/p>\n<p>Felel\u0151s szem\u00e9ly \u00e9s gy\u00e1rt\u00f3:<\/p>\n<p>PANAKEIA SK s.r.o., \u017dabinsk\u00e1 2, 91105 Tren\u010d\u00edn, Szlov\u00e1k K\u00f6zt\u00e1rsas\u00e1g,<br \/>\nwww.panakeia.sk<\/p>\n","protected":false},"excerpt":{"rendered":"<p>V\u00e9delem a le\u00e9g\u00e9s ellen \u00e9s t\u00f6k\u00e9letes barnul\u00e1s egyszerre? A speci\u00e1lis \u00f6sszet\u00e9telnek k\u00f6sz\u00f6nhet\u0151en az egyik nem z\u00e1rja ki a m\u00e1sikat. \u00c9lvezd a t\u00f6k\u00e9letesen barnult, bronzos \u00e1rnyalat\u00fa b\u0151r \u00e9rz\u00e9s\u00e9t. Az SPF 30 MUCURU\u00ae-URUCUM sz\u00e1raz napolaj a felvitel ut\u00e1n azonnal megb\u00edzhat\u00f3 v\u00e9delmet biztos\u00edt az UVA \u00e9s UVB sug\u00e1rz\u00e1s ellen. R\u00e1ad\u00e1sul olyan kivonatokat tartalmaz, amelyek t\u00e1mogatj\u00e1k a melanin termel\u0151d\u00e9s\u00e9t, [&hellip;]<\/p>\n","protected":false},"featured_media":477369,"template":"","meta":{"_acf_changed":false},"product_brand":[],"product_cat":[3446,3414,3380],"product_tag":[],"class_list":["post-477368","product","type-product","status-publish","has-post-thumbnail","product_cat-napvedo-keszitmenyek","product_cat-panakeia-naturkozmetikumok","product_cat-termeszetes-kozmetikumok","first","instock","product-type-external"],"acf":[],"_links":{"self":[{"href":"https:\/\/horgaszhely.hu\/hun\/wp-json\/wp\/v2\/product\/477368","targetHints":{"allow":["GET"]}}],"collection":[{"href":"https:\/\/horgaszhely.hu\/hun\/wp-json\/wp\/v2\/product"}],"about":[{"href":"https:\/\/horgaszhely.hu\/hun\/wp-json\/wp\/v2\/types\/product"}],"wp:featuredmedia":[{"embeddable":true,"href":"https:\/\/horgaszhely.hu\/hun\/wp-json\/wp\/v2\/media\/477369"}],"wp:attachment":[{"href":"https:\/\/horgaszhely.hu\/hun\/wp-json\/wp\/v2\/media?parent=477368"}],"wp:term":[{"taxonomy":"product_brand","embeddable":true,"href":"https:\/\/horgaszhely.hu\/hun\/wp-json\/wp\/v2\/product_brand?post=477368"},{"taxonomy":"product_cat","embeddable":true,"href":"https:\/\/horgaszhely.hu\/hun\/wp-json\/wp\/v2\/product_cat?post=477368"},{"taxonomy":"product_tag","embeddable":true,"href":"https:\/\/horgaszhely.hu\/hun\/wp-json\/wp\/v2\/product_tag?post=477368"}],"curies":[{"name":"wp","href":"https:\/\/api.w.org\/{rel}","templated":true}]}}