{"id":477386,"date":"2026-08-29T20:03:56","date_gmt":"2026-08-29T18:03:56","guid":{"rendered":"https:\/\/horgaszhely.hu\/hun\/termek\/hagyomanyos-mandulas-ejszakai-krem-30ml\/"},"modified":"2026-08-29T20:04:27","modified_gmt":"2026-08-29T18:04:27","slug":"hagyomanyos-mandulas-ejszakai-krem-30ml","status":"publish","type":"product","link":"https:\/\/horgaszhely.hu\/hun\/termek\/hagyomanyos-mandulas-ejszakai-krem-30ml\/","title":{"rendered":"Hagyom\u00e1nyos mandul\u00e1s \u00e9jszakai kr\u00e9m 30ml"},"content":{"rendered":"<p>ALBERT BUNDALA RETRO COLLECTION<br \/>\n&nbsp;<br \/>\nMANDUL\u00c1S \u00c9JSZAKAI KR\u00c9M<br \/>\n&nbsp;<br \/>\nAz univerz\u00e1lis fiatal\u00edt\u00f3 mandul\u00e1skr\u00e9m jav\u00edtja a kollag\u00e9n \u00e9s az elasztin termel\u0151d\u00e9s\u00e9t a b\u0151rben, helyre\u00e1ll\u00edtja annak feszess\u00e9g\u00e9t, \u00e9s kisim\u00edtja a b\u0151rt. Ez a hidrat\u00e1l\u00f3 kr\u00e9m er\u0151s\u00edti a b\u0151r v\u00e9d\u0151r\u00e9teg\u00e9t, \u00e9s v\u00e9di a stressz, valamint a mindennapjaink sor\u00e1n minket \u00e9r\u0151 egy\u00e9b k\u00e1ros\u00edt\u00f3 hat\u00e1sok okozta k\u00e1rosod\u00e1st\u00f3l. A kr\u00e9m kellemes text\u00far\u00e1j\u00fa, gyorsan felsz\u00edv\u00f3dik, \u00e9s azonnal m\u00e9lyrehat\u00f3 t\u00e1pl\u00e1l\u00e1st ny\u00fajt a b\u0151rnek. Minden b\u0151rt\u00edpusra alkalmas.<br \/>\n&nbsp;<br \/>\nEngedd, hogy sz\u00e9ps\u00e9ged teljes pomp\u00e1j\u00e1ban ragyogjon. A k\u00f6nnyen eloszlathat\u00f3 \u00e9jszakai kr\u00e9m A-C-E vitaminokat, hialuronsavat \u00e9s mandulaolajat tartalmaz, amelyek biztos\u00edtj\u00e1k a hidrat\u00e1l\u00e1st \u00e9s a b\u0151r v\u00e1gyott sz\u00e9ps\u00e9g\u00e9t. N\u00f6veli a b\u0151r rugalmass\u00e1g\u00e1t, t\u00e1mogatja \u00e1ltal\u00e1nos vitalit\u00e1s\u00e1t, \u00e9s cs\u00f6kkenti a r\u00e1ncok m\u00e9lys\u00e9g\u00e9t.<br \/>\n&nbsp;<br \/>\nHat\u00f3anyagok:<\/p>\n<p>&nbsp;A 3 jelent\u0151s vitamin, az A-, a C- \u00e9s az E-vitamin kombin\u00e1ci\u00f3ja egy\u00fctt seg\u00edt a r\u00e1ncok ellen, \u00e9s hozz\u00e1j\u00e1rul a b\u0151r\u00f6reged\u00e9s megel\u0151z\u00e9s\u00e9hez is. Ez a h\u00e1rom vitamin egy\u00fctt kisim\u00edtja, hidrat\u00e1lja \u00e9s jav\u00edtja a b\u0151r sz\u00edn\u00e9t.<\/p>\n<p>&nbsp;<\/p>\n<p>A hialuronsav tulajdons\u00e1gai a molekul\u00e1ja m\u00e9ret\u00e9t\u0151l f\u00fcggenek. Mi kisebb r\u00e9szecsk\u00e9ket haszn\u00e1ltunk, amelyek jobban behatolnak a szarur\u00e9tegbe, \u00e9s megk\u00f6tik a vizet az epidermiszben, \u00edgy hat\u00e9konyan hidrat\u00e1lj\u00e1k. Nagyobb molekul\u00e1t is haszn\u00e1ltunk, mert az a felsz\u00ednen marad, \u00e9s megakad\u00e1lyozza a v\u00edz elveszt\u00e9s\u00e9t a b\u0151rb\u0151l.<\/p>\n<p>&nbsp;<\/p>\n<p>A mandulaolaj a sz\u00e9ps\u00e9g rejtett forr\u00e1sa. T\u00e1mogatja a hidrat\u00e1l\u00e1st, regener\u00e1lja \u00e9s jav\u00edtja a b\u0151r rugalmass\u00e1g\u00e1t, elt\u00fcnteti a korai \u00f6reged\u00e9s jeleit.<\/p>\n<p>&nbsp;<\/p>\n<p>A r\u00f3zsav\u00edz fenntartja a b\u0151r pH-\u00e9rt\u00e9k\u00e9t, serkenti a regener\u00e1ci\u00f3s folyamatokat, gyullad\u00e1scs\u00f6kkent\u0151 hat\u00e1s\u00fa pattan\u00e1sok \u00e9s t\u00falzott napoz\u00e1s eset\u00e9n. Meg\u0151rzi a b\u0151r simas\u00e1g\u00e1t \u00e9s rugalmass\u00e1g\u00e1t.<\/p>\n<p>&nbsp;<br \/>\nHaszn\u00e1lat: Minden b\u0151rt\u00edpusra alkalmas. Vidd fel az el\u0151z\u0151leg megtiszt\u00edtott \u00e9s toniz\u00e1lt arc- \u00e9s nyakb\u0151rre. Felfel\u00e9 ir\u00e1nyul\u00f3 k\u00f6rk\u00f6r\u00f6s mozdulatokkal dolgozd el, am\u00edg teljesen fel nem sz\u00edv\u00f3dik.<br \/>\n&nbsp;<br \/>\n&nbsp;<\/p>\n<p>Haszn\u00e1lati \u00fatmutat\u00f3:<\/p>\n<p>Este vigy\u00e9l fel egy v\u00e9kony r\u00e9teg kr\u00e9met a megtiszt\u00edtott arcb\u0151rre, \u00e9s&nbsp;massz\u00edrozd be.<\/p>\n<p>Figyelmeztet\u00e9s:<\/p>\n<p>Csak k\u00fcls\u0151leg haszn\u00e1lhat\u00f3. Ker\u00fcld az \u00e9rintkez\u00e9st a&nbsp;szemmel \u00e9s a ny\u00e1lkah\u00e1rty\u00e1kkal. Ne haszn\u00e1ld irrit\u00e1lt vagy \u00e9rz\u00e9keny b\u0151r\u00f6n. Ne haszn\u00e1ld, ha \u00e9rz\u00e9keny vagy a term\u00e9kben tal\u00e1lhat\u00f3 \u00f6sszetev\u0151k b\u00e1rmelyik\u00e9re. A term\u00e9k els\u0151 haszn\u00e1lata el\u0151tt vigy\u00e9l fel kis mennyis\u00e9get a b\u0151rre, \u00e9s b\u0151rirrit\u00e1ci\u00f3 vagy allergi\u00e1s reakci\u00f3 eset\u00e9n ne haszn\u00e1ld a term\u00e9ket. Ha irrit\u00e1ci\u00f3, \u00e9g\u0151 \u00e9rz\u00e9s vagy ki\u00fct\u00e9s jelentkezik, hagyd abba a term\u00e9k haszn\u00e1lat\u00e1t. A term\u00e9k nem alkalmas gyermekek, v\u00e1rand\u00f3s \u00e9s&nbsp;szoptat\u00f3 n\u0151k sz\u00e1m\u00e1ra. Gyermekekt\u0151l elz\u00e1rva tartand\u00f3.<\/p>\n<p>T\u00e1rol\u00e1s:<\/p>\n<p>A term\u00e9ket szobah\u0151m\u00e9rs\u00e9kleten, h\u0151forr\u00e1sokt\u00f3l \u00e9s k\u00f6zvetlen napf\u00e9nyt\u0151l t\u00e1vol t\u00e1rold.<\/p>\n<p>Tartalom:<\/p>\n<p>30 ml<\/p>\n<p>Ingredients:<\/p>\n<p>Rosa Damascena Flower Water, Prunus Amygdalus Dulcis Oil, Ricinus Communis Seed Oil, Cetearyl Olivate,&nbsp; Sorbitan Olivate, Tetrahexyldecyl Ascorbate, Hydrogenated Castor Oil, Copernicia Cerifera Cera, Cera Alba, Parfum, Retinyl Palmitate, Helianthus Annuus Seed Oil, Sodium Hyaluronate, Tocopherol, Salicylic Acid, Glycerin, Sorbic Acid, Benzyl Alcohol, Citronellol, Eugenol, Geraniol, Linalyl Acetate, Linalool, Limonene, Isoeugenol, Hydroxycitronellal, Hexamethylindanopyran, Coumarin, Citrus Aurantium Peel Oil, Beta-Caryophyllene, Benzyl Salicylate, Amyl Cinnamal, Pinene, Terpineol<\/p>\n<p>Felel\u0151s szem\u00e9ly \u00e9s gy\u00e1rt\u00f3:<\/p>\n<p>PANAKEIA SK s.r.o., \u017dabinsk\u00e1 2, 91105 Tren\u010d\u00edn, Slovensk\u00e1 republika,<br \/>\nwww.panakeia.sk<\/p>\n","protected":false},"excerpt":{"rendered":"<p>ALBERT BUNDALA RETRO COLLECTION &nbsp; MANDUL\u00c1S \u00c9JSZAKAI KR\u00c9M &nbsp; Az univerz\u00e1lis fiatal\u00edt\u00f3 mandul\u00e1skr\u00e9m jav\u00edtja a kollag\u00e9n \u00e9s az elasztin termel\u0151d\u00e9s\u00e9t a b\u0151rben, helyre\u00e1ll\u00edtja annak feszess\u00e9g\u00e9t, \u00e9s kisim\u00edtja a b\u0151rt. Ez a hidrat\u00e1l\u00f3 kr\u00e9m er\u0151s\u00edti a b\u0151r v\u00e9d\u0151r\u00e9teg\u00e9t, \u00e9s v\u00e9di a stressz, valamint a mindennapjaink sor\u00e1n minket \u00e9r\u0151 egy\u00e9b k\u00e1ros\u00edt\u00f3 hat\u00e1sok okozta k\u00e1rosod\u00e1st\u00f3l. A kr\u00e9m kellemes [&hellip;]<\/p>\n","protected":false},"featured_media":477387,"template":"","meta":{"_acf_changed":false},"product_brand":[],"product_cat":[3429,3462,3414,3380],"product_tag":[],"class_list":["post-477386","product","type-product","status-publish","has-post-thumbnail","product_cat-arckozmetikum","product_cat-ejszakai-kremek","product_cat-panakeia-naturkozmetikumok","product_cat-termeszetes-kozmetikumok","first","instock","product-type-external"],"acf":[],"_links":{"self":[{"href":"https:\/\/horgaszhely.hu\/hun\/wp-json\/wp\/v2\/product\/477386","targetHints":{"allow":["GET"]}}],"collection":[{"href":"https:\/\/horgaszhely.hu\/hun\/wp-json\/wp\/v2\/product"}],"about":[{"href":"https:\/\/horgaszhely.hu\/hun\/wp-json\/wp\/v2\/types\/product"}],"wp:featuredmedia":[{"embeddable":true,"href":"https:\/\/horgaszhely.hu\/hun\/wp-json\/wp\/v2\/media\/477387"}],"wp:attachment":[{"href":"https:\/\/horgaszhely.hu\/hun\/wp-json\/wp\/v2\/media?parent=477386"}],"wp:term":[{"taxonomy":"product_brand","embeddable":true,"href":"https:\/\/horgaszhely.hu\/hun\/wp-json\/wp\/v2\/product_brand?post=477386"},{"taxonomy":"product_cat","embeddable":true,"href":"https:\/\/horgaszhely.hu\/hun\/wp-json\/wp\/v2\/product_cat?post=477386"},{"taxonomy":"product_tag","embeddable":true,"href":"https:\/\/horgaszhely.hu\/hun\/wp-json\/wp\/v2\/product_tag?post=477386"}],"curies":[{"name":"wp","href":"https:\/\/api.w.org\/{rel}","templated":true}]}}