{"id":477434,"date":"2026-08-29T20:04:44","date_gmt":"2026-08-29T18:04:44","guid":{"rendered":"https:\/\/horgaszhely.hu\/hun\/termek\/napsugar-szaraz-napolaj-spf30-100ml\/"},"modified":"2026-08-29T20:05:27","modified_gmt":"2026-08-29T18:05:27","slug":"napsugar-szaraz-napolaj-spf30-100ml","status":"publish","type":"product","link":"https:\/\/horgaszhely.hu\/hun\/termek\/napsugar-szaraz-napolaj-spf30-100ml\/","title":{"rendered":"Napsug\u00e1r &#8211; sz\u00e1raz napolaj SPF30 100ml"},"content":{"rendered":"<p>V\u00e9delem a le\u00e9g\u00e9s ellen \u00e9s t\u00f6k\u00e9letes barnul\u00e1s egyszerre? A k\u00fcl\u00f6nleges \u00f6sszet\u00e9telnek k\u00f6sz\u00f6nhet\u0151en az egyik nem z\u00e1rja ki a m\u00e1sikat.<br \/>\n\u00c9lvezd a t\u00f6k\u00e9letesen lebarnult, bronzos \u00e1rnyalat\u00fa b\u0151r \u00e9rz\u00e9s\u00e9t. Az SPF 30 MUCURU\u00ae-URUCUM sz\u00e1raz napolaj m\u00e1r k\u00f6zvetlen\u00fcl a felvitel ut\u00e1n megb\u00edzhat\u00f3 v\u00e9delmet ny\u00fajt az UVA \u00e9s UVB sug\u00e1rz\u00e1s ellen. R\u00e1ad\u00e1sul olyan kivonatokat tartalmaz, amelyek t\u00e1mogatj\u00e1k a melanin termel\u0151d\u00e9s\u00e9t, \u00e9s rendszeres haszn\u00e1lat mellett seg\u00edtik a term\u00e9szetes barnul\u00e1st.<br \/>\n&nbsp;<br \/>\nA term\u00e9szetes \u00e9s biztons\u00e1gos napolaj l\u00e1thatatlan cinket tartalmaz. Minden l\u00e1thatatlan cinket tartalmaz\u00f3 SPF napolajunk feh\u00e9r nyomok n\u00e9lk\u00fcl, k\u00f6nnyen felvihet\u0151.&nbsp;&nbsp;<br \/>\n&nbsp;<\/p>\n<p>Az URUCUM tr\u00f3pusi n\u00f6v\u00e9nyb\u0151l sz\u00e1rmaz\u00f3 kivonat nemcsak a b\u0151r sz\u00edn\u00e9\u00e9rt felel\u0151s melanin termel\u0151d\u00e9s\u00e9t t\u00e1mogatja, hanem v\u00e9delmet ny\u00fajt az oxidat\u00edv stressz ellen, \u00e9s hidrat\u00e1lja a b\u0151rt napoz\u00e1s k\u00f6zben.<\/p>\n<p>&nbsp;<\/p>\n<p>Dunaliella Salina &#8211; tengeri alga, a b\u00e9ta-karotin leger\u0151sebb \u00e9s legjobb min\u0151s\u00e9g\u0171 forr\u00e1sa a term\u00e9szetben. Ez a klinikailag tesztelt \u00f6sszetev\u0151 emellett jav\u00edtja a b\u0151r rugalmass\u00e1g\u00e1t, \u00e9s cs\u00f6kkenti \u00e9rdess\u00e9g\u00e9t. M\u00e9rs\u00e9kli a r\u00e1ncok, a v\u00f6r\u00f6s foltok \u00e9s az UV-foltok megjelen\u00e9s\u00e9t.<\/p>\n<p>&nbsp;<\/p>\n<p>Az E-vitamin antioxid\u00e1ns tulajdons\u00e1gainak k\u00f6sz\u00f6nhet\u0151en seg\u00edt megv\u00e9deni az \u00e9rz\u00e9keny b\u0151rt a k\u00e1rosod\u00e1st\u00f3l.<\/p>\n<p>&nbsp;<\/p>\n<p>A frakcion\u00e1lt k\u00f3kuszolaj semleges olaj: tiszta, sz\u00edntelen \u00e9s szagtalan. Kiv\u00e1l\u00f3an eloszlathat\u00f3, \u00e9s nagyon gyorsan felsz\u00edv\u00f3dik. A semleges olaj puh\u00e1n \u00e9s sim\u00e1n hagyja a b\u0151rt, zs\u00edros f\u00e9ny n\u00e9lk\u00fcl. A frakcion\u00e1l\u00e1s egyszer\u0171 elj\u00e1r\u00e1s, amelynek sor\u00e1n a k\u00f3kuszolajat leh\u0171tik, \u00e9s az \u00edgy keletkez\u0151 szil\u00e1rd r\u00e9szeket elv\u00e1lasztj\u00e1k.<\/p>\n<p>&nbsp;<\/p>\n<p>Ultrafinom cink-oxid , amely a kiv\u00e1l\u00f3 sz\u00e9less\u00e1v\u00fa UVA\/UVB elnyel\u0151 tulajdons\u00e1gokat magas szint\u0171 \u00e1tl\u00e1tsz\u00f3s\u00e1ggal \u00f6tv\u00f6zi. Ecocert \u00e9s COSMOS tan\u00fas\u00edtv\u00e1nnyal j\u00f3v\u00e1hagyva<\/p>\n<p>&nbsp;<br \/>\nSPF napolajainkat \u00fagy fejlesztett\u00fck ki, hogy az eg\u00e9sz csal\u00e1d ig\u00e9nyeinek megfeleljenek, bele\u00e9rtve a 3 \u00e9v feletti gyermekeket is. A k\u00edm\u00e9letes \u00e9s biztons\u00e1gos \u00f6sszet\u00e9telnek k\u00f6sz\u00f6nhet\u0151en minden koroszt\u00e1ly \u00e9s b\u0151rt\u00edpus nyugodtan haszn\u00e1lhatja.<br \/>\n&nbsp;<br \/>\nA napolaj term\u00e9szetes \u00e9s k\u00f6rnyezetbar\u00e1t \u00f6sszetev\u0151inek k\u00f6sz\u00f6nhet\u0151en nemcsak a b\u0151r\u00f6dh\u00f6z, hanem a k\u00f6rnyezethez is k\u00edm\u00e9letes. Biztons\u00e1gos \u00f6sszet\u00e9tele minim\u00e1lisra cs\u00f6kkenti a tengeri \u00e9l\u0151vil\u00e1gra \u00e9s az \u00f6kosziszt\u00e9m\u00e1kra gyakorolt esetleges k\u00e1ros hat\u00e1sokat.<br \/>\n&nbsp;<br \/>\nAlkalmaz\u00e1s:<br \/>\n&nbsp;<br \/>\nK\u00f6rk\u00f6r\u00f6s mozdulatokkal vidd fel az eg\u00e9sz testre. Ezut\u00e1n gyeng\u00e9den oszlasd el.<br \/>\n&nbsp;<br \/>\nVidd fel egyenletesen a test minden olyan r\u00e9sz\u00e9re, amelyet napf\u00e9ny \u00e9r.<br \/>\n&nbsp;<br \/>\n\u00dcgyelj arra, hogy elegend\u0151 mennyis\u00e9get haszn\u00e1lj a teljes v\u00e9delem el\u00e9r\u00e9s\u00e9hez.<br \/>\n&nbsp;<br \/>\nIsm\u00e9teld meg a felvitelt 2\u20133 \u00f3r\u00e1nk\u00e9nt, illetve f\u00fcrd\u00e9s \u00e9s t\u00f6r\u00f6lk\u00f6z\u00e9s ut\u00e1n, valamint b\u00e1rmikor, amikor sz\u00fcks\u00e9ges.<br \/>\nKer\u00fcld a k\u00f6zvetlen napon val\u00f3 tart\u00f3zkod\u00e1st 11 \u00e9s 15 \u00f3ra k\u00f6z\u00f6tt. Ilyenkor a napsugarak a leger\u0151sebbek \u00e9s a legagressz\u00edvebbek.<br \/>\n&nbsp;<br \/>\nMUCURU\u00ae&nbsp;m\u00e1r k\u00f6zvetlen\u00fcl a felvitel ut\u00e1n hat.<br \/>\n&nbsp;<\/p>\n<p>Haszn\u00e1lati \u00fatmutat\u00f3:<\/p>\n<p>Vigy\u00e9l fel megfelel\u0151 mennyis\u00e9g\u0171 term\u00e9ket az arc \u00e9s a test b\u0151r\u00e9re. Alkalmazd 2-3 \u00f3r\u00e1nk\u00e9nt. Mindig a napon val\u00f3 tart\u00f3zkod\u00e1s el\u0151tt vidd fel. Ker\u00fcld a szemmel val\u00f3 \u00e9rintkez\u00e9st.<\/p>\n<p>Figyelmeztet\u00e9s:<\/p>\n<p>Figyelem: a term\u00e9k elsz\u00ednezheti a ruh\u00e1zatot, mivel term\u00e9szetes pigmenteket tartalmaz, ez\u00e9rt hagyd az olajat alaposan felsz\u00edv\u00f3dni a b\u0151rbe. Kiz\u00e1r\u00f3lag k\u00fcls\u0151 haszn\u00e1latra. Ker\u00fcld a szemmel \u00e9s&nbsp;a ny\u00e1lkah\u00e1rty\u00e1kkal val\u00f3 \u00e9rintkez\u00e9st. Ne haszn\u00e1ld irrit\u00e1lt vagy \u00e9rz\u00e9keny b\u0151r\u00f6n. Ne haszn\u00e1ld, ha \u00e9rz\u00e9keny vagy a term\u00e9kben tal\u00e1lhat\u00f3 \u00f6sszetev\u0151k b\u00e1rmelyik\u00e9re. A term\u00e9k els\u0151 haszn\u00e1lata el\u0151tt vigy\u00e9l fel egy kis mennyis\u00e9get a b\u0151rre, \u00e9s b\u0151rirrit\u00e1ci\u00f3 vagy allergi\u00e1s reakci\u00f3 eset\u00e9n ne haszn\u00e1ld a term\u00e9ket. Ha irrit\u00e1ci\u00f3, \u00e9g\u0151 \u00e9rz\u00e9s vagy ki\u00fct\u00e9s jelentkezik, hagyd abba a term\u00e9k haszn\u00e1lat\u00e1t. A term\u00e9k&nbsp; 3 \u00e9ves kort\u00f3l gyermekek sz\u00e1m\u00e1ra is alkalmas. Gyermekekt\u0151l elz\u00e1rva tartand\u00f3.<\/p>\n<p>T\u00e1rol\u00e1s:<\/p>\n<p>A term\u00e9ket szobah\u0151m\u00e9rs\u00e9kleten t\u00e1rold, h\u0151forr\u00e1sokt\u00f3l \u00e9s k\u00f6zvetlen napf\u00e9nyt\u0151l t\u00e1vol.<\/p>\n<p>Tartalom:<\/p>\n<p>100 ml<\/p>\n<p>Ingredients:<\/p>\n<p>Caprylic\/Capric Triglyceride, Zinc Oxide, Hydrogenated Vegetable Oil, Bixa Orellana Seed Extract, Polyhydroxystearic Acid, Parfum, Simmondsia Chinensis Seed Oil, Tocopherol, Helianthus Annuus Seed Oil, Pongamia Pinnata Seed Extract, Dunaliella Salina Extract, Amyl Cinnamal, Citral, Citronellol, Geraniol<br \/>\n&nbsp;<\/p>\n<p>Felel\u0151s szem\u00e9ly \u00e9s gy\u00e1rt\u00f3:<\/p>\n<p>PANAKEIA SK s.r.o., \u017dabinsk\u00e1 2, 91105 Tren\u010d\u00edn, Szlov\u00e1kia,<br \/>\nwww.panakeia.sk<\/p>\n","protected":false},"excerpt":{"rendered":"<p>V\u00e9delem a le\u00e9g\u00e9s ellen \u00e9s t\u00f6k\u00e9letes barnul\u00e1s egyszerre? A k\u00fcl\u00f6nleges \u00f6sszet\u00e9telnek k\u00f6sz\u00f6nhet\u0151en az egyik nem z\u00e1rja ki a m\u00e1sikat. \u00c9lvezd a t\u00f6k\u00e9letesen lebarnult, bronzos \u00e1rnyalat\u00fa b\u0151r \u00e9rz\u00e9s\u00e9t. Az SPF 30 MUCURU\u00ae-URUCUM sz\u00e1raz napolaj m\u00e1r k\u00f6zvetlen\u00fcl a felvitel ut\u00e1n megb\u00edzhat\u00f3 v\u00e9delmet ny\u00fajt az UVA \u00e9s UVB sug\u00e1rz\u00e1s ellen. R\u00e1ad\u00e1sul olyan kivonatokat tartalmaz, amelyek t\u00e1mogatj\u00e1k a melanin [&hellip;]<\/p>\n","protected":false},"featured_media":477435,"template":"","meta":{"_acf_changed":false},"product_brand":[],"product_cat":[3489,3446,3414,3380],"product_tag":[],"class_list":["post-477434","product","type-product","status-publish","has-post-thumbnail","product_cat-barnito-olajok","product_cat-napvedo-keszitmenyek","product_cat-panakeia-naturkozmetikumok","product_cat-termeszetes-kozmetikumok","first","instock","product-type-external"],"acf":[],"_links":{"self":[{"href":"https:\/\/horgaszhely.hu\/hun\/wp-json\/wp\/v2\/product\/477434","targetHints":{"allow":["GET"]}}],"collection":[{"href":"https:\/\/horgaszhely.hu\/hun\/wp-json\/wp\/v2\/product"}],"about":[{"href":"https:\/\/horgaszhely.hu\/hun\/wp-json\/wp\/v2\/types\/product"}],"wp:featuredmedia":[{"embeddable":true,"href":"https:\/\/horgaszhely.hu\/hun\/wp-json\/wp\/v2\/media\/477435"}],"wp:attachment":[{"href":"https:\/\/horgaszhely.hu\/hun\/wp-json\/wp\/v2\/media?parent=477434"}],"wp:term":[{"taxonomy":"product_brand","embeddable":true,"href":"https:\/\/horgaszhely.hu\/hun\/wp-json\/wp\/v2\/product_brand?post=477434"},{"taxonomy":"product_cat","embeddable":true,"href":"https:\/\/horgaszhely.hu\/hun\/wp-json\/wp\/v2\/product_cat?post=477434"},{"taxonomy":"product_tag","embeddable":true,"href":"https:\/\/horgaszhely.hu\/hun\/wp-json\/wp\/v2\/product_tag?post=477434"}],"curies":[{"name":"wp","href":"https:\/\/api.w.org\/{rel}","templated":true}]}}