{"id":477455,"date":"2026-08-29T20:05:36","date_gmt":"2026-08-29T18:05:36","guid":{"rendered":"https:\/\/horgaszhely.hu\/hun\/termek\/furdovaj-laskykvet-150ml\/"},"modified":"2026-08-29T20:05:50","modified_gmt":"2026-08-29T18:05:50","slug":"furdovaj-laskykvet-150ml","status":"publish","type":"product","link":"https:\/\/horgaszhely.hu\/hun\/termek\/furdovaj-laskykvet-150ml\/","title":{"rendered":"F\u00fcrd\u0151vaj &#8211; L\u00c1SKYKVET 150ml"},"content":{"rendered":"<p>L\u00c1SKYKVET f\u00fcrd\u0151vaj 150ml<br \/>\n\u201eAmikor az \u00e1pol\u00e1s \u00e9lvezett\u00e9 v\u00e1lik.\u201d<br \/>\nAj\u00e1nd\u00e9kozd meg a b\u0151r\u00f6det egy olyan f\u00fcrd\u0151vel, amely nemcsak megtiszt\u00edtja, hanem t\u00e1pl\u00e1lja \u00e9s \u00e1polja is. F\u00fcrd\u0151vajunk a v\u00edzben lassan old\u00f3dik, \u00e9s az egyszer\u0171 f\u00fcrd\u0151z\u00e9s pillanat\u00e1t hidrat\u00e1l\u00f3 \u00e9s regener\u00e1l\u00f3 ritu\u00e1l\u00e9v\u00e1 var\u00e1zsolja.<br \/>\nA shea vaj a mandulaolajjal egy\u00fctt intenz\u00edven visszazs\u00edrozza \u00e9s puh\u00edtja a b\u0151rt, mik\u00f6zben v\u00e9di a kisz\u00e1rad\u00e1st\u00f3l.<br \/>\nAz E-vitamin er\u0151s antioxid\u00e1nsk\u00e9nt t\u00e1mogatja a b\u0151r term\u00e9szetes v\u00e9dekez\u0151k\u00e9pess\u00e9g\u00e9t, \u00e9s lass\u00edtja korai \u00f6reged\u00e9s\u00e9t.<br \/>\nA lizolecitinnek k\u00f6sz\u00f6nhet\u0151en a hat\u00f3anyagok jobban felsz\u00edv\u00f3dnak, \u00e9s a b\u0151r m\u00e9g sok\u00e1ig b\u00e1rsonyos \u00e9s rugalmas marad a f\u00fcrd\u0151 ut\u00e1n.<br \/>\nHat\u00e1sok:<\/p>\n<p>a b\u0151r m\u00e9lyrehat\u00f3 visszazs\u00edroz\u00e1sa \u00e9s regener\u00e1l\u00e1sa,<br \/>\nv\u00e9delem a nedvess\u00e9gveszt\u00e9s \u00e9s a kisz\u00e1rad\u00e1s ellen,<br \/>\na b\u0151r rugalmass\u00e1g\u00e1nak \u00e9s puhas\u00e1g\u00e1nak t\u00e1mogat\u00e1sa,<br \/>\nt\u00e1pl\u00e1lt \u00e9s tapint\u00e1sra sima b\u0151rt hagy maga ut\u00e1n.<\/p>\n<p>A f\u00fcrd\u0151vaj ide\u00e1lis mindenkinek, aki egy kis luxusra v\u00e1gyik, \u00e9s olyan b\u0151rre, amelynek f\u00fcrd\u00e9s ut\u00e1n nincs sz\u00fcks\u00e9ge tov\u00e1bbi \u00e1pol\u00e1sra kr\u00e9mmel vagy test\u00e1pol\u00f3val. Egyetlen f\u00fcrd\u0151 el\u00e9g ahhoz, hogy \u00e9rezd a k\u00fcl\u00f6nbs\u00e9get.<br \/>\n  A zuhanyvaj haszn\u00e1lati \u00fatmutat\u00f3ja<\/p>\n<p>Vegy\u00e9l ki egy kis mennyis\u00e9g\u0171 vajat, \u00e9s vidd fel a nedves b\u0151rre zuhanyz\u00e1s k\u00f6zben.<br \/>\nGyeng\u00e9den massz\u00edrozd a b\u0151rbe \u2013 a vaj finom habb\u00e1 alakul, amely tiszt\u00edt \u00e9s egyben t\u00e1pl\u00e1l.<br \/>\n\u00d6bl\u00edtsd le langyos v\u00edzzel.<br \/>\nA b\u0151r zuhanyz\u00e1s ut\u00e1n b\u00e1rsonyos, visszazs\u00edrozott \u00e9s v\u00e9dett marad \u2013 nincs sz\u00fcks\u00e9g tov\u00e1bbi kr\u00e9mre.<\/p>\n<p>&nbsp;<\/p>\n<p>Haszn\u00e1lati \u00fatmutat\u00f3:<\/p>\n<p>A f\u00fcrd\u0151vajat vidd fel a test nedves b\u0151r\u00e9re az arc kiv\u00e9tel\u00e9vel, \u00e9s&nbsp;gyeng\u00e9den massz\u00edrozd be. Ezut\u00e1n \u00f6bl\u00edtsd le.<\/p>\n<p>Figyelmeztet\u00e9s:<\/p>\n<p>Kiz\u00e1r\u00f3lag k\u00fcls\u0151 haszn\u00e1latra. Ker\u00fcld a szemmel \u00e9s&nbsp;a ny\u00e1lkah\u00e1rty\u00e1kkal val\u00f3 \u00e9rintkez\u00e9st. Ne haszn\u00e1ld irrit\u00e1lt vagy \u00e9rz\u00e9keny b\u0151r\u00f6n. Ne haszn\u00e1ld, ha \u00e9rz\u00e9keny vagy a term\u00e9kben tal\u00e1lhat\u00f3 \u00f6sszetev\u0151k b\u00e1rmelyik\u00e9re. A term\u00e9k els\u0151 haszn\u00e1lata el\u0151tt vigy\u00e9l fel egy kis mennyis\u00e9get a b\u0151rre, \u00e9s b\u0151rirrit\u00e1ci\u00f3 vagy allergi\u00e1s reakci\u00f3 eset\u00e9n ne haszn\u00e1ld a term\u00e9ket. Ha irrit\u00e1ci\u00f3, \u00e9g\u0151 \u00e9rz\u00e9s vagy ki\u00fct\u00e9s jelentkezik, hagyd abba a term\u00e9k haszn\u00e1lat\u00e1t. A term\u00e9k 3 \u00e9ves kort\u00f3l gyermekek sz\u00e1m\u00e1ra is alkalmas. Gyermekekt\u0151l elz\u00e1rva tartand\u00f3.<\/p>\n<p>T\u00e1rol\u00e1s:<\/p>\n<p>A term\u00e9ket szobah\u0151m\u00e9rs\u00e9kleten t\u00e1rold, h\u0151forr\u00e1sokt\u00f3l \u00e9s k\u00f6zvetlen napf\u00e9nyt\u0151l t\u00e1vol.<\/p>\n<p>Min\u0151s\u00e9g\u00e9t meg\u0151rzi:<\/p>\n<p>&nbsp;<\/p>\n<p>Ingredients:<\/p>\n<p>Butyrospermum Parkii Butter, Prunus Amygdalus Dulcis Oil, Lysolecithin, Cocamidopropyl Betaine, Parfum, Helianthus Annuus Seed Oil, Tocopherol, Acetyl Cedrene, Dimethyl Phenethyl Acetate, Hexamethylindanopyran, Juniperus Virginiana Oil, Tetramethyl acetyloctahydronaphthalenes<\/p>\n<p>Felel\u0151s szem\u00e9ly \u00e9s gy\u00e1rt\u00f3:<\/p>\n<p>PANAKEIA SK s.r.o., \u017dabinsk\u00e1 2, 91105 Tren\u010d\u00edn, Szlov\u00e1kia,<br \/>\nwww.panakeia.sk<\/p>\n","protected":false},"excerpt":{"rendered":"<p>L\u00c1SKYKVET f\u00fcrd\u0151vaj 150ml \u201eAmikor az \u00e1pol\u00e1s \u00e9lvezett\u00e9 v\u00e1lik.\u201d Aj\u00e1nd\u00e9kozd meg a b\u0151r\u00f6det egy olyan f\u00fcrd\u0151vel, amely nemcsak megtiszt\u00edtja, hanem t\u00e1pl\u00e1lja \u00e9s \u00e1polja is. F\u00fcrd\u0151vajunk a v\u00edzben lassan old\u00f3dik, \u00e9s az egyszer\u0171 f\u00fcrd\u0151z\u00e9s pillanat\u00e1t hidrat\u00e1l\u00f3 \u00e9s regener\u00e1l\u00f3 ritu\u00e1l\u00e9v\u00e1 var\u00e1zsolja. A shea vaj a mandulaolajjal egy\u00fctt intenz\u00edven visszazs\u00edrozza \u00e9s puh\u00edtja a b\u0151rt, mik\u00f6zben v\u00e9di a kisz\u00e1rad\u00e1st\u00f3l. Az [&hellip;]<\/p>\n","protected":false},"featured_media":477456,"template":"","meta":{"_acf_changed":false},"product_brand":[],"product_cat":[3492,3414,3380,3425],"product_tag":[],"class_list":["post-477455","product","type-product","status-publish","has-post-thumbnail","product_cat-furdovajak","product_cat-panakeia-naturkozmetikumok","product_cat-termeszetes-kozmetikumok","product_cat-testapolo-kozmetikumok","first","instock","product-type-external"],"acf":[],"_links":{"self":[{"href":"https:\/\/horgaszhely.hu\/hun\/wp-json\/wp\/v2\/product\/477455","targetHints":{"allow":["GET"]}}],"collection":[{"href":"https:\/\/horgaszhely.hu\/hun\/wp-json\/wp\/v2\/product"}],"about":[{"href":"https:\/\/horgaszhely.hu\/hun\/wp-json\/wp\/v2\/types\/product"}],"wp:featuredmedia":[{"embeddable":true,"href":"https:\/\/horgaszhely.hu\/hun\/wp-json\/wp\/v2\/media\/477456"}],"wp:attachment":[{"href":"https:\/\/horgaszhely.hu\/hun\/wp-json\/wp\/v2\/media?parent=477455"}],"wp:term":[{"taxonomy":"product_brand","embeddable":true,"href":"https:\/\/horgaszhely.hu\/hun\/wp-json\/wp\/v2\/product_brand?post=477455"},{"taxonomy":"product_cat","embeddable":true,"href":"https:\/\/horgaszhely.hu\/hun\/wp-json\/wp\/v2\/product_cat?post=477455"},{"taxonomy":"product_tag","embeddable":true,"href":"https:\/\/horgaszhely.hu\/hun\/wp-json\/wp\/v2\/product_tag?post=477455"}],"curies":[{"name":"wp","href":"https:\/\/api.w.org\/{rel}","templated":true}]}}