{"id":477465,"date":"2026-08-29T20:05:36","date_gmt":"2026-08-29T18:05:36","guid":{"rendered":"https:\/\/horgaszhely.hu\/hun\/termek\/habositott-testvaj-ab-150ml\/"},"modified":"2026-08-29T20:06:05","modified_gmt":"2026-08-29T18:06:05","slug":"habositott-testvaj-ab-150ml","status":"publish","type":"product","link":"https:\/\/horgaszhely.hu\/hun\/termek\/habositott-testvaj-ab-150ml\/","title":{"rendered":"Habos\u00edtott testvaj &#8211; AB 150ml"},"content":{"rendered":"<p>Habos\u00edtott testvaj &#8211; AB 150ml<br \/>\nKiv\u00e9teles vajunk igazi balzsam a testnek \u00e9s a l\u00e9leknek! Finom, kellemes illat\u00e1val \u00e9s isteni habos\u00edtott \u00e1llag\u00e1val k\u00e9nyezteti az \u00e9rz\u00e9keidet \u00e9s a b\u0151r\u00f6det. Ide\u00e1lis sz\u00e1raz, \u00e9rz\u00e9keny \u00e9s \u00e9rett b\u0151rre, hidrat\u00e1lja \u00e9s puh\u00edtja, eg\u00e9sz napra v\u00e9detten \u00e9s frissen hagyja. Ez a mang\u00f3vajjal gazdag\u00edtott multifunkci\u00f3s vaj t\u00f6k\u00e9letes v\u00e1laszt\u00e1s a haj \u00e9s a fejb\u0151r \u00e1pol\u00e1s\u00e1ra is, t\u00e1mogatja a norm\u00e1l faggy\u00fatermel\u00e9st \u00e9s regener\u00e1lja a hajat.&nbsp;<\/p>\n<p>A shea vaj<br \/>\nA shea vaj testh\u0151m\u00e9rs\u00e9kleten megolvad, j\u00f3l megk\u00f6ti a vizet \u00e9s felsz\u00edv\u00f3dik a b\u0151rbe. Kutat\u00e1sok igazolt\u00e1k, hogy a shea vaj t\u00e1mogatja a sejtsz\u00f6vet regener\u00e1ci\u00f3j\u00e1t \u00e9s a b\u0151r puhul\u00e1s\u00e1t. Cs\u00f6kken a finom vonalak \u00e9s r\u00e1ncok megjelen\u00e9se, ez\u00e1ltal enyh\u00fclnek az \u00f6reged\u00e9s jelei.&nbsp;<br \/>\nA shea vaj a leggyakrabban haszn\u00e1lt term\u00e9szetes vajak k\u00f6z\u00e9 tartozik, els\u0151sorban egyed\u00fcl\u00e1ll\u00f3 b\u0151rpuh\u00edt\u00f3, hidrat\u00e1l\u00f3 \u00e9s b\u0151rfinom\u00edt\u00f3 tulajdons\u00e1gainak k\u00f6sz\u00f6nhet\u0151en. Afrik\u00e1ban az \u201e\u00e9let f\u00e1ir\u00f3l\u201d nyerik, \u00e9s joggal tartj\u00e1k a sz\u00e9p \u00e9s eg\u00e9szs\u00e9ges b\u0151r forr\u00e1s\u00e1nak.<\/p>\n<p>Mang\u00f3vaj<br \/>\n A mang\u00f3vaj&nbsp;term\u00e9szetes b\u0151rpuh\u00edt\u00f3 tulajdons\u00e1gokkal rendelkezik, seg\u00edti a sebgy\u00f3gyul\u00e1st \u00e9s regener\u00e1l\u00f3 k\u00e9pess\u00e9g\u0171. Helyre\u00e1ll\u00edtja a rugalmass\u00e1got \u00e9s cs\u00f6kkenti a b\u0151rsejtek degener\u00e1ci\u00f3j\u00e1t. A b\u0151rgy\u00f3gy\u00e1szok gyakran aj\u00e1nlj\u00e1k a mang\u00f3vajat a r\u00e1ncok kezel\u00e9s\u00e9re.&nbsp;<br \/>\nE-vitamin<br \/>\n Az E-vitamin&nbsp;a leger\u0151sebb term\u00e9szetes antioxid\u00e1ns, \u00e1tfog\u00f3 v\u00e9delmet ny\u00fajt a b\u0151rnek a szabad gy\u00f6k\u00f6kkel \u00e9s a k\u00e1ros k\u00f6rnyezeti hat\u00e1sokkal szemben, seg\u00edti a b\u0151r regener\u00e1l\u00f3d\u00e1s\u00e1t, ez\u00e1ltal cs\u00f6kkenti a hegek \u00e9s stri\u00e1k l\u00e1that\u00f3s\u00e1g\u00e1t, kedvez\u0151en hat a b\u0151r feszess\u00e9g\u00e9re \u00e9s rugalmass\u00e1g\u00e1ra, k\u00e9slelteti az \u00f6reged\u00e9s jeleit \u00e9s minimaliz\u00e1lja a finom r\u00e1ncok kialakul\u00e1s\u00e1t <\/p>\n<p>Napraforg\u00f3olaj<br \/>\nA napraforg\u00f3olaj a b\u0151r\u00f6n alkalmazva kifejezetten puh\u00edt\u00f3 \u00e9s revitaliz\u00e1l\u00f3 hat\u00e1s\u00fa, az arcb\u0151rt pedig ragyog\u00f3v\u00e1 \u00e9s selymesen puh\u00e1v\u00e1 var\u00e1zsolja.<br \/>\nEgy illat, amely mag\u00e1ban hordozza a nosztalgi\u00e1t, a gyeng\u00e9ds\u00e9get \u00e9s az otthon \u00e9rz\u00e9s\u00e9t. L\u00e1gy mandul\u00e1s t\u00f3nusokkal ny\u00edlik, finoman \u00e9desk\u00e9s alaphanggal, amelyek a gondoskod\u00e1st \u00e9s a tisztas\u00e1got id\u00e9zik. Sz\u00edve kr\u00e9mes \u00e9s gyeng\u00e9d, felid\u00e9zve a b\u00e1rsonyos b\u0151r \u00e9s az otthonos melegs\u00e9g \u00e9rz\u00e9s\u00e9t. Az alapban finom \u00e9dess\u00e9g \u00fcl meg van\u00edlia \u00e9s p\u00e9zsma \u00e9rint\u00e9s\u00e9vel, amely melenget\u0151, megnyugtat\u00f3 nyomot hagy a b\u0151r\u00f6n.<br \/>\nEz az illat ide\u00e1lis azoknak, akik szeretik a klasszikus eleganci\u00e1t, a tisztas\u00e1got \u00e9s az id\u0151tlen n\u0151iess\u00e9get \u2013 egy illat, amely soha nem megy ki a divatb\u00f3l.<br \/>\n&nbsp;<br \/>\nSzlov\u00e1ki\u00e1ban k\u00e9sz\u00fclt<br \/>\n&nbsp;<\/p>\n<p>Haszn\u00e1lati \u00fatmutat\u00f3:<\/p>\n<p>Vigy\u00e9l fel v\u00e9kony r\u00e9teg vajat a test tiszta b\u0151r\u00e9re az arc kiv\u00e9tel\u00e9vel, \u00e9s&nbsp;massz\u00edrozd be.<\/p>\n<p>Figyelmeztet\u00e9s:<\/p>\n<p>Figyelem, a term\u00e9k elsz\u00ednezheti a ruh\u00e1zatot, mivel term\u00e9szetes pigmenteket tartalmaz; hagyd a vajat kell\u0151en felsz\u00edv\u00f3dni a b\u0151rbe.&nbsp; Csak k\u00fcls\u0151leg haszn\u00e1lhat\u00f3. Ker\u00fcld az \u00e9rintkez\u00e9st a&nbsp;szemmel \u00e9s a ny\u00e1lkah\u00e1rty\u00e1kkal. Ne haszn\u00e1ld irrit\u00e1lt vagy \u00e9rz\u00e9keny b\u0151r\u00f6n. Ne haszn\u00e1ld, ha \u00e9rz\u00e9keny vagy a term\u00e9kben tal\u00e1lhat\u00f3 \u00f6sszetev\u0151k b\u00e1rmelyik\u00e9re. A term\u00e9k els\u0151 haszn\u00e1lata el\u0151tt vigy\u00e9l fel kis mennyis\u00e9get a b\u0151rre, \u00e9s b\u0151rirrit\u00e1ci\u00f3 vagy allergi\u00e1s reakci\u00f3 eset\u00e9n ne haszn\u00e1ld a term\u00e9ket. Ha irrit\u00e1ci\u00f3, \u00e9g\u0151 \u00e9rz\u00e9s vagy ki\u00fct\u00e9s jelentkezik, hagyd abba a term\u00e9k haszn\u00e1lat\u00e1t. A term\u00e9k gyermekek sz\u00e1m\u00e1ra nem alkalmas. Gyermekekt\u0151l elz\u00e1rva tartand\u00f3.<\/p>\n<p>T\u00e1rol\u00e1s:<\/p>\n<p>A term\u00e9ket szobah\u0151m\u00e9rs\u00e9kleten, h\u0151forr\u00e1sokt\u00f3l \u00e9s k\u00f6zvetlen napf\u00e9nyt\u0151l t\u00e1vol t\u00e1rold.<\/p>\n<p>Tartalom:<\/p>\n<p>150 ml<\/p>\n<p>Ingredients:<\/p>\n<p>Prunus Amygdalus Dulcis Oil, Butyrospermum Parkii Butter, Mangifera Indica Seed Butter, Silica, Parfum, Tocopherol, Helianthus Annuus Seed Oil, Mica, CI 77491, Linalyl Acetate, Linalool, Limonene, Isoeugenol, Hydroxycitronellal, Hexamethylindanopyran, Geraniol, Coumarin, Citrus Aurantium Peel Oil, Beta-Caryophyllene, Benzyl Salicylate, Amyl Cinnamal, Acetyl Cedrene, Citral, Eugenol, Methyl Salicylate, Pinene, Terpineol, Turpentine<\/p>\n<p>Felel\u0151s szem\u00e9ly \u00e9s gy\u00e1rt\u00f3:<\/p>\n<p>PANAKEIA SK s.r.o., \u017dabinsk\u00e1 2, 911 05 Tren\u010d\u00edn, Slovensk\u00e1 republika,<br \/>\nwww.panakeia.sk<\/p>\n<p>&nbsp;<\/p>\n","protected":false},"excerpt":{"rendered":"<p>Habos\u00edtott testvaj &#8211; AB 150ml Kiv\u00e9teles vajunk igazi balzsam a testnek \u00e9s a l\u00e9leknek! Finom, kellemes illat\u00e1val \u00e9s isteni habos\u00edtott \u00e1llag\u00e1val k\u00e9nyezteti az \u00e9rz\u00e9keidet \u00e9s a b\u0151r\u00f6det. Ide\u00e1lis sz\u00e1raz, \u00e9rz\u00e9keny \u00e9s \u00e9rett b\u0151rre, hidrat\u00e1lja \u00e9s puh\u00edtja, eg\u00e9sz napra v\u00e9detten \u00e9s frissen hagyja. Ez a mang\u00f3vajjal gazdag\u00edtott multifunkci\u00f3s vaj t\u00f6k\u00e9letes v\u00e1laszt\u00e1s a haj \u00e9s a fejb\u0151r [&hellip;]<\/p>\n","protected":false},"featured_media":477466,"template":"","meta":{"_acf_changed":false},"product_brand":[],"product_cat":[3414,3380,3425,3482],"product_tag":[],"class_list":["post-477465","product","type-product","status-publish","has-post-thumbnail","product_cat-panakeia-naturkozmetikumok","product_cat-termeszetes-kozmetikumok","product_cat-testapolo-kozmetikumok","product_cat-testvajak","first","instock","product-type-external"],"acf":[],"_links":{"self":[{"href":"https:\/\/horgaszhely.hu\/hun\/wp-json\/wp\/v2\/product\/477465","targetHints":{"allow":["GET"]}}],"collection":[{"href":"https:\/\/horgaszhely.hu\/hun\/wp-json\/wp\/v2\/product"}],"about":[{"href":"https:\/\/horgaszhely.hu\/hun\/wp-json\/wp\/v2\/types\/product"}],"wp:featuredmedia":[{"embeddable":true,"href":"https:\/\/horgaszhely.hu\/hun\/wp-json\/wp\/v2\/media\/477466"}],"wp:attachment":[{"href":"https:\/\/horgaszhely.hu\/hun\/wp-json\/wp\/v2\/media?parent=477465"}],"wp:term":[{"taxonomy":"product_brand","embeddable":true,"href":"https:\/\/horgaszhely.hu\/hun\/wp-json\/wp\/v2\/product_brand?post=477465"},{"taxonomy":"product_cat","embeddable":true,"href":"https:\/\/horgaszhely.hu\/hun\/wp-json\/wp\/v2\/product_cat?post=477465"},{"taxonomy":"product_tag","embeddable":true,"href":"https:\/\/horgaszhely.hu\/hun\/wp-json\/wp\/v2\/product_tag?post=477465"}],"curies":[{"name":"wp","href":"https:\/\/api.w.org\/{rel}","templated":true}]}}