{"id":477493,"date":"2026-08-29T20:06:20","date_gmt":"2026-08-29T18:06:20","guid":{"rendered":"https:\/\/horgaszhely.hu\/hun\/termek\/karacsonyi-kivansag-ajandek-amely-emlekeztet-az-igazi-ertekekre-2x150ml-1x5ml\/"},"modified":"2026-08-29T20:06:31","modified_gmt":"2026-08-29T18:06:31","slug":"karacsonyi-kivansag-ajandek-amely-emlekeztet-az-igazi-ertekekre-2x150ml-1x5ml","status":"publish","type":"product","link":"https:\/\/horgaszhely.hu\/hun\/termek\/karacsonyi-kivansag-ajandek-amely-emlekeztet-az-igazi-ertekekre-2x150ml-1x5ml\/","title":{"rendered":"Kar\u00e1csonyi k\u00edv\u00e1ns\u00e1g &#8211; aj\u00e1nd\u00e9k, amely eml\u00e9keztet az igazi \u00e9rt\u00e9kekre 2x150ml, 1x5ml"},"content":{"rendered":"<p>Kar\u00e1csonyi k\u00edv\u00e1ns\u00e1g: aj\u00e1nd\u00e9k, amely eml\u00e9keztet az igazi \u00e9rt\u00e9kekre<br \/>\nVannak pillanatok, amikor a vil\u00e1g egy percre meg\u00e1ll. Amikor a kar\u00e1csonyfa f\u00e9nyei l\u00e1gyan pisl\u00e1kolnak, a csend l\u00e9legzik, \u00e9s k\u00f6r\u00fcl\u00f6tt\u00fcnk k\u00fcl\u00f6n\u00f6s nyugalom \u00e1rad sz\u00e9t, amely gyakran fel\u00e9breszti benn\u00fcnk azt, amir\u0151l eg\u00e9sz \u00e9vben megfeledkez\u00fcnk.&nbsp;\u00c9ppen egy ilyen pillanatb\u00f3l sz\u00fcletett a Kar\u00e1csonyi k\u00edv\u00e1ns\u00e1g. Egy term\u00e9k, amely nem csup\u00e1n egyszer\u0171 kar\u00e1csonyi aj\u00e1nd\u00e9knak k\u00e9sz\u00fclt, hanem \u00fczenetnek, amely minden megaj\u00e1nd\u00e9kozottnak elhozza a h\u00e1rom legfontosabb \u00e9rt\u00e9ket. \u00c9rt\u00e9keket, amelyek a mindennapi teend\u0151k rohan\u00e1s\u00e1ban gyakran elvesznek, pedig legbel\u00fcl ezekre v\u00e1gyunk a legink\u00e1bb.&nbsp;<\/p>\n<p>BOLDOGS\u00c1G, SZERETET \u00e9s NYUGALOM &#8211; a legnagyobb kincs, amelyet k\u00f6z\u00f6sen aj\u00e1nd\u00e9kozhatunk egym\u00e1snak<br \/>\n\u2013 BOLDOGS\u00c1G habos\u00edtott testvaj &nbsp;\u2013 kar\u00e1csonyi illat\u00e1val \u00f6r\u00f6m\u00f6t hoz, amely a legapr\u00f3bb dolgokban is ott rejlik. Megaj\u00e1nd\u00e9koz egy magadra sz\u00e1nt pillanattal, amelyben \u00e1t\u00e9rezheted a gyeng\u00e9d, szeretetteljes \u00e9rint\u00e9st. Hogy ne feledd, milyen fontos egy pillanatra meg\u00e1llni, \u00e9s h\u00e1l\u00e1t adni a magaddal t\u00f6lt\u00f6tt id\u0151\u00e9rt is.&nbsp;&nbsp;<br \/>\n&#8211; BOLDOGS\u00c1G illat &#8211; Vid\u00e1m, gy\u00fcm\u00f6lcs\u00f6s illat, amely azonnal \u00fcnnepi hangulatot var\u00e1zsol. A narancs \u00e9s a grapefruit friss citrusos t\u00f3nusai a feketeribizli, a piros ribizli, a m\u00e1lna, az eper, az alma \u00e9s a szilva s\u00f6t\u00e9t akcentusaival fon\u00f3dnak \u00f6ssze. Az eg\u00e9szet a f\u0171szerek melenget\u0151 \u00e1rnyalata l\u00e1gy\u00edtja. Az illat alapj\u00e1t \u00e9rz\u00e9ki p\u00e9zsm\u00e1s t\u00f3nus adja, szant\u00e1lfa lehelet\u00e9vel \u00e9s finom cukorsz\u00f3r\u00e1ssal. Az eredm\u00e9ny \u00f6r\u00f6mteli, j\u00e1t\u00e9kos \u00e9s kellemesen \u00e9des illat, amely azonnal \u00fcnnepi hangulatba hoz.&nbsp;<\/p>\n<p>\u2013 SZERETET ajakbalzsam \u2013 finom, melenget\u0151 \u00e9s gyeng\u00e9d, ak\u00e1r maga a szeretet. Mert \u00e9ppen a szeretet az \u00e9let \u00e9rtelme. Ne feledj\u00fck folyamatosan kimutatni az \u00e9rz\u00e9seinket, amelyeket manaps\u00e1g oly sokszor elfojtunk. Eml\u00e9kezz\u00fcnk r\u00e1, hogy a szeretetnek k\u00f6sz\u00f6nhet\u0151en nem vesz\u00edtj\u00fck el embers\u00e9g\u00fcnket, emp\u00e1ti\u00e1nkat \u00e9s a seg\u00edt\u00e9s \u00f6r\u00f6m\u00e9t.&nbsp;<br \/>\n&#8211;&nbsp; SZERETET illat &#8211;&nbsp;\u00cdnycsikland\u00f3 gurm\u00e9 illat, amely \u00e9des t\u00e9li desszertre eml\u00e9keztet. A szaftos, enyh\u00e9n savanyk\u00e1s meggy a marcip\u00e1n gazdag mandul\u00e1s arom\u00e1j\u00e1val t\u00e1rsul, t\u00f6k\u00e9letesen kiegyens\u00falyozott kombin\u00e1ci\u00f3t alkotva \u00e9dess\u00e9gb\u0151l \u00e9s gy\u00fcm\u00f6lcs\u00f6s frissess\u00e9gb\u0151l. A melenget\u0151 mandul\u00e1s alaphang finoms\u00e1got \u00e9s eleganci\u00e1t k\u00f6lcs\u00f6n\u00f6z az illatnak, m\u00edg a karakteres meggy sikket \u00e9s j\u00e1t\u00e9koss\u00e1got hoz. Az eredm\u00e9ny vonz\u00f3, \u00e9des \u00e9s egyben szaftos illat, amely otthonosan, finoman \u00e9s ellen\u00e1llhatatlanul hat.<\/p>\n<p>\u2013 NYUGALOM habos\u00edtott f\u00fcrd\u0151vaj \u2013 a csend aj\u00e1nd\u00e9ka, amelyet meg\u00e9rdemelsz egy hossz\u00fa nap ut\u00e1n. Csend, amelyben \u00fajra megtal\u00e1lhatod \u00f6nmagad. A f\u00fcrd\u0151vaj minden f\u00fcrd\u0151t kar\u00e1csonyi wellness\u00e9 var\u00e1zsol, amelyben mindenr\u0151l megfeledkezel, \u00e9s hirtelen a jelen pillanatban tal\u00e1lod magad. R\u00e1\u00e9bredsz, milyen fontos \u00e9rz\u00e9kelni azt, ami itt \u00e9s most t\u00f6rt\u00e9nik. Nem a m\u00falton merengsz, nem a j\u00f6v\u0151n gondolkodsz \u2013 egyszer\u0171en csak vagy.&nbsp;<br \/>\n&#8211; NYUGALOM illat &#8211;&nbsp;Eleg\u00e1ns, t\u00e9liesen friss, m\u00e9gis f\u0171szeres illat, amely mag\u00e1ban hordozza a hideg napok meleg\u00e9t \u00e9s tisztas\u00e1g\u00e1t is. A nyit\u00e1nyt ropog\u00f3s alma, grapefruit \u00e9s finom levendula adja, a magyallevelek z\u00f6ld t\u00f3nusaival kieg\u00e9sz\u00edtve. Az illat sz\u00edve a feh\u00e9r gy\u00f6mb\u00e9r \u00e9s a fah\u00e9jk\u00e9reg kellemes, f\u0171szeres szikr\u00e1z\u00e1s\u00e1t hozza, amely l\u00e1gyan keveredik a citromf\u0171vel, a j\u00e1zminnal, a musk\u00e1tlival \u00e9s a r\u00f3zs\u00e1val. Az alap m\u00e9ly \u00e9s melenget\u0151 \u2013 az ambr\u00e1t, a tonkababot, a van\u00edli\u00e1t \u00e9s a c\u00e9drust t\u00e9li moha, p\u00e9zsma \u00e9s a m\u00e1lna \u00e9desk\u00e9s \u00e9rint\u00e9se gazdag\u00edtja. Az eredm\u00e9ny harmonikus, kifinomult illat, a f\u0171szerek, a gy\u00fcm\u00f6lcs\u00f6k \u00e9s a f\u00e1s t\u00f3nusok t\u00f6k\u00e9letesen kiegyens\u00falyozott energi\u00e1j\u00e1val.<\/p>\n<p>A dobozban r\u00e1ad\u00e1sul rejt\u0151zik egy fontos&nbsp;\u00fczenetk\u00e1rtya, amely sz\u00f6veg\u00e9vel megsimogatja minden megaj\u00e1nd\u00e9kozott lelk\u00e9t, \u00e9s lehet\u0151v\u00e9 teszi sz\u00e1m\u00e1ra, hogy egy pillanatra meg\u00e1ll\u00edtsa az id\u0151t, m\u00e9ly leveg\u0151t vegyen, \u00e9s \u00e1t\u00e9rezze azt, ami\u00e9rt igaz\u00e1n h\u00e1l\u00e1s, \u00e9s amir\u0151l soha nem szabad megfeledkeznie.&nbsp;<\/p>\n","protected":false},"excerpt":{"rendered":"<p>Kar\u00e1csonyi k\u00edv\u00e1ns\u00e1g: aj\u00e1nd\u00e9k, amely eml\u00e9keztet az igazi \u00e9rt\u00e9kekre Vannak pillanatok, amikor a vil\u00e1g egy percre meg\u00e1ll. Amikor a kar\u00e1csonyfa f\u00e9nyei l\u00e1gyan pisl\u00e1kolnak, a csend l\u00e9legzik, \u00e9s k\u00f6r\u00fcl\u00f6tt\u00fcnk k\u00fcl\u00f6n\u00f6s nyugalom \u00e1rad sz\u00e9t, amely gyakran fel\u00e9breszti benn\u00fcnk azt, amir\u0151l eg\u00e9sz \u00e9vben megfeledkez\u00fcnk.&nbsp;\u00c9ppen egy ilyen pillanatb\u00f3l sz\u00fcletett a Kar\u00e1csonyi k\u00edv\u00e1ns\u00e1g. Egy term\u00e9k, amely nem csup\u00e1n egyszer\u0171 kar\u00e1csonyi aj\u00e1nd\u00e9knak [&hellip;]<\/p>\n","protected":false},"featured_media":477494,"template":"","meta":{"_acf_changed":false},"product_brand":[],"product_cat":[3414,3380,3425,3482],"product_tag":[],"class_list":["post-477493","product","type-product","status-publish","has-post-thumbnail","product_cat-panakeia-naturkozmetikumok","product_cat-termeszetes-kozmetikumok","product_cat-testapolo-kozmetikumok","product_cat-testvajak","first","instock","product-type-external"],"acf":[],"_links":{"self":[{"href":"https:\/\/horgaszhely.hu\/hun\/wp-json\/wp\/v2\/product\/477493","targetHints":{"allow":["GET"]}}],"collection":[{"href":"https:\/\/horgaszhely.hu\/hun\/wp-json\/wp\/v2\/product"}],"about":[{"href":"https:\/\/horgaszhely.hu\/hun\/wp-json\/wp\/v2\/types\/product"}],"wp:featuredmedia":[{"embeddable":true,"href":"https:\/\/horgaszhely.hu\/hun\/wp-json\/wp\/v2\/media\/477494"}],"wp:attachment":[{"href":"https:\/\/horgaszhely.hu\/hun\/wp-json\/wp\/v2\/media?parent=477493"}],"wp:term":[{"taxonomy":"product_brand","embeddable":true,"href":"https:\/\/horgaszhely.hu\/hun\/wp-json\/wp\/v2\/product_brand?post=477493"},{"taxonomy":"product_cat","embeddable":true,"href":"https:\/\/horgaszhely.hu\/hun\/wp-json\/wp\/v2\/product_cat?post=477493"},{"taxonomy":"product_tag","embeddable":true,"href":"https:\/\/horgaszhely.hu\/hun\/wp-json\/wp\/v2\/product_tag?post=477493"}],"curies":[{"name":"wp","href":"https:\/\/api.w.org\/{rel}","templated":true}]}}