{"id":477561,"date":"2026-08-29T20:07:49","date_gmt":"2026-08-29T18:07:49","guid":{"rendered":"https:\/\/horgaszhely.hu\/hun\/termek\/phyto-exosome-pdrn-szett-3x30ml-1x100ml\/"},"modified":"2026-08-29T20:07:50","modified_gmt":"2026-08-29T18:07:50","slug":"phyto-exosome-pdrn-szett-3x30ml-1x100ml","status":"publish","type":"product","link":"https:\/\/horgaszhely.hu\/hun\/termek\/phyto-exosome-pdrn-szett-3x30ml-1x100ml\/","title":{"rendered":"Phyto exosome PDRN &#8211; szett 3x30ml 1x100ml"},"content":{"rendered":"<p>Phyto exosome PDRN &#8211; szett 3x30ml 1x100ml<br \/>\nA term\u00e9kcsal\u00e1d tagjai \u00fagy lettek megalkotva, hogy kieg\u00e9sz\u00edts\u00e9k egym\u00e1st \u2013 a friss\u00edt\u0151 tonert\u0151l a hidrat\u00e1l\u00f3 sz\u00e9rumon \u00e1t eg\u00e9szen a nappali \u00e9s \u00e9jszakai kr\u00e9mig. Egy\u00fctt komplex b\u0151r\u00e1pol\u00e1si ritu\u00e1l\u00e9t alkotnak, amely l\u00e1that\u00f3 eredm\u00e9nyeket hoz.<br \/>\n&nbsp;<br \/>\nKulcsfontoss\u00e1g\u00fa akt\u00edv \u00f6sszetev\u0151k<\/p>\n<p>PhytoCellTec&#x2122; exosz\u00f3m\u00e1k \u2013 \u00faj gener\u00e1ci\u00f3s sejtregener\u00e1ci\u00f3. T\u00e1mogatj\u00e1k a sejtek meg\u00fajul\u00e1s\u00e1t, n\u00f6velik a b\u0151r s\u0171r\u0171s\u00e9g\u00e9t \u00e9s rugalmass\u00e1g\u00e1t, kisim\u00edtj\u00e1k a r\u00e1ncokat \u00e9s \u00fajraform\u00e1lj\u00e1k az arckont\u00farokat.<\/p>\n<p>PDRN (polidezoxiribonukleotid) \u2013 a DNS szintj\u00e9n serkenti a sz\u00f6vetek regener\u00e1ci\u00f3j\u00e1t, t\u00e1mogatja a kollag\u00e9n \u00e9s az elasztin termel\u0151d\u00e9s\u00e9t, jav\u00edtja a b\u0151r hidrat\u00e1lts\u00e1g\u00e1t, rugalmass\u00e1g\u00e1t \u00e9s \u00e1ltal\u00e1nos megjelen\u00e9s\u00e9t.<\/p>\n<p>N\u00f6v\u00e9nyi \u00e9s term\u00e9szetes kollag\u00e9n \u2013 er\u0151s\u00edti a b\u0151r feszess\u00e9g\u00e9t \u00e9s rugalmass\u00e1g\u00e1t, megel\u0151zi a korai b\u0151r\u00f6reged\u00e9st.<\/p>\n<p>Hialuronsav k\u00fcl\u00f6nb\u00f6z\u0151 form\u00e1kban \u2013 azonnali \u00e9s hosszan tart\u00f3 hidrat\u00e1l\u00e1st biztos\u00edt, bel\u00fclr\u0151l t\u00f6lti fel a b\u0151rt, sim\u00e1n \u00e9s \u00fcd\u00e9n hagyva azt.<\/p>\n<p>Niacinamid \u2013 ragyog\u00f3v\u00e1 teszi a b\u0151rt, halv\u00e1ny\u00edtja a pigmentfoltokat \u00e9s a kis hegeket, szab\u00e1lyozza a t\u00falzott faggy\u00fatermel\u00e9st.<\/p>\n<p>Tremella (h\u00f3gomba) \u2013 er\u0151s antioxid\u00e1ns, t\u00e1mogatja a b\u0151r hidrat\u00e1lts\u00e1g\u00e1t \u00e9s rugalmass\u00e1g\u00e1t.<\/p>\n<p>Hydrosella&#x2122; \u2013 vadr\u00f3zsa-kivonat ak\u00e1r 72 \u00f3r\u00e1n \u00e1t tart\u00f3 hidrat\u00e1l\u00f3 hat\u00e1ssal.<\/p>\n<p>Ceramidok \u00e9s E-vitamin \u2013 er\u0151s\u00edtik a b\u0151r v\u00e9d\u0151g\u00e1tj\u00e1t, v\u00e9denek a szabad gy\u00f6k\u00f6kkel szemben \u00e9s lass\u00edtj\u00e1k az \u00f6reged\u00e9st.<\/p>\n<p>Malachit-kivonat \u2013 term\u00e9szetes antioxid\u00e1ns, amely er\u0151s\u00edti a b\u0151rt \u00e9s v\u00e9di a k\u00fcls\u0151 stresszhat\u00e1sokt\u00f3l.<\/p>\n<p>R\u00f3zsa- \u00e9s levendulav\u00edz \u2013 friss\u00edtenek, nyugtatnak \u00e9s \u00e1sv\u00e1nyi anyagokkal l\u00e1tj\u00e1k el a b\u0151rt.<\/p>\n<p>Centella asiatica \u2013 nyugtat, regener\u00e1l \u00e9s jav\u00edtja a rugalmass\u00e1got.<\/p>\n<p>&nbsp;<br \/>\nKinek aj\u00e1nljuk a szettet<\/p>\n<p>\u00c9rett b\u0151rre, r\u00e1ncokkal vagy cs\u00f6kkent feszess\u00e9ggel<\/p>\n<p>Sz\u00e1raz, dehidrat\u00e1lt \u00e9s fak\u00f3 b\u0151rre<\/p>\n<p>Irrit\u00e1ci\u00f3ra hajlamos, cs\u00f6kkent regener\u00e1l\u00f3d\u00f3 k\u00e9pess\u00e9g\u0171 \u00e9rz\u00e9keny b\u0151rre<\/p>\n<p>Pigmentfoltokkal, akn\u00e9 ut\u00e1ni hegekkel vagy a f\u00e9ny\u00f6reged\u00e9s jeleivel rendelkez\u0151 b\u0151rre<\/p>\n<p>&nbsp;<br \/>\nA teljes term\u00e9kcsal\u00e1d hat\u00e1sai<\/p>\n<p>intenz\u00edv \u00e9s hosszan tart\u00f3 hidrat\u00e1l\u00e1s<\/p>\n<p>a b\u0151r feszes\u00edt\u00e9se \u00e9s kisim\u00edt\u00e1sa<\/p>\n<p>a finom \u00e9s a m\u00e9lyebb r\u00e1ncok cs\u00f6kkent\u00e9se<\/p>\n<p>a b\u0151rt\u00f3nus ragyog\u00f3bb\u00e1 t\u00e9tele \u00e9s kiegyenl\u00edt\u00e9se<\/p>\n<p>a b\u0151r v\u00e9d\u0151g\u00e1tj\u00e1nak er\u0151s\u00edt\u00e9se \u00e9s v\u00e9delem az oxidat\u00edv stresszel szemben<\/p>\n<p>az \u00e9rz\u00e9keny b\u0151r nyugtat\u00e1sa \u00e9s regener\u00e1l\u00e1sa<\/p>\n<p>&nbsp;<br \/>\nHogyan haszn\u00e1ld<\/p>\n<p>Toner \u2013 el\u0151k\u00e9sz\u00edti a b\u0151rt, kiegyenl\u00edti a pH-\u00e9rt\u00e9k\u00e9t \u00e9s jav\u00edtja a tov\u00e1bbi term\u00e9kek felsz\u00edv\u00f3d\u00e1s\u00e1t.<\/p>\n<p>Sz\u00e9rum \u2013 intenz\u00edven hidrat\u00e1l, \u00e9s m\u00e9lyrehat\u00f3an t\u00e1mogatja a b\u0151r meg\u00fajul\u00e1s\u00e1t \u00e9s regener\u00e1ci\u00f3j\u00e1t.<\/p>\n<p>Nappali kr\u00e9m \u2013 napk\u00f6zben v\u00e9di, ragyog\u00f3v\u00e1 teszi \u00e9s hidrat\u00e1lja a b\u0151rt, smink al\u00e1 is alkalmas.<\/p>\n<p>\u00c9jszakai kr\u00e9m \u2013 alv\u00e1s k\u00f6zben regener\u00e1lja, t\u00e1pl\u00e1lja \u00e9s meg\u00faj\u00edtja a b\u0151rt.<\/p>\n<p>&nbsp;<\/p>\n","protected":false},"excerpt":{"rendered":"<p>Phyto exosome PDRN &#8211; szett 3x30ml 1x100ml A term\u00e9kcsal\u00e1d tagjai \u00fagy lettek megalkotva, hogy kieg\u00e9sz\u00edts\u00e9k egym\u00e1st \u2013 a friss\u00edt\u0151 tonert\u0151l a hidrat\u00e1l\u00f3 sz\u00e9rumon \u00e1t eg\u00e9szen a nappali \u00e9s \u00e9jszakai kr\u00e9mig. Egy\u00fctt komplex b\u0151r\u00e1pol\u00e1si ritu\u00e1l\u00e9t alkotnak, amely l\u00e1that\u00f3 eredm\u00e9nyeket hoz. &nbsp; Kulcsfontoss\u00e1g\u00fa akt\u00edv \u00f6sszetev\u0151k PhytoCellTec&#x2122; exosz\u00f3m\u00e1k \u2013 \u00faj gener\u00e1ci\u00f3s sejtregener\u00e1ci\u00f3. T\u00e1mogatj\u00e1k a sejtek meg\u00fajul\u00e1s\u00e1t, n\u00f6velik a [&hellip;]<\/p>\n","protected":false},"featured_media":477562,"template":"","meta":{"_acf_changed":false},"product_brand":[],"product_cat":[3497,3493,3414,3380],"product_tag":[],"class_list":["post-477561","product","type-product","status-publish","has-post-thumbnail","product_cat-edition-pdrn","product_cat-kozmetikai-kiadasok","product_cat-panakeia-naturkozmetikumok","product_cat-termeszetes-kozmetikumok","first","instock","product-type-external"],"acf":[],"_links":{"self":[{"href":"https:\/\/horgaszhely.hu\/hun\/wp-json\/wp\/v2\/product\/477561","targetHints":{"allow":["GET"]}}],"collection":[{"href":"https:\/\/horgaszhely.hu\/hun\/wp-json\/wp\/v2\/product"}],"about":[{"href":"https:\/\/horgaszhely.hu\/hun\/wp-json\/wp\/v2\/types\/product"}],"wp:featuredmedia":[{"embeddable":true,"href":"https:\/\/horgaszhely.hu\/hun\/wp-json\/wp\/v2\/media\/477562"}],"wp:attachment":[{"href":"https:\/\/horgaszhely.hu\/hun\/wp-json\/wp\/v2\/media?parent=477561"}],"wp:term":[{"taxonomy":"product_brand","embeddable":true,"href":"https:\/\/horgaszhely.hu\/hun\/wp-json\/wp\/v2\/product_brand?post=477561"},{"taxonomy":"product_cat","embeddable":true,"href":"https:\/\/horgaszhely.hu\/hun\/wp-json\/wp\/v2\/product_cat?post=477561"},{"taxonomy":"product_tag","embeddable":true,"href":"https:\/\/horgaszhely.hu\/hun\/wp-json\/wp\/v2\/product_tag?post=477561"}],"curies":[{"name":"wp","href":"https:\/\/api.w.org\/{rel}","templated":true}]}}