{"id":477597,"date":"2026-08-29T20:07:49","date_gmt":"2026-08-29T18:07:49","guid":{"rendered":"https:\/\/horgaszhely.hu\/hun\/termek\/fenyoviragpor-90-kapszula\/"},"modified":"2026-08-29T20:08:29","modified_gmt":"2026-08-29T18:08:29","slug":"fenyoviragpor-90-kapszula","status":"publish","type":"product","link":"https:\/\/horgaszhely.hu\/hun\/termek\/fenyoviragpor-90-kapszula\/","title":{"rendered":"Feny\u0151vir\u00e1gpor &#8211; 90 kapszula"},"content":{"rendered":"<p>Feny\u0151vir\u00e1gpor \u2013 term\u00e9szetes er\u0151 az&nbsp;energi\u00e1\u00e9rt,&nbsp;a&nbsp;vitalit\u00e1s\u00e9rt&nbsp;\u00e9s a test egyens\u00faly\u00e1\u00e9rt<br \/>\n\u00c9rzed, hogy m\u00e1r nincs annyi er\u0151d, mint r\u00e9gen? Hogy a testednek t\u00f6bb id\u0151re van sz\u00fcks\u00e9ge a regener\u00e1ci\u00f3hoz, \u00e9s j\u00f3lesne egy kis lend\u00fclet, hogy nagyobb kedvvel \u00e9ld a mindennapokat? Ez nem csak a kor k\u00e9rd\u00e9se \u2013 gyakran a rohan\u00f3 vil\u00e1g, a&nbsp;stressz&nbsp;\u00e9s a term\u00e9szettel val\u00f3 kapcsolat hi\u00e1nya \u00e1ll a h\u00e1tt\u00e9rben. \u00c9ppen a term\u00e9szetnek van azonban egy csendes sz\u00f6vets\u00e9gese a tarsoly\u00e1ban, amely az \u00faj \u00e9let energi\u00e1j\u00e1t hordozza mag\u00e1ban \u2013 a&nbsp;feny\u0151vir\u00e1gpor (Pinus massoniana), amelyet \u00c1zsi\u00e1ban az &#8222;\u00e9letf\u00e1k aranypora&#8221; n\u00e9ven is emlegetnek.<br \/>\nMi az a feny\u0151vir\u00e1gpor, \u00e9s mi\u00e9rt k\u00fcl\u00f6nleges?<br \/>\nA feny\u0151vir\u00e1gpor a&nbsp;Pinus massoniana&nbsp;t\u0171level\u0171 f\u00e1b\u00f3l sz\u00e1rmazik, amely a&nbsp;vitaminok, \u00e1sv\u00e1nyi anyagok, aminosavak, enzimek \u00e9s n\u00f6v\u00e9nyi szterolok egyed\u00fcl\u00e1ll\u00f3 kombin\u00e1ci\u00f3j\u00e1t tartalmazza.&nbsp;A kivonat nagy mennyis\u00e9g\u0171 \u00e9rt\u00e9kes&nbsp;flavonoidot&nbsp;tartalmaz \u2013 f\u0151k\u00e9nt proantocianidineket, amelyek az er\u0151s term\u00e9szetes&nbsp;polifenolok&nbsp;k\u00f6z\u00e9 tartoznak, jelent\u0151s antioxid\u00e1ns hat\u00e1ssal.Ezeket a mikroszkopikus szemcs\u00e9ket az&nbsp;energia \u00e9s vitalit\u00e1s koncentr\u00e1lt forr\u00e1s\u00e1nak tekintik, amely t\u00e1mogatja a szervezet term\u00e9szetes m\u0171k\u00f6d\u00e9s\u00e9t.\u00c1zsi\u00e1ban a feny\u0151vir\u00e1gport hagyom\u00e1nyosan&nbsp;toniz\u00e1l\u00f3 \u00e9s regener\u00e1l\u00f3 hat\u00e1s\u00e1\u00e9rt&nbsp;becs\u00fclik \u2013 az er\u0151, a hossz\u00fa \u00e9let \u00e9s az egyens\u00faly szimb\u00f3luma.<br \/>\nHogyan seg\u00edthet neked a feny\u0151vir\u00e1gpor:<br \/>\nT\u00f6bb tanulm\u00e1ny is arra utal, hogy a feny\u0151vir\u00e1gporban tal\u00e1lhat\u00f3 akt\u00edv anyagok:<\/p>\n<p>t\u00e1mogatj\u00e1k a term\u00e9szetes vitalit\u00e1st \u00e9s energi\u00e1t&nbsp;\u2013 szed\u00e9se aj\u00e1nlott&nbsp;f\u00e1radts\u00e1g, kimer\u00fclts\u00e9g vagy fokozott lelki megterhel\u00e9s eset\u00e9n,<\/p>\n<p>hozz\u00e1j\u00e1rulnak a&nbsp;hormon\u00e1lis egyens\u00faly harmoniz\u00e1l\u00e1s\u00e1hoz&nbsp;(f\u00e9rfiakn\u00e1l \u00e9s n\u0151kn\u00e9l egyar\u00e1nt),<\/p>\n<p>seg\u00edtik a szervezet regener\u00e1ci\u00f3j\u00e1t&nbsp;\u00e9s \u00e1ltal\u00e1nos ellen\u00e1ll\u00f3 k\u00e9pess\u00e9g\u00e9t,<\/p>\n<p>pozit\u00edvan hathatnak a hangulatra, az alv\u00e1sra \u00e9s az \u00e1ltal\u00e1nos j\u00f3 k\u00f6z\u00e9rzetre.<\/p>\n<p>Kinek k\u00e9sz\u00fclt a Herbatica feny\u0151vir\u00e1gpor?<\/p>\n<p>a&nbsp;perimenopauza\/menopauza id\u0151szak\u00e1ban l\u00e9v\u0151 n\u0151knek, akik term\u00e9szetes t\u00e1mogat\u00e1st keresnek az egyens\u00falyhoz a hormon\u00e1lis v\u00e1ltoz\u00e1sok idej\u00e9n,<\/p>\n<p>az&nbsp;\u00e9rett kor\u00fa f\u00e9rfiaknak, akik meg szeretn\u00e9k \u0151rizni vitalit\u00e1sukat, erej\u00fcket \u00e9s \u00e9letkedv\u00fcket,<\/p>\n<p>mindenkinek, aki&nbsp;f\u00e1radts\u00e1got, energiacs\u00f6kken\u00e9st vagy&nbsp;legyeng\u00fclt immunrendszert \u00e9rez,<\/p>\n<p>azoknak, akik a&nbsp;term\u00e9szetes megold\u00e1sokat r\u00e9szes\u00edtik el\u0151nyben a szintetikus kieg\u00e9sz\u00edt\u0151k helyett.<\/p>\n<p>Mi\u00e9rt \u00e9rdemes a Herbatica feny\u0151vir\u00e1gport v\u00e1lasztani:<\/p>\n<p>100% term\u00e9szetes \u00f6sszet\u00e9tel, hozz\u00e1adott anyagok n\u00e9lk\u00fcl<br \/>\nmagas koncentr\u00e1lt hat\u00f3anyag-tartalom<br \/>\nk\u00e9nyelmes kapszulaforma \u2013 kellemetlen \u00edz n\u00e9lk\u00fcl, k\u00f6nny\u0171 adagol\u00e1s<br \/>\na&nbsp;Herbatica saj\u00e1t m\u00e1rk\u00e1j\u00e1nak term\u00e9ke&nbsp;\u2013 a min\u0151s\u00e9g \u00e9s tisztas\u00e1g garanci\u00e1ja, szlov\u00e1k gy\u00e1rt\u00f3<br \/>\nhossz\u00fa t\u00e1v\u00fa szed\u00e9sre is alkalmas az eg\u00e9szs\u00e9ges \u00e9letm\u00f3d r\u00e9szek\u00e9nt<\/p>\n<p>Haszn\u00e1lati \u00fatmutat\u00f3 \u00e9s aj\u00e1nlott adagol\u00e1s:<br \/>\nNaponta 1-szer 1 kapszul\u00e1t vegy\u00e9l be, elegend\u0151 mennyis\u00e9g\u0171 v\u00edzzel. Aj\u00e1nlott napi adag: 1 kapszula.<\/p>\n<p>Eg\u00e9szs\u00e9g\u00fcgyi figyelmeztet\u00e9s:&nbsp;Ne l\u00e9pd t\u00fal az el\u0151\u00edrt aj\u00e1nlott adagot. Az \u00e9trend-kieg\u00e9sz\u00edt\u0151 nem helyettes\u00edti a v\u00e1ltozatos \u00e9trendet. Kisgyermekekt\u0151l elz\u00e1rva tartand\u00f3. Ne haszn\u00e1ld, ha b\u00e1rmely \u00f6sszetev\u0151vel szemben egy\u00e9ni \u00e9rz\u00e9kenys\u00e9ged vagy t\u00fal\u00e9rz\u00e9kenys\u00e9ged \u00e1ll fenn. Szed\u00e9se nem&nbsp;aj\u00e1nlott gyermekeknek, 18 \u00e9v alatti szem\u00e9lyeknek, v\u00e1rand\u00f3s \u00e9s szoptat\u00f3 n\u0151knek.<br \/>\nT\u00e1rol\u00e1s:&nbsp;S\u00f6t\u00e9t helyen, kisgyermekekt\u0151l elz\u00e1rva, 6 \u00e9s 25 \u00baC k\u00f6z\u00f6tti h\u0151m\u00e9rs\u00e9kleten t\u00e1roland\u00f3.&nbsp;Fagyt\u00f3l \u00e9s nedvess\u00e9gt\u0151l \u00f3vand\u00f3.<\/p>\n<p>\u00d6sszet\u00e9tel:&nbsp;100%&nbsp;feny\u0151vir\u00e1gpor (Pinus&nbsp;massoniana)<br \/>\nHat\u00f3anyagok az aj\u00e1nlott napi adagban (1 kapszula):<\/p>\n<p>Hat\u00f3anyag<br \/>\n1 kapszula<br \/>\nReferencia-t\u00e1p\u00e9rt\u00e9k<br \/>\n(RVH)<\/p>\n<p>Feny\u0151vir\u00e1gpor (Pinus&nbsp;massoniana)<br \/>\n300 mg<br \/>\nNincs meghat\u00e1rozva<\/p>\n<p>&nbsp;<br \/>\nSz\u00e1rmaz\u00e1si orsz\u00e1g:&nbsp;K\u00edna (Yun Nan tartom\u00e1ny)<\/p>\n<p>Kiszerel\u00e9s\/T\u00e9rfogat:&nbsp;90 kapszula<\/p>\n","protected":false},"excerpt":{"rendered":"<p>Feny\u0151vir\u00e1gpor \u2013 term\u00e9szetes er\u0151 az&nbsp;energi\u00e1\u00e9rt,&nbsp;a&nbsp;vitalit\u00e1s\u00e9rt&nbsp;\u00e9s a test egyens\u00faly\u00e1\u00e9rt \u00c9rzed, hogy m\u00e1r nincs annyi er\u0151d, mint r\u00e9gen? Hogy a testednek t\u00f6bb id\u0151re van sz\u00fcks\u00e9ge a regener\u00e1ci\u00f3hoz, \u00e9s j\u00f3lesne egy kis lend\u00fclet, hogy nagyobb kedvvel \u00e9ld a mindennapokat? Ez nem csak a kor k\u00e9rd\u00e9se \u2013 gyakran a rohan\u00f3 vil\u00e1g, a&nbsp;stressz&nbsp;\u00e9s a term\u00e9szettel val\u00f3 kapcsolat hi\u00e1nya \u00e1ll a [&hellip;]<\/p>\n","protected":false},"featured_media":477598,"template":"","meta":{"_acf_changed":false},"product_brand":[],"product_cat":[3416,3421,3380,3488],"product_tag":[],"class_list":["post-477597","product","type-product","status-publish","has-post-thumbnail","product_cat-egeszseg-termeszetes-kozmetikumok","product_cat-etrendkiegeszitok","product_cat-termeszetes-kozmetikumok","product_cat-vitaminok-es-etrendkiegeszitok","first","instock","product-type-external"],"acf":[],"_links":{"self":[{"href":"https:\/\/horgaszhely.hu\/hun\/wp-json\/wp\/v2\/product\/477597","targetHints":{"allow":["GET"]}}],"collection":[{"href":"https:\/\/horgaszhely.hu\/hun\/wp-json\/wp\/v2\/product"}],"about":[{"href":"https:\/\/horgaszhely.hu\/hun\/wp-json\/wp\/v2\/types\/product"}],"wp:featuredmedia":[{"embeddable":true,"href":"https:\/\/horgaszhely.hu\/hun\/wp-json\/wp\/v2\/media\/477598"}],"wp:attachment":[{"href":"https:\/\/horgaszhely.hu\/hun\/wp-json\/wp\/v2\/media?parent=477597"}],"wp:term":[{"taxonomy":"product_brand","embeddable":true,"href":"https:\/\/horgaszhely.hu\/hun\/wp-json\/wp\/v2\/product_brand?post=477597"},{"taxonomy":"product_cat","embeddable":true,"href":"https:\/\/horgaszhely.hu\/hun\/wp-json\/wp\/v2\/product_cat?post=477597"},{"taxonomy":"product_tag","embeddable":true,"href":"https:\/\/horgaszhely.hu\/hun\/wp-json\/wp\/v2\/product_tag?post=477597"}],"curies":[{"name":"wp","href":"https:\/\/api.w.org\/{rel}","templated":true}]}}