{"id":477611,"date":"2026-08-29T20:08:35","date_gmt":"2026-08-29T18:08:35","guid":{"rendered":"https:\/\/horgaszhely.hu\/hun\/termek\/vilcacora-gyogynovenykivonat-60-kapszula-100ml\/"},"modified":"2026-08-29T20:08:44","modified_gmt":"2026-08-29T18:08:44","slug":"vilcacora-gyogynovenykivonat-60-kapszula-100ml","status":"publish","type":"product","link":"https:\/\/horgaszhely.hu\/hun\/termek\/vilcacora-gyogynovenykivonat-60-kapszula-100ml\/","title":{"rendered":"Vilcacora gy\u00f3gyn\u00f6v\u00e9nykivonat \u2013 60 kapszula 100ml"},"content":{"rendered":"<p>Vilcacora (Macskakarom) \u2013 amaz\u00f3niai aj\u00e1nd\u00e9k az&nbsp;immunit\u00e1s&nbsp;\u00e9s a&nbsp;vitalit\u00e1s sz\u00e1m\u00e1ra<br \/>\nA Vilcacora hat\u00e1sai \u00e9s tulajdons\u00e1gai<br \/>\nA Vilcacora nagy mennyis\u00e9g\u0171 biol\u00f3giailag akt\u00edv anyagot tartalmaz, mint p\u00e9ld\u00e1ul az oxindol-&nbsp;alkaloidok,&nbsp;flavonoidok,&nbsp;polifenolok&nbsp;\u00e9s tov\u00e1bbi&nbsp;antioxid\u00e1nsok. Ezek az \u00f6sszetev\u0151k hozz\u00e1j\u00e1rulnak:<\/p>\n<p>a szervezet term\u00e9szetes v\u00e9dekez\u0151k\u00e9pess\u00e9g\u00e9nek er\u0151s\u00edt\u00e9s\u00e9hez,<br \/>\na sejtek v\u00e9delm\u00e9hez az oxidat\u00edv&nbsp;stresszt\u0151l,<br \/>\naz&nbsp;\u00edz\u00fcletek&nbsp;\u00e9s a mozg\u00e1sszervi rendszer norm\u00e1l \u00e1llapot\u00e1nak fenntart\u00e1s\u00e1hoz,<br \/>\naz \u00e1ltal\u00e1nos fizikai \u00e9s lelki egyens\u00faly t\u00e1mogat\u00e1s\u00e1hoz,<br \/>\na f\u00e1radts\u00e1g \u00e9s a kimer\u00fclts\u00e9g cs\u00f6kkent\u00e9s\u00e9hez.<\/p>\n<p>A hagyom\u00e1nyos amaz\u00f3niai orvosl\u00e1sban ennek a li\u00e1nnak a k\u00e9rg\u00e9t k\u00fcl\u00f6nf\u00e9le gyullad\u00e1sos \u00e1llapotokn\u00e1l \u00e9s a betegs\u00e9gek ut\u00e1ni regener\u00e1ci\u00f3 t\u00e1mogat\u00e1s\u00e1ra haszn\u00e1lt\u00e1k. Ma a Vilcacor\u00e1t term\u00e9szetes szerk\u00e9nt alkalmazz\u00e1k a vitalit\u00e1s \u00e9s az immunit\u00e1s hossz\u00fa t\u00e1v\u00fa er\u0151s\u00edt\u00e9s\u00e9re, k\u00fcl\u00f6n\u00f6sen a fokozott terhel\u00e9s id\u0151szak\u00e1ban.<br \/>\nC-vitamin&nbsp;az er\u0151sebb hat\u00e1s\u00e9rt<br \/>\nA&nbsp;Vilcacora&nbsp;gy\u00f3gyn\u00f6v\u00e9nykivonat&nbsp;\u00e9trend-kieg\u00e9sz\u00edt\u0151&nbsp;C&nbsp;-vitaminnal van d\u00fas\u00edtva, amely jelent\u0151sen n\u00f6veli a k\u00e9sz\u00edtm\u00e9ny antioxid\u00e1ns potenci\u00e1lj\u00e1t. A C-vitamin hozz\u00e1j\u00e1rul:<\/p>\n<p>az immunrendszer norm\u00e1l m\u0171k\u00f6d\u00e9s\u00e9hez,<br \/>\na&nbsp;kollag\u00e9n&nbsp;k\u00e9pz\u0151d\u00e9s\u00e9hez a b\u0151r, az erek \u00e9s a csontok megfelel\u0151 m\u0171k\u00f6d\u00e9s\u00e9\u00e9rt,<br \/>\na f\u00e1radts\u00e1g \u00e9s a kimer\u00fclts\u00e9g m\u00e9rt\u00e9k\u00e9nek cs\u00f6kkent\u00e9s\u00e9hez,<br \/>\na sejtek oxidat\u00edv stresszt\u0151l val\u00f3 v\u00e9delm\u00e9hez.<\/p>\n<p>A Vilcacora \u00e9s a C-vitamin kombin\u00e1ci\u00f3ja szinergikus hat\u00e1st hoz l\u00e9tre, amely seg\u00edt a szervezetnek jobban megbirk\u00f3zni a mindennapi stresszel, jav\u00edtja a regener\u00e1ci\u00f3t \u00e9s t\u00e1mogatja a szervezet term\u00e9szetes ellen\u00e1ll\u00f3 k\u00e9pess\u00e9g\u00e9t.<br \/>\nA term\u00e9k el\u0151nyei<\/p>\n<p>N\u00f6v\u00e9nyi kivonat az eg\u00e9sz n\u00f6v\u00e9nyb\u0151l, 8:1 ar\u00e1nyban<br \/>\nC-vitaminnal d\u00fas\u00edtva a jobb felsz\u00edv\u00f3d\u00e1s\u00e9rt \u00e9s hat\u00e1s\u00e9rt<br \/>\nVeget\u00e1ri\u00e1nusok sz\u00e1m\u00e1ra alkalmas<br \/>\nGlut\u00e9n-, lakt\u00f3z- \u00e9s tart\u00f3s\u00edt\u00f3szermentes<br \/>\nMagas tisztas\u00e1g\u00fa term\u00e9szetes alapanyagokb\u00f3l k\u00e9sz\u00fclt<\/p>\n<p>Aj\u00e1nlott adagol\u00e1s<br \/>\nNaponta&nbsp;1\u20132 kapszul\u00e1t&nbsp;vegy\u00e9l be, \u00e9s fogyaszd el elegend\u0151 mennyis\u00e9g\u0171 folyad\u00e9kkal. A maxim\u00e1lis hat\u00e1s hossz\u00fa t\u00e1v\u00fa \u00e9s rendszeres szed\u00e9ssel \u00e9rhet\u0151 el.<br \/>\nHaszn\u00e1lati tipp<br \/>\nAz \u00f6sszhat\u00e1s t\u00e1mogat\u00e1s\u00e1ra javasoljuk, hogy eg\u00e9sz\u00edtsd ki az \u00e9trended tov\u00e1bbi term\u00e9szetes antioxid\u00e1nsokkal, mint p\u00e9ld\u00e1ul a&nbsp;homokt\u00f6vis&nbsp;-olaj, a z\u00f6ld&nbsp;tea&nbsp;vagy az E-vitamin. Fokozott stressz vagy az immunit\u00e1s gyeng\u00fcl\u00e9s\u00e9nek id\u0151szak\u00e1ban magasabb napi adag (2 kapszula) is szedhet\u0151.<br \/>\nAkt\u00edv hat\u00f3anyagok az aj\u00e1nlott napi adagban<\/p>\n<p>Anyag<br \/>\n1 kapszula<br \/>\nNapi adag (1\u20132 kapszula)<br \/>\n% RHP*<\/p>\n<p>Vilcacora kivonat<br \/>\n300 mg<br \/>\n300\u2013600 mg<br \/>\nNincs meg\u00e1llap\u00edtva<\/p>\n<p>C-vitamin<br \/>\n25 mg<br \/>\n25\u201350 mg<br \/>\n31\u201362 %<\/p>\n<p>*RHP \u2013 referencia-beviteli \u00e9rt\u00e9k<br \/>\nFigyelmeztet\u00e9s<br \/>\nNem&nbsp;gyermekeknek aj\u00e1nlott&nbsp;3 \u00e9v alatt, terhes \u00e9s szoptat\u00f3 n\u0151knek. Ne l\u00e9pd t\u00fal az aj\u00e1nlott napi adagot. Az \u00e9trend-kieg\u00e9sz\u00edt\u0151 nem helyettes\u00edti a v\u00e1ltozatos \u00e9s kiegyens\u00falyozott \u00e9trendet. Gyermekek el\u0151l elz\u00e1rva tartand\u00f3.<br \/>\n&nbsp;<\/p>\n","protected":false},"excerpt":{"rendered":"<p>Vilcacora (Macskakarom) \u2013 amaz\u00f3niai aj\u00e1nd\u00e9k az&nbsp;immunit\u00e1s&nbsp;\u00e9s a&nbsp;vitalit\u00e1s sz\u00e1m\u00e1ra A Vilcacora hat\u00e1sai \u00e9s tulajdons\u00e1gai A Vilcacora nagy mennyis\u00e9g\u0171 biol\u00f3giailag akt\u00edv anyagot tartalmaz, mint p\u00e9ld\u00e1ul az oxindol-&nbsp;alkaloidok,&nbsp;flavonoidok,&nbsp;polifenolok&nbsp;\u00e9s tov\u00e1bbi&nbsp;antioxid\u00e1nsok. Ezek az \u00f6sszetev\u0151k hozz\u00e1j\u00e1rulnak: a szervezet term\u00e9szetes v\u00e9dekez\u0151k\u00e9pess\u00e9g\u00e9nek er\u0151s\u00edt\u00e9s\u00e9hez, a sejtek v\u00e9delm\u00e9hez az oxidat\u00edv&nbsp;stresszt\u0151l, az&nbsp;\u00edz\u00fcletek&nbsp;\u00e9s a mozg\u00e1sszervi rendszer norm\u00e1l \u00e1llapot\u00e1nak fenntart\u00e1s\u00e1hoz, az \u00e1ltal\u00e1nos fizikai \u00e9s lelki egyens\u00faly t\u00e1mogat\u00e1s\u00e1hoz, a [&hellip;]<\/p>\n","protected":false},"featured_media":477612,"template":"","meta":{"_acf_changed":false},"product_brand":[],"product_cat":[3416,3421,3380,3488],"product_tag":[],"class_list":["post-477611","product","type-product","status-publish","has-post-thumbnail","product_cat-egeszseg-termeszetes-kozmetikumok","product_cat-etrendkiegeszitok","product_cat-termeszetes-kozmetikumok","product_cat-vitaminok-es-etrendkiegeszitok","first","instock","product-type-external"],"acf":[],"_links":{"self":[{"href":"https:\/\/horgaszhely.hu\/hun\/wp-json\/wp\/v2\/product\/477611","targetHints":{"allow":["GET"]}}],"collection":[{"href":"https:\/\/horgaszhely.hu\/hun\/wp-json\/wp\/v2\/product"}],"about":[{"href":"https:\/\/horgaszhely.hu\/hun\/wp-json\/wp\/v2\/types\/product"}],"wp:featuredmedia":[{"embeddable":true,"href":"https:\/\/horgaszhely.hu\/hun\/wp-json\/wp\/v2\/media\/477612"}],"wp:attachment":[{"href":"https:\/\/horgaszhely.hu\/hun\/wp-json\/wp\/v2\/media?parent=477611"}],"wp:term":[{"taxonomy":"product_brand","embeddable":true,"href":"https:\/\/horgaszhely.hu\/hun\/wp-json\/wp\/v2\/product_brand?post=477611"},{"taxonomy":"product_cat","embeddable":true,"href":"https:\/\/horgaszhely.hu\/hun\/wp-json\/wp\/v2\/product_cat?post=477611"},{"taxonomy":"product_tag","embeddable":true,"href":"https:\/\/horgaszhely.hu\/hun\/wp-json\/wp\/v2\/product_tag?post=477611"}],"curies":[{"name":"wp","href":"https:\/\/api.w.org\/{rel}","templated":true}]}}