{"id":477615,"date":"2026-08-29T20:08:35","date_gmt":"2026-08-29T18:08:35","guid":{"rendered":"https:\/\/horgaszhely.hu\/hun\/termek\/fecskefu-cistotel-szemolcsokre-borkemenyedesekre-papillomakra-12ml\/"},"modified":"2026-08-29T20:08:48","modified_gmt":"2026-08-29T18:08:48","slug":"fecskefu-cistotel-szemolcsokre-borkemenyedesekre-papillomakra-12ml","status":"publish","type":"product","link":"https:\/\/horgaszhely.hu\/hun\/termek\/fecskefu-cistotel-szemolcsokre-borkemenyedesekre-papillomakra-12ml\/","title":{"rendered":"Fecskef\u0171 \u010cISTOTEL szem\u00f6lcs\u00f6kre, b\u0151rkem\u00e9nyed\u00e9sekre, papill\u00f3m\u00e1kra 1,2ml"},"content":{"rendered":"<p>T\u00e1vol\u00edtsd el a&nbsp;szem\u00f6lcs\u00f6ket&nbsp;\u00e9s a papillom\u00e1kat a \u201e\u010cistote\u013e&#8221; balzsammal \u2013 az utad a sima b\u0151rh\u00f6z<\/p>\n<p>Zavarnak a&nbsp;szem\u00f6lcs\u00f6k, papillom\u00e1k vagy b\u0151rkem\u00e9nyed\u00e9sek? Ezek a b\u0151rhib\u00e1k nemcsak eszt\u00e9tikai probl\u00e9m\u00e1t jelentenek, hanem korl\u00e1tozhatnak a mindennapi tev\u00e9kenys\u00e9gekben, \u00e9s cs\u00f6kkenthetik az \u00f6nbizalmadat. Minden t\u00fck\u00f6rbe pillant\u00e1s vagy minden egyes l\u00e9p\u00e9s csak arra eml\u00e9keztet, hogy tenni kell valamit.<br \/>\nSzeretn\u00e9l megszabadulni ezekt\u0151l a nemk\u00edv\u00e1natos b\u0151rk\u00e9pz\u0151dm\u00e9nyekt\u0151l, \u00e9s \u00fajra k\u00e9nyelmesen \u00e9rezni magad a saj\u00e1t b\u0151r\u00f6dben?<br \/>\nA \u201e\u010cistote\u013e&#8221; balzsam&nbsp;lastovi\u010dn\u00edkom&nbsp;pontosan az, amire sz\u00fcks\u00e9ged van. Ez az innovat\u00edv term\u00e9k a b\u0151r\u00f6d konkr\u00e9t probl\u00e9m\u00e1ira \u00f6sszpontos\u00edt, m\u00e9gpedig&nbsp;hat\u00e9kony term\u00e9szetes \u00f6sszetev\u0151k felhaszn\u00e1l\u00e1s\u00e1val.<br \/>\nEgy egyszer\u0171 applik\u00e1tor seg\u00edts\u00e9g\u00e9vel el\u00e9g egy csepp balzsamot k\u00f6zvetlen\u00fcl a probl\u00e9m\u00e1s ter\u00fcletre felvinni, \u00e9s az elkezdi a munk\u00e1j\u00e1t.<br \/>\nEz egy gyors, hat\u00e9kony \u00e9s biztons\u00e1gos megold\u00e1s, amely seg\u00edt megszabadulni a kellemetlen b\u0151rhib\u00e1kt\u00f3l.<br \/>\nAkt\u00edv \u00f6sszetev\u0151k:<\/p>\n<p>Lastovi\u010dn\u00edk&nbsp;(Chelidonium Majus): Hagyom\u00e1nyosan ismert a b\u0151r\u00e1pol\u00e1sban val\u00f3 felhaszn\u00e1l\u00e1s\u00e1r\u00f3l. Ez a n\u00f6v\u00e9nyi kivonat megnyugtat\u00f3 tulajdons\u00e1gair\u00f3l ismert, \u00e9s a b\u0151r eg\u00e9szs\u00e9ges megjelen\u00e9s\u00e9nek t\u00e1mogat\u00e1s\u00e1ra val\u00f3 k\u00e9pess\u00e9g\u00e9\u00e9rt \u00e9rt\u00e9kelik.<\/p>\n<p>Inonotus obliquus, m\u00e1s n\u00e9ven&nbsp;chaga, gazdag&nbsp;antioxid\u00e1nsokban, amelyek seg\u00edtenek megv\u00e9deni a sejteket az oxidat\u00edv&nbsp;stresszt\u0151l. Emellett t\u00e1mogatja a b\u0151r regener\u00e1ci\u00f3j\u00e1t \u00e9s seg\u00edt enyh\u00edteni az irrit\u00e1ci\u00f3t, ez\u00e1ltal hozz\u00e1j\u00e1rul a b\u0151r vonz\u00f3bb megjelen\u00e9s\u00e9hez.<\/p>\n<p>Bergenia crassifolia:&nbsp;Ez a berg\u00e9nia leveleib\u0151l nyert kivonat gyakran haszn\u00e1latos a kozmetik\u00e1ban. Kedvelt a t\u00e1pl\u00e1l\u00f3 \u00e9s v\u00e9d\u0151 tulajdons\u00e1gai miatt, amelyek hozz\u00e1j\u00e1rulnak a b\u0151r szebb megjelen\u00e9s\u00e9hez.<\/p>\n<p>Milyen el\u0151ny\u00f6ket ny\u00fajt neked a&nbsp;lastovi\u010dn\u00edkom k\u00e9sz\u00fclt balzsam?<\/p>\n<p>Egyszer\u0171 haszn\u00e1lat:&nbsp;Az applik\u00e1tor megk\u00f6nny\u00edti a balzsam pontos felvitel\u00e9t.<\/p>\n<p>Term\u00e9szetes \u00f6sszet\u00e9tel:&nbsp;Hat\u00e9kony&nbsp;gy\u00f3gyn\u00f6v\u00e9ny-kivonatok kombin\u00e1ci\u00f3ja.<\/p>\n<p>Hat\u00e9kony megold\u00e1s:&nbsp;C\u00e9lzottan szem\u00f6lcs\u00f6kre, papillom\u00e1kra \u00e9s b\u0151rkem\u00e9nyed\u00e9sekre<\/p>\n<p>Haszn\u00e1lati \u00fatmutat\u00f3:&nbsp;Vigy\u00e9l fel kr\u00e9met vagy vazelint arra a ter\u00fcletre, ahol a k\u00e9sz\u00edtm\u00e9nyt alkalmazni szeretn\u00e9d. Ezut\u00e1n az applik\u00e1tor seg\u00edts\u00e9g\u00e9vel vigy\u00e9l fel egy csepp k\u00e9sz\u00edtm\u00e9nyt a b\u0151rhib\u00e1ra. Haszn\u00e1ld naponta 1-2 alkalommal, am\u00edg pozit\u00edv hat\u00e1st nem \u00e9rsz el. A b\u0151r\u00f6n hagy\u00e1s ideje: 7-10 perc.<\/p>\n<p>Eg\u00e9szs\u00e9g\u00fcgyi figyelmeztet\u00e9s:&nbsp;&nbsp;Tartsd gyermekekt\u0151l elz\u00e1rva. Ne haszn\u00e1ld az \u00f6sszetev\u0151k valamelyik\u00e9vel szembeni egy\u00e9ni intolerancia vagy t\u00fal\u00e9rz\u00e9kenys\u00e9g eset\u00e9n. Csak k\u00fcls\u0151 haszn\u00e1latra.&nbsp;Ker\u00fcld a&nbsp;szemmel&nbsp;\u00e9s a ny\u00e1lkah\u00e1rty\u00e1kkal val\u00f3 \u00e9rintkez\u00e9st, \u00e9rintkez\u00e9s eset\u00e9n \u00f6bl\u00edtsd ki v\u00edzzel.<\/p>\n<p>\u00d6sszet\u00e9tel:<\/p>\n<p>T\u00e1rol\u00e1s:&nbsp;T\u00e1rold s\u00f6t\u00e9t helyen, gyermekekt\u0151l elz\u00e1rva, 25 \u00baC alatti h\u0151m\u00e9rs\u00e9kleten.<br \/>\nKiszerel\u00e9s\/T\u00e9rfogat:&nbsp;1,2 ml<\/p>\n<p>Sz\u00e1rmaz\u00e1si orsz\u00e1g:&nbsp;Ukrajna<\/p>\n<p>&nbsp;<\/p>\n","protected":false},"excerpt":{"rendered":"<p>T\u00e1vol\u00edtsd el a&nbsp;szem\u00f6lcs\u00f6ket&nbsp;\u00e9s a papillom\u00e1kat a \u201e\u010cistote\u013e&#8221; balzsammal \u2013 az utad a sima b\u0151rh\u00f6z Zavarnak a&nbsp;szem\u00f6lcs\u00f6k, papillom\u00e1k vagy b\u0151rkem\u00e9nyed\u00e9sek? Ezek a b\u0151rhib\u00e1k nemcsak eszt\u00e9tikai probl\u00e9m\u00e1t jelentenek, hanem korl\u00e1tozhatnak a mindennapi tev\u00e9kenys\u00e9gekben, \u00e9s cs\u00f6kkenthetik az \u00f6nbizalmadat. Minden t\u00fck\u00f6rbe pillant\u00e1s vagy minden egyes l\u00e9p\u00e9s csak arra eml\u00e9keztet, hogy tenni kell valamit. Szeretn\u00e9l megszabadulni ezekt\u0151l a nemk\u00edv\u00e1natos b\u0151rk\u00e9pz\u0151dm\u00e9nyekt\u0151l, [&hellip;]<\/p>\n","protected":false},"featured_media":477616,"template":"","meta":{"_acf_changed":false},"product_brand":[],"product_cat":[3416,3419,3501,3380],"product_tag":[],"class_list":["post-477615","product","type-product","status-publish","has-post-thumbnail","product_cat-egeszseg-termeszetes-kozmetikumok","product_cat-gyogynovenyes-kremek-es-balzsamok","product_cat-szemolcs-elleni-keszitmenyek","product_cat-termeszetes-kozmetikumok","first","instock","product-type-external"],"acf":[],"_links":{"self":[{"href":"https:\/\/horgaszhely.hu\/hun\/wp-json\/wp\/v2\/product\/477615","targetHints":{"allow":["GET"]}}],"collection":[{"href":"https:\/\/horgaszhely.hu\/hun\/wp-json\/wp\/v2\/product"}],"about":[{"href":"https:\/\/horgaszhely.hu\/hun\/wp-json\/wp\/v2\/types\/product"}],"wp:featuredmedia":[{"embeddable":true,"href":"https:\/\/horgaszhely.hu\/hun\/wp-json\/wp\/v2\/media\/477616"}],"wp:attachment":[{"href":"https:\/\/horgaszhely.hu\/hun\/wp-json\/wp\/v2\/media?parent=477615"}],"wp:term":[{"taxonomy":"product_brand","embeddable":true,"href":"https:\/\/horgaszhely.hu\/hun\/wp-json\/wp\/v2\/product_brand?post=477615"},{"taxonomy":"product_cat","embeddable":true,"href":"https:\/\/horgaszhely.hu\/hun\/wp-json\/wp\/v2\/product_cat?post=477615"},{"taxonomy":"product_tag","embeddable":true,"href":"https:\/\/horgaszhely.hu\/hun\/wp-json\/wp\/v2\/product_tag?post=477615"}],"curies":[{"name":"wp","href":"https:\/\/api.w.org\/{rel}","templated":true}]}}